{"id":28467,"date":"2026-08-31T09:37:36","date_gmt":"2026-08-31T09:37:36","guid":{"rendered":"https:\/\/autocaravanascamperdadi.com\/?page_id=28467"},"modified":"2026-08-31T17:19:12","modified_gmt":"2026-08-31T17:19:12","slug":"contato","status":"publish","type":"page","link":"https:\/\/autocaravanascamperdadi.com\/pt-br\/contato\/","title":{"rendered":"Contato"},"content":{"rendered":"\n<div class=\"row row-full-width\"  id=\"row-1193245662\">\n\n\n\t<div id=\"col-1854498408\" class=\"col hide-for-medium small-12 large-12\"  >\n\t\t\t\t<div class=\"col-inner\"  >\n\t\t\t\n\t\t\t\n\n\n\t<script type=\"text\/javascript\">\n  jQuery( document ).ready(function() {\n    function initialize() {\n        var styles = {\n            'flatsome':  [{\n            \"featureType\": \"administrative\",\n            \"stylers\": [\n              { \"visibility\": \"on\" }\n            ]\n          },\n          {\n            \"featureType\": \"road\",\n            \"stylers\": [\n              { \"visibility\": \"on\" },\n              { \"hue\": \"#eff2d7\" }\n            ]\n          },\n          {\n            \"stylers\": [\n\t\t\t  { \"visibility\": \"on\" },\n\t\t\t  { \"hue\": \"#eff2d7\" },\n\t\t\t  { \"saturation\": -30 }\n            ]\n          }\n        ]};\n\n        var myLatlng = new google.maps.LatLng(40.512302, -3.548562);\n        var myOptions = {\n            zoom: 17,\n            center: myLatlng,\n            mapTypeId: google.maps.MapTypeId.ROADMAP,\n            disableDefaultUI: true,\n            mapTypeId: 'flatsome',\n            draggable: true,\n            zoomControl: false,\n            zoomControlOptions: {\n              position: google.maps.ControlPosition.TOP_LEFT\n            },\n      \t\t\tmapTypeControl: false,\n            mapTypeControlOptions: {\n              position: google.maps.ControlPosition.TOP_LEFT\n            },\n      \t\t\tstreetViewControl: false,\n            streetViewControlOptions: {\n              position: google.maps.ControlPosition.TOP_LEFT\n            },\n            scrollwheel: false,\n            disableDoubleClickZoom: true\n        }\n        var map = new google.maps.Map(document.getElementById(\"map-1813786286-inner\"), myOptions);\n        var styledMapType = new google.maps.StyledMapType(styles['flatsome'], {name: 'flatsome'});\n        map.mapTypes.set('flatsome', styledMapType);\n\n        var marker = new google.maps.Marker({\n            position: myLatlng,\n            map: map,\n            title:\"\"\n        });\n    }\n\n    \/\/ Required to proceed\n    if (!(typeof google === 'object' && typeof google.maps === 'object')) {\n      return\n    }\n\n    initialize()\n    google.maps.event.addDomListener(window, 'resize', initialize);\n    });\n    <\/script>\n\n    <div class=\"google-map relative mb\" id=\"map-1813786286\">\n        <div class=\"map-height\" id=\"map-1813786286-inner\"><\/div>\n        <div id=\"map_overlay_top\"><\/div>\n        <div id=\"map_overlay_bottom\"><\/div>\n                  <div class=\"map_inner map-inner last-reset absolute x95 md-x95 lg-x95 y95 md-y95 lg-y95\">\n              \n\n<h1>Contato<\/h1>\n<p><br \/><span style=\"font-size: 20px; color: black;\">Rua do Po\u00e7o, 3<br \/>28860 Paracuellos de Jarama (Madri)<\/span><\/p>\n<p>Abertos de Segunda a Domingo das 9:00 \u00e0s 19:00<\/p>\n\n         <\/div>\n       \n       \n<style>\n#map-1813786286 .map-inner {\n  background-color: #fff;\n  max-width: 30%;\n}\n#map-1813786286 .map-height {\n  height: 400px;\n}\n<\/style>\n    <\/div>\n\n\t\n\n\t\t<\/div>\n\t\t\t\t\t<\/div>\n\n\t\n\n<\/div>\n<div class=\"row form-contacto\"  id=\"row-519105928\">\n\n\n\t<div id=\"col-787336\" class=\"col medium-6 large-6\"  >\n\t\t\t\t<div class=\"col-inner\" style=\"background-color:rgb(228, 226, 226);\" >\n\t\t\t\n\t\t\t\n\n<div class=\"container section-title-container\" ><h3 class=\"section-title section-title-center\"><b aria-hidden=\"true\"><\/b><span class=\"section-title-main\" style=\"font-size:120%;\">Escreva-nos<\/span><b aria-hidden=\"true\"><\/b><\/h3><\/div>\n\n\n<div class=\"wpcf7 no-js\" id=\"wpcf7-f28951-o1\" lang=\"es-ES\" dir=\"ltr\" data-wpcf7-id=\"28951\">\n<div class=\"screen-reader-response\"><p role=\"status\" aria-live=\"polite\" aria-atomic=\"true\"><\/p> <ul><\/ul><\/div>\n<form action=\"\/pt-br\/wp-json\/wp\/v2\/pages\/28467#wpcf7-f28951-o1\" method=\"post\" class=\"wpcf7-form init\" aria-label=\"Formulario de contacto\" novalidate=\"novalidate\" data-status=\"init\">\n<fieldset class=\"hidden-fields-container\"><input type=\"hidden\" name=\"_wpcf7\" value=\"28951\" \/><input type=\"hidden\" name=\"_wpcf7_version\" value=\"6.1.7\" \/><input type=\"hidden\" name=\"_wpcf7_locale\" value=\"es_ES\" \/><input type=\"hidden\" name=\"_wpcf7_unit_tag\" value=\"wpcf7-f28951-o1\" \/><input type=\"hidden\" name=\"_wpcf7_container_post\" value=\"0\" \/><input type=\"hidden\" name=\"_wpcf7_posted_data_hash\" value=\"\" \/><input type=\"hidden\" name=\"_wpcf7_recaptcha_response\" value=\"\" \/>\n<\/fieldset>\n<p><br \/>\n<label for=\"nombre\">Nome (obrigat\u00f3rio)<\/label><br \/>\n<span class=\"wpcf7-form-control-wrap\" data-name=\"your-name\"><input size=\"40\" maxlength=\"400\" class=\"wpcf7-form-control wpcf7-text wpcf7-validates-as-required\" id=\"nombre\" aria-required=\"true\" aria-invalid=\"false\" value=\"\" type=\"text\" name=\"your-name\" \/><\/span>\n<\/p>\n<p><br \/>\n<label for=\"telefono\">Telefone (obrigat\u00f3rio)<\/label><br \/>\n<span class=\"wpcf7-form-control-wrap\" data-name=\"tel-50\"><input size=\"40\" maxlength=\"400\" class=\"wpcf7-form-control wpcf7-tel wpcf7-validates-as-required wpcf7-text wpcf7-validates-as-tel\" id=\"telefono\" aria-required=\"true\" aria-invalid=\"false\" value=\"\" type=\"tel\" name=\"tel-50\" \/><\/span>\n<\/p>\n<p><br \/>\n<label for=\"email\">E-mail (obrigat\u00f3rio)<\/label><br \/>\n<span class=\"wpcf7-form-control-wrap\" data-name=\"your-email\"><input size=\"40\" maxlength=\"400\" class=\"wpcf7-form-control wpcf7-email wpcf7-validates-as-required wpcf7-text wpcf7-validates-as-email\" id=\"email\" aria-required=\"true\" aria-invalid=\"false\" value=\"\" type=\"email\" name=\"your-email\" \/><\/span>\n<\/p>\n<p><br \/>\n<label for=\"mensaje\">Mensagem (obrigat\u00f3ria)<\/label><br \/>\n<span class=\"wpcf7-form-control-wrap\" data-name=\"your-message\"><textarea cols=\"40\" rows=\"10\" maxlength=\"2000\" minlength=\"10\" class=\"wpcf7-form-control wpcf7-textarea wpcf7-validates-as-required\" id=\"mensaje\" aria-required=\"true\" aria-invalid=\"false\" name=\"your-message\"><\/textarea><\/span>\n<\/p>\n<p><br \/>\n<label for=\"acepto\"><br \/>\n<span class=\"wpcf7-form-control-wrap\" data-name=\"acceptance-536\"><span class=\"wpcf7-form-control wpcf7-acceptance\"><span class=\"wpcf7-list-item\"><input type=\"checkbox\" name=\"acceptance-536\" value=\"1\" id=\"acepto\" aria-invalid=\"false\" \/><\/span><\/span><\/span><br \/>\nLi e aceito as <a href=\"https:\/\/autocaravanascamperdadi.com\/pt-br\/aviso-legal\/\" target=\"_blank\">condi\u00e7\u00f5es de uso<\/a><br \/>\ne a <a href=\"https:\/\/autocaravanascamperdadi.com\/pt-br\/politica-de-privacidade-de-protecao-de-dados\/\">Pol\u00edtica de privacidade<\/a><br \/>\n<\/label>\n<\/p>\n<p><input class=\"wpcf7-form-control wpcf7-submit has-spinner\" type=\"submit\" value=\"Enviar\" \/>\n<\/p><div class=\"wpcf7-response-output\" aria-hidden=\"true\"><\/div>\n<\/form>\n<\/div>\n\n\n\n\t\t<\/div>\n\t\t\t\t\n<style>\n#col-787336 > .col-inner {\n  padding: 20px 20px 20px 20px;\n  margin: 0px 0px 0px 0px;\n}\n<\/style>\n\t<\/div>\n\n\t\n\n\t<div id=\"col-268762343\" class=\"col medium-6 large-6\"  >\n\t\t\t\t<div class=\"col-inner\"  >\n\t\t\t\n\t\t\t\n\n<div class=\"container section-title-container\" ><h3 class=\"section-title section-title-normal\"><b aria-hidden=\"true\"><\/b><span class=\"section-title-main\" >Motorhomes Camperdadi<\/span><b aria-hidden=\"true\"><\/b><\/h3><\/div>\n\n<p class=\"lead\">A Motorhomes Camperdadi est\u00e1 localizada perto do aeroporto de Madrid-Barajas, mais precisamente em Paracuellos de Jarama, um bairro com muita vida e hist\u00f3ria a 26 km da capital.<\/p>\n<p class=\"lead\">Se voc\u00ea precisar de mais informa\u00e7\u00f5es sobre qualquer um de nossos servi\u00e7os ou alugu\u00e9is, n\u00e3o hesite em entrar em contato conosco atrav\u00e9s do nosso formul\u00e1rio online.<\/p>\n<div class=\"is-divider divider clearfix\" ><\/div>\n\n<h2>Entre em contato agora para mais informa\u00e7\u00f5es!<\/h2>\n<p class=\"lead\">Rua do Po\u00e7o 3,<br \/>\n28860 Paracuellos de Jarama (Madri)<\/p>\n<p class=\"lead\">Telefone: <a href=\"tel:910820632\">(+34) 91 082 06 32<\/a><\/p>\n<p class=\"lead\">Celular: <a href=\"tel:639266865\">(+34) 639 26 68 65<\/a><\/p>\n<p class=\"lead\"><a href=\"mailto:info@autocaravanascamperdadi.com\" target=\"_blank\" rel=\"noopener noreferrer\">info@autocaravanascamperdadi.com<\/a><\/p>\n\n\t\t<\/div>\n\t\t\t\t\t<\/div>\n\n\t\n\n\n<style>\n#row-519105928 > .col > .col-inner {\n  padding: 0px 0px 0px 0px;\n}\n@media (min-width:550px) {\n  #row-519105928 > .col > .col-inner {\n    padding: 0px 0px 0px 0px;\n  }\n}\n<\/style>\n<\/div>\n<div class=\"row row-full-width\"  id=\"row-1236994039\">\n\n\n\t<div id=\"col-323026531\" class=\"col show-for-small small-12 large-12\"  >\n\t\t\t\t<div class=\"col-inner\"  >\n\t\t\t\n\t\t\t\n\n\n\t<script type=\"text\/javascript\">\n  jQuery( document ).ready(function() {\n    function initialize() {\n        var styles = {\n            'flatsome':  [{\n            \"featureType\": \"administrative\",\n            \"stylers\": [\n              { \"visibility\": \"on\" }\n            ]\n          },\n          {\n            \"featureType\": \"road\",\n            \"stylers\": [\n              { \"visibility\": \"on\" },\n              { \"hue\": \"#eff2d7\" }\n            ]\n          },\n          {\n            \"stylers\": [\n\t\t\t  { \"visibility\": \"on\" },\n\t\t\t  { \"hue\": \"#eff2d7\" },\n\t\t\t  { \"saturation\": -30 }\n            ]\n          }\n        ]};\n\n        var myLatlng = new google.maps.LatLng(40.512302, -3.548562);\n        var myOptions = {\n            zoom: 17,\n            center: myLatlng,\n            mapTypeId: google.maps.MapTypeId.ROADMAP,\n            disableDefaultUI: true,\n            mapTypeId: 'flatsome',\n            draggable: true,\n            zoomControl: false,\n            zoomControlOptions: {\n              position: google.maps.ControlPosition.TOP_LEFT\n            },\n      \t\t\tmapTypeControl: false,\n            mapTypeControlOptions: {\n              position: google.maps.ControlPosition.TOP_LEFT\n            },\n      \t\t\tstreetViewControl: false,\n            streetViewControlOptions: {\n              position: google.maps.ControlPosition.TOP_LEFT\n            },\n            scrollwheel: false,\n            disableDoubleClickZoom: true\n        }\n        var map = new google.maps.Map(document.getElementById(\"map-261862449-inner\"), myOptions);\n        var styledMapType = new google.maps.StyledMapType(styles['flatsome'], {name: 'flatsome'});\n        map.mapTypes.set('flatsome', styledMapType);\n\n        var marker = new google.maps.Marker({\n            position: myLatlng,\n            map: map,\n            title:\"\"\n        });\n    }\n\n    \/\/ Required to proceed\n    if (!(typeof google === 'object' && typeof google.maps === 'object')) {\n      return\n    }\n\n    initialize()\n    google.maps.event.addDomListener(window, 'resize', initialize);\n    });\n    <\/script>\n\n    <div class=\"google-map relative mb\" id=\"map-261862449\">\n        <div class=\"map-height\" id=\"map-261862449-inner\"><\/div>\n        <div id=\"map_overlay_top\"><\/div>\n        <div id=\"map_overlay_bottom\"><\/div>\n                  <div class=\"map_inner map-inner last-reset absolute x95 md-x95 lg-x95 y95 md-y95 lg-y95\">\n              \n\n<p><span style=\"font-size:27px; color: black; font-weight:bold;\">Contato<\/span><br \/>\n<span style=\"font-size:20px; color: black;\">Rua do Po\u00e7o, 3<br \/>\n28860 Paracuellos de Jarama (Madri)<\/span><\/p>\n<p>Abertos de Segunda a Domingo das 9:00 \u00e0s 19:00<\/p>\n\n         <\/div>\n       \n       \n<style>\n#map-261862449 .map-inner {\n  background-color: #fff;\n  max-width: 30%;\n}\n#map-261862449 .map-height {\n  height: 400px;\n}\n<\/style>\n    <\/div>\n\n\t\n\n\t\t<\/div>\n\t\t\t\t\t<\/div>\n\n\t\n\n<\/div>\n","protected":false},"excerpt":{"rendered":"","protected":false},"author":15,"featured_media":0,"parent":0,"menu_order":0,"comment_status":"closed","ping_status":"closed","template":"page-blank.php","meta":{"footnotes":""},"class_list":["post-28467","page","type-page","status-publish","hentry"],"yoast_head":"<!-- This site is optimized with the Yoast SEO plugin v28.3 - https:\/\/yoast.com\/product\/yoast-seo-wordpress\/ -->\n<title>Contato - Camperdadi<\/title>\n<meta name=\"robots\" content=\"index, follow, max-snippet:-1, max-image-preview:large, max-video-preview:-1\" \/>\n<link rel=\"canonical\" href=\"https:\/\/autocaravanascamperdadi.com\/pt-br\/contato\/\" \/>\n<meta property=\"og:locale\" content=\"pt_BR\" \/>\n<meta property=\"og:type\" content=\"article\" \/>\n<meta property=\"og:title\" content=\"Contato - Camperdadi\" \/>\n<meta property=\"og:url\" content=\"https:\/\/autocaravanascamperdadi.com\/pt-br\/contato\/\" \/>\n<meta property=\"og:site_name\" content=\"Camperdadi\" \/>\n<meta property=\"article:publisher\" content=\"https:\/\/es-es.facebook.com\/camperdadi\/\" \/>\n<meta property=\"article:modified_time\" content=\"2026-08-31T17:19:12+00:00\" \/>\n<meta property=\"og:image\" content=\"https:\/\/autocaravanascamperdadi.com\/wp-content\/uploads\/2024\/09\/30725337_2008095519453542_2182825795712450560_o-600x600-1.jpg\" \/>\n\t<meta property=\"og:image:width\" content=\"600\" \/>\n\t<meta property=\"og:image:height\" content=\"600\" \/>\n\t<meta property=\"og:image:type\" content=\"image\/jpeg\" \/>\n<meta name=\"twitter:card\" content=\"summary_large_image\" \/>\n<meta name=\"twitter:site\" content=\"@camperdadi\" \/>\n<meta name=\"twitter:label1\" content=\"Est. tempo de leitura\" \/>\n\t<meta name=\"twitter:data1\" content=\"1 minuto\" \/>\n<script type=\"application\/ld+json\" class=\"yoast-schema-graph\">{\"@context\":\"https:\\\/\\\/schema.org\",\"@graph\":[{\"@type\":\"WebPage\",\"@id\":\"https:\\\/\\\/autocaravanascamperdadi.com\\\/pt-br\\\/contato\\\/\",\"url\":\"https:\\\/\\\/autocaravanascamperdadi.com\\\/pt-br\\\/contato\\\/\",\"name\":\"Contato - Camperdadi\",\"isPartOf\":{\"@id\":\"https:\\\/\\\/autocaravanascamperdadi.com\\\/en\\\/#website\"},\"datePublished\":\"2026-08-31T09:37:36+00:00\",\"dateModified\":\"2026-08-31T17:19:12+00:00\",\"breadcrumb\":{\"@id\":\"https:\\\/\\\/autocaravanascamperdadi.com\\\/pt-br\\\/contato\\\/#breadcrumb\"},\"inLanguage\":\"pt-BR\",\"potentialAction\":[{\"@type\":\"ReadAction\",\"target\":[\"https:\\\/\\\/autocaravanascamperdadi.com\\\/pt-br\\\/contato\\\/\"]}]},{\"@type\":\"BreadcrumbList\",\"@id\":\"https:\\\/\\\/autocaravanascamperdadi.com\\\/pt-br\\\/contato\\\/#breadcrumb\",\"itemListElement\":[{\"@type\":\"ListItem\",\"position\":1,\"name\":\"Portada\",\"item\":\"https:\\\/\\\/autocaravanascamperdadi.com\\\/pt-br\\\/\"},{\"@type\":\"ListItem\",\"position\":2,\"name\":\"Contato\"}]},{\"@type\":\"WebSite\",\"@id\":\"https:\\\/\\\/autocaravanascamperdadi.com\\\/en\\\/#website\",\"url\":\"https:\\\/\\\/autocaravanascamperdadi.com\\\/en\\\/\",\"name\":\"Autocaravanas Camperdadi\",\"description\":\"Alquiler de autocaravanas y caravanas\",\"publisher\":{\"@id\":\"https:\\\/\\\/autocaravanascamperdadi.com\\\/en\\\/#organization\"},\"potentialAction\":[{\"@type\":\"SearchAction\",\"target\":{\"@type\":\"EntryPoint\",\"urlTemplate\":\"https:\\\/\\\/autocaravanascamperdadi.com\\\/en\\\/?s={search_term_string}\"},\"query-input\":{\"@type\":\"PropertyValueSpecification\",\"valueRequired\":true,\"valueName\":\"search_term_string\"}}],\"inLanguage\":\"pt-BR\"},{\"@type\":\"Organization\",\"@id\":\"https:\\\/\\\/autocaravanascamperdadi.com\\\/en\\\/#organization\",\"name\":\"Camperdadi\",\"url\":\"https:\\\/\\\/autocaravanascamperdadi.com\\\/en\\\/\",\"logo\":{\"@type\":\"ImageObject\",\"inLanguage\":\"pt-BR\",\"@id\":\"https:\\\/\\\/autocaravanascamperdadi.com\\\/en\\\/#\\\/schema\\\/logo\\\/image\\\/\",\"url\":\"https:\\\/\\\/autocaravanascamperdadi.com\\\/wp-content\\\/uploads\\\/2017\\\/08\\\/cropped-logo.png\",\"contentUrl\":\"https:\\\/\\\/autocaravanascamperdadi.com\\\/wp-content\\\/uploads\\\/2017\\\/08\\\/cropped-logo.png\",\"width\":512,\"height\":512,\"caption\":\"Camperdadi\"},\"image\":{\"@id\":\"https:\\\/\\\/autocaravanascamperdadi.com\\\/en\\\/#\\\/schema\\\/logo\\\/image\\\/\"},\"sameAs\":[\"https:\\\/\\\/es-es.facebook.com\\\/camperdadi\\\/\",\"https:\\\/\\\/x.com\\\/camperdadi\",\"https:\\\/\\\/www.instagram.com\\\/autocaravanascamperdadi\\\/?hl=es\"]}]}<\/script>\n<!-- \/ Yoast SEO plugin. -->","yoast_head_json":{"title":"Contato - Camperdadi","robots":{"index":"index","follow":"follow","max-snippet":"max-snippet:-1","max-image-preview":"max-image-preview:large","max-video-preview":"max-video-preview:-1"},"canonical":"https:\/\/autocaravanascamperdadi.com\/pt-br\/contato\/","og_locale":"pt_BR","og_type":"article","og_title":"Contato - Camperdadi","og_url":"https:\/\/autocaravanascamperdadi.com\/pt-br\/contato\/","og_site_name":"Camperdadi","article_publisher":"https:\/\/es-es.facebook.com\/camperdadi\/","article_modified_time":"2026-08-31T17:19:12+00:00","og_image":[{"width":600,"height":600,"url":"https:\/\/autocaravanascamperdadi.com\/wp-content\/uploads\/2024\/09\/30725337_2008095519453542_2182825795712450560_o-600x600-1.jpg","type":"image\/jpeg"}],"twitter_card":"summary_large_image","twitter_site":"@camperdadi","twitter_misc":{"Est. tempo de leitura":"1 minuto"},"schema":{"@context":"https:\/\/schema.org","@graph":[{"@type":"WebPage","@id":"https:\/\/autocaravanascamperdadi.com\/pt-br\/contato\/","url":"https:\/\/autocaravanascamperdadi.com\/pt-br\/contato\/","name":"Contato - Camperdadi","isPartOf":{"@id":"https:\/\/autocaravanascamperdadi.com\/en\/#website"},"datePublished":"2026-08-31T09:37:36+00:00","dateModified":"2026-08-31T17:19:12+00:00","breadcrumb":{"@id":"https:\/\/autocaravanascamperdadi.com\/pt-br\/contato\/#breadcrumb"},"inLanguage":"pt-BR","potentialAction":[{"@type":"ReadAction","target":["https:\/\/autocaravanascamperdadi.com\/pt-br\/contato\/"]}]},{"@type":"BreadcrumbList","@id":"https:\/\/autocaravanascamperdadi.com\/pt-br\/contato\/#breadcrumb","itemListElement":[{"@type":"ListItem","position":1,"name":"Portada","item":"https:\/\/autocaravanascamperdadi.com\/pt-br\/"},{"@type":"ListItem","position":2,"name":"Contato"}]},{"@type":"WebSite","@id":"https:\/\/autocaravanascamperdadi.com\/en\/#website","url":"https:\/\/autocaravanascamperdadi.com\/en\/","name":"Autocaravanas Camperdadi","description":"Alquiler de autocaravanas y caravanas","publisher":{"@id":"https:\/\/autocaravanascamperdadi.com\/en\/#organization"},"potentialAction":[{"@type":"SearchAction","target":{"@type":"EntryPoint","urlTemplate":"https:\/\/autocaravanascamperdadi.com\/en\/?s={search_term_string}"},"query-input":{"@type":"PropertyValueSpecification","valueRequired":true,"valueName":"search_term_string"}}],"inLanguage":"pt-BR"},{"@type":"Organization","@id":"https:\/\/autocaravanascamperdadi.com\/en\/#organization","name":"Camperdadi","url":"https:\/\/autocaravanascamperdadi.com\/en\/","logo":{"@type":"ImageObject","inLanguage":"pt-BR","@id":"https:\/\/autocaravanascamperdadi.com\/en\/#\/schema\/logo\/image\/","url":"https:\/\/autocaravanascamperdadi.com\/wp-content\/uploads\/2017\/08\/cropped-logo.png","contentUrl":"https:\/\/autocaravanascamperdadi.com\/wp-content\/uploads\/2017\/08\/cropped-logo.png","width":512,"height":512,"caption":"Camperdadi"},"image":{"@id":"https:\/\/autocaravanascamperdadi.com\/en\/#\/schema\/logo\/image\/"},"sameAs":["https:\/\/es-es.facebook.com\/camperdadi\/","https:\/\/x.com\/camperdadi","https:\/\/www.instagram.com\/autocaravanascamperdadi\/?hl=es"]}]}},"_links":{"self":[{"href":"https:\/\/autocaravanascamperdadi.com\/pt-br\/wp-json\/wp\/v2\/pages\/28467","targetHints":{"allow":["GET"]}}],"collection":[{"href":"https:\/\/autocaravanascamperdadi.com\/pt-br\/wp-json\/wp\/v2\/pages"}],"about":[{"href":"https:\/\/autocaravanascamperdadi.com\/pt-br\/wp-json\/wp\/v2\/types\/page"}],"author":[{"embeddable":true,"href":"https:\/\/autocaravanascamperdadi.com\/pt-br\/wp-json\/wp\/v2\/users\/15"}],"replies":[{"embeddable":true,"href":"https:\/\/autocaravanascamperdadi.com\/pt-br\/wp-json\/wp\/v2\/comments?post=28467"}],"version-history":[{"count":2,"href":"https:\/\/autocaravanascamperdadi.com\/pt-br\/wp-json\/wp\/v2\/pages\/28467\/revisions"}],"predecessor-version":[{"id":28952,"href":"https:\/\/autocaravanascamperdadi.com\/pt-br\/wp-json\/wp\/v2\/pages\/28467\/revisions\/28952"}],"wp:attachment":[{"href":"https:\/\/autocaravanascamperdadi.com\/pt-br\/wp-json\/wp\/v2\/media?parent=28467"}],"curies":[{"name":"wp","href":"https:\/\/api.w.org\/{rel}","templated":true}]}}