{"id":28479,"date":"2026-08-31T09:45:49","date_gmt":"2026-08-31T09:45:49","guid":{"rendered":"https:\/\/autocaravanascamperdadi.com\/?page_id=28479"},"modified":"2026-08-31T17:26:46","modified_gmt":"2026-08-31T17:26:46","slug":"aluguel-de-motorhomes-em-madri-espanha","status":"publish","type":"page","link":"https:\/\/autocaravanascamperdadi.com\/pt-br\/veiculos-e-acessorios\/aluguel-de-motorhomes-em-madri-espanha\/","title":{"rendered":"Aluguel de Motorhomes em Madri, Espanha"},"content":{"rendered":"\n\n  <div class=\"banner has-hover has-parallax\" id=\"banner-946932503\">\n          <div class=\"banner-inner fill\">\n        <div class=\"banner-bg fill\" data-parallax=\"-3\" data-parallax-container=\".banner\" data-parallax-background>\n            <img loading=\"lazy\" decoding=\"async\" width=\"900\" height=\"600\" src=\"https:\/\/autocaravanascamperdadi.com\/wp-content\/uploads\/2017\/08\/viajar.jpg\" class=\"bg attachment-large size-large\" alt=\"\" \/>                        <div class=\"overlay\"><\/div>            \n                    <\/div>\n\t\t\n        <div class=\"banner-layers container\">\n            <div class=\"fill banner-link\"><\/div>            \n\n   <div id=\"text-box-1467701630\" class=\"text-box banner-layer x50 md-x50 lg-x50 y80 md-y80 lg-y80 res-text\">\n                                <div class=\"text-box-content text dark\">\n              \n              <div class=\"text-inner text-center\">\n                  \n\n<h1 class=\"lead\">Aluguel de Motorhomes em Madri, Espanha<\/h1>\n\n              <\/div>\n           <\/div>\n                            \n<style>\n#text-box-1467701630 {\n  margin: 10px 100px 0px 0px;\n  width: 60%;\n}\n#text-box-1467701630 .text-box-content {\n  font-size: 100%;\n}\n<\/style>\n    <\/div>\n \n\n        <\/div>\n      <\/div>\n\n            \n<style>\n#banner-946932503 {\n  padding-top: 320px;\n}\n#banner-946932503 .overlay {\n  background-color: rgba(0, 0, 0, 0.49);\n}\n#banner-946932503 .banner-bg img {\n  object-position: 0%100%;\n}\n<\/style>\n  <\/div>\n\n\n\t\n  \n    <div class=\"row large-columns-4 medium-columns-3 small-columns-2 row-small\" >\n  \n\t     <div class=\"col\" >\n\t\t\t\t\t\t<div class=\"col-inner\">\n\t\t\t\t\t\t\n<div class=\"badge-container absolute left top z-1\">\n\n<\/div>\n\t\t\t\t\t\t<div class=\"product-small box has-hover box-normal box-text-bottom\">\n\t\t\t\t\t\t\t<div class=\"box-image\" >\n\t\t\t\t\t\t\t\t<div class=\"\" >\n\t\t\t\t\t\t\t\t\t<a href=\"https:\/\/autocaravanascamperdadi.com\/pt-br\/tienda\/aluguel-de-motorhome-ate-6-lugares-ci-horon-79m-165cv-cambio-automatico\/\" aria-label=\"Aluguel de Motorhome at\u00e9 6 lugares CI HORON 79M 165cv c\u00e2mbio autom\u00e1tico\">\n\t\t\t\t\t\t\t\t\t\t<img loading=\"lazy\" decoding=\"async\" width=\"300\" height=\"300\" src=\"https:\/\/autocaravanascamperdadi.com\/wp-content\/uploads\/2026\/03\/CI-HORON-79M-07-300x300.jpg\" class=\"show-on-hover absolute fill hide-for-small back-image\" alt=\"Alquiler de Autocaravana hasta 6 plazas Ci HORON 79M 165cv cambio autom\u00e1tico\" aria-hidden=\"true\" srcset=\"https:\/\/autocaravanascamperdadi.com\/wp-content\/uploads\/2026\/03\/CI-HORON-79M-07-300x300.jpg 300w, https:\/\/autocaravanascamperdadi.com\/wp-content\/uploads\/2026\/03\/CI-HORON-79M-07-280x280.jpg 280w, https:\/\/autocaravanascamperdadi.com\/wp-content\/uploads\/2026\/03\/CI-HORON-79M-07-100x100.jpg 100w\" sizes=\"auto, (max-width: 300px) 100vw, 300px\" \/><img loading=\"lazy\" decoding=\"async\" width=\"300\" height=\"300\" src=\"https:\/\/autocaravanascamperdadi.com\/wp-content\/uploads\/2026\/03\/CI-HORON-79M-04-300x300.jpg\" class=\"attachment-woocommerce_thumbnail size-woocommerce_thumbnail\" alt=\"Alquiler de Autocaravana hasta 6 plazas Ci HORON 79M 165cv cambio autom\u00e1tico\" srcset=\"https:\/\/autocaravanascamperdadi.com\/wp-content\/uploads\/2026\/03\/CI-HORON-79M-04-300x300.jpg 300w, https:\/\/autocaravanascamperdadi.com\/wp-content\/uploads\/2026\/03\/CI-HORON-79M-04-280x280.jpg 280w, https:\/\/autocaravanascamperdadi.com\/wp-content\/uploads\/2026\/03\/CI-HORON-79M-04-100x100.jpg 100w\" sizes=\"auto, (max-width: 300px) 100vw, 300px\" \/>\t\t\t\t\t\t\t\t\t<\/a>\n\t\t\t\t\t\t\t\t\t\t\t\t\t\t\t\t\t\t \t\t\t\t\t\t\t\t<\/div>\n\t\t\t\t\t\t\t\t<div class=\"image-tools top right show-on-hover\">\n\t\t\t\t\t\t\t\t\t\t\t\t\t\t\t\t\t<\/div>\n\t\t\t\t\t\t\t\t\t\t\t\t\t\t\t\t\t<div class=\"image-tools grid-tools text-center hide-for-small bottom hover-slide-in show-on-hover\">\n\t\t\t\t\t\t\t\t\t\t<a href=\"#quick-view\" class=\"quick-view\" role=\"button\" data-prod=\"28550\" aria-haspopup=\"dialog\" aria-expanded=\"false\" data-flatsome-role-button>Visualiza\u00e7\u00e3o R\u00e1pida<\/a>\t\t\t\t\t\t\t\t\t<\/div>\n\t\t\t\t\t\t\t\t\t\t\t\t\t\t\t\t\t\t\t\t\t\t\t<\/div>\n\n\t\t\t\t\t\t\t<div class=\"box-text text-center\" >\n\t\t\t\t\t\t\t\t<div class=\"title-wrapper\">\t\t<p class=\"category uppercase is-smaller no-text-overflow product-cat op-8\">\n\t\t\tAluguel de Motorhome\t\t<\/p>\n\t<p class=\"name product-title woocommerce-loop-product__title\"><a href=\"https:\/\/autocaravanascamperdadi.com\/pt-br\/tienda\/aluguel-de-motorhome-ate-6-lugares-ci-horon-79m-165cv-cambio-automatico\/\" class=\"woocommerce-LoopProduct-link woocommerce-loop-product__link\">Aluguel de Motorhome at\u00e9 6 lugares CI HORON 79M 165cv c\u00e2mbio autom\u00e1tico<\/a><\/p><\/div><div class=\"price-wrapper\">\n\t<span class=\"price\"><span class=\"woocommerce-Price-amount amount\"><bdi>120,00&nbsp;<span class=\"woocommerce-Price-currencySymbol\" translate=\"no\">&euro;<\/span><\/bdi><\/span><\/span>\n<\/div>\t\t\t\t\t\t\t<\/div>\n\t\t\t\t\t\t<\/div>\n\t\t\t\t\t\t<\/div>\n\t\t\t\t\t<\/div><div class=\"col\" >\n\t\t\t\t\t\t<div class=\"col-inner\">\n\t\t\t\t\t\t\n<div class=\"badge-container absolute left top z-1\">\n\n<\/div>\n\t\t\t\t\t\t<div class=\"product-small box has-hover box-normal box-text-bottom\">\n\t\t\t\t\t\t\t<div class=\"box-image\" >\n\t\t\t\t\t\t\t\t<div class=\"\" >\n\t\t\t\t\t\t\t\t\t<a href=\"https:\/\/autocaravanascamperdadi.com\/pt-br\/tienda\/aluguel-de-motorhome-ci-horon-84xt-5-pessoas\/\" aria-label=\"Aluguel de Motorhome CI HORON 84XT \u2013 5 pessoas\">\n\t\t\t\t\t\t\t\t\t\t<img loading=\"lazy\" decoding=\"async\" width=\"300\" height=\"300\" src=\"https:\/\/autocaravanascamperdadi.com\/wp-content\/uploads\/2026\/03\/CI-HORON-84XT-07-300x300.jpg\" class=\"show-on-hover absolute fill hide-for-small back-image\" alt=\"CI HORON 84XT\" aria-hidden=\"true\" srcset=\"https:\/\/autocaravanascamperdadi.com\/wp-content\/uploads\/2026\/03\/CI-HORON-84XT-07-300x300.jpg 300w, https:\/\/autocaravanascamperdadi.com\/wp-content\/uploads\/2026\/03\/CI-HORON-84XT-07-280x280.jpg 280w, https:\/\/autocaravanascamperdadi.com\/wp-content\/uploads\/2026\/03\/CI-HORON-84XT-07-100x100.jpg 100w\" sizes=\"auto, (max-width: 300px) 100vw, 300px\" \/><img loading=\"lazy\" decoding=\"async\" width=\"300\" height=\"300\" src=\"https:\/\/autocaravanascamperdadi.com\/wp-content\/uploads\/2026\/03\/CI-HORON-84XT-02-300x300.jpg\" class=\"attachment-woocommerce_thumbnail size-woocommerce_thumbnail\" alt=\"D\u00f3nde ver el eclipse solar en autocaravana\" srcset=\"https:\/\/autocaravanascamperdadi.com\/wp-content\/uploads\/2026\/03\/CI-HORON-84XT-02-300x300.jpg 300w, https:\/\/autocaravanascamperdadi.com\/wp-content\/uploads\/2026\/03\/CI-HORON-84XT-02-280x280.jpg 280w, https:\/\/autocaravanascamperdadi.com\/wp-content\/uploads\/2026\/03\/CI-HORON-84XT-02-100x100.jpg 100w\" sizes=\"auto, (max-width: 300px) 100vw, 300px\" \/>\t\t\t\t\t\t\t\t\t<\/a>\n\t\t\t\t\t\t\t\t\t\t\t\t\t\t\t\t\t\t \t\t\t\t\t\t\t\t<\/div>\n\t\t\t\t\t\t\t\t<div class=\"image-tools top right show-on-hover\">\n\t\t\t\t\t\t\t\t\t\t\t\t\t\t\t\t\t<\/div>\n\t\t\t\t\t\t\t\t\t\t\t\t\t\t\t\t\t<div class=\"image-tools grid-tools text-center hide-for-small bottom hover-slide-in show-on-hover\">\n\t\t\t\t\t\t\t\t\t\t<a href=\"#quick-view\" class=\"quick-view\" role=\"button\" data-prod=\"28582\" aria-haspopup=\"dialog\" aria-expanded=\"false\" data-flatsome-role-button>Visualiza\u00e7\u00e3o R\u00e1pida<\/a>\t\t\t\t\t\t\t\t\t<\/div>\n\t\t\t\t\t\t\t\t\t\t\t\t\t\t\t\t\t\t\t\t\t\t\t<\/div>\n\n\t\t\t\t\t\t\t<div class=\"box-text text-center\" >\n\t\t\t\t\t\t\t\t<div class=\"title-wrapper\">\t\t<p class=\"category uppercase is-smaller no-text-overflow product-cat op-8\">\n\t\t\tAluguel de Motorhome\t\t<\/p>\n\t<p class=\"name product-title woocommerce-loop-product__title\"><a href=\"https:\/\/autocaravanascamperdadi.com\/pt-br\/tienda\/aluguel-de-motorhome-ci-horon-84xt-5-pessoas\/\" class=\"woocommerce-LoopProduct-link woocommerce-loop-product__link\">Aluguel de Motorhome CI HORON 84XT \u2013 5 pessoas<\/a><\/p><\/div><div class=\"price-wrapper\">\n\t<span class=\"price\"><span class=\"woocommerce-Price-amount amount\"><bdi>115,00&nbsp;<span class=\"woocommerce-Price-currencySymbol\" translate=\"no\">&euro;<\/span><\/bdi><\/span><\/span>\n<\/div>\t\t\t\t\t\t\t<\/div>\n\t\t\t\t\t\t<\/div>\n\t\t\t\t\t\t<\/div>\n\t\t\t\t\t<\/div><div class=\"col\" >\n\t\t\t\t\t\t<div class=\"col-inner\">\n\t\t\t\t\t\t\n<div class=\"badge-container absolute left top z-1\">\n\n<\/div>\n\t\t\t\t\t\t<div class=\"product-small box has-hover box-normal box-text-bottom\">\n\t\t\t\t\t\t\t<div class=\"box-image\" >\n\t\t\t\t\t\t\t\t<div class=\"\" >\n\t\t\t\t\t\t\t\t\t<a href=\"https:\/\/autocaravanascamperdadi.com\/pt-br\/tienda\/aluguel-de-motorhome-para-5-pessoas-ci-horon-65xt\/\" aria-label=\"Aluguel de motorhome para 5 pessoas - CI HORON 65XT\">\n\t\t\t\t\t\t\t\t\t\t<img loading=\"lazy\" decoding=\"async\" width=\"300\" height=\"300\" src=\"https:\/\/autocaravanascamperdadi.com\/wp-content\/uploads\/2026\/03\/CI-HORON-65XT-01-300x300.jpeg\" class=\"show-on-hover absolute fill hide-for-small back-image\" alt=\"alquiler de autocaravanas con transmisi\u00f3n autom\u00e1tica en Madrid\" aria-hidden=\"true\" srcset=\"https:\/\/autocaravanascamperdadi.com\/wp-content\/uploads\/2026\/03\/CI-HORON-65XT-01-300x300.jpeg 300w, https:\/\/autocaravanascamperdadi.com\/wp-content\/uploads\/2026\/03\/CI-HORON-65XT-01-280x280.jpeg 280w, https:\/\/autocaravanascamperdadi.com\/wp-content\/uploads\/2026\/03\/CI-HORON-65XT-01-100x100.jpeg 100w\" sizes=\"auto, (max-width: 300px) 100vw, 300px\" \/><img loading=\"lazy\" decoding=\"async\" width=\"300\" height=\"300\" src=\"https:\/\/autocaravanascamperdadi.com\/wp-content\/uploads\/2026\/03\/CI-HORON-65XT-05-300x300.jpeg\" class=\"attachment-woocommerce_thumbnail size-woocommerce_thumbnail\" alt=\"Puntos de recogida de autocaravanas Camperdadi: Todo lo que necesitas saber\" srcset=\"https:\/\/autocaravanascamperdadi.com\/wp-content\/uploads\/2026\/03\/CI-HORON-65XT-05-300x300.jpeg 300w, https:\/\/autocaravanascamperdadi.com\/wp-content\/uploads\/2026\/03\/CI-HORON-65XT-05-280x280.jpeg 280w, https:\/\/autocaravanascamperdadi.com\/wp-content\/uploads\/2026\/03\/CI-HORON-65XT-05-100x100.jpeg 100w\" sizes=\"auto, (max-width: 300px) 100vw, 300px\" \/>\t\t\t\t\t\t\t\t\t<\/a>\n\t\t\t\t\t\t\t\t\t\t\t\t\t\t\t\t\t\t \t\t\t\t\t\t\t\t<\/div>\n\t\t\t\t\t\t\t\t<div class=\"image-tools top right show-on-hover\">\n\t\t\t\t\t\t\t\t\t\t\t\t\t\t\t\t\t<\/div>\n\t\t\t\t\t\t\t\t\t\t\t\t\t\t\t\t\t<div class=\"image-tools grid-tools text-center hide-for-small bottom hover-slide-in show-on-hover\">\n\t\t\t\t\t\t\t\t\t\t<a href=\"#quick-view\" class=\"quick-view\" role=\"button\" data-prod=\"28600\" aria-haspopup=\"dialog\" aria-expanded=\"false\" data-flatsome-role-button>Visualiza\u00e7\u00e3o R\u00e1pida<\/a>\t\t\t\t\t\t\t\t\t<\/div>\n\t\t\t\t\t\t\t\t\t\t\t\t\t\t\t\t\t\t\t\t\t\t\t<\/div>\n\n\t\t\t\t\t\t\t<div class=\"box-text text-center\" >\n\t\t\t\t\t\t\t\t<div class=\"title-wrapper\">\t\t<p class=\"category uppercase is-smaller no-text-overflow product-cat op-8\">\n\t\t\tAluguel de Motorhome\t\t<\/p>\n\t<p class=\"name product-title woocommerce-loop-product__title\"><a href=\"https:\/\/autocaravanascamperdadi.com\/pt-br\/tienda\/aluguel-de-motorhome-para-5-pessoas-ci-horon-65xt\/\" class=\"woocommerce-LoopProduct-link woocommerce-loop-product__link\">Aluguel de motorhome para 5 pessoas &#8211; CI HORON 65XT<\/a><\/p><\/div><div class=\"price-wrapper\">\n\t<span class=\"price\"><span class=\"woocommerce-Price-amount amount\"><bdi>115,00&nbsp;<span class=\"woocommerce-Price-currencySymbol\" translate=\"no\">&euro;<\/span><\/bdi><\/span><\/span>\n<\/div>\t\t\t\t\t\t\t<\/div>\n\t\t\t\t\t\t<\/div>\n\t\t\t\t\t\t<\/div>\n\t\t\t\t\t<\/div><div class=\"col\" >\n\t\t\t\t\t\t<div class=\"col-inner\">\n\t\t\t\t\t\t\n<div class=\"badge-container absolute left top z-1\">\n\n<\/div>\n\t\t\t\t\t\t<div class=\"product-small box has-hover box-normal box-text-bottom\">\n\t\t\t\t\t\t\t<div class=\"box-image\" >\n\t\t\t\t\t\t\t\t<div class=\"\" >\n\t\t\t\t\t\t\t\t\t<a href=\"https:\/\/autocaravanascamperdadi.com\/pt-br\/tienda\/aluguel-de-motorhome-de-7-lugares-em-madri-ci-horon-77m\/\" aria-label=\"Aluguel de motorhome de 7 lugares em Madri - CI HORON 77M\">\n\t\t\t\t\t\t\t\t\t\t<img loading=\"lazy\" decoding=\"async\" width=\"300\" height=\"300\" src=\"https:\/\/autocaravanascamperdadi.com\/wp-content\/uploads\/2026\/03\/CI-HORON-77M-01-300x300.jpeg\" class=\"show-on-hover absolute fill hide-for-small back-image\" alt=\"CI HORON 77M\" aria-hidden=\"true\" srcset=\"https:\/\/autocaravanascamperdadi.com\/wp-content\/uploads\/2026\/03\/CI-HORON-77M-01-300x300.jpeg 300w, https:\/\/autocaravanascamperdadi.com\/wp-content\/uploads\/2026\/03\/CI-HORON-77M-01-280x280.jpeg 280w, https:\/\/autocaravanascamperdadi.com\/wp-content\/uploads\/2026\/03\/CI-HORON-77M-01-100x100.jpeg 100w\" sizes=\"auto, (max-width: 300px) 100vw, 300px\" \/><img loading=\"lazy\" decoding=\"async\" width=\"300\" height=\"300\" src=\"https:\/\/autocaravanascamperdadi.com\/wp-content\/uploads\/2026\/03\/CI-HORON-77M-02-300x300.jpeg\" class=\"attachment-woocommerce_thumbnail size-woocommerce_thumbnail\" alt=\"Aluguel de motorhome de 7 lugares em Madri - CI HORON 77M\" srcset=\"https:\/\/autocaravanascamperdadi.com\/wp-content\/uploads\/2026\/03\/CI-HORON-77M-02-300x300.jpeg 300w, https:\/\/autocaravanascamperdadi.com\/wp-content\/uploads\/2026\/03\/CI-HORON-77M-02-280x280.jpeg 280w, https:\/\/autocaravanascamperdadi.com\/wp-content\/uploads\/2026\/03\/CI-HORON-77M-02-100x100.jpeg 100w\" sizes=\"auto, (max-width: 300px) 100vw, 300px\" \/>\t\t\t\t\t\t\t\t\t<\/a>\n\t\t\t\t\t\t\t\t\t\t\t\t\t\t\t\t\t\t \t\t\t\t\t\t\t\t<\/div>\n\t\t\t\t\t\t\t\t<div class=\"image-tools top right show-on-hover\">\n\t\t\t\t\t\t\t\t\t\t\t\t\t\t\t\t\t<\/div>\n\t\t\t\t\t\t\t\t\t\t\t\t\t\t\t\t\t<div class=\"image-tools grid-tools text-center hide-for-small bottom hover-slide-in show-on-hover\">\n\t\t\t\t\t\t\t\t\t\t<a href=\"#quick-view\" class=\"quick-view\" role=\"button\" data-prod=\"28612\" aria-haspopup=\"dialog\" aria-expanded=\"false\" data-flatsome-role-button>Visualiza\u00e7\u00e3o R\u00e1pida<\/a>\t\t\t\t\t\t\t\t\t<\/div>\n\t\t\t\t\t\t\t\t\t\t\t\t\t\t\t\t\t\t\t\t\t\t\t<\/div>\n\n\t\t\t\t\t\t\t<div class=\"box-text text-center\" >\n\t\t\t\t\t\t\t\t<div class=\"title-wrapper\">\t\t<p class=\"category uppercase is-smaller no-text-overflow product-cat op-8\">\n\t\t\tAluguel de Motorhome\t\t<\/p>\n\t<p class=\"name product-title woocommerce-loop-product__title\"><a href=\"https:\/\/autocaravanascamperdadi.com\/pt-br\/tienda\/aluguel-de-motorhome-de-7-lugares-em-madri-ci-horon-77m\/\" class=\"woocommerce-LoopProduct-link woocommerce-loop-product__link\">Aluguel de motorhome de 7 lugares em Madri &#8211; CI HORON 77M<\/a><\/p><\/div><div class=\"price-wrapper\">\n\t<span class=\"price\"><span class=\"woocommerce-Price-amount amount\"><bdi>125,00&nbsp;<span class=\"woocommerce-Price-currencySymbol\" translate=\"no\">&euro;<\/span><\/bdi><\/span><\/span>\n<\/div>\t\t\t\t\t\t\t<\/div>\n\t\t\t\t\t\t<\/div>\n\t\t\t\t\t\t<\/div>\n\t\t\t\t\t<\/div><div class=\"col\" >\n\t\t\t\t\t\t<div class=\"col-inner\">\n\t\t\t\t\t\t\n<div class=\"badge-container absolute left top z-1\">\n\n<\/div>\n\t\t\t\t\t\t<div class=\"product-small box has-hover box-normal box-text-bottom\">\n\t\t\t\t\t\t\t<div class=\"box-image\" >\n\t\t\t\t\t\t\t\t<div class=\"\" >\n\t\t\t\t\t\t\t\t\t<a href=\"https:\/\/autocaravanascamperdadi.com\/pt-br\/tienda\/alugar-motorhome-em-madri-6-lugares-giottiline-386\/\" aria-label=\"Alugar Motorhome em Madri 6 lugares \u2013 Giottiline 386\">\n\t\t\t\t\t\t\t\t\t\t<img loading=\"lazy\" decoding=\"async\" width=\"300\" height=\"300\" src=\"https:\/\/autocaravanascamperdadi.com\/wp-content\/uploads\/2026\/02\/Giottiline-386-01-300x300.jpg\" class=\"show-on-hover absolute fill hide-for-small back-image\" alt=\"Giottiline 386\" aria-hidden=\"true\" srcset=\"https:\/\/autocaravanascamperdadi.com\/wp-content\/uploads\/2026\/02\/Giottiline-386-01-300x300.jpg 300w, https:\/\/autocaravanascamperdadi.com\/wp-content\/uploads\/2026\/02\/Giottiline-386-01-280x280.jpg 280w, https:\/\/autocaravanascamperdadi.com\/wp-content\/uploads\/2026\/02\/Giottiline-386-01-100x100.jpg 100w\" sizes=\"auto, (max-width: 300px) 100vw, 300px\" \/><img loading=\"lazy\" decoding=\"async\" width=\"300\" height=\"300\" src=\"https:\/\/autocaravanascamperdadi.com\/wp-content\/uploads\/2026\/02\/Giottiline-386-07-300x300.jpg\" class=\"attachment-woocommerce_thumbnail size-woocommerce_thumbnail\" alt=\"Alugar Motorhome em Madri 6 lugares \u2013 Giottiline 386\" srcset=\"https:\/\/autocaravanascamperdadi.com\/wp-content\/uploads\/2026\/02\/Giottiline-386-07-300x300.jpg 300w, https:\/\/autocaravanascamperdadi.com\/wp-content\/uploads\/2026\/02\/Giottiline-386-07-280x280.jpg 280w, https:\/\/autocaravanascamperdadi.com\/wp-content\/uploads\/2026\/02\/Giottiline-386-07-100x100.jpg 100w\" sizes=\"auto, (max-width: 300px) 100vw, 300px\" \/>\t\t\t\t\t\t\t\t\t<\/a>\n\t\t\t\t\t\t\t\t\t\t\t\t\t\t\t\t\t\t \t\t\t\t\t\t\t\t<\/div>\n\t\t\t\t\t\t\t\t<div class=\"image-tools top right show-on-hover\">\n\t\t\t\t\t\t\t\t\t\t\t\t\t\t\t\t\t<\/div>\n\t\t\t\t\t\t\t\t\t\t\t\t\t\t\t\t\t<div class=\"image-tools grid-tools text-center hide-for-small bottom hover-slide-in show-on-hover\">\n\t\t\t\t\t\t\t\t\t\t<a href=\"#quick-view\" class=\"quick-view\" role=\"button\" data-prod=\"28672\" aria-haspopup=\"dialog\" aria-expanded=\"false\" data-flatsome-role-button>Visualiza\u00e7\u00e3o R\u00e1pida<\/a>\t\t\t\t\t\t\t\t\t<\/div>\n\t\t\t\t\t\t\t\t\t\t\t\t\t\t\t\t\t\t\t\t\t\t\t<\/div>\n\n\t\t\t\t\t\t\t<div class=\"box-text text-center\" >\n\t\t\t\t\t\t\t\t<div class=\"title-wrapper\">\t\t<p class=\"category uppercase is-smaller no-text-overflow product-cat op-8\">\n\t\t\tAluguel de Motorhome\t\t<\/p>\n\t<p class=\"name product-title woocommerce-loop-product__title\"><a href=\"https:\/\/autocaravanascamperdadi.com\/pt-br\/tienda\/alugar-motorhome-em-madri-6-lugares-giottiline-386\/\" class=\"woocommerce-LoopProduct-link woocommerce-loop-product__link\">Alugar Motorhome em Madri 6 lugares \u2013 Giottiline 386<\/a><\/p><\/div><div class=\"price-wrapper\">\n\t<span class=\"price\"><span class=\"woocommerce-Price-amount amount\"><bdi>120,00&nbsp;<span class=\"woocommerce-Price-currencySymbol\" translate=\"no\">&euro;<\/span><\/bdi><\/span><\/span>\n<\/div>\t\t\t\t\t\t\t<\/div>\n\t\t\t\t\t\t<\/div>\n\t\t\t\t\t\t<\/div>\n\t\t\t\t\t<\/div><div class=\"col\" >\n\t\t\t\t\t\t<div class=\"col-inner\">\n\t\t\t\t\t\t\n<div class=\"badge-container absolute left top z-1\">\n\n<\/div>\n\t\t\t\t\t\t<div class=\"product-small box has-hover box-normal box-text-bottom\">\n\t\t\t\t\t\t\t<div class=\"box-image\" >\n\t\t\t\t\t\t\t\t<div class=\"\" >\n\t\t\t\t\t\t\t\t\t<a href=\"https:\/\/autocaravanascamperdadi.com\/pt-br\/tienda\/alugar-motorhome-em-madri-6-lugares-giottiline-440\/\" aria-label=\"Alugar Motorhome em Madri 6 lugares - Giottiline 440\">\n\t\t\t\t\t\t\t\t\t\t<img loading=\"lazy\" decoding=\"async\" width=\"300\" height=\"300\" src=\"https:\/\/autocaravanascamperdadi.com\/wp-content\/uploads\/2026\/02\/Giottiline-440-03-300x300.jpg\" class=\"show-on-hover absolute fill hide-for-small back-image\" alt=\"Giottiline 440\" aria-hidden=\"true\" srcset=\"https:\/\/autocaravanascamperdadi.com\/wp-content\/uploads\/2026\/02\/Giottiline-440-03-300x300.jpg 300w, https:\/\/autocaravanascamperdadi.com\/wp-content\/uploads\/2026\/02\/Giottiline-440-03-280x280.jpg 280w, https:\/\/autocaravanascamperdadi.com\/wp-content\/uploads\/2026\/02\/Giottiline-440-03-100x100.jpg 100w\" sizes=\"auto, (max-width: 300px) 100vw, 300px\" \/><img loading=\"lazy\" decoding=\"async\" width=\"300\" height=\"300\" src=\"https:\/\/autocaravanascamperdadi.com\/wp-content\/uploads\/2026\/02\/Giottiline-440-06-300x300.jpg\" class=\"attachment-woocommerce_thumbnail size-woocommerce_thumbnail\" alt=\"Alugar Motorhome em Madri 6 lugares - Giottiline 440\" srcset=\"https:\/\/autocaravanascamperdadi.com\/wp-content\/uploads\/2026\/02\/Giottiline-440-06-300x300.jpg 300w, https:\/\/autocaravanascamperdadi.com\/wp-content\/uploads\/2026\/02\/Giottiline-440-06-280x280.jpg 280w, https:\/\/autocaravanascamperdadi.com\/wp-content\/uploads\/2026\/02\/Giottiline-440-06-100x100.jpg 100w\" sizes=\"auto, (max-width: 300px) 100vw, 300px\" \/>\t\t\t\t\t\t\t\t\t<\/a>\n\t\t\t\t\t\t\t\t\t\t\t\t\t\t\t\t\t\t \t\t\t\t\t\t\t\t<\/div>\n\t\t\t\t\t\t\t\t<div class=\"image-tools top right show-on-hover\">\n\t\t\t\t\t\t\t\t\t\t\t\t\t\t\t\t\t<\/div>\n\t\t\t\t\t\t\t\t\t\t\t\t\t\t\t\t\t<div class=\"image-tools grid-tools text-center hide-for-small bottom hover-slide-in show-on-hover\">\n\t\t\t\t\t\t\t\t\t\t<a href=\"#quick-view\" class=\"quick-view\" role=\"button\" data-prod=\"28697\" aria-haspopup=\"dialog\" aria-expanded=\"false\" data-flatsome-role-button>Visualiza\u00e7\u00e3o R\u00e1pida<\/a>\t\t\t\t\t\t\t\t\t<\/div>\n\t\t\t\t\t\t\t\t\t\t\t\t\t\t\t\t\t\t\t\t\t\t\t<\/div>\n\n\t\t\t\t\t\t\t<div class=\"box-text text-center\" >\n\t\t\t\t\t\t\t\t<div class=\"title-wrapper\">\t\t<p class=\"category uppercase is-smaller no-text-overflow product-cat op-8\">\n\t\t\tAluguel de Motorhome\t\t<\/p>\n\t<p class=\"name product-title woocommerce-loop-product__title\"><a href=\"https:\/\/autocaravanascamperdadi.com\/pt-br\/tienda\/alugar-motorhome-em-madri-6-lugares-giottiline-440\/\" class=\"woocommerce-LoopProduct-link woocommerce-loop-product__link\">Alugar Motorhome em Madri 6 lugares &#8211; Giottiline 440<\/a><\/p><\/div><div class=\"price-wrapper\">\n\t<span class=\"price\"><span class=\"woocommerce-Price-amount amount\"><bdi>120,00&nbsp;<span class=\"woocommerce-Price-currencySymbol\" translate=\"no\">&euro;<\/span><\/bdi><\/span><\/span>\n<\/div>\t\t\t\t\t\t\t<\/div>\n\t\t\t\t\t\t<\/div>\n\t\t\t\t\t\t<\/div>\n\t\t\t\t\t<\/div><div class=\"col\" >\n\t\t\t\t\t\t<div class=\"col-inner\">\n\t\t\t\t\t\t\n<div class=\"badge-container absolute left top z-1\">\n\n<\/div>\n\t\t\t\t\t\t<div class=\"product-small box has-hover box-normal box-text-bottom\">\n\t\t\t\t\t\t\t<div class=\"box-image\" >\n\t\t\t\t\t\t\t\t<div class=\"\" >\n\t\t\t\t\t\t\t\t\t<a href=\"https:\/\/autocaravanascamperdadi.com\/pt-br\/tienda\/aluguel-de-motorhome-ci-horon-95-xt-5-lugares\/\" aria-label=\"Aluguel de Motorhome CI HORON 95 XT - 5 lugares\">\n\t\t\t\t\t\t\t\t\t\t<img loading=\"lazy\" decoding=\"async\" width=\"300\" height=\"300\" src=\"https:\/\/autocaravanascamperdadi.com\/wp-content\/uploads\/2026\/02\/Alquiler-Autocaravana-CI-HORON-95-XT-28-300x300.jpeg\" class=\"show-on-hover absolute fill hide-for-small back-image\" alt=\"Alquiler Autocaravana CI HORON 95 XT\" aria-hidden=\"true\" srcset=\"https:\/\/autocaravanascamperdadi.com\/wp-content\/uploads\/2026\/02\/Alquiler-Autocaravana-CI-HORON-95-XT-28-300x300.jpeg 300w, https:\/\/autocaravanascamperdadi.com\/wp-content\/uploads\/2026\/02\/Alquiler-Autocaravana-CI-HORON-95-XT-28-280x280.jpeg 280w, https:\/\/autocaravanascamperdadi.com\/wp-content\/uploads\/2026\/02\/Alquiler-Autocaravana-CI-HORON-95-XT-28-100x100.jpeg 100w\" sizes=\"auto, (max-width: 300px) 100vw, 300px\" \/><img loading=\"lazy\" decoding=\"async\" width=\"300\" height=\"300\" src=\"https:\/\/autocaravanascamperdadi.com\/wp-content\/uploads\/2026\/02\/Alquiler-Autocaravana-CI-HORON-95-XT-26-300x300.jpeg\" class=\"attachment-woocommerce_thumbnail size-woocommerce_thumbnail\" alt=\"Alquiler de Autocaravanas Baratas en Madrid\" srcset=\"https:\/\/autocaravanascamperdadi.com\/wp-content\/uploads\/2026\/02\/Alquiler-Autocaravana-CI-HORON-95-XT-26-300x300.jpeg 300w, https:\/\/autocaravanascamperdadi.com\/wp-content\/uploads\/2026\/02\/Alquiler-Autocaravana-CI-HORON-95-XT-26-280x280.jpeg 280w, https:\/\/autocaravanascamperdadi.com\/wp-content\/uploads\/2026\/02\/Alquiler-Autocaravana-CI-HORON-95-XT-26-100x100.jpeg 100w\" sizes=\"auto, (max-width: 300px) 100vw, 300px\" \/>\t\t\t\t\t\t\t\t\t<\/a>\n\t\t\t\t\t\t\t\t\t\t\t\t\t\t\t\t\t\t \t\t\t\t\t\t\t\t<\/div>\n\t\t\t\t\t\t\t\t<div class=\"image-tools top right show-on-hover\">\n\t\t\t\t\t\t\t\t\t\t\t\t\t\t\t\t\t<\/div>\n\t\t\t\t\t\t\t\t\t\t\t\t\t\t\t\t\t<div class=\"image-tools grid-tools text-center hide-for-small bottom hover-slide-in show-on-hover\">\n\t\t\t\t\t\t\t\t\t\t<a href=\"#quick-view\" class=\"quick-view\" role=\"button\" data-prod=\"28646\" aria-haspopup=\"dialog\" aria-expanded=\"false\" data-flatsome-role-button>Visualiza\u00e7\u00e3o R\u00e1pida<\/a>\t\t\t\t\t\t\t\t\t<\/div>\n\t\t\t\t\t\t\t\t\t\t\t\t\t\t\t\t\t\t\t\t\t\t\t<\/div>\n\n\t\t\t\t\t\t\t<div class=\"box-text text-center\" >\n\t\t\t\t\t\t\t\t<div class=\"title-wrapper\">\t\t<p class=\"category uppercase is-smaller no-text-overflow product-cat op-8\">\n\t\t\tAluguel de Motorhome\t\t<\/p>\n\t<p class=\"name product-title woocommerce-loop-product__title\"><a href=\"https:\/\/autocaravanascamperdadi.com\/pt-br\/tienda\/aluguel-de-motorhome-ci-horon-95-xt-5-lugares\/\" class=\"woocommerce-LoopProduct-link woocommerce-loop-product__link\">Aluguel de Motorhome CI HORON 95 XT &#8211; 5 lugares<\/a><\/p><\/div><div class=\"price-wrapper\">\n\t<span class=\"price\"><span class=\"woocommerce-Price-amount amount\"><bdi>115,00&nbsp;<span class=\"woocommerce-Price-currencySymbol\" translate=\"no\">&euro;<\/span><\/bdi><\/span><\/span>\n<\/div>\t\t\t\t\t\t\t<\/div>\n\t\t\t\t\t\t<\/div>\n\t\t\t\t\t\t<\/div>\n\t\t\t\t\t<\/div><div class=\"col\" >\n\t\t\t\t\t\t<div class=\"col-inner\">\n\t\t\t\t\t\t\n<div class=\"badge-container absolute left top z-1\">\n\n<\/div>\n\t\t\t\t\t\t<div class=\"product-small box has-hover box-normal box-text-bottom\">\n\t\t\t\t\t\t\t<div class=\"box-image\" >\n\t\t\t\t\t\t\t\t<div class=\"\" >\n\t\t\t\t\t\t\t\t\t<a href=\"https:\/\/autocaravanascamperdadi.com\/pt-br\/tienda\/motorhome-para-aluguel-5-lugares-rimor-seal-67-plus\/\" aria-label=\"Motorhome para Aluguel 5 lugares Rimor Seal 67 Plus\">\n\t\t\t\t\t\t\t\t\t\t<img loading=\"lazy\" decoding=\"async\" width=\"300\" height=\"300\" src=\"https:\/\/autocaravanascamperdadi.com\/wp-content\/uploads\/2021\/04\/Rimor-seal-67-plus-1_opt-300x300.jpg\" class=\"show-on-hover absolute fill hide-for-small back-image\" alt=\"Alternative view of Motorhome para Aluguel 5 lugares Rimor Seal 67 Plus\" aria-hidden=\"true\" srcset=\"https:\/\/autocaravanascamperdadi.com\/wp-content\/uploads\/2021\/04\/Rimor-seal-67-plus-1_opt-300x300.jpg 300w, https:\/\/autocaravanascamperdadi.com\/wp-content\/uploads\/2021\/04\/Rimor-seal-67-plus-1_opt-100x100.jpg 100w, https:\/\/autocaravanascamperdadi.com\/wp-content\/uploads\/2021\/04\/Rimor-seal-67-plus-1_opt-280x280.jpg 280w, https:\/\/autocaravanascamperdadi.com\/wp-content\/uploads\/2021\/04\/Rimor-seal-67-plus-1_opt-180x180.jpg 180w, https:\/\/autocaravanascamperdadi.com\/wp-content\/uploads\/2021\/04\/Rimor-seal-67-plus-1_opt-600x600.jpg 600w\" sizes=\"auto, (max-width: 300px) 100vw, 300px\" \/><img loading=\"lazy\" decoding=\"async\" width=\"300\" height=\"300\" src=\"https:\/\/autocaravanascamperdadi.com\/wp-content\/uploads\/2021\/04\/Rimor-seal-67-plus-10_opt-300x300.jpg\" class=\"attachment-woocommerce_thumbnail size-woocommerce_thumbnail\" alt=\"Motorhome para Aluguel 5 lugares Rimor Seal 67 Plus\" srcset=\"https:\/\/autocaravanascamperdadi.com\/wp-content\/uploads\/2021\/04\/Rimor-seal-67-plus-10_opt-300x300.jpg 300w, https:\/\/autocaravanascamperdadi.com\/wp-content\/uploads\/2021\/04\/Rimor-seal-67-plus-10_opt-100x100.jpg 100w, https:\/\/autocaravanascamperdadi.com\/wp-content\/uploads\/2021\/04\/Rimor-seal-67-plus-10_opt-280x280.jpg 280w, https:\/\/autocaravanascamperdadi.com\/wp-content\/uploads\/2021\/04\/Rimor-seal-67-plus-10_opt-180x180.jpg 180w, https:\/\/autocaravanascamperdadi.com\/wp-content\/uploads\/2021\/04\/Rimor-seal-67-plus-10_opt-600x600.jpg 600w\" sizes=\"auto, (max-width: 300px) 100vw, 300px\" \/>\t\t\t\t\t\t\t\t\t<\/a>\n\t\t\t\t\t\t\t\t\t\t\t\t\t\t\t\t\t\t \t\t\t\t\t\t\t\t<\/div>\n\t\t\t\t\t\t\t\t<div class=\"image-tools top right show-on-hover\">\n\t\t\t\t\t\t\t\t\t\t\t\t\t\t\t\t\t<\/div>\n\t\t\t\t\t\t\t\t\t\t\t\t\t\t\t\t\t<div class=\"image-tools grid-tools text-center hide-for-small bottom hover-slide-in show-on-hover\">\n\t\t\t\t\t\t\t\t\t\t<a href=\"#quick-view\" class=\"quick-view\" role=\"button\" data-prod=\"28709\" aria-haspopup=\"dialog\" aria-expanded=\"false\" data-flatsome-role-button>Visualiza\u00e7\u00e3o R\u00e1pida<\/a>\t\t\t\t\t\t\t\t\t<\/div>\n\t\t\t\t\t\t\t\t\t\t\t\t\t\t\t\t\t\t\t\t\t\t\t<\/div>\n\n\t\t\t\t\t\t\t<div class=\"box-text text-center\" >\n\t\t\t\t\t\t\t\t<div class=\"title-wrapper\">\t\t<p class=\"category uppercase is-smaller no-text-overflow product-cat op-8\">\n\t\t\tAluguel de Motorhome\t\t<\/p>\n\t<p class=\"name product-title woocommerce-loop-product__title\"><a href=\"https:\/\/autocaravanascamperdadi.com\/pt-br\/tienda\/motorhome-para-aluguel-5-lugares-rimor-seal-67-plus\/\" class=\"woocommerce-LoopProduct-link woocommerce-loop-product__link\">Motorhome para Aluguel 5 lugares Rimor Seal 67 Plus<\/a><\/p><\/div><div class=\"price-wrapper\">\n\t<span class=\"price\"><span class=\"woocommerce-Price-amount amount\"><bdi>110,00&nbsp;<span class=\"woocommerce-Price-currencySymbol\" translate=\"no\">&euro;<\/span><\/bdi><\/span><\/span>\n<\/div>\t\t\t\t\t\t\t<\/div>\n\t\t\t\t\t\t<\/div>\n\t\t\t\t\t\t<\/div>\n\t\t\t\t\t<\/div><div class=\"col\" >\n\t\t\t\t\t\t<div class=\"col-inner\">\n\t\t\t\t\t\t\n<div class=\"badge-container absolute left top z-1\">\n\n<\/div>\n\t\t\t\t\t\t<div class=\"product-small box has-hover box-normal box-text-bottom\">\n\t\t\t\t\t\t\t<div class=\"box-image\" >\n\t\t\t\t\t\t\t\t<div class=\"\" >\n\t\t\t\t\t\t\t\t\t<a href=\"https:\/\/autocaravanascamperdadi.com\/pt-br\/tienda\/aluguel-de-camper-em-madri-4-lugares-mc-louis-menfys\/\" aria-label=\"Aluguel de Camper em Madri 4 lugares MC LOUIS MENFYS\">\n\t\t\t\t\t\t\t\t\t\t<img loading=\"lazy\" decoding=\"async\" width=\"300\" height=\"300\" src=\"https:\/\/autocaravanascamperdadi.com\/wp-content\/uploads\/2020\/04\/IMG_4907-300x300.jpg\" class=\"show-on-hover absolute fill hide-for-small back-image\" alt=\"Alquiler de Campers en Madrid\" aria-hidden=\"true\" srcset=\"https:\/\/autocaravanascamperdadi.com\/wp-content\/uploads\/2020\/04\/IMG_4907-300x300.jpg 300w, https:\/\/autocaravanascamperdadi.com\/wp-content\/uploads\/2020\/04\/IMG_4907-100x100.jpg 100w, https:\/\/autocaravanascamperdadi.com\/wp-content\/uploads\/2020\/04\/IMG_4907-280x280.jpg 280w, https:\/\/autocaravanascamperdadi.com\/wp-content\/uploads\/2020\/04\/IMG_4907-180x180.jpg 180w, https:\/\/autocaravanascamperdadi.com\/wp-content\/uploads\/2020\/04\/IMG_4907-600x600.jpg 600w\" sizes=\"auto, (max-width: 300px) 100vw, 300px\" \/><img loading=\"lazy\" decoding=\"async\" width=\"300\" height=\"300\" src=\"https:\/\/autocaravanascamperdadi.com\/wp-content\/uploads\/2020\/04\/IMG_4907-300x300.jpg\" class=\"attachment-woocommerce_thumbnail size-woocommerce_thumbnail\" alt=\"Alquiler de Campers en Madrid\" srcset=\"https:\/\/autocaravanascamperdadi.com\/wp-content\/uploads\/2020\/04\/IMG_4907-300x300.jpg 300w, https:\/\/autocaravanascamperdadi.com\/wp-content\/uploads\/2020\/04\/IMG_4907-100x100.jpg 100w, https:\/\/autocaravanascamperdadi.com\/wp-content\/uploads\/2020\/04\/IMG_4907-280x280.jpg 280w, https:\/\/autocaravanascamperdadi.com\/wp-content\/uploads\/2020\/04\/IMG_4907-180x180.jpg 180w, https:\/\/autocaravanascamperdadi.com\/wp-content\/uploads\/2020\/04\/IMG_4907-600x600.jpg 600w\" sizes=\"auto, (max-width: 300px) 100vw, 300px\" \/>\t\t\t\t\t\t\t\t\t<\/a>\n\t\t\t\t\t\t\t\t\t\t\t\t\t\t\t\t\t\t \t\t\t\t\t\t\t\t<\/div>\n\t\t\t\t\t\t\t\t<div class=\"image-tools top right show-on-hover\">\n\t\t\t\t\t\t\t\t\t\t\t\t\t\t\t\t\t<\/div>\n\t\t\t\t\t\t\t\t\t\t\t\t\t\t\t\t\t<div class=\"image-tools grid-tools text-center hide-for-small bottom hover-slide-in show-on-hover\">\n\t\t\t\t\t\t\t\t\t\t<a href=\"#quick-view\" class=\"quick-view\" role=\"button\" data-prod=\"28719\" aria-haspopup=\"dialog\" aria-expanded=\"false\" data-flatsome-role-button>Visualiza\u00e7\u00e3o R\u00e1pida<\/a>\t\t\t\t\t\t\t\t\t<\/div>\n\t\t\t\t\t\t\t\t\t\t\t\t\t\t\t\t\t\t\t\t\t\t\t<\/div>\n\n\t\t\t\t\t\t\t<div class=\"box-text text-center\" >\n\t\t\t\t\t\t\t\t<div class=\"title-wrapper\">\t\t<p class=\"category uppercase is-smaller no-text-overflow product-cat op-8\">\n\t\t\tAluguel de Motorhome\t\t<\/p>\n\t<p class=\"name product-title woocommerce-loop-product__title\"><a href=\"https:\/\/autocaravanascamperdadi.com\/pt-br\/tienda\/aluguel-de-camper-em-madri-4-lugares-mc-louis-menfys\/\" class=\"woocommerce-LoopProduct-link woocommerce-loop-product__link\">Aluguel de Camper em Madri 4 lugares MC LOUIS MENFYS<\/a><\/p><\/div><div class=\"price-wrapper\">\n\t<span class=\"price\"><span class=\"woocommerce-Price-amount amount\"><bdi>95,00&nbsp;<span class=\"woocommerce-Price-currencySymbol\" translate=\"no\">&euro;<\/span><\/bdi><\/span><\/span>\n<\/div>\t\t\t\t\t\t\t<\/div>\n\t\t\t\t\t\t<\/div>\n\t\t\t\t\t\t<\/div>\n\t\t\t\t\t<\/div><div class=\"col\" >\n\t\t\t\t\t\t<div class=\"col-inner\">\n\t\t\t\t\t\t\n<div class=\"badge-container absolute left top z-1\">\n\n<\/div>\n\t\t\t\t\t\t<div class=\"product-small box has-hover box-normal box-text-bottom\">\n\t\t\t\t\t\t\t<div class=\"box-image\" >\n\t\t\t\t\t\t\t\t<div class=\"\" >\n\t\t\t\t\t\t\t\t\t<a href=\"https:\/\/autocaravanascamperdadi.com\/pt-br\/tienda\/aluguel-de-motorhome-mc-louis-glamys-322-7-pessoas\/\" aria-label=\"Aluguel de Motorhome MC LOUIS GLAMYS 322 - 7 pessoas\">\n\t\t\t\t\t\t\t\t\t\t<img loading=\"lazy\" decoding=\"async\" width=\"300\" height=\"300\" src=\"https:\/\/autocaravanascamperdadi.com\/wp-content\/uploads\/2020\/04\/IMG_4815-300x300.jpg\" class=\"show-on-hover absolute fill hide-for-small back-image\" alt=\"Aluguel de Motorhome MC LOUIS GLAMYS 322 - 7 pessoas\" aria-hidden=\"true\" srcset=\"https:\/\/autocaravanascamperdadi.com\/wp-content\/uploads\/2020\/04\/IMG_4815-300x300.jpg 300w, https:\/\/autocaravanascamperdadi.com\/wp-content\/uploads\/2020\/04\/IMG_4815-100x100.jpg 100w, https:\/\/autocaravanascamperdadi.com\/wp-content\/uploads\/2020\/04\/IMG_4815-280x280.jpg 280w, https:\/\/autocaravanascamperdadi.com\/wp-content\/uploads\/2020\/04\/IMG_4815-180x180.jpg 180w, https:\/\/autocaravanascamperdadi.com\/wp-content\/uploads\/2020\/04\/IMG_4815-600x600.jpg 600w\" sizes=\"auto, (max-width: 300px) 100vw, 300px\" \/><img loading=\"lazy\" decoding=\"async\" width=\"300\" height=\"300\" src=\"https:\/\/autocaravanascamperdadi.com\/wp-content\/uploads\/2020\/04\/IMG_4815-600x600-1-300x300.jpg\" class=\"attachment-woocommerce_thumbnail size-woocommerce_thumbnail\" alt=\"Aluguel de Motorhome MC LOUIS GLAMYS 322 - 7 pessoas\" srcset=\"https:\/\/autocaravanascamperdadi.com\/wp-content\/uploads\/2020\/04\/IMG_4815-600x600-1-300x300.jpg 300w, https:\/\/autocaravanascamperdadi.com\/wp-content\/uploads\/2020\/04\/IMG_4815-600x600-1-100x100.jpg 100w, https:\/\/autocaravanascamperdadi.com\/wp-content\/uploads\/2020\/04\/IMG_4815-600x600-1-280x280.jpg 280w, https:\/\/autocaravanascamperdadi.com\/wp-content\/uploads\/2020\/04\/IMG_4815-600x600-1-400x400.jpg 400w, https:\/\/autocaravanascamperdadi.com\/wp-content\/uploads\/2020\/04\/IMG_4815-600x600-1-180x180.jpg 180w, https:\/\/autocaravanascamperdadi.com\/wp-content\/uploads\/2020\/04\/IMG_4815-600x600-1.jpg 600w\" sizes=\"auto, (max-width: 300px) 100vw, 300px\" \/>\t\t\t\t\t\t\t\t\t<\/a>\n\t\t\t\t\t\t\t\t\t\t\t\t\t\t\t\t\t\t \t\t\t\t\t\t\t\t<\/div>\n\t\t\t\t\t\t\t\t<div class=\"image-tools top right show-on-hover\">\n\t\t\t\t\t\t\t\t\t\t\t\t\t\t\t\t\t<\/div>\n\t\t\t\t\t\t\t\t\t\t\t\t\t\t\t\t\t<div class=\"image-tools grid-tools text-center hide-for-small bottom hover-slide-in show-on-hover\">\n\t\t\t\t\t\t\t\t\t\t<a href=\"#quick-view\" class=\"quick-view\" role=\"button\" data-prod=\"28737\" aria-haspopup=\"dialog\" aria-expanded=\"false\" data-flatsome-role-button>Visualiza\u00e7\u00e3o R\u00e1pida<\/a>\t\t\t\t\t\t\t\t\t<\/div>\n\t\t\t\t\t\t\t\t\t\t\t\t\t\t\t\t\t\t\t\t\t\t\t<\/div>\n\n\t\t\t\t\t\t\t<div class=\"box-text text-center\" >\n\t\t\t\t\t\t\t\t<div class=\"title-wrapper\">\t\t<p class=\"category uppercase is-smaller no-text-overflow product-cat op-8\">\n\t\t\tAluguel de Motorhome\t\t<\/p>\n\t<p class=\"name product-title woocommerce-loop-product__title\"><a href=\"https:\/\/autocaravanascamperdadi.com\/pt-br\/tienda\/aluguel-de-motorhome-mc-louis-glamys-322-7-pessoas\/\" class=\"woocommerce-LoopProduct-link woocommerce-loop-product__link\">Aluguel de Motorhome MC LOUIS GLAMYS 322 &#8211; 7 pessoas<\/a><\/p><\/div><div class=\"price-wrapper\">\n\t<span class=\"price\"><span class=\"woocommerce-Price-amount amount\"><bdi>125,00&nbsp;<span class=\"woocommerce-Price-currencySymbol\" translate=\"no\">&euro;<\/span><\/bdi><\/span><\/span>\n<\/div>\t\t\t\t\t\t\t<\/div>\n\t\t\t\t\t\t<\/div>\n\t\t\t\t\t\t<\/div>\n\t\t\t\t\t<\/div><div class=\"col\" >\n\t\t\t\t\t\t<div class=\"col-inner\">\n\t\t\t\t\t\t\n<div class=\"badge-container absolute left top z-1\">\n\n<\/div>\n\t\t\t\t\t\t<div class=\"product-small box has-hover box-normal box-text-bottom\">\n\t\t\t\t\t\t\t<div class=\"box-image\" >\n\t\t\t\t\t\t\t\t<div class=\"\" >\n\t\t\t\t\t\t\t\t\t<a href=\"https:\/\/autocaravanascamperdadi.com\/pt-br\/tienda\/aluguel-de-camper-4-lugares-mc-louis-menfys-s-line\/\" aria-label=\"Aluguel de Camper 4 lugares MC LOUIS MENFYS S-LINE\">\n\t\t\t\t\t\t\t\t\t\t<img loading=\"lazy\" decoding=\"async\" width=\"300\" height=\"300\" src=\"https:\/\/autocaravanascamperdadi.com\/wp-content\/uploads\/2018\/05\/3-300x300.jpg\" class=\"show-on-hover absolute fill hide-for-small back-image\" alt=\"Alternative view of Aluguel de Camper 4 lugares MC LOUIS MENFYS S-LINE\" aria-hidden=\"true\" srcset=\"https:\/\/autocaravanascamperdadi.com\/wp-content\/uploads\/2018\/05\/3-300x300.jpg 300w, https:\/\/autocaravanascamperdadi.com\/wp-content\/uploads\/2018\/05\/3-100x100.jpg 100w, https:\/\/autocaravanascamperdadi.com\/wp-content\/uploads\/2018\/05\/3-280x280.jpg 280w, https:\/\/autocaravanascamperdadi.com\/wp-content\/uploads\/2018\/05\/3-180x180.jpg 180w, https:\/\/autocaravanascamperdadi.com\/wp-content\/uploads\/2018\/05\/3-600x600.jpg 600w\" sizes=\"auto, (max-width: 300px) 100vw, 300px\" \/><img loading=\"lazy\" decoding=\"async\" width=\"300\" height=\"300\" src=\"https:\/\/autocaravanascamperdadi.com\/wp-content\/uploads\/2018\/05\/7-300x300.jpg\" class=\"attachment-woocommerce_thumbnail size-woocommerce_thumbnail\" alt=\"Aluguel de Camper 4 lugares MC LOUIS MENFYS S-LINE\" srcset=\"https:\/\/autocaravanascamperdadi.com\/wp-content\/uploads\/2018\/05\/7-300x300.jpg 300w, https:\/\/autocaravanascamperdadi.com\/wp-content\/uploads\/2018\/05\/7-100x100.jpg 100w, https:\/\/autocaravanascamperdadi.com\/wp-content\/uploads\/2018\/05\/7-280x280.jpg 280w, https:\/\/autocaravanascamperdadi.com\/wp-content\/uploads\/2018\/05\/7-180x180.jpg 180w, https:\/\/autocaravanascamperdadi.com\/wp-content\/uploads\/2018\/05\/7-600x600.jpg 600w\" sizes=\"auto, (max-width: 300px) 100vw, 300px\" \/>\t\t\t\t\t\t\t\t\t<\/a>\n\t\t\t\t\t\t\t\t\t\t\t\t\t\t\t\t\t\t \t\t\t\t\t\t\t\t<\/div>\n\t\t\t\t\t\t\t\t<div class=\"image-tools top right show-on-hover\">\n\t\t\t\t\t\t\t\t\t\t\t\t\t\t\t\t\t<\/div>\n\t\t\t\t\t\t\t\t\t\t\t\t\t\t\t\t\t<div class=\"image-tools grid-tools text-center hide-for-small bottom hover-slide-in show-on-hover\">\n\t\t\t\t\t\t\t\t\t\t<a href=\"#quick-view\" class=\"quick-view\" role=\"button\" data-prod=\"28756\" aria-haspopup=\"dialog\" aria-expanded=\"false\" data-flatsome-role-button>Visualiza\u00e7\u00e3o R\u00e1pida<\/a>\t\t\t\t\t\t\t\t\t<\/div>\n\t\t\t\t\t\t\t\t\t\t\t\t\t\t\t\t\t\t\t\t\t\t\t<\/div>\n\n\t\t\t\t\t\t\t<div class=\"box-text text-center\" >\n\t\t\t\t\t\t\t\t<div class=\"title-wrapper\">\t\t<p class=\"category uppercase is-smaller no-text-overflow product-cat op-8\">\n\t\t\tAluguel de Motorhome\t\t<\/p>\n\t<p class=\"name product-title woocommerce-loop-product__title\"><a href=\"https:\/\/autocaravanascamperdadi.com\/pt-br\/tienda\/aluguel-de-camper-4-lugares-mc-louis-menfys-s-line\/\" class=\"woocommerce-LoopProduct-link woocommerce-loop-product__link\">Aluguel de Camper 4 lugares MC LOUIS MENFYS S-LINE<\/a><\/p><\/div><div class=\"price-wrapper\">\n\t<span class=\"price\"><span class=\"woocommerce-Price-amount amount\"><bdi>95,00&nbsp;<span class=\"woocommerce-Price-currencySymbol\" translate=\"no\">&euro;<\/span><\/bdi><\/span><\/span>\n<\/div>\t\t\t\t\t\t\t<\/div>\n\t\t\t\t\t\t<\/div>\n\t\t\t\t\t\t<\/div>\n\t\t\t\t\t<\/div><div class=\"col\" >\n\t\t\t\t\t\t<div class=\"col-inner\">\n\t\t\t\t\t\t\n<div class=\"badge-container absolute left top z-1\">\n\n<\/div>\n\t\t\t\t\t\t<div class=\"product-small box has-hover box-normal box-text-bottom\">\n\t\t\t\t\t\t\t<div class=\"box-image\" >\n\t\t\t\t\t\t\t\t<div class=\"\" >\n\t\t\t\t\t\t\t\t\t<a href=\"https:\/\/autocaravanascamperdadi.com\/pt-br\/tienda\/aluguel-de-motorhome-integral-mc-louis-79g-karat-para-4-pessoas\/\" aria-label=\"Aluguel de Motorhome Integral MC LOUIS 79G KARAT para 4 pessoas\">\n\t\t\t\t\t\t\t\t\t\t<img loading=\"lazy\" decoding=\"async\" width=\"300\" height=\"300\" src=\"https:\/\/autocaravanascamperdadi.com\/wp-content\/uploads\/2017\/09\/2-300x300.jpg\" class=\"show-on-hover absolute fill hide-for-small back-image\" alt=\"Alquila tu autocaravana de alta gama\" aria-hidden=\"true\" srcset=\"https:\/\/autocaravanascamperdadi.com\/wp-content\/uploads\/2017\/09\/2-300x300.jpg 300w, https:\/\/autocaravanascamperdadi.com\/wp-content\/uploads\/2017\/09\/2-100x100.jpg 100w, https:\/\/autocaravanascamperdadi.com\/wp-content\/uploads\/2017\/09\/2-280x280.jpg 280w, https:\/\/autocaravanascamperdadi.com\/wp-content\/uploads\/2017\/09\/2-180x180.jpg 180w, https:\/\/autocaravanascamperdadi.com\/wp-content\/uploads\/2017\/09\/2-600x600.jpg 600w\" sizes=\"auto, (max-width: 300px) 100vw, 300px\" \/><img loading=\"lazy\" decoding=\"async\" width=\"300\" height=\"300\" src=\"https:\/\/autocaravanascamperdadi.com\/wp-content\/uploads\/2017\/09\/1-300x300.jpg\" class=\"attachment-woocommerce_thumbnail size-woocommerce_thumbnail\" alt=\"Aluguel de Motorhome MC LOUIS 79G KARAT para 4 pessoas\" srcset=\"https:\/\/autocaravanascamperdadi.com\/wp-content\/uploads\/2017\/09\/1-300x300.jpg 300w, https:\/\/autocaravanascamperdadi.com\/wp-content\/uploads\/2017\/09\/1-100x100.jpg 100w, https:\/\/autocaravanascamperdadi.com\/wp-content\/uploads\/2017\/09\/1-280x280.jpg 280w, https:\/\/autocaravanascamperdadi.com\/wp-content\/uploads\/2017\/09\/1-180x180.jpg 180w, https:\/\/autocaravanascamperdadi.com\/wp-content\/uploads\/2017\/09\/1-600x600.jpg 600w\" sizes=\"auto, (max-width: 300px) 100vw, 300px\" \/>\t\t\t\t\t\t\t\t\t<\/a>\n\t\t\t\t\t\t\t\t\t\t\t\t\t\t\t\t\t\t \t\t\t\t\t\t\t\t<\/div>\n\t\t\t\t\t\t\t\t<div class=\"image-tools top right show-on-hover\">\n\t\t\t\t\t\t\t\t\t\t\t\t\t\t\t\t\t<\/div>\n\t\t\t\t\t\t\t\t\t\t\t\t\t\t\t\t\t<div class=\"image-tools grid-tools text-center hide-for-small bottom hover-slide-in show-on-hover\">\n\t\t\t\t\t\t\t\t\t\t<a href=\"#quick-view\" class=\"quick-view\" role=\"button\" data-prod=\"28770\" aria-haspopup=\"dialog\" aria-expanded=\"false\" data-flatsome-role-button>Visualiza\u00e7\u00e3o R\u00e1pida<\/a>\t\t\t\t\t\t\t\t\t<\/div>\n\t\t\t\t\t\t\t\t\t\t\t\t\t\t\t\t\t\t\t\t\t\t\t<\/div>\n\n\t\t\t\t\t\t\t<div class=\"box-text text-center\" >\n\t\t\t\t\t\t\t\t<div class=\"title-wrapper\">\t\t<p class=\"category uppercase is-smaller no-text-overflow product-cat op-8\">\n\t\t\tAluguel de Motorhome\t\t<\/p>\n\t<p class=\"name product-title woocommerce-loop-product__title\"><a href=\"https:\/\/autocaravanascamperdadi.com\/pt-br\/tienda\/aluguel-de-motorhome-integral-mc-louis-79g-karat-para-4-pessoas\/\" class=\"woocommerce-LoopProduct-link woocommerce-loop-product__link\">Aluguel de Motorhome Integral MC LOUIS 79G KARAT para 4 pessoas<\/a><\/p><\/div><div class=\"price-wrapper\">\n\t<span class=\"price\"><span class=\"woocommerce-Price-amount amount\"><bdi>135,00&nbsp;<span class=\"woocommerce-Price-currencySymbol\" translate=\"no\">&euro;<\/span><\/bdi><\/span><\/span>\n<\/div>\t\t\t\t\t\t\t<\/div>\n\t\t\t\t\t\t<\/div>\n\t\t\t\t\t\t<\/div>\n\t\t\t\t\t<\/div><div class=\"col\" >\n\t\t\t\t\t\t<div class=\"col-inner\">\n\t\t\t\t\t\t\n<div class=\"badge-container absolute left top z-1\">\n\n<\/div>\n\t\t\t\t\t\t<div class=\"product-small box has-hover box-normal box-text-bottom\">\n\t\t\t\t\t\t\t<div class=\"box-image\" >\n\t\t\t\t\t\t\t\t<div class=\"\" >\n\t\t\t\t\t\t\t\t\t<a href=\"https:\/\/autocaravanascamperdadi.com\/pt-br\/tienda\/aluguel-de-motorhome-5-lugares-rimor-kayak-69-plus\/\" aria-label=\"Aluguel de Motorhome 5 lugares Rimor Kayak 69 Plus\">\n\t\t\t\t\t\t\t\t\t\t<img loading=\"lazy\" decoding=\"async\" width=\"300\" height=\"300\" src=\"https:\/\/autocaravanascamperdadi.com\/wp-content\/uploads\/2017\/09\/30704688_2008091202787307_3779209979370668032_o-600x600-1-300x300.jpg\" class=\"show-on-hover absolute fill hide-for-small back-image\" alt=\"Aluguel de Motorhome 5 lugares Rimor Kayak 69 Plus\" aria-hidden=\"true\" srcset=\"https:\/\/autocaravanascamperdadi.com\/wp-content\/uploads\/2017\/09\/30704688_2008091202787307_3779209979370668032_o-600x600-1-300x300.jpg 300w, https:\/\/autocaravanascamperdadi.com\/wp-content\/uploads\/2017\/09\/30704688_2008091202787307_3779209979370668032_o-600x600-1-100x100.jpg 100w, https:\/\/autocaravanascamperdadi.com\/wp-content\/uploads\/2017\/09\/30704688_2008091202787307_3779209979370668032_o-600x600-1-280x280.jpg 280w, https:\/\/autocaravanascamperdadi.com\/wp-content\/uploads\/2017\/09\/30704688_2008091202787307_3779209979370668032_o-600x600-1-400x400.jpg 400w, https:\/\/autocaravanascamperdadi.com\/wp-content\/uploads\/2017\/09\/30704688_2008091202787307_3779209979370668032_o-600x600-1-180x180.jpg 180w, https:\/\/autocaravanascamperdadi.com\/wp-content\/uploads\/2017\/09\/30704688_2008091202787307_3779209979370668032_o-600x600-1.jpg 600w\" sizes=\"auto, (max-width: 300px) 100vw, 300px\" \/><img loading=\"lazy\" decoding=\"async\" width=\"300\" height=\"300\" src=\"https:\/\/autocaravanascamperdadi.com\/wp-content\/uploads\/2017\/09\/30725230_2008091026120658_3628168714148380672_o-600x600-1-300x300.jpg\" class=\"attachment-woocommerce_thumbnail size-woocommerce_thumbnail\" alt=\"Aluguel de Motorhome 5 lugares Rimor Kayak 69 Plus\" srcset=\"https:\/\/autocaravanascamperdadi.com\/wp-content\/uploads\/2017\/09\/30725230_2008091026120658_3628168714148380672_o-600x600-1-300x300.jpg 300w, https:\/\/autocaravanascamperdadi.com\/wp-content\/uploads\/2017\/09\/30725230_2008091026120658_3628168714148380672_o-600x600-1-100x100.jpg 100w, https:\/\/autocaravanascamperdadi.com\/wp-content\/uploads\/2017\/09\/30725230_2008091026120658_3628168714148380672_o-600x600-1-280x280.jpg 280w, https:\/\/autocaravanascamperdadi.com\/wp-content\/uploads\/2017\/09\/30725230_2008091026120658_3628168714148380672_o-600x600-1-400x400.jpg 400w, https:\/\/autocaravanascamperdadi.com\/wp-content\/uploads\/2017\/09\/30725230_2008091026120658_3628168714148380672_o-600x600-1-180x180.jpg 180w, https:\/\/autocaravanascamperdadi.com\/wp-content\/uploads\/2017\/09\/30725230_2008091026120658_3628168714148380672_o-600x600-1.jpg 600w\" sizes=\"auto, (max-width: 300px) 100vw, 300px\" \/>\t\t\t\t\t\t\t\t\t<\/a>\n\t\t\t\t\t\t\t\t\t\t\t\t\t\t\t\t\t\t \t\t\t\t\t\t\t\t<\/div>\n\t\t\t\t\t\t\t\t<div class=\"image-tools top right show-on-hover\">\n\t\t\t\t\t\t\t\t\t\t\t\t\t\t\t\t\t<\/div>\n\t\t\t\t\t\t\t\t\t\t\t\t\t\t\t\t\t<div class=\"image-tools grid-tools text-center hide-for-small bottom hover-slide-in show-on-hover\">\n\t\t\t\t\t\t\t\t\t\t<a href=\"#quick-view\" class=\"quick-view\" role=\"button\" data-prod=\"28813\" aria-haspopup=\"dialog\" aria-expanded=\"false\" data-flatsome-role-button>Visualiza\u00e7\u00e3o R\u00e1pida<\/a>\t\t\t\t\t\t\t\t\t<\/div>\n\t\t\t\t\t\t\t\t\t\t\t\t\t\t\t\t\t\t\t\t\t\t\t<\/div>\n\n\t\t\t\t\t\t\t<div class=\"box-text text-center\" >\n\t\t\t\t\t\t\t\t<div class=\"title-wrapper\">\t\t<p class=\"category uppercase is-smaller no-text-overflow product-cat op-8\">\n\t\t\tAluguel de Motorhome\t\t<\/p>\n\t<p class=\"name product-title woocommerce-loop-product__title\"><a href=\"https:\/\/autocaravanascamperdadi.com\/pt-br\/tienda\/aluguel-de-motorhome-5-lugares-rimor-kayak-69-plus\/\" class=\"woocommerce-LoopProduct-link woocommerce-loop-product__link\">Aluguel de Motorhome 5 lugares Rimor Kayak 69 Plus<\/a><\/p><\/div><div class=\"price-wrapper\">\n\t<span class=\"price\"><span class=\"woocommerce-Price-amount amount\"><bdi>135,00&nbsp;<span class=\"woocommerce-Price-currencySymbol\" translate=\"no\">&euro;<\/span><\/bdi><\/span><\/span>\n<\/div>\t\t\t\t\t\t\t<\/div>\n\t\t\t\t\t\t<\/div>\n\t\t\t\t\t\t<\/div>\n\t\t\t\t\t<\/div><div class=\"col\" >\n\t\t\t\t\t\t<div class=\"col-inner\">\n\t\t\t\t\t\t\n<div class=\"badge-container absolute left top z-1\">\n\n<\/div>\n\t\t\t\t\t\t<div class=\"product-small box has-hover box-normal box-text-bottom\">\n\t\t\t\t\t\t\t<div class=\"box-image\" >\n\t\t\t\t\t\t\t\t<div class=\"\" >\n\t\t\t\t\t\t\t\t\t<a href=\"https:\/\/autocaravanascamperdadi.com\/pt-br\/tienda\/aluguel-de-motorhome-rimor-seal-9-para-7-pessoas\/\" aria-label=\"Aluguel de Motorhome Rimor Seal 9 para 7 pessoas\">\n\t\t\t\t\t\t\t\t\t\t<img loading=\"lazy\" decoding=\"async\" width=\"300\" height=\"300\" src=\"https:\/\/autocaravanascamperdadi.com\/wp-content\/uploads\/2017\/09\/30704650_2008096042786823_3338670094283702272_n-600x600-1-300x300.jpg\" class=\"show-on-hover absolute fill hide-for-small back-image\" alt=\"Alternative view of Aluguel de Motorhome Rimor Seal 9 para 7 pessoas\" aria-hidden=\"true\" srcset=\"https:\/\/autocaravanascamperdadi.com\/wp-content\/uploads\/2017\/09\/30704650_2008096042786823_3338670094283702272_n-600x600-1-300x300.jpg 300w, https:\/\/autocaravanascamperdadi.com\/wp-content\/uploads\/2017\/09\/30704650_2008096042786823_3338670094283702272_n-600x600-1-100x100.jpg 100w, https:\/\/autocaravanascamperdadi.com\/wp-content\/uploads\/2017\/09\/30704650_2008096042786823_3338670094283702272_n-600x600-1-280x280.jpg 280w, https:\/\/autocaravanascamperdadi.com\/wp-content\/uploads\/2017\/09\/30704650_2008096042786823_3338670094283702272_n-600x600-1-400x400.jpg 400w, https:\/\/autocaravanascamperdadi.com\/wp-content\/uploads\/2017\/09\/30704650_2008096042786823_3338670094283702272_n-600x600-1-180x180.jpg 180w, https:\/\/autocaravanascamperdadi.com\/wp-content\/uploads\/2017\/09\/30704650_2008096042786823_3338670094283702272_n-600x600-1.jpg 600w\" sizes=\"auto, (max-width: 300px) 100vw, 300px\" \/><img loading=\"lazy\" decoding=\"async\" width=\"300\" height=\"300\" src=\"https:\/\/autocaravanascamperdadi.com\/wp-content\/uploads\/2017\/09\/30725337_2008095519453542_2182825795712450560_o-600x600-1-300x300.jpg\" class=\"attachment-woocommerce_thumbnail size-woocommerce_thumbnail\" alt=\"Aluguel de Motorhome Rimor Seal 9 para 7 pessoas\" srcset=\"https:\/\/autocaravanascamperdadi.com\/wp-content\/uploads\/2017\/09\/30725337_2008095519453542_2182825795712450560_o-600x600-1-300x300.jpg 300w, https:\/\/autocaravanascamperdadi.com\/wp-content\/uploads\/2017\/09\/30725337_2008095519453542_2182825795712450560_o-600x600-1-100x100.jpg 100w, https:\/\/autocaravanascamperdadi.com\/wp-content\/uploads\/2017\/09\/30725337_2008095519453542_2182825795712450560_o-600x600-1-280x280.jpg 280w, https:\/\/autocaravanascamperdadi.com\/wp-content\/uploads\/2017\/09\/30725337_2008095519453542_2182825795712450560_o-600x600-1-400x400.jpg 400w, https:\/\/autocaravanascamperdadi.com\/wp-content\/uploads\/2017\/09\/30725337_2008095519453542_2182825795712450560_o-600x600-1-180x180.jpg 180w, https:\/\/autocaravanascamperdadi.com\/wp-content\/uploads\/2017\/09\/30725337_2008095519453542_2182825795712450560_o-600x600-1.jpg 600w\" sizes=\"auto, (max-width: 300px) 100vw, 300px\" \/>\t\t\t\t\t\t\t\t\t<\/a>\n\t\t\t\t\t\t\t\t\t\t\t\t\t\t\t\t\t\t \t\t\t\t\t\t\t\t<\/div>\n\t\t\t\t\t\t\t\t<div class=\"image-tools top right show-on-hover\">\n\t\t\t\t\t\t\t\t\t\t\t\t\t\t\t\t\t<\/div>\n\t\t\t\t\t\t\t\t\t\t\t\t\t\t\t\t\t<div class=\"image-tools grid-tools text-center hide-for-small bottom hover-slide-in show-on-hover\">\n\t\t\t\t\t\t\t\t\t\t<a href=\"#quick-view\" class=\"quick-view\" role=\"button\" data-prod=\"28881\" aria-haspopup=\"dialog\" aria-expanded=\"false\" data-flatsome-role-button>Visualiza\u00e7\u00e3o R\u00e1pida<\/a>\t\t\t\t\t\t\t\t\t<\/div>\n\t\t\t\t\t\t\t\t\t\t\t\t\t\t\t\t\t\t\t\t\t\t\t<\/div>\n\n\t\t\t\t\t\t\t<div class=\"box-text text-center\" >\n\t\t\t\t\t\t\t\t<div class=\"title-wrapper\">\t\t<p class=\"category uppercase is-smaller no-text-overflow product-cat op-8\">\n\t\t\tAluguel de Motorhome\t\t<\/p>\n\t<p class=\"name product-title woocommerce-loop-product__title\"><a href=\"https:\/\/autocaravanascamperdadi.com\/pt-br\/tienda\/aluguel-de-motorhome-rimor-seal-9-para-7-pessoas\/\" class=\"woocommerce-LoopProduct-link woocommerce-loop-product__link\">Aluguel de Motorhome Rimor Seal 9 para 7 pessoas<\/a><\/p><\/div><div class=\"price-wrapper\">\n\t<span class=\"price\"><span class=\"woocommerce-Price-amount amount\"><bdi>125,00&nbsp;<span class=\"woocommerce-Price-currencySymbol\" translate=\"no\">&euro;<\/span><\/bdi><\/span><\/span>\n<\/div>\t\t\t\t\t\t\t<\/div>\n\t\t\t\t\t\t<\/div>\n\t\t\t\t\t\t<\/div>\n\t\t\t\t\t<\/div><div class=\"col\" >\n\t\t\t\t\t\t<div class=\"col-inner\">\n\t\t\t\t\t\t\n<div class=\"badge-container absolute left top z-1\">\n\n<\/div>\n\t\t\t\t\t\t<div class=\"product-small box has-hover box-normal box-text-bottom\">\n\t\t\t\t\t\t\t<div class=\"box-image\" >\n\t\t\t\t\t\t\t\t<div class=\"\" >\n\t\t\t\t\t\t\t\t\t<a href=\"https:\/\/autocaravanascamperdadi.com\/pt-br\/tienda\/aluguel-de-trailer-para-4-pessoas-burstner-465-ts-fifty\/\" aria-label=\"Aluguel de Trailer para 4 pessoas Burstner 465 TS FIFTY\">\n\t\t\t\t\t\t\t\t\t\t<img loading=\"lazy\" decoding=\"async\" width=\"300\" height=\"300\" src=\"https:\/\/autocaravanascamperdadi.com\/wp-content\/uploads\/2017\/09\/Burstner-465-1-300x300.jpg\" class=\"show-on-hover absolute fill hide-for-small back-image\" alt=\"Aluguel de Trailer para 4 pessoas Burstner 465 TS FIFTY\" aria-hidden=\"true\" srcset=\"https:\/\/autocaravanascamperdadi.com\/wp-content\/uploads\/2017\/09\/Burstner-465-1-300x300.jpg 300w, https:\/\/autocaravanascamperdadi.com\/wp-content\/uploads\/2017\/09\/Burstner-465-1-100x100.jpg 100w, https:\/\/autocaravanascamperdadi.com\/wp-content\/uploads\/2017\/09\/Burstner-465-1-280x280.jpg 280w, https:\/\/autocaravanascamperdadi.com\/wp-content\/uploads\/2017\/09\/Burstner-465-1-180x180.jpg 180w\" sizes=\"auto, (max-width: 300px) 100vw, 300px\" \/><img loading=\"lazy\" decoding=\"async\" width=\"300\" height=\"300\" src=\"https:\/\/autocaravanascamperdadi.com\/wp-content\/uploads\/2017\/09\/Burstner-465-300x300.jpg\" class=\"attachment-woocommerce_thumbnail size-woocommerce_thumbnail\" alt=\"Caravana Burstner 465 TS FIFTY\" srcset=\"https:\/\/autocaravanascamperdadi.com\/wp-content\/uploads\/2017\/09\/Burstner-465-300x300.jpg 300w, https:\/\/autocaravanascamperdadi.com\/wp-content\/uploads\/2017\/09\/Burstner-465-100x100.jpg 100w, https:\/\/autocaravanascamperdadi.com\/wp-content\/uploads\/2017\/09\/Burstner-465-280x280.jpg 280w, https:\/\/autocaravanascamperdadi.com\/wp-content\/uploads\/2017\/09\/Burstner-465-180x180.jpg 180w\" sizes=\"auto, (max-width: 300px) 100vw, 300px\" \/>\t\t\t\t\t\t\t\t\t<\/a>\n\t\t\t\t\t\t\t\t\t\t\t\t\t\t\t\t\t\t \t\t\t\t\t\t\t\t<\/div>\n\t\t\t\t\t\t\t\t<div class=\"image-tools top right show-on-hover\">\n\t\t\t\t\t\t\t\t\t\t\t\t\t\t\t\t\t<\/div>\n\t\t\t\t\t\t\t\t\t\t\t\t\t\t\t\t\t<div class=\"image-tools grid-tools text-center hide-for-small bottom hover-slide-in show-on-hover\">\n\t\t\t\t\t\t\t\t\t\t<a href=\"#quick-view\" class=\"quick-view\" role=\"button\" data-prod=\"28933\" aria-haspopup=\"dialog\" aria-expanded=\"false\" data-flatsome-role-button>Visualiza\u00e7\u00e3o R\u00e1pida<\/a>\t\t\t\t\t\t\t\t\t<\/div>\n\t\t\t\t\t\t\t\t\t\t\t\t\t\t\t\t\t\t\t\t\t\t\t<\/div>\n\n\t\t\t\t\t\t\t<div class=\"box-text text-center\" >\n\t\t\t\t\t\t\t\t<div class=\"title-wrapper\">\t\t<p class=\"category uppercase is-smaller no-text-overflow product-cat op-8\">\n\t\t\tAluguel de Motorhome\t\t<\/p>\n\t<p class=\"name product-title woocommerce-loop-product__title\"><a href=\"https:\/\/autocaravanascamperdadi.com\/pt-br\/tienda\/aluguel-de-trailer-para-4-pessoas-burstner-465-ts-fifty\/\" class=\"woocommerce-LoopProduct-link woocommerce-loop-product__link\">Aluguel de Trailer para 4 pessoas Burstner 465 TS FIFTY<\/a><\/p><\/div><div class=\"price-wrapper\">\n\t<span class=\"price\"><span class=\"woocommerce-Price-amount amount\"><bdi>65,00&nbsp;<span class=\"woocommerce-Price-currencySymbol\" translate=\"no\">&euro;<\/span><\/bdi><\/span><\/span>\n<\/div>\t\t\t\t\t\t\t<\/div>\n\t\t\t\t\t\t<\/div>\n\t\t\t\t\t\t<\/div>\n\t\t\t\t\t<\/div><div class=\"col\" >\n\t\t\t\t\t\t<div class=\"col-inner\">\n\t\t\t\t\t\t\n<div class=\"badge-container absolute left top z-1\">\n\n<\/div>\n\t\t\t\t\t\t<div class=\"product-small box has-hover box-normal box-text-bottom\">\n\t\t\t\t\t\t\t<div class=\"box-image\" >\n\t\t\t\t\t\t\t\t<div class=\"\" >\n\t\t\t\t\t\t\t\t\t<a href=\"https:\/\/autocaravanascamperdadi.com\/pt-br\/tienda\/aluguel-de-camper-ate-4-lugares-rimor-horus-35\/\" aria-label=\"Aluguel de Camper at\u00e9 4 lugares Rimor HORUS 35\">\n\t\t\t\t\t\t\t\t\t\t<img loading=\"lazy\" decoding=\"async\" width=\"300\" height=\"300\" src=\"https:\/\/autocaravanascamperdadi.com\/wp-content\/uploads\/2014\/08\/horus35-9-300x300.jpg\" class=\"show-on-hover absolute fill hide-for-small back-image\" alt=\"Alternative view of Aluguel de Camper at\u00e9 4 lugares Rimor HORUS 35\" aria-hidden=\"true\" srcset=\"https:\/\/autocaravanascamperdadi.com\/wp-content\/uploads\/2014\/08\/horus35-9-300x300.jpg 300w, https:\/\/autocaravanascamperdadi.com\/wp-content\/uploads\/2014\/08\/horus35-9-100x100.jpg 100w, https:\/\/autocaravanascamperdadi.com\/wp-content\/uploads\/2014\/08\/horus35-9-280x280.jpg 280w, https:\/\/autocaravanascamperdadi.com\/wp-content\/uploads\/2014\/08\/horus35-9-180x180.jpg 180w, https:\/\/autocaravanascamperdadi.com\/wp-content\/uploads\/2014\/08\/horus35-9-600x600.jpg 600w\" sizes=\"auto, (max-width: 300px) 100vw, 300px\" \/><img loading=\"lazy\" decoding=\"async\" width=\"300\" height=\"300\" src=\"https:\/\/autocaravanascamperdadi.com\/wp-content\/uploads\/2014\/08\/horus35-3-300x300.jpg\" class=\"attachment-woocommerce_thumbnail size-woocommerce_thumbnail\" alt=\"Aluguel de Camper at\u00e9 4 lugares Rimor HORUS 35\" srcset=\"https:\/\/autocaravanascamperdadi.com\/wp-content\/uploads\/2014\/08\/horus35-3-300x300.jpg 300w, https:\/\/autocaravanascamperdadi.com\/wp-content\/uploads\/2014\/08\/horus35-3-100x100.jpg 100w, https:\/\/autocaravanascamperdadi.com\/wp-content\/uploads\/2014\/08\/horus35-3-280x280.jpg 280w, https:\/\/autocaravanascamperdadi.com\/wp-content\/uploads\/2014\/08\/horus35-3-180x180.jpg 180w, https:\/\/autocaravanascamperdadi.com\/wp-content\/uploads\/2014\/08\/horus35-3-600x600.jpg 600w\" sizes=\"auto, (max-width: 300px) 100vw, 300px\" \/>\t\t\t\t\t\t\t\t\t<\/a>\n\t\t\t\t\t\t\t\t\t\t\t\t\t\t\t\t\t\t \t\t\t\t\t\t\t\t<\/div>\n\t\t\t\t\t\t\t\t<div class=\"image-tools top right show-on-hover\">\n\t\t\t\t\t\t\t\t\t\t\t\t\t\t\t\t\t<\/div>\n\t\t\t\t\t\t\t\t\t\t\t\t\t\t\t\t\t<div class=\"image-tools grid-tools text-center hide-for-small bottom hover-slide-in show-on-hover\">\n\t\t\t\t\t\t\t\t\t\t<a href=\"#quick-view\" class=\"quick-view\" role=\"button\" data-prod=\"28943\" aria-haspopup=\"dialog\" aria-expanded=\"false\" data-flatsome-role-button>Visualiza\u00e7\u00e3o R\u00e1pida<\/a>\t\t\t\t\t\t\t\t\t<\/div>\n\t\t\t\t\t\t\t\t\t\t\t\t\t\t\t\t\t\t\t\t\t\t\t<\/div>\n\n\t\t\t\t\t\t\t<div class=\"box-text text-center\" >\n\t\t\t\t\t\t\t\t<div class=\"title-wrapper\">\t\t<p class=\"category uppercase is-smaller no-text-overflow product-cat op-8\">\n\t\t\tAluguel de Motorhome\t\t<\/p>\n\t<p class=\"name product-title woocommerce-loop-product__title\"><a href=\"https:\/\/autocaravanascamperdadi.com\/pt-br\/tienda\/aluguel-de-camper-ate-4-lugares-rimor-horus-35\/\" class=\"woocommerce-LoopProduct-link woocommerce-loop-product__link\">Aluguel de Camper at\u00e9 4 lugares Rimor HORUS 35<\/a><\/p><\/div><div class=\"price-wrapper\">\n\t<span class=\"price\"><span class=\"woocommerce-Price-amount amount\"><bdi>90,00&nbsp;<span class=\"woocommerce-Price-currencySymbol\" translate=\"no\">&euro;<\/span><\/bdi><\/span><\/span>\n<\/div>\t\t\t\t\t\t\t<\/div>\n\t\t\t\t\t\t<\/div>\n\t\t\t\t\t\t<\/div>\n\t\t\t\t\t<\/div><\/div>\n\n<div class=\"row\"  id=\"row-282420879\">\n\n\n\t<div id=\"col-689550857\" class=\"col small-12 large-12\"  >\n\t\t\t\t<div class=\"col-inner\"  >\n\t\t\t\n\t\t\t\n\n\t<div id=\"text-3000626523\" class=\"text\">\n\t\t\n\n<h2>Reservar<\/h2>\n\t\t\n<style>\n#text-3000626523 {\n  text-align: center;\n}\n<\/style>\n\t<\/div>\n\t\n\n\n\n<div class=\"wpcf7 no-js\" id=\"wpcf7-f23402-o1\" lang=\"es-ES\" dir=\"ltr\" data-wpcf7-id=\"23402\">\n<div class=\"screen-reader-response\"><p role=\"status\" aria-live=\"polite\" aria-atomic=\"true\"><\/p> <ul><\/ul><\/div>\n<form action=\"\/pt-br\/wp-json\/wp\/v2\/pages\/28479#wpcf7-f23402-o1\" method=\"post\" class=\"wpcf7-form init\" aria-label=\"Formulario de contacto\" novalidate=\"novalidate\" data-status=\"init\">\n<fieldset class=\"hidden-fields-container\"><input type=\"hidden\" name=\"_wpcf7\" value=\"23402\" \/><input type=\"hidden\" name=\"_wpcf7_version\" value=\"6.1.7\" \/><input type=\"hidden\" name=\"_wpcf7_locale\" value=\"es_ES\" \/><input type=\"hidden\" name=\"_wpcf7_unit_tag\" value=\"wpcf7-f23402-o1\" \/><input type=\"hidden\" name=\"_wpcf7_container_post\" value=\"0\" \/><input type=\"hidden\" name=\"_wpcf7_posted_data_hash\" value=\"\" \/><input type=\"hidden\" name=\"_wpcf7_recaptcha_response\" value=\"\" \/>\n<\/fieldset>\n<div class=\"cf7-wrapper\">\n\n <!-- LINEA 1 -->\n\t<div class=\"cf7-grid cf7-line-1\">\n\t\t<p><label>Nombre y apellido<br \/>\n<span class=\"wpcf7-form-control-wrap\" data-name=\"your-name\"><input size=\"40\" maxlength=\"400\" class=\"wpcf7-form-control wpcf7-text wpcf7-validates-as-required\" aria-required=\"true\" aria-invalid=\"false\" placeholder=\"Ej: Juan P\u00e9rez\" value=\"\" type=\"text\" name=\"your-name\" \/><\/span><br \/>\n<\/label>\n\t\t<\/p>\n\t\t<p><label>Email<br \/>\n<span class=\"wpcf7-form-control-wrap\" data-name=\"your-email\"><input size=\"40\" maxlength=\"400\" class=\"wpcf7-form-control wpcf7-email wpcf7-validates-as-required wpcf7-text wpcf7-validates-as-email\" aria-required=\"true\" aria-invalid=\"false\" placeholder=\"ejemplo@correo.com\" value=\"\" type=\"email\" name=\"your-email\" \/><\/span><br \/>\n<\/label>\n\t\t<\/p>\n\t\t<p><label>N\u00famero de tel\u00e9fono<br \/>\n<span class=\"wpcf7-form-control-wrap\" data-name=\"your-tel\"><input size=\"40\" maxlength=\"400\" class=\"wpcf7-form-control wpcf7-tel wpcf7-validates-as-required wpcf7-text wpcf7-validates-as-tel\" aria-required=\"true\" aria-invalid=\"false\" placeholder=\"600 000 000\" value=\"\" type=\"tel\" name=\"your-tel\" \/><\/span><br \/>\n<\/label>\n\t\t<\/p>\n\t\t<p><label>Personas<br \/>\n<span class=\"wpcf7-form-control-wrap\" data-name=\"personas\"><select class=\"wpcf7-form-control wpcf7-select wpcf7-validates-as-required\" aria-required=\"true\" aria-invalid=\"false\" name=\"personas\"><option value=\"1\">1<\/option><option value=\"2\">2<\/option><option value=\"3\">3<\/option><option value=\"4\">4<\/option><option value=\"5\">5<\/option><option value=\"6\">6<\/option><option value=\"7\">7<\/option><\/select><\/span><br \/>\n<\/label>\n\t\t<\/p>\n\t<\/div>\n\n <!-- LINEA 2 -->\n\t<div class=\"cf7-grid cf7-line-2\">\n\t\t<p><label>Fecha de recogida<br \/>\n<span class=\"wpcf7-form-control-wrap\" data-name=\"fecha-recogida\"><input class=\"wpcf7-form-control wpcf7-date wpcf7-validates-as-required wpcf7-validates-as-date\" aria-required=\"true\" aria-invalid=\"false\" value=\"\" type=\"date\" name=\"fecha-recogida\" \/><\/span><br \/>\n<\/label>\n\t\t<\/p>\n\t\t<p><label>Fecha de entrega<br \/>\n<span class=\"wpcf7-form-control-wrap\" data-name=\"fecha-entrega\"><input class=\"wpcf7-form-control wpcf7-date wpcf7-validates-as-required wpcf7-validates-as-date\" aria-required=\"true\" aria-invalid=\"false\" value=\"\" type=\"date\" name=\"fecha-entrega\" \/><\/span><br \/>\n<\/label>\n\t\t<\/p>\n\t\t<p><label class=\"cf7-modelo\">Modelo<br \/>\n<span class=\"wpcf7-form-control-wrap\" data-name=\"modelo\"><select class=\"wpcf7-form-control wpcf7-select wpcf7-validates-as-required\" aria-required=\"true\" aria-invalid=\"false\" name=\"modelo\"><option value=\"\">&#8212;Por favor, elige una opci\u00f3n&#8212;<\/option><option value=\"Giottiline 386\">Giottiline 386<\/option><option value=\"Giottiline 440\">Giottiline 440<\/option><option value=\"CI HORON 95 XT\">CI HORON 95 XT<\/option><option value=\"CI HORON 84XT\">CI HORON 84XT<\/option><option value=\"CI HORON 65XT\">CI HORON 65XT<\/option><option value=\"CI HORON 77M\">CI HORON 77M<\/option><option value=\"Rimor Seal 67 Plus\">Rimor Seal 67 Plus<\/option><option value=\"MC LOUIS MENFYS\">MC LOUIS MENFYS<\/option><option value=\"MC LOUIS GLAMYS 322\">MC LOUIS GLAMYS 322<\/option><option value=\"MC LOUIS MENFYS S-LINE\">MC LOUIS MENFYS S-LINE<\/option><option value=\"MC LOUIS 79G KARAT\">MC LOUIS 79G KARAT<\/option><option value=\"Rimor Kayak 69 Plus\">Rimor Kayak 69 Plus<\/option><option value=\"Rimor Seal 9\">Rimor Seal 9<\/option><option value=\"CI HORON 79M\">CI HORON 79M<\/option><option value=\"Caravana Burstner 465 TS FIFTY\">Caravana Burstner 465 TS FIFTY<\/option><option value=\"Rimor HORUS 35\">Rimor HORUS 35<\/option><\/select><\/span><br \/>\n<\/label>\n\t\t<\/p>\n\t<\/div>\n\n <!-- LINEA 3 MENSAJE -->\n\t<div class=\"cf7-message-row\">\n\t\t<p><label>Mensaje (opcional)<br \/>\n<span class=\"wpcf7-form-control-wrap\" data-name=\"your-message\"><textarea cols=\"40\" rows=\"10\" maxlength=\"2000\" class=\"wpcf7-form-control wpcf7-textarea\" aria-invalid=\"false\" placeholder=\"Do you have any questions or special requests?\" name=\"your-message\"><\/textarea><\/span><br \/>\n<\/label><br \/>\n<label for=\"acepto\"><br \/>\n<span class=\"wpcf7-form-control-wrap\" data-name=\"acceptance-536\"><span class=\"wpcf7-form-control wpcf7-acceptance\"><span class=\"wpcf7-list-item\"><input type=\"checkbox\" name=\"acceptance-536\" value=\"1\" id=\"acepto\" aria-invalid=\"false\" \/><\/span><\/span><\/span> He le\u00eddo y acepto las <a href=\"\/aviso-legal\/\" target=\"_blank\">condiciones de uso<\/a><br \/>\ny la <a href=\"\/privacidad-de-proteccion-de-datos\/\">Pol\u00edtica de privacidad<\/a><br \/>\n<\/label>\n\t\t<\/p>\n\t<\/div>\n\n <!-- LINEA 4 BOTON -->\n\t<div class=\"cf7-submit-row\">\n\t\t<p><input class=\"wpcf7-form-control wpcf7-submit has-spinner\" type=\"submit\" value=\"Reservar\" \/>\n\t\t<\/p>\n\t<\/div>\n<\/div><div class=\"wpcf7-response-output\" aria-hidden=\"true\"><\/div>\n<\/form>\n<\/div>\n\n\n<h2>Por que escolher o aluguel de Motorhomes em Madri com a Camperdadi?<\/h2>\n<p><span style=\"font-weight: 400;\"><strong>Aluguel de motorhomes, campers e trailers<\/strong> com a Autocaravanas Camperdadi, mais de 10 anos de experi\u00eancia em alugu\u00e9is: Voc\u00ea sonha em acordar todas as manh\u00e3s em um lugar diferente? Nossos motorhomes oferecem a liberdade de explorar novos destinos no seu pr\u00f3prio ritmo.<\/span><\/p>\n<p><span style=\"font-weight: 400;\"><strong>Voc\u00ea est\u00e1 pronto para viver uma experi\u00eancia \u00fanica?<\/strong> <strong>Alugue um motorhome em Madri<\/strong> com a Camperdadi e descubra a sensa\u00e7\u00e3o de liberdade que s\u00f3 uma viagem de estrada pode oferecer. Aproveite o conforto da sua casa enquanto explora novos horizontes.<\/span><\/p>\n<p><span style=\"font-weight: 400;\">Contamos com uma ampla frota de motorhomes e campers de aluguel, cuidadosamente selecionada e equipada com tudo o que voc\u00ea precisa para uma viagem inesquec\u00edvel. Nossos ve\u00edculos t\u00eam \u00e1reas de descanso muito espa\u00e7osas e cozinhas completamente equipadas. Tamb\u00e9m disp\u00f5em de banheiros privativos e sistemas de aquecimento e refrigera\u00e7\u00e3o. Nossos motorhomes e campers s\u00e3o projetados para proporcionar o melhor conforto e comodidade a cada cliente.<\/span><\/p>\n<p><span style=\"font-weight: 400;\">Estamos localizados em Madri, o ponto ideal tanto para conhecer a capital espanhola quanto para realizar visitas tur\u00edsticas \u00e0 Andaluzia, Arag\u00e3o, Ast\u00farias, Cant\u00e1bria, Castela-La Mancha, Castela e Le\u00e3o, Catalunha, Comunidade de Madri, Navarra, Comunidade Valenciana, Extremadura, Gal\u00edcia, Pa\u00eds Basco, Principado das Ast\u00farias e M\u00farcia.<\/span><\/p>\n<p><span style=\"font-weight: 400;\">Al\u00e9m disso, Madri \u00e9 uma das poucas capitais que t\u00eam o privil\u00e9gio de ter esta\u00e7\u00f5es de esqui a menos de uma hora do centro urbano. A Serra de Guadarrama se veste de neve no inverno e abre suas pistas para o prazer dos amantes do esqui e snowboard.<\/span><\/p>\n<p><span style=\"font-weight: 400;\">Muitos de nossos clientes iniciam sua viagem em Madri e percorrem de motorhome nossos pa\u00edses vizinhos europeus (Portugal, Fran\u00e7a, B\u00e9lgica, Alemanha, It\u00e1lia, etc.) sem restri\u00e7\u00f5es, alguns at\u00e9 chegaram \u00e0 Turquia com um de nossos motorhomes.<\/span><\/p>\n<p><span style=\"font-weight: 400;\">Descubra novos horizontes, experimente a liberdade de viajar no seu ritmo e construa momentos especiais com nossos motorhomes e campers de aluguel.<\/span><\/p>\n<p><span style=\"font-weight: 400;\">Na Camperdadi confiamos nos ve\u00edculos das seguintes marcas:<\/span><\/p>\n<ol>\n<li style=\"font-weight: 400;\" aria-level=\"1\"><span style=\"font-weight: 400;\">Giottiline<\/span><\/li>\n<li style=\"font-weight: 400;\" aria-level=\"1\"><span style=\"font-weight: 400;\">Mc Louis<\/span><\/li>\n<li style=\"font-weight: 400;\" aria-level=\"1\"><span style=\"font-weight: 400;\">Rimor<\/span><\/li>\n<li style=\"font-weight: 400;\" aria-level=\"1\"><span style=\"font-weight: 400;\">B\u00fcrstner<\/span><\/li>\n<\/ol>\n<p><span style=\"font-weight: 400;\">Marcas prestigiadas que garantem a m\u00e1xima confiabilidade e garantia para que suas f\u00e9rias sejam inesquec\u00edveis.<\/span><\/p>\n<p><span style=\"font-weight: 400;\">Os tipos de ve\u00edculos que temos s\u00e3o os seguintes:<\/span><\/p>\n<ol>\n<li style=\"font-weight: 400;\" aria-level=\"1\"><strong>Motorhomes perfilados<\/strong><\/li>\n<li style=\"font-weight: 400;\" aria-level=\"1\"><strong>Motorhomes capuchinha<\/strong><\/li>\n<li style=\"font-weight: 400;\" aria-level=\"1\"><strong>Motorhomes integrais<\/strong><\/li>\n<li style=\"font-weight: 400;\" aria-level=\"1\"><strong>Campers<\/strong><\/li>\n<li style=\"font-weight: 400;\" aria-level=\"1\"><strong>Trailers<\/strong><\/li>\n<li style=\"font-weight: 400;\" aria-level=\"1\"><strong>Barcos<\/strong><\/li>\n<\/ol>\n<h2>Como fazer a reserva de um motorhome ou camper?<\/h2>\n<p><span style=\"font-weight: 400;\"><a href=\"tel:+34910820632\">Ligue para +34 91 082 06 32<\/a> ou envie um <a href=\"https:\/\/api.whatsapp.com\/send?phone=34639266865\">WhatsApp para +34 639 266 865<\/a>. Voc\u00ea tamb\u00e9m pode nos enviar um e-mail para <a href=\"mailto:info@autocaravanascamperdadi.com\">info@autocaravanascamperdadi.com<\/a>. <strong>Reserve j\u00e1 seu motorhome<\/strong> com a Camperdadi.<\/span><\/p>\n<h2>Condi\u00e7\u00f5es de aluguel de motorhome ou camper em Madri<\/h2>\n<p><span style=\"font-weight: 400;\">Para <strong>alugar uma camper ou um motorhome<\/strong> \u00e9 imprescind\u00edvel ter idade m\u00ednima de 25 anos e estar em posse da carteira de motorista tipo B ou equivalente conforme o ve\u00edculo. Para n\u00e3o residentes na UE, a carteira de motorista deve ser internacional e v\u00e1lida. \u00c9 obrigat\u00f3rio apresentar a carteira de motorista v\u00e1lida para alugar um ve\u00edculo; para estrangeiros \u00e9 suficiente apresentar a carteira de habilita\u00e7\u00e3o do pa\u00eds, n\u00e3o sendo necess\u00e1ria a carteira internacional.<\/span><\/p>\n<p><span style=\"font-weight: 400;\">Oferecemos estacionamento gratuito em nossas instala\u00e7\u00f5es para seu ve\u00edculo. Voc\u00ea viaja com seu animal de estima\u00e7\u00e3o? Sem problema, na Camperdadi aceitamos animais de estima\u00e7\u00e3o.<\/span><\/p>\n<p><span style=\"font-weight: 400;\">O n\u00famero de lugares varia conforme o modelo do ve\u00edculo, temos ve\u00edculos de 2 a 7 lugares. Para confirmar a reserva deve ser pago 30% do valor do aluguel. Ao retirar o motorhome \u00e9 depositada uma cau\u00e7\u00e3o de 750,00 euros mediante cart\u00e3o de cr\u00e9dito.<\/span><\/p>\n<p><span style=\"font-weight: 400;\">As entregas e devolu\u00e7\u00f5es ser\u00e3o efetuadas no mesmo centro de <strong>aluguel Autocaravanas Camperdadi Madri<\/strong>, na Rua do Po\u00e7o, 3, 28860 Paracuellos de Jarama (Madri). Tamb\u00e9m podemos busc\u00e1-lo na esta\u00e7\u00e3o de trem de Atocha em Madri ou no aeroporto de Barajas-Madri. Consulte os pre\u00e7os para entregas fora de nossas instala\u00e7\u00f5es no momento da reserva.<\/span><\/p>\n<p><span style=\"font-weight: 400;\">As condi\u00e7\u00f5es vigentes de aluguel que constam no contrato de aluguel de motorhomes podem ser solicitadas nos centros de aluguel.<\/span><\/p>\n<h3>Quantidade de dias obrigat\u00f3rios de aluguel por temporada:<\/h3>\n<ul>\n<li style=\"font-weight: 400;\" aria-level=\"1\"><b>Alta:<\/b><span style=\"font-weight: 400;\"> Semana Santa e Feriados (m\u00ednimo 5 dias), julho e agosto (m\u00ednimo 15 dias).<\/span><\/li>\n<li style=\"font-weight: 400;\" aria-level=\"1\"><b>M\u00e9dia:<\/b><span style=\"font-weight: 400;\"> Junho e setembro (m\u00ednimo 7 dias).<\/span><\/li>\n<li style=\"font-weight: 400;\" aria-level=\"1\"><b>Baixa:<\/b><span style=\"font-weight: 400;\"> Resto do ano (m\u00ednimo 3 dias). Fim de semana: 3 dias (Retirada na sexta-feira e entrega na segunda-feira de manh\u00e3).<\/span><\/li>\n<\/ul>\n<h2>Voc\u00ea pode viajar por todos estes pa\u00edses:<\/h2>\n<p><span style=\"font-weight: 400;\">Alb\u00e2nia, Alemanha, Andorra, \u00c1ustria, B\u00e9lgica, Bielorr\u00fassia, B\u00f3snia e Herzegovina, Bulg\u00e1ria, Chipre, Cidade do Vaticano, Cro\u00e1cia, Dinamarca, Eslov\u00e1quia, Eslov\u00eania, Espanha, Est\u00f4nia, Finl\u00e2ndia, Fran\u00e7a, Gr\u00e9cia, Hungria, Irlanda, Isl\u00e2ndia, It\u00e1lia, Kosovo, Let\u00f4nia, Liechtenstein, Litu\u00e2nia, Luxemburgo, Maced\u00f4nia do Norte, Malta, Mold\u00e1via, M\u00f4naco, Montenegro, Noruega, Pa\u00edses Baixos, Pol\u00f4nia, Portugal, Reino Unido, Rep\u00fablica Checa, Rom\u00eania, San Marino, S\u00e9rvia, Su\u00e9cia, Su\u00ed\u00e7a e Turquia.<\/span><\/p>\n<h2>Clientes e amantes da aventura da Am\u00e9rica Latina que buscam alugar uma casa rodante na Espanha:<\/h2>\n<p><span style=\"font-weight: 400;\">N\u00e3o perca a oportunidade de conhecer a Europa a um pre\u00e7o inigual\u00e1vel! Viaje seguro e sem complica\u00e7\u00f5es.<\/span><\/p>\n<p><span style=\"font-weight: 400;\">Voc\u00ea pode encontrar a Camperdadi, uma empresa com mais de 10 anos de experi\u00eancia em <strong>aluguel de casas rodantes na Espanha, em Madri<\/strong>, capital espanhola. Esta cidade tem uma localiza\u00e7\u00e3o privilegiada, pois estamos muito perto do principal aeroporto do pa\u00eds. At\u00e9 buscamos nossos clientes no aeroporto de Barajas-Madri, e voc\u00ea tamb\u00e9m pode chegar \u00e0s nossas instala\u00e7\u00f5es de transporte p\u00fablico.<\/span><\/p>\n<p><span style=\"font-weight: 400;\">A cada ano temos a sorte de aumentar o n\u00famero de fam\u00edlias que v\u00eam \u00e0 Espanha e que confiam em n\u00f3s para seu roteiro na Espanha e na Europa, provenientes principalmente da Argentina, Brasil, Uruguai e Chile.<\/span><\/p>\n<p><span style=\"font-weight: 400;\"><strong>Alugar um motorhome em Madri<\/strong> da Camperdadi garante que os ve\u00edculos est\u00e3o perfeitamente equipados e oferecem a maior garantia, mobilidade, independ\u00eancia e flexibilidade poss\u00edvel.<\/span><\/p>\n<p><span style=\"font-weight: 400;\">Fuja do mau tempo e viva aventuras inesquec\u00edveis: sua casa rodante abre as portas para um mundo de possibilidades. Deixe o sol te guiar: <strong>viaje de motorhome<\/strong> e descubra cantos m\u00e1gicos sob um c\u00e9u radiante.<\/span><\/p>\n<h2>Quais vantagens a Camperdadi oferece para seu aluguel de campers e motorhomes?<\/h2>\n<p><span style=\"font-weight: 400;\">Todos os nossos <strong>motorhomes, campers, trailers e motorhomes<\/strong> s\u00e3o muito bem cuidados e t\u00eam no m\u00e1ximo 2 anos de uso. Em compara\u00e7\u00e3o com alugar um carro e um hotel para passar as f\u00e9rias, isso n\u00e3o lhe proporcionar\u00e1 a liberdade de umas <strong>f\u00e9rias em camper<\/strong>, j\u00e1 que voc\u00ea pode ir a qualquer lugar com o conforto de estar em uma casa totalmente equipada. A cada dia voc\u00ea ter\u00e1 uma janela para a praia, a montanha ou o lugar que quiser escolher.<\/span><\/p>\n<p><span style=\"font-weight: 400;\">Outra vantagem de <strong>alugar um motorhome com a Camperdadi Madri<\/strong> \u00e9 que, gra\u00e7as \u00e0 ampla experi\u00eancia e forma\u00e7\u00e3o de nossos trabalhadores, o motorhome n\u00e3o representa nenhum desafio. Estamos em contato 24 horas com nossos clientes por telefone ou WhatsApp. At\u00e9 os clientes mais inexperientes n\u00e3o ter\u00e3o dificuldade. Desta forma, voc\u00ea pode desfrutar desta maravilhosa maneira de fazer f\u00e9rias, mesmo sem ter experi\u00eancia.<\/span><\/p>\n<p><span style=\"font-weight: 400;\">Descubra a liberdade de viajar sem limites: a Camperdadi acompanha voc\u00ea em cada passo da sua aventura.<\/span><\/p>\n<h2>Informa\u00e7\u00f5es \u00fateis para os motorhomeiros:<\/h2>\n<ol>\n<li style=\"font-weight: 400;\" aria-level=\"1\"><b>Reserve seu camping com anteced\u00eancia:<\/b><span style=\"font-weight: 400;\"> Especialmente se voc\u00ea viajar durante a alta temporada, \u00e9 importante reservar seu camping com anteced\u00eancia. Muitos campings enchem rapidamente, ent\u00e3o \u00e9 melhor reservar com pelo menos alguns meses de anteced\u00eancia.<\/span><\/li>\n<li style=\"font-weight: 400;\" aria-level=\"1\"><b>Planeje sua rota:<\/b><span style=\"font-weight: 400;\"> \u00c9 importante planejar sua rota com anteced\u00eancia, especialmente se voc\u00ea for viajar para uma \u00e1rea que n\u00e3o conhece. Isso ajudar\u00e1 a evitar o tr\u00e2nsito e garantir que voc\u00ea tenha tempo suficiente para chegar ao seu destino.<\/span><\/li>\n<li style=\"font-weight: 400;\" aria-level=\"1\"><b>Leve em conta o clima:<\/b><span style=\"font-weight: 400;\"> O clima pode variar muito de uma regi\u00e3o para outra, ent\u00e3o certifique-se de verificar as previs\u00f5es meteorol\u00f3gicas antes de sair. Isso ajudar\u00e1 voc\u00ea a fazer as malas com as roupas adequadas e evitar surpresas desagrad\u00e1veis.<\/span><\/li>\n<li style=\"font-weight: 400;\" aria-level=\"1\"><b>Fa\u00e7a as malas com o essencial:<\/b><span style=\"font-weight: 400;\"> Voc\u00ea n\u00e3o precisa levar todo o conte\u00fado da sua casa quando viaja de motorhome. Certifique-se de levar o essencial, como roupas, artigos de higiene pessoal e comida.<\/span><\/li>\n<li style=\"font-weight: 400;\" aria-level=\"1\"><b>Seja flex\u00edvel:<\/b><span style=\"font-weight: 400;\"> As coisas nem sempre saem como planejado quando voc\u00ea viaja de motorhome, ent\u00e3o \u00e9 importante ser flex\u00edvel. Se voc\u00ea precisar mudar seus planos, n\u00e3o tenha medo de faz\u00ea-lo.<\/span><\/li>\n<li style=\"font-weight: 400;\" aria-level=\"1\"><b>Divirta-se:<\/b><span style=\"font-weight: 400;\"> O mais importante \u00e9 se divertir! Viajar de motorhome \u00e9 uma \u00f3tima maneira de relaxar e aproveitar o tempo livre com a fam\u00edlia e amigos.<\/span><\/li>\n<\/ol>\n<h2>Aplicativos para encontrar lugares para pernoitar:<\/h2>\n<ul>\n<li style=\"font-weight: 400;\" aria-level=\"1\"><b>Park4Night:<\/b><span style=\"font-weight: 400;\"> Um dos mais conhecidos e completos. Permite encontrar campings, \u00e1reas de servi\u00e7o, estacionamentos e lugares para pernoitar gratuitos em toda a Europa. Os usu\u00e1rios compartilham suas experi\u00eancias e adicionam fotos, o que facilita sua escolha.<\/span><\/li>\n<li style=\"font-weight: 400;\" aria-level=\"1\"><b>Campercontact:<\/b><span style=\"font-weight: 400;\"> Oferece uma ampla base de dados de \u00e1reas de servi\u00e7o para motorhomes na Europa, com informa\u00e7\u00f5es detalhadas sobre os servi\u00e7os dispon\u00edveis em cada lugar.<\/span><\/li>\n<li style=\"font-weight: 400;\" aria-level=\"1\"><b>iOverlander:<\/b><span style=\"font-weight: 400;\"> Especialmente \u00fatil para viajantes fora da Europa, este aplicativo ajuda voc\u00ea a encontrar lugares para pernoitar, bem como campings e \u00e1reas de servi\u00e7o em todo o mundo.<\/span><\/li>\n<li style=\"font-weight: 400;\" aria-level=\"1\"><b>FurgoPerfecto:<\/b><span style=\"font-weight: 400;\"> Muito popular na Espanha, este aplicativo permite encontrar lugares para pernoitar em motorhome, al\u00e9m de \u00e1reas de servi\u00e7o e campings.<\/span><\/li>\n<\/ul>\n<h2>Aplicativos para planejar sua rota:<\/h2>\n<ul>\n<li style=\"font-weight: 400;\" aria-level=\"1\"><b>Google Maps:<\/b><span style=\"font-weight: 400;\"> Embora seja um aplicativo muito conhecido, tamb\u00e9m \u00e9 \u00fatil para planejar rotas em motorhome. Voc\u00ea pode selecionar a op\u00e7\u00e3o &#8220;evitar ped\u00e1gios&#8221; ou &#8220;evitar rodovias&#8221; para encontrar rotas mais adequadas.<\/span><\/li>\n<li style=\"font-weight: 400;\" aria-level=\"1\"><b>Sygic GPS Navigation:<\/b><span style=\"font-weight: 400;\"> Este aplicativo foi projetado especificamente para ve\u00edculos grandes e oferece mapas detalhados de campings, \u00e1reas de servi\u00e7o e pontos de interesse para motorhomes.<\/span><\/li>\n<\/ul>\n<h2>Outros aplicativos \u00fateis:<\/h2>\n<ul>\n<li style=\"font-weight: 400;\" aria-level=\"1\"><b>Campercontact:<\/b><span style=\"font-weight: 400;\"> Semelhante ao Park4Night e CaraMaps, mas com um foco mais europeu.<\/span><\/li>\n<li style=\"font-weight: 400;\" aria-level=\"1\"><b>BeVanLifer:<\/b><span style=\"font-weight: 400;\"> Este aplicativo permite conectar-se com outros viajantes em motorhome, compartilhar experi\u00eancias e encontrar dicas \u00fateis.<\/span><\/li>\n<li style=\"font-weight: 400;\" aria-level=\"1\"><b>Waze:<\/b><span style=\"font-weight: 400;\"> Ideal para encontrar a rota mais r\u00e1pida e evitar o tr\u00e2nsito em tempo real.<\/span><\/li>\n<\/ul>\n<h3>Dicas para o aluguel de motorhomes em Madri<\/h3>\n<p><span style=\"font-weight: 400;\">Fazer uma viagem de motorhome \u00e9 uma pr\u00e1tica que a cada dia est\u00e1 mais difundida em nosso pa\u00eds. \u00c9 uma forma de aproveitar as f\u00e9rias sem ficar atento a hor\u00e1rios, trens ou avi\u00f5es, e se desfruta desde o primeiro momento em que come\u00e7amos a viagem. \u00c9 ideal para o turismo de natureza, esportivo, cultural, rural e urbano.<\/span><\/p>\n<p><span style=\"font-weight: 400;\">Se for a primeira vez que vai alugar um motorhome, damos as seguintes dicas b\u00e1sicas:<\/span><\/p>\n<ol>\n<li style=\"font-weight: 400;\" aria-level=\"1\"><b>Carteira de motorista:<\/b><span style=\"font-weight: 400;\"> O tipo de carteira necess\u00e1ria \u00e9 a B, j\u00e1 que nossos motorhomes, trailers e vans campers s\u00e3o ve\u00edculos de turismo, com peso de at\u00e9 3.500 kg.<\/span><\/li>\n<li style=\"font-weight: 400;\" aria-level=\"1\"><b>Pernoitar:<\/b><span style=\"font-weight: 400;\"> \u00c9 poss\u00edvel pernoitar em qualquer local permitido, como campings, \u00e1reas de servi\u00e7o para motorhomes, praias, montanhas e vin\u00edcolas, sempre respeitando a regulamenta\u00e7\u00e3o municipal do local.<\/span><\/li>\n<li style=\"font-weight: 400;\" aria-level=\"1\"><b>Viajar com animais de estima\u00e7\u00e3o:<\/b><span style=\"font-weight: 400;\"> Voc\u00ea pode viajar com seus c\u00e3es e gatos.<\/span><\/li>\n<li style=\"font-weight: 400;\" aria-level=\"1\"><b>Bagagem:<\/b><span style=\"font-weight: 400;\"> Voc\u00ea pode levar o que desejar, como bicicletas, esquis, equipamento de trilha ou pranchas de surf.<\/span><\/li>\n<li style=\"font-weight: 400;\" aria-level=\"1\"><b>Recursos b\u00e1sicos:<\/b><span style=\"font-weight: 400;\"> Para viver em um motorhome, voc\u00ea precisa de \u00e1gua, g\u00e1s e eletricidade.<\/span>\n<ul>\n<li style=\"font-weight: 400;\" aria-level=\"2\"><b>\u00c1gua:<\/b><span style=\"font-weight: 400;\"> Os motorhomes possuem um reservat\u00f3rio de \u00e1guas limpas de cerca de 120 litros para cozinha, banheiro e chuveiro. Uma vez vazio, \u00e9 abastecido em campings, \u00e1reas de motorhomes ou postos de servi\u00e7o. O esvaziamento do reservat\u00f3rio do WC e \u00e1guas cinzas deve ser feito nas mesmas zonas.<\/span><\/li>\n<li style=\"font-weight: 400;\" aria-level=\"2\"><b>Eletricidade:<\/b><span style=\"font-weight: 400;\"> O motorhome disp\u00f5e de baterias que se carregam quando o motor est\u00e1 ligado. Em campings, \u00e9 conectado a uma tomada de 220 W.<\/span><\/li>\n<li style=\"font-weight: 400;\" aria-level=\"2\"><b>G\u00e1s propano:<\/b><span style=\"font-weight: 400;\"> Necess\u00e1rio para a cozinha, \u00e1gua quente e geladeira quando estamos parados. Os motorhomes e vans camper possuem espa\u00e7o para dois botij\u00f5es de g\u00e1s.<\/span><\/li>\n<\/ul>\n<\/li>\n<li style=\"font-weight: 400;\" aria-level=\"1\"><b>Aplicativos de viagem:<\/b><span style=\"font-weight: 400;\"> Baixe um aplicativo de viagem em motorhome. H\u00e1 muitos aplicativos dispon\u00edveis que podem ajudar voc\u00ea a planejar sua viagem, encontrar campings e obter dire\u00e7\u00f5es.<\/span><\/li>\n<\/ol>\n<p><span style=\"font-weight: 400;\">Descubra uma nova forma de viajar com total liberdade e comodidade gra\u00e7as aos nossos servi\u00e7os de <strong>aluguel de campers em Madri<\/strong> e <strong>aluguel de casa rodante na Espanha<\/strong>. Em nossa empresa, orgulhamo-nos de oferecer uma experi\u00eancia \u00fanica com ve\u00edculos totalmente novos, com menos de 2 anos de uso, garantindo assim sua tranquilidade e prazer em cada viagem.<\/span><\/p>\n<p><span style=\"font-weight: 400;\">Tem um animal de estima\u00e7\u00e3o? Sem problema! N\u00f3s os aceitamos.<\/span><\/p>\n<p><span style=\"font-weight: 400;\">Nossos ve\u00edculos est\u00e3o equipados com tudo o necess\u00e1rio para desfrutar de f\u00e9rias perfeitas. Desde uma Smart TV, toldo, placa solar, inversor e fechaduras de seguran\u00e7a, cada detalhe foi pensado para proporcionar o m\u00e1ximo conforto e seguran\u00e7a durante sua viagem.<\/span><\/p>\n<h2>Perguntas frequentes sobre aluguel de motorhomes na Espanha<\/h2>\n<h3>Que tipo de carteira de motorista preciso para alugar um motorhome?<\/h3>\n<p><span style=\"font-weight: 400;\">O tipo de carteira depende do peso do motorhome:<\/span><\/p>\n<ul>\n<li style=\"font-weight: 400;\" aria-level=\"1\"><span style=\"font-weight: 400;\">At\u00e9 3.500 kg: Carteira B (carro) com 2 anos de antiguidade m\u00ednima.<\/span><\/li>\n<li style=\"font-weight: 400;\" aria-level=\"1\"><span style=\"font-weight: 400;\">Mais de 3.500 kg: Carteira C (caminh\u00e3o). Nossos motorhomes s\u00e3o de at\u00e9 3.500 kg.<\/span><\/li>\n<\/ul>\n<h3>H\u00e1 limite de idade para alugar um motorhome?<\/h3>\n<ul>\n<li style=\"font-weight: 400;\" aria-level=\"1\"><span style=\"font-weight: 400;\">Idade m\u00ednima: 25 anos.<\/span><\/li>\n<li style=\"font-weight: 400;\" aria-level=\"1\"><span style=\"font-weight: 400;\">Condutores jovens (21-25 anos): Poss\u00edvel sobretaxa e\/ou seguro espec\u00edfico.<\/span><\/li>\n<\/ul>\n<h3>Com quanta anteced\u00eancia devo reservar um motorhome?<\/h3>\n<ul>\n<li style=\"font-weight: 400;\" aria-level=\"1\"><span style=\"font-weight: 400;\">Temporada: Na alta temporada (ver\u00e3o, Semana Santa, feriados), com 6 meses ou mais de anteced\u00eancia.<\/span><\/li>\n<li style=\"font-weight: 400;\" aria-level=\"1\"><span style=\"font-weight: 400;\">Demanda: As empresas populares esgotam r\u00e1pido, reserve o mais cedo poss\u00edvel.<\/span><\/li>\n<li style=\"font-weight: 400;\" aria-level=\"1\"><span style=\"font-weight: 400;\">Disponibilidade de modelos: Os modelos espec\u00edficos esgotam antes.<\/span><\/li>\n<li style=\"font-weight: 400;\" aria-level=\"1\"><span style=\"font-weight: 400;\">Seus planos: Quanto mais definidos, melhor reservar com anteced\u00eancia.<\/span><\/li>\n<\/ul>\n<h3>Posso alugar um motorhome com equipamento adicional?<\/h3>\n<p><span style=\"font-weight: 400;\">Sim, voc\u00ea pode alugar um motorhome com equipamento adicional. Alguns exemplos incluem:<\/span><\/p>\n<ul>\n<li style=\"font-weight: 400;\" aria-level=\"1\"><span style=\"font-weight: 400;\">Utens\u00edlios de cozinha: Pratos, copos, talheres, panelas, etc.<\/span><\/li>\n<li style=\"font-weight: 400;\" aria-level=\"1\"><span style=\"font-weight: 400;\">Roupa de cama e toalhas.<\/span><\/li>\n<li style=\"font-weight: 400;\" aria-level=\"1\"><span style=\"font-weight: 400;\">Cadeiras e mesa de camping.<\/span><\/li>\n<li style=\"font-weight: 400;\" aria-level=\"1\"><span style=\"font-weight: 400;\">GPS.<\/span><\/li>\n<li style=\"font-weight: 400;\" aria-level=\"1\"><span style=\"font-weight: 400;\">Porta-bagagens.<\/span><\/li>\n<\/ul>\n<h3>H\u00e1 tarifas adicionais por quilometragem no aluguel dos motorhomes?<\/h3>\n<p><span style=\"font-weight: 400;\">Sim, o aluguel inclui 300 km\/dia. Se ultrapassar os 400 km, pagar\u00e1 0,20 \u20ac por cada km extra (10 \u20ac adicionais).<\/span><\/p>\n<h3>Posso alugar um motorhome em um pa\u00eds e devolver em outro?<\/h3>\n<p><span style=\"font-weight: 400;\">N\u00e3o.<\/span><\/p>\n<h3>O que devo levar em conta ao dirigir um motorhome?<\/h3>\n<ul>\n<li style=\"font-weight: 400;\" aria-level=\"1\"><b>Diferen\u00e7as para um carro:<\/b>\n<ul>\n<li style=\"font-weight: 400;\" aria-level=\"2\"><span style=\"font-weight: 400;\">Tamanho e peso: Maior dist\u00e2ncia de frenagem, cuidado em curvas e manobras.<\/span><\/li>\n<li style=\"font-weight: 400;\" aria-level=\"2\"><span style=\"font-weight: 400;\">Altura: Cuidado com pontes, galhos baixos e estacionamentos.<\/span><\/li>\n<li style=\"font-weight: 400;\" aria-level=\"2\"><span style=\"font-weight: 400;\">Vento: Afeta mais a estabilidade, especialmente em pontes e rodovias.<\/span><\/li>\n<li style=\"font-weight: 400;\" aria-level=\"2\"><span style=\"font-weight: 400;\">Distribui\u00e7\u00e3o da carga: Equil\u00edbrio do peso no interior.<\/span><\/li>\n<\/ul>\n<\/li>\n<li style=\"font-weight: 400;\" aria-level=\"1\"><b>Condu\u00e7\u00e3o:<\/b>\n<ul>\n<li style=\"font-weight: 400;\" aria-level=\"2\"><span style=\"font-weight: 400;\">Suave e progressiva: Evite freadas e acelera\u00e7\u00f5es bruscas.<\/span><\/li>\n<li style=\"font-weight: 400;\" aria-level=\"2\"><span style=\"font-weight: 400;\">Maior dist\u00e2ncia de seguran\u00e7a: Aumente a dist\u00e2ncia do ve\u00edculo da frente.<\/span><\/li>\n<li style=\"font-weight: 400;\" aria-level=\"2\"><span style=\"font-weight: 400;\">Aten\u00e7\u00e3o aos espelhos: Use retrovisores e c\u00e2meras para manobras e mudan\u00e7as de faixa.<\/span><\/li>\n<li style=\"font-weight: 400;\" aria-level=\"2\"><span style=\"font-weight: 400;\">Velocidade moderada: Respeite os limites e adapte-os \u00e0s condi\u00e7\u00f5es.<\/span><\/li>\n<li style=\"font-weight: 400;\" aria-level=\"2\"><span style=\"font-weight: 400;\">Cuidado com o vento lateral: Especialmente em pontes e \u00e1reas expostas.<\/span><\/li>\n<\/ul>\n<\/li>\n<\/ul>\n<h3>Posso dormir em qualquer lugar com um motorhome?<\/h3>\n<p><span style=\"font-weight: 400;\">Na Espanha, n\u00e3o \u00e9 permitido acampar livremente com um motorhome em qualquer lugar. A regulamenta\u00e7\u00e3o distingue entre estacionamento e acampamento:<\/span><\/p>\n<ul>\n<li style=\"font-weight: 400;\" aria-level=\"1\"><b>Estacionamento:<\/b>\n<ul>\n<li style=\"font-weight: 400;\" aria-level=\"2\"><span style=\"font-weight: 400;\">Permitido em qualquer lugar, desde que se cumpram as normas gerais de estacionamento e n\u00e3o se altere a ordem p\u00fablica.<\/span><\/li>\n<li style=\"font-weight: 400;\" aria-level=\"2\"><span style=\"font-weight: 400;\">O ve\u00edculo deve estar corretamente estacionado, respeitando placas e marcas vi\u00e1rias, sem invadir zonas de pedestres ou de acesso.<\/span><\/li>\n<li style=\"font-weight: 400;\" aria-level=\"2\"><span style=\"font-weight: 400;\">N\u00e3o \u00e9 permitido desdobrar elementos pr\u00f3prios do acampamento (toldo, mesas, cadeiras, etc.).<\/span><\/li>\n<li style=\"font-weight: 400;\" aria-level=\"2\"><span style=\"font-weight: 400;\">\u00c9 permitido dormir dentro do ve\u00edculo, cozinhar e usar o banheiro.<\/span><\/li>\n<\/ul>\n<\/li>\n<li style=\"font-weight: 400;\" aria-level=\"1\"><b>Acampamento:<\/b>\n<ul>\n<li style=\"font-weight: 400;\" aria-level=\"2\"><span style=\"font-weight: 400;\">Proibido em todo o territ\u00f3rio nacional, exceto em \u00e1reas especificamente habilitadas para isso.<\/span><\/li>\n<li style=\"font-weight: 400;\" aria-level=\"2\"><span style=\"font-weight: 400;\">\u00c1reas de acampamento: Campings, \u00e1reas de motorhomes, etc.<\/span><\/li>\n<li style=\"font-weight: 400;\" aria-level=\"2\"><span style=\"font-weight: 400;\">Normas espec\u00edficas: Cada \u00e1rea pode ter suas pr\u00f3prias regulamenta\u00e7\u00f5es sobre ru\u00eddos, hor\u00e1rios, etc.<\/span><\/li>\n<\/ul>\n<\/li>\n<li style=\"font-weight: 400;\" aria-level=\"1\"><b>Exce\u00e7\u00f5es:<\/b>\n<ul>\n<li style=\"font-weight: 400;\" aria-level=\"2\"><b>Pernoitar:<\/b><span style=\"font-weight: 400;\"> Em alguns casos, \u00e9 permitido pernoitar (passar a noite) em um ve\u00edculo estacionado, desde que se cumpram as seguintes condi\u00e7\u00f5es:<\/span>\n<ul>\n<li style=\"font-weight: 400;\" aria-level=\"3\"><span style=\"font-weight: 400;\">N\u00e3o exceder 48 horas no mesmo lugar.<\/span><\/li>\n<li style=\"font-weight: 400;\" aria-level=\"3\"><span style=\"font-weight: 400;\">N\u00e3o realizar a\u00e7\u00f5es pr\u00f3prias do acampamento (desdobrar toldo, mesas, cadeiras, etc.).<\/span><\/li>\n<li style=\"font-weight: 400;\" aria-level=\"3\"><span style=\"font-weight: 400;\">Respeitar o ambiente, sem gerar ru\u00eddos ou inc\u00f4modos.<\/span><\/li>\n<\/ul>\n<\/li>\n<\/ul>\n<\/li>\n<\/ul>\n<p><b>Recursos:<\/b><\/p>\n<ul>\n<li style=\"font-weight: 400;\" aria-level=\"1\"><b>DGT: Normativa para motorhomes:<\/b><a href=\"https:\/\/www.dgt.es\/muevete-con-seguridad\/viaja-seguro\/en-autocaravana\/\"> <span style=\"font-weight: 400;\">DGT<\/span><\/a><\/li>\n<li style=\"font-weight: 400;\" aria-level=\"1\"><b>Federa\u00e7\u00e3o Espanhola de Camping e Caravanismo:<\/b><a href=\"https:\/\/fedcamping.com\/\"> <span style=\"font-weight: 400;\">FECC<\/span><\/a><\/li>\n<li style=\"font-weight: 400;\" aria-level=\"1\"><b style=\"color: #555555;\">App Park4Night:<\/b><span style=\"font-weight: 400;\"> Aplicativo para encontrar \u00e1reas de motorhomes e campings em toda a Europa.<\/span><\/li>\n<\/ul>\n<p><script type=\"application\/ld+json\"><br \/>\n{\"@context\": \"https:\/\/schema.org\",\"@type\": \"FAQPage\",\"mainEntity\": [{\"@type\": \"Question\",\"name\": \"Que tipo de carteira de motorista preciso para aluguel de motorhome em Madri?\",\"acceptedAnswer\": {\"@type\": \"Answer\",\"text\": \"O tipo de carteira depende do peso do motorhome:<br \/>\nAt\u00e9 3.500 kg: Carteira B (carro) com 2 anos de antiguidade m\u00ednima.<br \/>\nMais de 3.500 kg: Carteira C (caminh\u00e3o). Nossos motorhomes s\u00e3o de at\u00e9 3.500 kg.\"}},{\"@type\": \"Question\",\"name\": \"H\u00e1 limite de idade para alugar um motorhome?\",\"acceptedAnswer\": {\"@type\": \"Answer\",\"text\": \"Idade m\u00ednima: 25 anos.<br \/>\nCondutores jovens (21-25 anos): Poss\u00edvel sobretaxa e\/ou seguro espec\u00edfico.\"}},{\"@type\": \"Question\",\"name\": \"Com quanta anteced\u00eancia devo reservar um motorhome?\",\"acceptedAnswer\": {\"@type\": \"Answer\",\"text\": \"Temporada: Na alta temporada (ver\u00e3o, Semana Santa, feriados), com 6 meses ou mais de anteced\u00eancia.<br \/>\nDemanda: As empresas populares esgotam r\u00e1pido, reserve o mais cedo poss\u00edvel.<br \/>\nDisponibilidade de modelos: Os modelos espec\u00edficos esgotam antes.<br \/>\nSeus planos: Quanto mais definidos, melhor reservar com anteced\u00eancia.\"}},{\"@type\": \"Question\",\"name\": \"Posso alugar um motorhome em Madri com equipamento adicional?\",\"acceptedAnswer\": {\"@type\": \"Answer\",\"text\": \"Sim, voc\u00ea pode alugar um motorhome com equipamento adicional. Alguns exemplos incluem:<br \/>\nUtens\u00edlios de cozinha: Pratos, copos, talheres, panelas, etc.<br \/>\nRoupa de cama e toalhas.<br \/>\nCadeiras e mesa de camping.<br \/>\nGPS.<br \/>\nPorta-bagagens.\"}},{\"@type\": \"Question\",\"name\": \"H\u00e1 tarifas adicionais por quilometragem no aluguel dos motorhomes?\",\"acceptedAnswer\": {\"@type\": \"Answer\",\"text\": \"Sim, o aluguel inclui 300 km\/dia. Se ultrapassar os 400 km, pagar\u00e1 0,20 \u20ac por cada km extra (10 \u20ac adicionais).\"}},{\"@type\": \"Question\",\"name\": \"Posso alugar um motorhome em um pa\u00eds e devolver em outro?\",\"acceptedAnswer\": {\"@type\": \"Answer\",\"text\": \"N\u00e3o.\"}},{\"@type\": \"Question\",\"name\": \"O que devo levar em conta ao dirigir um motorhome?\",\"acceptedAnswer\": {\"@type\": \"Answer\",\"text\": \"Diferen\u00e7as para um carro:<br \/>\nTamanho e peso: Maior dist\u00e2ncia de frenagem, cuidado em curvas e manobras.<br \/>\nAltura: Cuidado com pontes, galhos baixos e estacionamentos.<br \/>\nVento: Afeta mais a estabilidade, especialmente em pontes e rodovias.<br \/>\nDistribui\u00e7\u00e3o da carga: Equil\u00edbrio do peso no interior.<br \/>\nCondu\u00e7\u00e3o:<br \/>\nSuave e progressiva: Evite freadas e acelera\u00e7\u00f5es bruscas.<br \/>\nMaior dist\u00e2ncia de seguran\u00e7a: Aumente a dist\u00e2ncia do ve\u00edculo da frente.<br \/>\nAten\u00e7\u00e3o aos espelhos: Use retrovisores e c\u00e2meras para manobras e mudan\u00e7as de faixa.<br \/>\nVelocidade moderada: Respeite os limites e adapte-os \u00e0s condi\u00e7\u00f5es.<br \/>\nCuidado com o vento lateral: Especialmente em pontes e \u00e1reas expostas.\"}},{\"@type\": \"Question\",\"name\": \"Posso dormir em qualquer lugar com um motorhome?\",\"acceptedAnswer\": {\"@type\": \"Answer\",\"text\": \"Na Espanha, n\u00e3o \u00e9 permitido acampar livremente com um motorhome em qualquer lugar. A regulamenta\u00e7\u00e3o distingue entre estacionamento e acampamento:<br \/>\nEstacionamento:<br \/>\nPermitido em qualquer lugar, desde que se cumpram as normas gerais de estacionamento e n\u00e3o se altere a ordem p\u00fablica.<br \/>\nO ve\u00edculo deve estar corretamente estacionado, respeitando placas e marcas vi\u00e1rias, sem invadir zonas de pedestres ou de acesso.<br \/>\nN\u00e3o \u00e9 permitido desdobrar elementos pr\u00f3prios do acampamento (toldo, mesas, cadeiras, etc.).<br \/>\n\u00c9 permitido dormir dentro do ve\u00edculo, cozinhar e usar o banheiro.<br \/>\nAcampamento:<br \/>\nProibido em todo o territ\u00f3rio nacional, exceto em \u00e1reas especificamente habilitadas para isso.<br \/>\n\u00c1reas de acampamento: Campings, \u00e1reas de motorhomes, etc.<br \/>\nNormas espec\u00edficas: Cada \u00e1rea pode ter suas pr\u00f3prias regulamenta\u00e7\u00f5es sobre ru\u00eddos, hor\u00e1rios, etc.<br \/>\nExce\u00e7\u00f5es:<br \/>\nPernoitar: Em alguns casos, \u00e9 permitido pernoitar (passar a noite) em um ve\u00edculo estacionado, desde que se cumpram as seguintes condi\u00e7\u00f5es:<br \/>\nN\u00e3o exceder 48 horas no mesmo lugar.<br \/>\nN\u00e3o realizar a\u00e7\u00f5es pr\u00f3prias do acampamento (desdobrar toldo, mesas, cadeiras, etc.).<br \/>\nRespeitar o ambiente, sem gerar ru\u00eddos ou inc\u00f4modos.\"}}]\n}\n<\/script><\/p>\n\n\t\t<\/div>\n\t\t\t\t\t<\/div>\n\n\t\n\n<\/div>\n\n","protected":false},"excerpt":{"rendered":"","protected":false},"author":15,"featured_media":28478,"parent":28498,"menu_order":0,"comment_status":"closed","ping_status":"closed","template":"page-transparent-header.php","meta":{"footnotes":""},"class_list":["post-28479","page","type-page","status-publish","has-post-thumbnail","hentry"],"yoast_head":"<!-- This site is optimized with the Yoast SEO plugin v28.3 - https:\/\/yoast.com\/product\/yoast-seo-wordpress\/ -->\n<title>Aluguel de Motorhomes em Madri, Espanha - Camperdadi<\/title>\n<meta name=\"robots\" content=\"index, follow, max-snippet:-1, max-image-preview:large, max-video-preview:-1\" \/>\n<link rel=\"canonical\" href=\"https:\/\/autocaravanascamperdadi.com\/pt-br\/veiculos-e-acessorios\/aluguel-de-motorhomes-em-madri-espanha\/\" \/>\n<meta property=\"og:locale\" content=\"pt_BR\" \/>\n<meta property=\"og:type\" content=\"article\" \/>\n<meta property=\"og:title\" content=\"Aluguel de Motorhomes em Madri, Espanha - Camperdadi\" \/>\n<meta property=\"og:url\" content=\"https:\/\/autocaravanascamperdadi.com\/pt-br\/veiculos-e-acessorios\/aluguel-de-motorhomes-em-madri-espanha\/\" \/>\n<meta property=\"og:site_name\" content=\"Camperdadi\" \/>\n<meta property=\"article:publisher\" content=\"https:\/\/es-es.facebook.com\/camperdadi\/\" \/>\n<meta property=\"article:modified_time\" content=\"2026-08-31T17:26:46+00:00\" \/>\n<meta property=\"og:image\" content=\"https:\/\/autocaravanascamperdadi.com\/wp-content\/uploads\/2017\/09\/Katamarano-109-001_big.jpg\" \/>\n\t<meta property=\"og:image:width\" content=\"700\" \/>\n\t<meta property=\"og:image:height\" content=\"487\" \/>\n\t<meta property=\"og:image:type\" content=\"image\/jpeg\" \/>\n<meta name=\"twitter:card\" content=\"summary_large_image\" \/>\n<meta name=\"twitter:site\" content=\"@camperdadi\" \/>\n<meta name=\"twitter:label1\" content=\"Est. tempo de leitura\" \/>\n\t<meta name=\"twitter:data1\" content=\"12 minutos\" \/>\n<script type=\"application\/ld+json\" class=\"yoast-schema-graph\">{\"@context\":\"https:\\\/\\\/schema.org\",\"@graph\":[{\"@type\":\"WebPage\",\"@id\":\"https:\\\/\\\/autocaravanascamperdadi.com\\\/pt-br\\\/veiculos-e-acessorios\\\/aluguel-de-motorhomes-em-madri-espanha\\\/\",\"url\":\"https:\\\/\\\/autocaravanascamperdadi.com\\\/pt-br\\\/veiculos-e-acessorios\\\/aluguel-de-motorhomes-em-madri-espanha\\\/\",\"name\":\"Aluguel de Motorhomes em Madri, Espanha - Camperdadi\",\"isPartOf\":{\"@id\":\"https:\\\/\\\/autocaravanascamperdadi.com\\\/en\\\/#website\"},\"primaryImageOfPage\":{\"@id\":\"https:\\\/\\\/autocaravanascamperdadi.com\\\/pt-br\\\/veiculos-e-acessorios\\\/aluguel-de-motorhomes-em-madri-espanha\\\/#primaryimage\"},\"image\":{\"@id\":\"https:\\\/\\\/autocaravanascamperdadi.com\\\/pt-br\\\/veiculos-e-acessorios\\\/aluguel-de-motorhomes-em-madri-espanha\\\/#primaryimage\"},\"thumbnailUrl\":\"https:\\\/\\\/autocaravanascamperdadi.com\\\/wp-content\\\/uploads\\\/2017\\\/09\\\/Katamarano-109-001_big.jpg\",\"datePublished\":\"2026-08-31T09:45:49+00:00\",\"dateModified\":\"2026-08-31T17:26:46+00:00\",\"breadcrumb\":{\"@id\":\"https:\\\/\\\/autocaravanascamperdadi.com\\\/pt-br\\\/veiculos-e-acessorios\\\/aluguel-de-motorhomes-em-madri-espanha\\\/#breadcrumb\"},\"inLanguage\":\"pt-BR\",\"potentialAction\":[{\"@type\":\"ReadAction\",\"target\":[\"https:\\\/\\\/autocaravanascamperdadi.com\\\/pt-br\\\/veiculos-e-acessorios\\\/aluguel-de-motorhomes-em-madri-espanha\\\/\"]}]},{\"@type\":\"ImageObject\",\"inLanguage\":\"pt-BR\",\"@id\":\"https:\\\/\\\/autocaravanascamperdadi.com\\\/pt-br\\\/veiculos-e-acessorios\\\/aluguel-de-motorhomes-em-madri-espanha\\\/#primaryimage\",\"url\":\"https:\\\/\\\/autocaravanascamperdadi.com\\\/wp-content\\\/uploads\\\/2017\\\/09\\\/Katamarano-109-001_big.jpg\",\"contentUrl\":\"https:\\\/\\\/autocaravanascamperdadi.com\\\/wp-content\\\/uploads\\\/2017\\\/09\\\/Katamarano-109-001_big.jpg\",\"width\":700,\"height\":487,\"caption\":\"Aluguel de Motorhomes em Madri, Espanha\"},{\"@type\":\"BreadcrumbList\",\"@id\":\"https:\\\/\\\/autocaravanascamperdadi.com\\\/pt-br\\\/veiculos-e-acessorios\\\/aluguel-de-motorhomes-em-madri-espanha\\\/#breadcrumb\",\"itemListElement\":[{\"@type\":\"ListItem\",\"position\":1,\"name\":\"Portada\",\"item\":\"https:\\\/\\\/autocaravanascamperdadi.com\\\/pt-br\\\/\"},{\"@type\":\"ListItem\",\"position\":2,\"name\":\"Ve\u00edculos e acess\u00f3rios\",\"item\":\"https:\\\/\\\/autocaravanascamperdadi.com\\\/pt-br\\\/veiculos-e-acessorios\\\/\"},{\"@type\":\"ListItem\",\"position\":3,\"name\":\"Aluguel de Motorhomes em Madri, Espanha\"}]},{\"@type\":\"WebSite\",\"@id\":\"https:\\\/\\\/autocaravanascamperdadi.com\\\/en\\\/#website\",\"url\":\"https:\\\/\\\/autocaravanascamperdadi.com\\\/en\\\/\",\"name\":\"Autocaravanas Camperdadi\",\"description\":\"Alquiler de autocaravanas y caravanas\",\"publisher\":{\"@id\":\"https:\\\/\\\/autocaravanascamperdadi.com\\\/en\\\/#organization\"},\"potentialAction\":[{\"@type\":\"SearchAction\",\"target\":{\"@type\":\"EntryPoint\",\"urlTemplate\":\"https:\\\/\\\/autocaravanascamperdadi.com\\\/en\\\/?s={search_term_string}\"},\"query-input\":{\"@type\":\"PropertyValueSpecification\",\"valueRequired\":true,\"valueName\":\"search_term_string\"}}],\"inLanguage\":\"pt-BR\"},{\"@type\":\"Organization\",\"@id\":\"https:\\\/\\\/autocaravanascamperdadi.com\\\/en\\\/#organization\",\"name\":\"Camperdadi\",\"url\":\"https:\\\/\\\/autocaravanascamperdadi.com\\\/en\\\/\",\"logo\":{\"@type\":\"ImageObject\",\"inLanguage\":\"pt-BR\",\"@id\":\"https:\\\/\\\/autocaravanascamperdadi.com\\\/en\\\/#\\\/schema\\\/logo\\\/image\\\/\",\"url\":\"https:\\\/\\\/autocaravanascamperdadi.com\\\/wp-content\\\/uploads\\\/2017\\\/08\\\/cropped-logo.png\",\"contentUrl\":\"https:\\\/\\\/autocaravanascamperdadi.com\\\/wp-content\\\/uploads\\\/2017\\\/08\\\/cropped-logo.png\",\"width\":512,\"height\":512,\"caption\":\"Camperdadi\"},\"image\":{\"@id\":\"https:\\\/\\\/autocaravanascamperdadi.com\\\/en\\\/#\\\/schema\\\/logo\\\/image\\\/\"},\"sameAs\":[\"https:\\\/\\\/es-es.facebook.com\\\/camperdadi\\\/\",\"https:\\\/\\\/x.com\\\/camperdadi\",\"https:\\\/\\\/www.instagram.com\\\/autocaravanascamperdadi\\\/?hl=es\"]}]}<\/script>\n<!-- \/ Yoast SEO plugin. -->","yoast_head_json":{"title":"Aluguel de Motorhomes em Madri, Espanha - Camperdadi","robots":{"index":"index","follow":"follow","max-snippet":"max-snippet:-1","max-image-preview":"max-image-preview:large","max-video-preview":"max-video-preview:-1"},"canonical":"https:\/\/autocaravanascamperdadi.com\/pt-br\/veiculos-e-acessorios\/aluguel-de-motorhomes-em-madri-espanha\/","og_locale":"pt_BR","og_type":"article","og_title":"Aluguel de Motorhomes em Madri, Espanha - Camperdadi","og_url":"https:\/\/autocaravanascamperdadi.com\/pt-br\/veiculos-e-acessorios\/aluguel-de-motorhomes-em-madri-espanha\/","og_site_name":"Camperdadi","article_publisher":"https:\/\/es-es.facebook.com\/camperdadi\/","article_modified_time":"2026-08-31T17:26:46+00:00","og_image":[{"width":700,"height":487,"url":"https:\/\/autocaravanascamperdadi.com\/wp-content\/uploads\/2017\/09\/Katamarano-109-001_big.jpg","type":"image\/jpeg"}],"twitter_card":"summary_large_image","twitter_site":"@camperdadi","twitter_misc":{"Est. tempo de leitura":"12 minutos"},"schema":{"@context":"https:\/\/schema.org","@graph":[{"@type":"WebPage","@id":"https:\/\/autocaravanascamperdadi.com\/pt-br\/veiculos-e-acessorios\/aluguel-de-motorhomes-em-madri-espanha\/","url":"https:\/\/autocaravanascamperdadi.com\/pt-br\/veiculos-e-acessorios\/aluguel-de-motorhomes-em-madri-espanha\/","name":"Aluguel de Motorhomes em Madri, Espanha - Camperdadi","isPartOf":{"@id":"https:\/\/autocaravanascamperdadi.com\/en\/#website"},"primaryImageOfPage":{"@id":"https:\/\/autocaravanascamperdadi.com\/pt-br\/veiculos-e-acessorios\/aluguel-de-motorhomes-em-madri-espanha\/#primaryimage"},"image":{"@id":"https:\/\/autocaravanascamperdadi.com\/pt-br\/veiculos-e-acessorios\/aluguel-de-motorhomes-em-madri-espanha\/#primaryimage"},"thumbnailUrl":"https:\/\/autocaravanascamperdadi.com\/wp-content\/uploads\/2017\/09\/Katamarano-109-001_big.jpg","datePublished":"2026-08-31T09:45:49+00:00","dateModified":"2026-08-31T17:26:46+00:00","breadcrumb":{"@id":"https:\/\/autocaravanascamperdadi.com\/pt-br\/veiculos-e-acessorios\/aluguel-de-motorhomes-em-madri-espanha\/#breadcrumb"},"inLanguage":"pt-BR","potentialAction":[{"@type":"ReadAction","target":["https:\/\/autocaravanascamperdadi.com\/pt-br\/veiculos-e-acessorios\/aluguel-de-motorhomes-em-madri-espanha\/"]}]},{"@type":"ImageObject","inLanguage":"pt-BR","@id":"https:\/\/autocaravanascamperdadi.com\/pt-br\/veiculos-e-acessorios\/aluguel-de-motorhomes-em-madri-espanha\/#primaryimage","url":"https:\/\/autocaravanascamperdadi.com\/wp-content\/uploads\/2017\/09\/Katamarano-109-001_big.jpg","contentUrl":"https:\/\/autocaravanascamperdadi.com\/wp-content\/uploads\/2017\/09\/Katamarano-109-001_big.jpg","width":700,"height":487,"caption":"Aluguel de Motorhomes em Madri, Espanha"},{"@type":"BreadcrumbList","@id":"https:\/\/autocaravanascamperdadi.com\/pt-br\/veiculos-e-acessorios\/aluguel-de-motorhomes-em-madri-espanha\/#breadcrumb","itemListElement":[{"@type":"ListItem","position":1,"name":"Portada","item":"https:\/\/autocaravanascamperdadi.com\/pt-br\/"},{"@type":"ListItem","position":2,"name":"Ve\u00edculos e acess\u00f3rios","item":"https:\/\/autocaravanascamperdadi.com\/pt-br\/veiculos-e-acessorios\/"},{"@type":"ListItem","position":3,"name":"Aluguel de Motorhomes em Madri, Espanha"}]},{"@type":"WebSite","@id":"https:\/\/autocaravanascamperdadi.com\/en\/#website","url":"https:\/\/autocaravanascamperdadi.com\/en\/","name":"Autocaravanas Camperdadi","description":"Alquiler de autocaravanas y caravanas","publisher":{"@id":"https:\/\/autocaravanascamperdadi.com\/en\/#organization"},"potentialAction":[{"@type":"SearchAction","target":{"@type":"EntryPoint","urlTemplate":"https:\/\/autocaravanascamperdadi.com\/en\/?s={search_term_string}"},"query-input":{"@type":"PropertyValueSpecification","valueRequired":true,"valueName":"search_term_string"}}],"inLanguage":"pt-BR"},{"@type":"Organization","@id":"https:\/\/autocaravanascamperdadi.com\/en\/#organization","name":"Camperdadi","url":"https:\/\/autocaravanascamperdadi.com\/en\/","logo":{"@type":"ImageObject","inLanguage":"pt-BR","@id":"https:\/\/autocaravanascamperdadi.com\/en\/#\/schema\/logo\/image\/","url":"https:\/\/autocaravanascamperdadi.com\/wp-content\/uploads\/2017\/08\/cropped-logo.png","contentUrl":"https:\/\/autocaravanascamperdadi.com\/wp-content\/uploads\/2017\/08\/cropped-logo.png","width":512,"height":512,"caption":"Camperdadi"},"image":{"@id":"https:\/\/autocaravanascamperdadi.com\/en\/#\/schema\/logo\/image\/"},"sameAs":["https:\/\/es-es.facebook.com\/camperdadi\/","https:\/\/x.com\/camperdadi","https:\/\/www.instagram.com\/autocaravanascamperdadi\/?hl=es"]}]}},"_links":{"self":[{"href":"https:\/\/autocaravanascamperdadi.com\/pt-br\/wp-json\/wp\/v2\/pages\/28479","targetHints":{"allow":["GET"]}}],"collection":[{"href":"https:\/\/autocaravanascamperdadi.com\/pt-br\/wp-json\/wp\/v2\/pages"}],"about":[{"href":"https:\/\/autocaravanascamperdadi.com\/pt-br\/wp-json\/wp\/v2\/types\/page"}],"author":[{"embeddable":true,"href":"https:\/\/autocaravanascamperdadi.com\/pt-br\/wp-json\/wp\/v2\/users\/15"}],"replies":[{"embeddable":true,"href":"https:\/\/autocaravanascamperdadi.com\/pt-br\/wp-json\/wp\/v2\/comments?post=28479"}],"version-history":[{"count":3,"href":"https:\/\/autocaravanascamperdadi.com\/pt-br\/wp-json\/wp\/v2\/pages\/28479\/revisions"}],"predecessor-version":[{"id":28956,"href":"https:\/\/autocaravanascamperdadi.com\/pt-br\/wp-json\/wp\/v2\/pages\/28479\/revisions\/28956"}],"up":[{"embeddable":true,"href":"https:\/\/autocaravanascamperdadi.com\/pt-br\/wp-json\/wp\/v2\/pages\/28498"}],"wp:featuredmedia":[{"embeddable":true,"href":"https:\/\/autocaravanascamperdadi.com\/pt-br\/wp-json\/wp\/v2\/media\/28478"}],"wp:attachment":[{"href":"https:\/\/autocaravanascamperdadi.com\/pt-br\/wp-json\/wp\/v2\/media?parent=28479"}],"curies":[{"name":"wp","href":"https:\/\/api.w.org\/{rel}","templated":true}]}}