{"id":28482,"date":"2026-08-31T09:48:34","date_gmt":"2026-08-31T09:48:34","guid":{"rendered":"https:\/\/autocaravanascamperdadi.com\/?page_id=28482"},"modified":"2026-08-31T17:32:38","modified_gmt":"2026-08-31T17:32:38","slug":"aluguel-de-campers-em-madri","status":"publish","type":"page","link":"https:\/\/autocaravanascamperdadi.com\/pt-br\/aluguel-de-campers-em-madri\/","title":{"rendered":"Aluguel de Campers em Madri"},"content":{"rendered":"\n\n  <div class=\"banner has-hover has-parallax\" id=\"banner-220026509\">\n          <div class=\"banner-inner fill\">\n        <div class=\"banner-bg fill\" data-parallax=\"-3\" data-parallax-container=\".banner\" data-parallax-background>\n            <img loading=\"lazy\" decoding=\"async\" width=\"900\" height=\"600\" src=\"https:\/\/autocaravanascamperdadi.com\/wp-content\/uploads\/2017\/08\/viajar.jpg\" class=\"bg attachment-large size-large\" alt=\"\" \/>                        <div class=\"overlay\"><\/div>            \n                    <\/div>\n\t\t\n        <div class=\"banner-layers container\">\n            <div class=\"fill banner-link\"><\/div>            \n\n   <div id=\"text-box-1063679668\" class=\"text-box banner-layer x50 md-x50 lg-x50 y80 md-y80 lg-y80 res-text\">\n                                <div class=\"text-box-content text dark\">\n              \n              <div class=\"text-inner text-center\">\n                  \n\n<h1 class=\"lead\">Aluguel de Campers em Madri, Espanha<\/h1>\n\n              <\/div>\n           <\/div>\n                            \n<style>\n#text-box-1063679668 {\n  margin: 10px 100px 0px 0px;\n  width: 60%;\n}\n#text-box-1063679668 .text-box-content {\n  font-size: 100%;\n}\n<\/style>\n    <\/div>\n \n\n        <\/div>\n      <\/div>\n\n            \n<style>\n#banner-220026509 {\n  padding-top: 320px;\n}\n#banner-220026509 .overlay {\n  background-color: rgba(0, 0, 0, 0.49);\n}\n#banner-220026509 .banner-bg img {\n  object-position: 0%100%;\n}\n<\/style>\n  <\/div>\n\n\n\t\n  \n    <div class=\"row large-columns-4 medium-columns-3 small-columns-2 row-small\" >\n  \n\t     <div class=\"col\" >\n\t\t\t\t\t\t<div class=\"col-inner\">\n\t\t\t\t\t\t\n<div class=\"badge-container absolute left top z-1\">\n\n<\/div>\n\t\t\t\t\t\t<div class=\"product-small box has-hover box-normal box-text-bottom\">\n\t\t\t\t\t\t\t<div class=\"box-image\" >\n\t\t\t\t\t\t\t\t<div class=\"\" >\n\t\t\t\t\t\t\t\t\t<a href=\"https:\/\/autocaravanascamperdadi.com\/pt-br\/tienda\/aluguel-de-camper-em-madri-4-lugares-mc-louis-menfys\/\" aria-label=\"Aluguel de Camper em Madri 4 lugares MC LOUIS MENFYS\">\n\t\t\t\t\t\t\t\t\t\t<img loading=\"lazy\" decoding=\"async\" width=\"300\" height=\"300\" src=\"https:\/\/autocaravanascamperdadi.com\/wp-content\/uploads\/2020\/04\/IMG_4907-300x300.jpg\" class=\"show-on-hover absolute fill hide-for-small back-image\" alt=\"Alquiler de Campers en Madrid\" aria-hidden=\"true\" srcset=\"https:\/\/autocaravanascamperdadi.com\/wp-content\/uploads\/2020\/04\/IMG_4907-300x300.jpg 300w, https:\/\/autocaravanascamperdadi.com\/wp-content\/uploads\/2020\/04\/IMG_4907-100x100.jpg 100w, https:\/\/autocaravanascamperdadi.com\/wp-content\/uploads\/2020\/04\/IMG_4907-280x280.jpg 280w, https:\/\/autocaravanascamperdadi.com\/wp-content\/uploads\/2020\/04\/IMG_4907-180x180.jpg 180w, https:\/\/autocaravanascamperdadi.com\/wp-content\/uploads\/2020\/04\/IMG_4907-600x600.jpg 600w\" sizes=\"auto, (max-width: 300px) 100vw, 300px\" \/><img loading=\"lazy\" decoding=\"async\" width=\"300\" height=\"300\" src=\"https:\/\/autocaravanascamperdadi.com\/wp-content\/uploads\/2020\/04\/IMG_4907-300x300.jpg\" class=\"attachment-woocommerce_thumbnail size-woocommerce_thumbnail\" alt=\"Alquiler de Campers en Madrid\" srcset=\"https:\/\/autocaravanascamperdadi.com\/wp-content\/uploads\/2020\/04\/IMG_4907-300x300.jpg 300w, https:\/\/autocaravanascamperdadi.com\/wp-content\/uploads\/2020\/04\/IMG_4907-100x100.jpg 100w, https:\/\/autocaravanascamperdadi.com\/wp-content\/uploads\/2020\/04\/IMG_4907-280x280.jpg 280w, https:\/\/autocaravanascamperdadi.com\/wp-content\/uploads\/2020\/04\/IMG_4907-180x180.jpg 180w, https:\/\/autocaravanascamperdadi.com\/wp-content\/uploads\/2020\/04\/IMG_4907-600x600.jpg 600w\" sizes=\"auto, (max-width: 300px) 100vw, 300px\" \/>\t\t\t\t\t\t\t\t\t<\/a>\n\t\t\t\t\t\t\t\t\t\t\t\t\t\t\t\t\t\t \t\t\t\t\t\t\t\t<\/div>\n\t\t\t\t\t\t\t\t<div class=\"image-tools top right show-on-hover\">\n\t\t\t\t\t\t\t\t\t\t\t\t\t\t\t\t\t<\/div>\n\t\t\t\t\t\t\t\t\t\t\t\t\t\t\t\t\t<div class=\"image-tools grid-tools text-center hide-for-small bottom hover-slide-in show-on-hover\">\n\t\t\t\t\t\t\t\t\t\t<a href=\"#quick-view\" class=\"quick-view\" role=\"button\" data-prod=\"28719\" aria-haspopup=\"dialog\" aria-expanded=\"false\" data-flatsome-role-button>Visualiza\u00e7\u00e3o R\u00e1pida<\/a>\t\t\t\t\t\t\t\t\t<\/div>\n\t\t\t\t\t\t\t\t\t\t\t\t\t\t\t\t\t\t\t\t\t\t\t<\/div>\n\n\t\t\t\t\t\t\t<div class=\"box-text text-center\" >\n\t\t\t\t\t\t\t\t<div class=\"title-wrapper\">\t\t<p class=\"category uppercase is-smaller no-text-overflow product-cat op-8\">\n\t\t\tAluguel de Motorhome\t\t<\/p>\n\t<p class=\"name product-title woocommerce-loop-product__title\"><a href=\"https:\/\/autocaravanascamperdadi.com\/pt-br\/tienda\/aluguel-de-camper-em-madri-4-lugares-mc-louis-menfys\/\" class=\"woocommerce-LoopProduct-link woocommerce-loop-product__link\">Aluguel de Camper em Madri 4 lugares MC LOUIS MENFYS<\/a><\/p><\/div><div class=\"price-wrapper\">\n\t<span class=\"price\"><span class=\"woocommerce-Price-amount amount\"><bdi>95,00&nbsp;<span class=\"woocommerce-Price-currencySymbol\" translate=\"no\">&euro;<\/span><\/bdi><\/span><\/span>\n<\/div>\t\t\t\t\t\t\t<\/div>\n\t\t\t\t\t\t<\/div>\n\t\t\t\t\t\t<\/div>\n\t\t\t\t\t<\/div><div class=\"col\" >\n\t\t\t\t\t\t<div class=\"col-inner\">\n\t\t\t\t\t\t\n<div class=\"badge-container absolute left top z-1\">\n\n<\/div>\n\t\t\t\t\t\t<div class=\"product-small box has-hover box-normal box-text-bottom\">\n\t\t\t\t\t\t\t<div class=\"box-image\" >\n\t\t\t\t\t\t\t\t<div class=\"\" >\n\t\t\t\t\t\t\t\t\t<a href=\"https:\/\/autocaravanascamperdadi.com\/pt-br\/tienda\/aluguel-de-camper-4-lugares-mc-louis-menfys-s-line\/\" aria-label=\"Aluguel de Camper 4 lugares MC LOUIS MENFYS S-LINE\">\n\t\t\t\t\t\t\t\t\t\t<img loading=\"lazy\" decoding=\"async\" width=\"300\" height=\"300\" src=\"https:\/\/autocaravanascamperdadi.com\/wp-content\/uploads\/2018\/05\/3-300x300.jpg\" class=\"show-on-hover absolute fill hide-for-small back-image\" alt=\"Alternative view of Aluguel de Camper 4 lugares MC LOUIS MENFYS S-LINE\" aria-hidden=\"true\" srcset=\"https:\/\/autocaravanascamperdadi.com\/wp-content\/uploads\/2018\/05\/3-300x300.jpg 300w, https:\/\/autocaravanascamperdadi.com\/wp-content\/uploads\/2018\/05\/3-100x100.jpg 100w, https:\/\/autocaravanascamperdadi.com\/wp-content\/uploads\/2018\/05\/3-280x280.jpg 280w, https:\/\/autocaravanascamperdadi.com\/wp-content\/uploads\/2018\/05\/3-180x180.jpg 180w, https:\/\/autocaravanascamperdadi.com\/wp-content\/uploads\/2018\/05\/3-600x600.jpg 600w\" sizes=\"auto, (max-width: 300px) 100vw, 300px\" \/><img loading=\"lazy\" decoding=\"async\" width=\"300\" height=\"300\" src=\"https:\/\/autocaravanascamperdadi.com\/wp-content\/uploads\/2018\/05\/7-300x300.jpg\" class=\"attachment-woocommerce_thumbnail size-woocommerce_thumbnail\" alt=\"Aluguel de Camper 4 lugares MC LOUIS MENFYS S-LINE\" srcset=\"https:\/\/autocaravanascamperdadi.com\/wp-content\/uploads\/2018\/05\/7-300x300.jpg 300w, https:\/\/autocaravanascamperdadi.com\/wp-content\/uploads\/2018\/05\/7-100x100.jpg 100w, https:\/\/autocaravanascamperdadi.com\/wp-content\/uploads\/2018\/05\/7-280x280.jpg 280w, https:\/\/autocaravanascamperdadi.com\/wp-content\/uploads\/2018\/05\/7-180x180.jpg 180w, https:\/\/autocaravanascamperdadi.com\/wp-content\/uploads\/2018\/05\/7-600x600.jpg 600w\" sizes=\"auto, (max-width: 300px) 100vw, 300px\" \/>\t\t\t\t\t\t\t\t\t<\/a>\n\t\t\t\t\t\t\t\t\t\t\t\t\t\t\t\t\t\t \t\t\t\t\t\t\t\t<\/div>\n\t\t\t\t\t\t\t\t<div class=\"image-tools top right show-on-hover\">\n\t\t\t\t\t\t\t\t\t\t\t\t\t\t\t\t\t<\/div>\n\t\t\t\t\t\t\t\t\t\t\t\t\t\t\t\t\t<div class=\"image-tools grid-tools text-center hide-for-small bottom hover-slide-in show-on-hover\">\n\t\t\t\t\t\t\t\t\t\t<a href=\"#quick-view\" class=\"quick-view\" role=\"button\" data-prod=\"28756\" aria-haspopup=\"dialog\" aria-expanded=\"false\" data-flatsome-role-button>Visualiza\u00e7\u00e3o R\u00e1pida<\/a>\t\t\t\t\t\t\t\t\t<\/div>\n\t\t\t\t\t\t\t\t\t\t\t\t\t\t\t\t\t\t\t\t\t\t\t<\/div>\n\n\t\t\t\t\t\t\t<div class=\"box-text text-center\" >\n\t\t\t\t\t\t\t\t<div class=\"title-wrapper\">\t\t<p class=\"category uppercase is-smaller no-text-overflow product-cat op-8\">\n\t\t\tAluguel de Motorhome\t\t<\/p>\n\t<p class=\"name product-title woocommerce-loop-product__title\"><a href=\"https:\/\/autocaravanascamperdadi.com\/pt-br\/tienda\/aluguel-de-camper-4-lugares-mc-louis-menfys-s-line\/\" class=\"woocommerce-LoopProduct-link woocommerce-loop-product__link\">Aluguel de Camper 4 lugares MC LOUIS MENFYS S-LINE<\/a><\/p><\/div><div class=\"price-wrapper\">\n\t<span class=\"price\"><span class=\"woocommerce-Price-amount amount\"><bdi>95,00&nbsp;<span class=\"woocommerce-Price-currencySymbol\" translate=\"no\">&euro;<\/span><\/bdi><\/span><\/span>\n<\/div>\t\t\t\t\t\t\t<\/div>\n\t\t\t\t\t\t<\/div>\n\t\t\t\t\t\t<\/div>\n\t\t\t\t\t<\/div><div class=\"col\" >\n\t\t\t\t\t\t<div class=\"col-inner\">\n\t\t\t\t\t\t\n<div class=\"badge-container absolute left top z-1\">\n\n<\/div>\n\t\t\t\t\t\t<div class=\"product-small box has-hover box-normal box-text-bottom\">\n\t\t\t\t\t\t\t<div class=\"box-image\" >\n\t\t\t\t\t\t\t\t<div class=\"\" >\n\t\t\t\t\t\t\t\t\t<a href=\"https:\/\/autocaravanascamperdadi.com\/pt-br\/tienda\/aluguel-de-camper-ate-4-lugares-rimor-horus-35\/\" aria-label=\"Aluguel de Camper at\u00e9 4 lugares Rimor HORUS 35\">\n\t\t\t\t\t\t\t\t\t\t<img loading=\"lazy\" decoding=\"async\" width=\"300\" height=\"300\" src=\"https:\/\/autocaravanascamperdadi.com\/wp-content\/uploads\/2014\/08\/horus35-9-300x300.jpg\" class=\"show-on-hover absolute fill hide-for-small back-image\" alt=\"Alternative view of Aluguel de Camper at\u00e9 4 lugares Rimor HORUS 35\" aria-hidden=\"true\" srcset=\"https:\/\/autocaravanascamperdadi.com\/wp-content\/uploads\/2014\/08\/horus35-9-300x300.jpg 300w, https:\/\/autocaravanascamperdadi.com\/wp-content\/uploads\/2014\/08\/horus35-9-100x100.jpg 100w, https:\/\/autocaravanascamperdadi.com\/wp-content\/uploads\/2014\/08\/horus35-9-280x280.jpg 280w, https:\/\/autocaravanascamperdadi.com\/wp-content\/uploads\/2014\/08\/horus35-9-180x180.jpg 180w, https:\/\/autocaravanascamperdadi.com\/wp-content\/uploads\/2014\/08\/horus35-9-600x600.jpg 600w\" sizes=\"auto, (max-width: 300px) 100vw, 300px\" \/><img loading=\"lazy\" decoding=\"async\" width=\"300\" height=\"300\" src=\"https:\/\/autocaravanascamperdadi.com\/wp-content\/uploads\/2014\/08\/horus35-3-300x300.jpg\" class=\"attachment-woocommerce_thumbnail size-woocommerce_thumbnail\" alt=\"Aluguel de Camper at\u00e9 4 lugares Rimor HORUS 35\" srcset=\"https:\/\/autocaravanascamperdadi.com\/wp-content\/uploads\/2014\/08\/horus35-3-300x300.jpg 300w, https:\/\/autocaravanascamperdadi.com\/wp-content\/uploads\/2014\/08\/horus35-3-100x100.jpg 100w, https:\/\/autocaravanascamperdadi.com\/wp-content\/uploads\/2014\/08\/horus35-3-280x280.jpg 280w, https:\/\/autocaravanascamperdadi.com\/wp-content\/uploads\/2014\/08\/horus35-3-180x180.jpg 180w, https:\/\/autocaravanascamperdadi.com\/wp-content\/uploads\/2014\/08\/horus35-3-600x600.jpg 600w\" sizes=\"auto, (max-width: 300px) 100vw, 300px\" \/>\t\t\t\t\t\t\t\t\t<\/a>\n\t\t\t\t\t\t\t\t\t\t\t\t\t\t\t\t\t\t \t\t\t\t\t\t\t\t<\/div>\n\t\t\t\t\t\t\t\t<div class=\"image-tools top right show-on-hover\">\n\t\t\t\t\t\t\t\t\t\t\t\t\t\t\t\t\t<\/div>\n\t\t\t\t\t\t\t\t\t\t\t\t\t\t\t\t\t<div class=\"image-tools grid-tools text-center hide-for-small bottom hover-slide-in show-on-hover\">\n\t\t\t\t\t\t\t\t\t\t<a href=\"#quick-view\" class=\"quick-view\" role=\"button\" data-prod=\"28943\" aria-haspopup=\"dialog\" aria-expanded=\"false\" data-flatsome-role-button>Visualiza\u00e7\u00e3o R\u00e1pida<\/a>\t\t\t\t\t\t\t\t\t<\/div>\n\t\t\t\t\t\t\t\t\t\t\t\t\t\t\t\t\t\t\t\t\t\t\t<\/div>\n\n\t\t\t\t\t\t\t<div class=\"box-text text-center\" >\n\t\t\t\t\t\t\t\t<div class=\"title-wrapper\">\t\t<p class=\"category uppercase is-smaller no-text-overflow product-cat op-8\">\n\t\t\tAluguel de Motorhome\t\t<\/p>\n\t<p class=\"name product-title woocommerce-loop-product__title\"><a href=\"https:\/\/autocaravanascamperdadi.com\/pt-br\/tienda\/aluguel-de-camper-ate-4-lugares-rimor-horus-35\/\" class=\"woocommerce-LoopProduct-link woocommerce-loop-product__link\">Aluguel de Camper at\u00e9 4 lugares Rimor HORUS 35<\/a><\/p><\/div><div class=\"price-wrapper\">\n\t<span class=\"price\"><span class=\"woocommerce-Price-amount amount\"><bdi>90,00&nbsp;<span class=\"woocommerce-Price-currencySymbol\" translate=\"no\">&euro;<\/span><\/bdi><\/span><\/span>\n<\/div>\t\t\t\t\t\t\t<\/div>\n\t\t\t\t\t\t<\/div>\n\t\t\t\t\t\t<\/div>\n\t\t\t\t\t<\/div><\/div>\n\n<div class=\"row\"  id=\"row-1043918557\">\n\n\n\t<div id=\"col-408030462\" class=\"col small-12 large-12\"  >\n\t\t\t\t<div class=\"col-inner\"  >\n\t\t\t\n\t\t\t\n\n\t<div id=\"text-2561244653\" class=\"text\">\n\t\t\n\n<h2>Reservar<\/h2>\n\t\t\n<style>\n#text-2561244653 {\n  text-align: center;\n}\n<\/style>\n\t<\/div>\n\t\n\n\n\n<div class=\"wpcf7 no-js\" id=\"wpcf7-f23402-o1\" lang=\"es-ES\" dir=\"ltr\" data-wpcf7-id=\"23402\">\n<div class=\"screen-reader-response\"><p role=\"status\" aria-live=\"polite\" aria-atomic=\"true\"><\/p> <ul><\/ul><\/div>\n<form action=\"\/pt-br\/wp-json\/wp\/v2\/pages\/28482#wpcf7-f23402-o1\" method=\"post\" class=\"wpcf7-form init\" aria-label=\"Formulario de contacto\" novalidate=\"novalidate\" data-status=\"init\">\n<fieldset class=\"hidden-fields-container\"><input type=\"hidden\" name=\"_wpcf7\" value=\"23402\" \/><input type=\"hidden\" name=\"_wpcf7_version\" value=\"6.1.7\" \/><input type=\"hidden\" name=\"_wpcf7_locale\" value=\"es_ES\" \/><input type=\"hidden\" name=\"_wpcf7_unit_tag\" value=\"wpcf7-f23402-o1\" \/><input type=\"hidden\" name=\"_wpcf7_container_post\" value=\"0\" \/><input type=\"hidden\" name=\"_wpcf7_posted_data_hash\" value=\"\" \/><input type=\"hidden\" name=\"_wpcf7_recaptcha_response\" value=\"\" \/>\n<\/fieldset>\n<div class=\"cf7-wrapper\">\n\n <!-- LINEA 1 -->\n\t<div class=\"cf7-grid cf7-line-1\">\n\t\t<p><label>Nombre y apellido<br \/>\n<span class=\"wpcf7-form-control-wrap\" data-name=\"your-name\"><input size=\"40\" maxlength=\"400\" class=\"wpcf7-form-control wpcf7-text wpcf7-validates-as-required\" aria-required=\"true\" aria-invalid=\"false\" placeholder=\"Ej: Juan P\u00e9rez\" value=\"\" type=\"text\" name=\"your-name\" \/><\/span><br \/>\n<\/label>\n\t\t<\/p>\n\t\t<p><label>Email<br \/>\n<span class=\"wpcf7-form-control-wrap\" data-name=\"your-email\"><input size=\"40\" maxlength=\"400\" class=\"wpcf7-form-control wpcf7-email wpcf7-validates-as-required wpcf7-text wpcf7-validates-as-email\" aria-required=\"true\" aria-invalid=\"false\" placeholder=\"ejemplo@correo.com\" value=\"\" type=\"email\" name=\"your-email\" \/><\/span><br \/>\n<\/label>\n\t\t<\/p>\n\t\t<p><label>N\u00famero de tel\u00e9fono<br \/>\n<span class=\"wpcf7-form-control-wrap\" data-name=\"your-tel\"><input size=\"40\" maxlength=\"400\" class=\"wpcf7-form-control wpcf7-tel wpcf7-validates-as-required wpcf7-text wpcf7-validates-as-tel\" aria-required=\"true\" aria-invalid=\"false\" placeholder=\"600 000 000\" value=\"\" type=\"tel\" name=\"your-tel\" \/><\/span><br \/>\n<\/label>\n\t\t<\/p>\n\t\t<p><label>Personas<br \/>\n<span class=\"wpcf7-form-control-wrap\" data-name=\"personas\"><select class=\"wpcf7-form-control wpcf7-select wpcf7-validates-as-required\" aria-required=\"true\" aria-invalid=\"false\" name=\"personas\"><option value=\"1\">1<\/option><option value=\"2\">2<\/option><option value=\"3\">3<\/option><option value=\"4\">4<\/option><option value=\"5\">5<\/option><option value=\"6\">6<\/option><option value=\"7\">7<\/option><\/select><\/span><br \/>\n<\/label>\n\t\t<\/p>\n\t<\/div>\n\n <!-- LINEA 2 -->\n\t<div class=\"cf7-grid cf7-line-2\">\n\t\t<p><label>Fecha de recogida<br \/>\n<span class=\"wpcf7-form-control-wrap\" data-name=\"fecha-recogida\"><input class=\"wpcf7-form-control wpcf7-date wpcf7-validates-as-required wpcf7-validates-as-date\" aria-required=\"true\" aria-invalid=\"false\" value=\"\" type=\"date\" name=\"fecha-recogida\" \/><\/span><br \/>\n<\/label>\n\t\t<\/p>\n\t\t<p><label>Fecha de entrega<br \/>\n<span class=\"wpcf7-form-control-wrap\" data-name=\"fecha-entrega\"><input class=\"wpcf7-form-control wpcf7-date wpcf7-validates-as-required wpcf7-validates-as-date\" aria-required=\"true\" aria-invalid=\"false\" value=\"\" type=\"date\" name=\"fecha-entrega\" \/><\/span><br \/>\n<\/label>\n\t\t<\/p>\n\t\t<p><label class=\"cf7-modelo\">Modelo<br \/>\n<span class=\"wpcf7-form-control-wrap\" data-name=\"modelo\"><select class=\"wpcf7-form-control wpcf7-select wpcf7-validates-as-required\" aria-required=\"true\" aria-invalid=\"false\" name=\"modelo\"><option value=\"\">&#8212;Por favor, elige una opci\u00f3n&#8212;<\/option><option value=\"Giottiline 386\">Giottiline 386<\/option><option value=\"Giottiline 440\">Giottiline 440<\/option><option value=\"CI HORON 95 XT\">CI HORON 95 XT<\/option><option value=\"CI HORON 84XT\">CI HORON 84XT<\/option><option value=\"CI HORON 65XT\">CI HORON 65XT<\/option><option value=\"CI HORON 77M\">CI HORON 77M<\/option><option value=\"Rimor Seal 67 Plus\">Rimor Seal 67 Plus<\/option><option value=\"MC LOUIS MENFYS\">MC LOUIS MENFYS<\/option><option value=\"MC LOUIS GLAMYS 322\">MC LOUIS GLAMYS 322<\/option><option value=\"MC LOUIS MENFYS S-LINE\">MC LOUIS MENFYS S-LINE<\/option><option value=\"MC LOUIS 79G KARAT\">MC LOUIS 79G KARAT<\/option><option value=\"Rimor Kayak 69 Plus\">Rimor Kayak 69 Plus<\/option><option value=\"Rimor Seal 9\">Rimor Seal 9<\/option><option value=\"CI HORON 79M\">CI HORON 79M<\/option><option value=\"Caravana Burstner 465 TS FIFTY\">Caravana Burstner 465 TS FIFTY<\/option><option value=\"Rimor HORUS 35\">Rimor HORUS 35<\/option><\/select><\/span><br \/>\n<\/label>\n\t\t<\/p>\n\t<\/div>\n\n <!-- LINEA 3 MENSAJE -->\n\t<div class=\"cf7-message-row\">\n\t\t<p><label>Mensaje (opcional)<br \/>\n<span class=\"wpcf7-form-control-wrap\" data-name=\"your-message\"><textarea cols=\"40\" rows=\"10\" maxlength=\"2000\" class=\"wpcf7-form-control wpcf7-textarea\" aria-invalid=\"false\" placeholder=\"Do you have any questions or special requests?\" name=\"your-message\"><\/textarea><\/span><br \/>\n<\/label><br \/>\n<label for=\"acepto\"><br \/>\n<span class=\"wpcf7-form-control-wrap\" data-name=\"acceptance-536\"><span class=\"wpcf7-form-control wpcf7-acceptance\"><span class=\"wpcf7-list-item\"><input type=\"checkbox\" name=\"acceptance-536\" value=\"1\" id=\"acepto\" aria-invalid=\"false\" \/><\/span><\/span><\/span> He le\u00eddo y acepto las <a href=\"\/aviso-legal\/\" target=\"_blank\">condiciones de uso<\/a><br \/>\ny la <a href=\"\/privacidad-de-proteccion-de-datos\/\">Pol\u00edtica de privacidad<\/a><br \/>\n<\/label>\n\t\t<\/p>\n\t<\/div>\n\n <!-- LINEA 4 BOTON -->\n\t<div class=\"cf7-submit-row\">\n\t\t<p><input class=\"wpcf7-form-control wpcf7-submit has-spinner\" type=\"submit\" value=\"Reservar\" \/>\n\t\t<\/p>\n\t<\/div>\n<\/div><div class=\"wpcf7-response-output\" aria-hidden=\"true\"><\/div>\n<\/form>\n<\/div>\n\n\n<div class=\"dad65929\">\n<div class=\"_4f9bf79 d7dc56a8 _43c05b5\">\n<div class=\"ds-message _656c965\">\n<div class=\"ds-markdown\">\n<h2 class=\"ds-markdown-paragraph\">Por que escolher o aluguel de Campers em Madri com a Camperdadi?<\/h2>\n<p class=\"ds-markdown-paragraph\">Na Camperdadi, h\u00e1 mais de 10 anos realizamos os sonhos de viajantes que buscam liberdade absoluta. Voc\u00ea imagina acordar todos os dias com uma vista nova da sua janela? Nossas vans camper e campers s\u00e3o projetadas para oferecer essa flexibilidade, permitindo que voc\u00ea explore no seu ritmo e crie uma aventura \u00fanica.<\/p>\n<p class=\"ds-markdown-paragraph\">Viva uma experi\u00eancia inesquec\u00edvel: <strong>alugue uma camper em Madri<\/strong><br \/>Alugar uma camper com a Camperdadi \u00e9 sin\u00f4nimo de descoberta e autonomia. Combine o conforto de uma casa sobre rodas com a emo\u00e7\u00e3o da estrada. Crie sua rota, mude de planos em movimento e desfrute de uma sensa\u00e7\u00e3o de liberdade que s\u00f3 uma viagem de camper pode proporcionar.<\/p>\n<p class=\"ds-markdown-paragraph\"><strong>Uma frota moderna e perfeitamente equipada<\/strong><br \/>Selecionamos cuidadosamente cada ve\u00edculo para garantir seu conforto e seguran\u00e7a. Nossos campers e vans camper, com idade m\u00e1xima de 2 anos, incluem:<\/p>\n<ul>\n<li>\n<p class=\"ds-markdown-paragraph\">Amplas \u00e1reas de descanso.<\/p>\n<\/li>\n<li>\n<p class=\"ds-markdown-paragraph\">Cozinha completa com tudo o que \u00e9 necess\u00e1rio.<\/p>\n<\/li>\n<li>\n<p class=\"ds-markdown-paragraph\">Banheiro privativo com chuveiro.<\/p>\n<\/li>\n<li>\n<p class=\"ds-markdown-paragraph\">Sistemas de aquecimento e ar condicionado.<\/p>\n<\/li>\n<li>\n<p class=\"ds-markdown-paragraph\">Equipamento extra: Toldo, placa solar, inversor, TV e fechaduras de seguran\u00e7a.<\/p>\n<\/li>\n<\/ul>\n<p class=\"ds-markdown-paragraph\"><strong>Madri: seu ponto de partida ideal<\/strong><br \/>Nossa base fica em Madri, o cora\u00e7\u00e3o da Espanha e o lugar perfeito para come\u00e7ar sua rota. Daqui voc\u00ea poder\u00e1 descobrir com facilidade:<\/p>\n<ul>\n<li>\n<p class=\"ds-markdown-paragraph\"><strong>A capital espanhola:<\/strong> Mergulhe na cultura e lazer de Madri.<\/p>\n<\/li>\n<li>\n<p class=\"ds-markdown-paragraph\"><strong>Toda a Pen\u00ednsula:<\/strong> Explore destinos pr\u00f3ximos como Castela e Le\u00e3o, Andaluzia, a Comunidade Valenciana, o Pa\u00eds Basco ou a Gal\u00edcia.<\/p>\n<\/li>\n<li>\n<p class=\"ds-markdown-paragraph\"><strong>A neve e a montanha:<\/strong> A menos de uma hora, a Serra de Guadarrama espera por voc\u00ea com suas esta\u00e7\u00f5es de esqui no inverno e suas incr\u00edveis trilhas de caminhada no ver\u00e3o.<\/p>\n<\/li>\n<li>\n<p class=\"ds-markdown-paragraph\"><strong>Europa sem limites:<\/strong> Muitos de nossos clientes iniciam aqui sua grande viagem por pa\u00edses como Portugal, Fran\u00e7a, It\u00e1lia, Alemanha ou at\u00e9 mesmo al\u00e9m, em dire\u00e7\u00e3o a destinos como a Turquia.<\/p>\n<\/li>\n<\/ul>\n<p class=\"ds-markdown-paragraph\"><strong>Confian\u00e7a nas melhores marcas<\/strong><br \/>Trabalhamos com os fabricantes mais prestigiados para garantir a m\u00e1xima confiabilidade:<\/p>\n<ul>\n<li>\n<p class=\"ds-markdown-paragraph\">Giottiline<\/p>\n<\/li>\n<li>\n<p class=\"ds-markdown-paragraph\">Mc Louis<\/p>\n<\/li>\n<li>\n<p class=\"ds-markdown-paragraph\">Rimor<\/p>\n<\/li>\n<li>\n<p class=\"ds-markdown-paragraph\">B\u00fcrstner<\/p>\n<\/li>\n<\/ul>\n<p class=\"ds-markdown-paragraph\"><strong>Tipos de ve\u00edculos para cada aventura<\/strong><\/p>\n<ul>\n<li>\n<p class=\"ds-markdown-paragraph\"><strong>Vans ou Camper<\/strong><\/p>\n<\/li>\n<li>\n<p class=\"ds-markdown-paragraph\">Motorhomes integrais<\/p>\n<\/li>\n<li>\n<p class=\"ds-markdown-paragraph\">Trailers<\/p>\n<\/li>\n<li>\n<p class=\"ds-markdown-paragraph\">Barcos<\/p>\n<\/li>\n<\/ul>\n<p class=\"ds-markdown-paragraph\"><strong>Como reservar sua camper?<\/strong><br \/>\u00c9 muito f\u00e1cil come\u00e7ar sua aventura:<\/p>\n<ul>\n<li>\n<p class=\"ds-markdown-paragraph\">Telefone: +34 91 082 06 32<\/p>\n<\/li>\n<li>\n<p class=\"ds-markdown-paragraph\">WhatsApp: +34 639 266 865<\/p>\n<\/li>\n<li>\n<p class=\"ds-markdown-paragraph\">E-mail: <a href=\"https:\/\/mailto:info@autocaravanascamperdadi.com\/pt-br\/\" target=\"_blank\" rel=\"noopener noreferrer\">info@autocaravanascamperdadi.com<\/a><\/p>\n<\/li>\n<\/ul>\n<p class=\"ds-markdown-paragraph\"><strong>Condi\u00e7\u00f5es de aluguel<\/strong><\/p>\n<ul>\n<li>\n<p class=\"ds-markdown-paragraph\"><strong>Idade m\u00ednima:<\/strong> 25 anos.<\/p>\n<\/li>\n<li>\n<p class=\"ds-markdown-paragraph\"><strong>Carteira de motorista:<\/strong> Carteira de turismo (tipo B) com antiguidade m\u00ednima de 2 anos. Para condutores n\u00e3o comunit\u00e1rios, aceita-se a carteira nacional v\u00e1lida (n\u00e3o \u00e9 necess\u00e1ria a internacional).<\/p>\n<\/li>\n<li>\n<p class=\"ds-markdown-paragraph\"><strong>Estacionamento:<\/strong> Oferecemos estacionamento gratuito para seu ve\u00edculo durante o aluguel.<\/p>\n<\/li>\n<li>\n<p class=\"ds-markdown-paragraph\"><strong>Animais de estima\u00e7\u00e3o:<\/strong> Viaje com seu amigo peludo! N\u00f3s os aceitamos sem problemas.<\/p>\n<\/li>\n<li>\n<p class=\"ds-markdown-paragraph\"><strong>Lugares:<\/strong> Ve\u00edculos dispon\u00edveis de 2 a 7 lugares.<\/p>\n<\/li>\n<li>\n<p class=\"ds-markdown-paragraph\"><strong>Reserva:<\/strong> Para confirmar, paga-se 30% do valor total.<\/p>\n<\/li>\n<li>\n<p class=\"ds-markdown-paragraph\"><strong>Cau\u00e7\u00e3o:<\/strong> 750,00 \u20ac no momento da entrega (com cart\u00e3o de cr\u00e9dito).<\/p>\n<\/li>\n<li>\n<p class=\"ds-markdown-paragraph\"><strong>Localiza\u00e7\u00e3o:<\/strong> Retirada e devolu\u00e7\u00e3o na Rua do Po\u00e7o, 3, 28860 Paracuellos de Jarama (Madri). Oferecemos servi\u00e7o de busca no Aeroporto de Madri-Barajas ou na Esta\u00e7\u00e3o de Atocha (consulte suplemento).<\/p>\n<\/li>\n<\/ul>\n<p class=\"ds-markdown-paragraph\"><strong>Dias m\u00ednimos de aluguel:<\/strong><\/p>\n<ul>\n<li>\n<p class=\"ds-markdown-paragraph\"><strong>Temporada Alta:<\/strong> Semana Santa, Feriados (m\u00edn. 5 dias); Julho e Agosto (m\u00edn. 15 dias).<\/p>\n<\/li>\n<li>\n<p class=\"ds-markdown-paragraph\"><strong>Temporada M\u00e9dia:<\/strong> Junho e Setembro (m\u00edn. 7 dias).<\/p>\n<\/li>\n<li>\n<p class=\"ds-markdown-paragraph\"><strong>Temporada Baixa:<\/strong> Resto do ano (m\u00edn. 3 dias). Fim de semana: 3 dias (de sexta a segunda de manh\u00e3).<\/p>\n<\/li>\n<\/ul>\n<p class=\"ds-markdown-paragraph\"><strong>Liberdade para viajar pela Europa<\/strong><br \/>Com nossos ve\u00edculos voc\u00ea pode circular sem restri\u00e7\u00f5es por toda a Uni\u00e3o Europeia e pa\u00edses como Reino Unido, Su\u00ed\u00e7a, Noruega, Turquia e muitos outros. Consulte a lista completa de pa\u00edses permitidos.<\/p>\n<p class=\"ds-markdown-paragraph\"><strong>Para nossos amigos da Am\u00e9rica Latina<\/strong><br \/>Bem-vindos! A cada ano, mais fam\u00edlias da Argentina, Brasil, Uruguai e Chile escolhem a Camperdadi para descobrir a Espanha e a Europa. Oferecemos uma forma segura, econ\u00f4mica e cheia de independ\u00eancia para conhecer o velho continente. N\u00f3s o buscamos no aeroporto e ajudamos em tudo para que sua experi\u00eancia seja inesquec\u00edvel.<\/p>\n<h2 class=\"ds-markdown-paragraph\">Vantagens de viajar de camper com a Camperdadi<\/h2>\n<ul>\n<li>\n<p class=\"ds-markdown-paragraph\"><strong>Liberdade e flexibilidade:<\/strong> Esque\u00e7a hor\u00e1rios de trens, avi\u00f5es e hot\u00e9is. Sua rota quem decide \u00e9 voc\u00ea.<\/p>\n<\/li>\n<li>\n<p class=\"ds-markdown-paragraph\"><strong>Conforto de lar:<\/strong> Voc\u00ea leva tudo com voc\u00ea: cama, cozinha e banheiro.<\/p>\n<\/li>\n<li>\n<p class=\"ds-markdown-paragraph\"><strong>Economia:<\/strong> Comparado ao custo de um carro alugado + hotel + restaurantes, \u00e9 muito competitivo.<\/p>\n<\/li>\n<li>\n<p class=\"ds-markdown-paragraph\"><strong>Suporte 24\/7:<\/strong> Nossa equipe est\u00e1 dispon\u00edvel por telefone ou WhatsApp durante toda a sua viagem para ajudar com qualquer d\u00favida, mesmo que voc\u00ea seja um condutor novato.<\/p>\n<\/li>\n<li>\n<p class=\"ds-markdown-paragraph\"><strong>Ve\u00edculos novos:<\/strong> Frota com menos de 2 anos, o que garante tranquilidade e menos avarias.<\/p>\n<\/li>\n<\/ul>\n<h2 class=\"ds-markdown-paragraph\">Dicas para sua aventura de camper<\/h2>\n<ul>\n<li>\n<p class=\"ds-markdown-paragraph\"><strong>Reserve seu camping com anteced\u00eancia,<\/strong> especialmente no ver\u00e3o.<\/p>\n<\/li>\n<li>\n<p class=\"ds-markdown-paragraph\"><strong>Planeje sua rota<\/strong> para evitar imprevistos.<\/p>\n<\/li>\n<li>\n<p class=\"ds-markdown-paragraph\"><strong>Consulte o clima<\/strong> e fa\u00e7a as malas com as roupas adequadas.<\/p>\n<\/li>\n<li>\n<p class=\"ds-markdown-paragraph\"><strong>Baixe aplicativos \u00fateis<\/strong> como Park4Night, Campercontact ou iOverlander para encontrar \u00e1reas de servi\u00e7o e lugares ideais para pernoitar.<\/p>\n<\/li>\n<li>\n<p class=\"ds-markdown-paragraph\"><strong>Seja flex\u00edvel<\/strong> e aproveite a viagem, n\u00e3o apenas o destino.<\/p>\n<\/li>\n<\/ul>\n<p class=\"ds-markdown-paragraph\"><strong>Precisa da carteira internacional?<\/strong><br \/>Para clientes n\u00e3o residentes na UE, <strong>N\u00c3O \u00e9 necess\u00e1ria a carteira internacional<\/strong>. \u00c9 suficiente apresentar sua licen\u00e7a de condu\u00e7\u00e3o original e v\u00e1lida do seu pa\u00eds de origem.<\/p>\n<p class=\"ds-markdown-paragraph\"><strong>Onde se pode pernoitar?<\/strong><br \/>Na Espanha \u00e9 <strong>proibido acampamento livre<\/strong> (desdobrar mesas, cadeiras ou toldo fora do ve\u00edculo). No entanto, \u00e9 permitido <strong>pernoitar<\/strong> (dormir dentro) na camper estacionada em local permitido, sempre sem incomodar e sem estender elementos para o exterior. As melhores op\u00e7\u00f5es s\u00e3o:<\/p>\n<ul>\n<li>\n<p class=\"ds-markdown-paragraph\">Campings oficiais (com todos os servi\u00e7os).<\/p>\n<\/li>\n<li>\n<p class=\"ds-markdown-paragraph\">\u00c1reas de motorhomes autorizadas.<\/p>\n<\/li>\n<li>\n<p class=\"ds-markdown-paragraph\">Estacionamentos onde n\u00e3o seja explicitamente proibido.<\/p>\n<\/li>\n<\/ul>\n<p class=\"ds-markdown-paragraph\"><strong>Descubra uma nova forma de viajar<\/strong><br \/>Na Camperdadi, convidamos voc\u00ea a fugir da rotina e viver aventuras inesquec\u00edveis. Sua camper abre as portas para um mundo de possibilidades sob o sol.<\/p>\n<p class=\"ds-markdown-paragraph\"><strong>Pronto para come\u00e7ar? Reserve j\u00e1 sua camper em Madri e viva a estrada.<\/strong><br \/>Esperamos por voc\u00ea!<\/p>\n<\/div>\n<\/div>\n<\/div>\n<\/div>\n\n\t\t<\/div>\n\t\t\t\t\t<\/div>\n\n\t\n\n<\/div>\n\n","protected":false},"excerpt":{"rendered":"","protected":false},"author":15,"featured_media":0,"parent":0,"menu_order":0,"comment_status":"closed","ping_status":"closed","template":"","meta":{"footnotes":""},"class_list":["post-28482","page","type-page","status-publish","hentry"],"yoast_head":"<!-- This site is optimized with the Yoast SEO plugin v28.3 - https:\/\/yoast.com\/product\/yoast-seo-wordpress\/ -->\n<title>Aluguel de Campers em Madri - Camperdadi<\/title>\n<meta name=\"robots\" content=\"index, follow, max-snippet:-1, max-image-preview:large, max-video-preview:-1\" \/>\n<link rel=\"canonical\" href=\"https:\/\/autocaravanascamperdadi.com\/pt-br\/aluguel-de-campers-em-madri\/\" \/>\n<meta property=\"og:locale\" content=\"pt_BR\" \/>\n<meta property=\"og:type\" content=\"article\" \/>\n<meta property=\"og:title\" content=\"Aluguel de Campers em Madri - Camperdadi\" \/>\n<meta property=\"og:url\" content=\"https:\/\/autocaravanascamperdadi.com\/pt-br\/aluguel-de-campers-em-madri\/\" \/>\n<meta property=\"og:site_name\" content=\"Camperdadi\" \/>\n<meta property=\"article:publisher\" content=\"https:\/\/es-es.facebook.com\/camperdadi\/\" \/>\n<meta property=\"article:modified_time\" content=\"2026-08-31T17:32:38+00:00\" \/>\n<meta property=\"og:image\" content=\"https:\/\/autocaravanascamperdadi.com\/wp-content\/uploads\/2024\/09\/30725337_2008095519453542_2182825795712450560_o-600x600-1.jpg\" \/>\n\t<meta property=\"og:image:width\" content=\"600\" \/>\n\t<meta property=\"og:image:height\" content=\"600\" \/>\n\t<meta property=\"og:image:type\" content=\"image\/jpeg\" \/>\n<meta name=\"twitter:card\" content=\"summary_large_image\" \/>\n<meta name=\"twitter:site\" content=\"@camperdadi\" \/>\n<meta name=\"twitter:label1\" content=\"Est. tempo de leitura\" \/>\n\t<meta name=\"twitter:data1\" content=\"5 minutos\" \/>\n<script type=\"application\/ld+json\" class=\"yoast-schema-graph\">{\"@context\":\"https:\\\/\\\/schema.org\",\"@graph\":[{\"@type\":\"WebPage\",\"@id\":\"https:\\\/\\\/autocaravanascamperdadi.com\\\/pt-br\\\/aluguel-de-campers-em-madri\\\/\",\"url\":\"https:\\\/\\\/autocaravanascamperdadi.com\\\/pt-br\\\/aluguel-de-campers-em-madri\\\/\",\"name\":\"Aluguel de Campers em Madri - Camperdadi\",\"isPartOf\":{\"@id\":\"https:\\\/\\\/autocaravanascamperdadi.com\\\/en\\\/#website\"},\"datePublished\":\"2026-08-31T09:48:34+00:00\",\"dateModified\":\"2026-08-31T17:32:38+00:00\",\"breadcrumb\":{\"@id\":\"https:\\\/\\\/autocaravanascamperdadi.com\\\/pt-br\\\/aluguel-de-campers-em-madri\\\/#breadcrumb\"},\"inLanguage\":\"pt-BR\",\"potentialAction\":[{\"@type\":\"ReadAction\",\"target\":[\"https:\\\/\\\/autocaravanascamperdadi.com\\\/pt-br\\\/aluguel-de-campers-em-madri\\\/\"]}]},{\"@type\":\"BreadcrumbList\",\"@id\":\"https:\\\/\\\/autocaravanascamperdadi.com\\\/pt-br\\\/aluguel-de-campers-em-madri\\\/#breadcrumb\",\"itemListElement\":[{\"@type\":\"ListItem\",\"position\":1,\"name\":\"Portada\",\"item\":\"https:\\\/\\\/autocaravanascamperdadi.com\\\/pt-br\\\/\"},{\"@type\":\"ListItem\",\"position\":2,\"name\":\"Aluguel de Campers em Madri\"}]},{\"@type\":\"WebSite\",\"@id\":\"https:\\\/\\\/autocaravanascamperdadi.com\\\/en\\\/#website\",\"url\":\"https:\\\/\\\/autocaravanascamperdadi.com\\\/en\\\/\",\"name\":\"Autocaravanas Camperdadi\",\"description\":\"Alquiler de autocaravanas y caravanas\",\"publisher\":{\"@id\":\"https:\\\/\\\/autocaravanascamperdadi.com\\\/en\\\/#organization\"},\"potentialAction\":[{\"@type\":\"SearchAction\",\"target\":{\"@type\":\"EntryPoint\",\"urlTemplate\":\"https:\\\/\\\/autocaravanascamperdadi.com\\\/en\\\/?s={search_term_string}\"},\"query-input\":{\"@type\":\"PropertyValueSpecification\",\"valueRequired\":true,\"valueName\":\"search_term_string\"}}],\"inLanguage\":\"pt-BR\"},{\"@type\":\"Organization\",\"@id\":\"https:\\\/\\\/autocaravanascamperdadi.com\\\/en\\\/#organization\",\"name\":\"Camperdadi\",\"url\":\"https:\\\/\\\/autocaravanascamperdadi.com\\\/en\\\/\",\"logo\":{\"@type\":\"ImageObject\",\"inLanguage\":\"pt-BR\",\"@id\":\"https:\\\/\\\/autocaravanascamperdadi.com\\\/en\\\/#\\\/schema\\\/logo\\\/image\\\/\",\"url\":\"https:\\\/\\\/autocaravanascamperdadi.com\\\/wp-content\\\/uploads\\\/2017\\\/08\\\/cropped-logo.png\",\"contentUrl\":\"https:\\\/\\\/autocaravanascamperdadi.com\\\/wp-content\\\/uploads\\\/2017\\\/08\\\/cropped-logo.png\",\"width\":512,\"height\":512,\"caption\":\"Camperdadi\"},\"image\":{\"@id\":\"https:\\\/\\\/autocaravanascamperdadi.com\\\/en\\\/#\\\/schema\\\/logo\\\/image\\\/\"},\"sameAs\":[\"https:\\\/\\\/es-es.facebook.com\\\/camperdadi\\\/\",\"https:\\\/\\\/x.com\\\/camperdadi\",\"https:\\\/\\\/www.instagram.com\\\/autocaravanascamperdadi\\\/?hl=es\"]}]}<\/script>\n<!-- \/ Yoast SEO plugin. -->","yoast_head_json":{"title":"Aluguel de Campers em Madri - Camperdadi","robots":{"index":"index","follow":"follow","max-snippet":"max-snippet:-1","max-image-preview":"max-image-preview:large","max-video-preview":"max-video-preview:-1"},"canonical":"https:\/\/autocaravanascamperdadi.com\/pt-br\/aluguel-de-campers-em-madri\/","og_locale":"pt_BR","og_type":"article","og_title":"Aluguel de Campers em Madri - Camperdadi","og_url":"https:\/\/autocaravanascamperdadi.com\/pt-br\/aluguel-de-campers-em-madri\/","og_site_name":"Camperdadi","article_publisher":"https:\/\/es-es.facebook.com\/camperdadi\/","article_modified_time":"2026-08-31T17:32:38+00:00","og_image":[{"width":600,"height":600,"url":"https:\/\/autocaravanascamperdadi.com\/wp-content\/uploads\/2024\/09\/30725337_2008095519453542_2182825795712450560_o-600x600-1.jpg","type":"image\/jpeg"}],"twitter_card":"summary_large_image","twitter_site":"@camperdadi","twitter_misc":{"Est. tempo de leitura":"5 minutos"},"schema":{"@context":"https:\/\/schema.org","@graph":[{"@type":"WebPage","@id":"https:\/\/autocaravanascamperdadi.com\/pt-br\/aluguel-de-campers-em-madri\/","url":"https:\/\/autocaravanascamperdadi.com\/pt-br\/aluguel-de-campers-em-madri\/","name":"Aluguel de Campers em Madri - Camperdadi","isPartOf":{"@id":"https:\/\/autocaravanascamperdadi.com\/en\/#website"},"datePublished":"2026-08-31T09:48:34+00:00","dateModified":"2026-08-31T17:32:38+00:00","breadcrumb":{"@id":"https:\/\/autocaravanascamperdadi.com\/pt-br\/aluguel-de-campers-em-madri\/#breadcrumb"},"inLanguage":"pt-BR","potentialAction":[{"@type":"ReadAction","target":["https:\/\/autocaravanascamperdadi.com\/pt-br\/aluguel-de-campers-em-madri\/"]}]},{"@type":"BreadcrumbList","@id":"https:\/\/autocaravanascamperdadi.com\/pt-br\/aluguel-de-campers-em-madri\/#breadcrumb","itemListElement":[{"@type":"ListItem","position":1,"name":"Portada","item":"https:\/\/autocaravanascamperdadi.com\/pt-br\/"},{"@type":"ListItem","position":2,"name":"Aluguel de Campers em Madri"}]},{"@type":"WebSite","@id":"https:\/\/autocaravanascamperdadi.com\/en\/#website","url":"https:\/\/autocaravanascamperdadi.com\/en\/","name":"Autocaravanas Camperdadi","description":"Alquiler de autocaravanas y caravanas","publisher":{"@id":"https:\/\/autocaravanascamperdadi.com\/en\/#organization"},"potentialAction":[{"@type":"SearchAction","target":{"@type":"EntryPoint","urlTemplate":"https:\/\/autocaravanascamperdadi.com\/en\/?s={search_term_string}"},"query-input":{"@type":"PropertyValueSpecification","valueRequired":true,"valueName":"search_term_string"}}],"inLanguage":"pt-BR"},{"@type":"Organization","@id":"https:\/\/autocaravanascamperdadi.com\/en\/#organization","name":"Camperdadi","url":"https:\/\/autocaravanascamperdadi.com\/en\/","logo":{"@type":"ImageObject","inLanguage":"pt-BR","@id":"https:\/\/autocaravanascamperdadi.com\/en\/#\/schema\/logo\/image\/","url":"https:\/\/autocaravanascamperdadi.com\/wp-content\/uploads\/2017\/08\/cropped-logo.png","contentUrl":"https:\/\/autocaravanascamperdadi.com\/wp-content\/uploads\/2017\/08\/cropped-logo.png","width":512,"height":512,"caption":"Camperdadi"},"image":{"@id":"https:\/\/autocaravanascamperdadi.com\/en\/#\/schema\/logo\/image\/"},"sameAs":["https:\/\/es-es.facebook.com\/camperdadi\/","https:\/\/x.com\/camperdadi","https:\/\/www.instagram.com\/autocaravanascamperdadi\/?hl=es"]}]}},"_links":{"self":[{"href":"https:\/\/autocaravanascamperdadi.com\/pt-br\/wp-json\/wp\/v2\/pages\/28482","targetHints":{"allow":["GET"]}}],"collection":[{"href":"https:\/\/autocaravanascamperdadi.com\/pt-br\/wp-json\/wp\/v2\/pages"}],"about":[{"href":"https:\/\/autocaravanascamperdadi.com\/pt-br\/wp-json\/wp\/v2\/types\/page"}],"author":[{"embeddable":true,"href":"https:\/\/autocaravanascamperdadi.com\/pt-br\/wp-json\/wp\/v2\/users\/15"}],"replies":[{"embeddable":true,"href":"https:\/\/autocaravanascamperdadi.com\/pt-br\/wp-json\/wp\/v2\/comments?post=28482"}],"version-history":[{"count":3,"href":"https:\/\/autocaravanascamperdadi.com\/pt-br\/wp-json\/wp\/v2\/pages\/28482\/revisions"}],"predecessor-version":[{"id":28958,"href":"https:\/\/autocaravanascamperdadi.com\/pt-br\/wp-json\/wp\/v2\/pages\/28482\/revisions\/28958"}],"wp:attachment":[{"href":"https:\/\/autocaravanascamperdadi.com\/pt-br\/wp-json\/wp\/v2\/media?parent=28482"}],"curies":[{"name":"wp","href":"https:\/\/api.w.org\/{rel}","templated":true}]}}