{"id":28486,"date":"2026-08-31T09:50:42","date_gmt":"2026-08-31T09:50:42","guid":{"rendered":"https:\/\/autocaravanascamperdadi.com\/?page_id=28486"},"modified":"2026-08-31T17:31:59","modified_gmt":"2026-08-31T17:31:59","slug":"aluguel-de-trailers-em-madri-espanha","status":"publish","type":"page","link":"https:\/\/autocaravanascamperdadi.com\/pt-br\/aluguel-de-trailers-em-madri-espanha\/","title":{"rendered":"Aluguel de trailers em Madri, Espanha"},"content":{"rendered":"\n\n  <div class=\"banner has-hover has-parallax\" id=\"banner-190390541\">\n          <div class=\"banner-inner fill\">\n        <div class=\"banner-bg fill\" data-parallax=\"-3\" data-parallax-container=\".banner\" data-parallax-background>\n            <img loading=\"lazy\" decoding=\"async\" width=\"900\" height=\"600\" src=\"https:\/\/autocaravanascamperdadi.com\/wp-content\/uploads\/2017\/08\/viajar.jpg\" class=\"bg attachment-large size-large\" alt=\"\" \/>                        <div class=\"overlay\"><\/div>            \n                    <\/div>\n\t\t\n        <div class=\"banner-layers container\">\n            <div class=\"fill banner-link\"><\/div>            \n\n   <div id=\"text-box-1864154404\" class=\"text-box banner-layer x50 md-x50 lg-x50 y80 md-y80 lg-y80 res-text\">\n                                <div class=\"text-box-content text dark\">\n              \n              <div class=\"text-inner text-center\">\n                  \n\n<h1 class=\"lead\">Aluguel de trailers em Madri, Espanha<\/h1>\n\n              <\/div>\n           <\/div>\n                            \n<style>\n#text-box-1864154404 {\n  margin: 10px 100px 0px 0px;\n  width: 60%;\n}\n#text-box-1864154404 .text-box-content {\n  font-size: 100%;\n}\n<\/style>\n    <\/div>\n \n\n        <\/div>\n      <\/div>\n\n            \n<style>\n#banner-190390541 {\n  padding-top: 320px;\n}\n#banner-190390541 .overlay {\n  background-color: rgba(0, 0, 0, 0.49);\n}\n#banner-190390541 .banner-bg img {\n  object-position: 0%100%;\n}\n<\/style>\n  <\/div>\n\n\n\t\n  \n    <div class=\"row large-columns-4 medium-columns-3 small-columns-2 row-small\" >\n  \n\t     <div class=\"col\" >\n\t\t\t\t\t\t<div class=\"col-inner\">\n\t\t\t\t\t\t\n<div class=\"badge-container absolute left top z-1\">\n\n<\/div>\n\t\t\t\t\t\t<div class=\"product-small box has-hover box-normal box-text-bottom\">\n\t\t\t\t\t\t\t<div class=\"box-image\" >\n\t\t\t\t\t\t\t\t<div class=\"\" >\n\t\t\t\t\t\t\t\t\t<a href=\"https:\/\/autocaravanascamperdadi.com\/pt-br\/tienda\/aluguel-de-trailer-para-4-pessoas-burstner-465-ts-fifty\/\" aria-label=\"Aluguel de Trailer para 4 pessoas Burstner 465 TS FIFTY\">\n\t\t\t\t\t\t\t\t\t\t<img loading=\"lazy\" decoding=\"async\" width=\"300\" height=\"300\" src=\"https:\/\/autocaravanascamperdadi.com\/wp-content\/uploads\/2017\/09\/Burstner-465-1-300x300.jpg\" class=\"show-on-hover absolute fill hide-for-small back-image\" alt=\"Aluguel de Trailer para 4 pessoas Burstner 465 TS FIFTY\" aria-hidden=\"true\" srcset=\"https:\/\/autocaravanascamperdadi.com\/wp-content\/uploads\/2017\/09\/Burstner-465-1-300x300.jpg 300w, https:\/\/autocaravanascamperdadi.com\/wp-content\/uploads\/2017\/09\/Burstner-465-1-100x100.jpg 100w, https:\/\/autocaravanascamperdadi.com\/wp-content\/uploads\/2017\/09\/Burstner-465-1-280x280.jpg 280w, https:\/\/autocaravanascamperdadi.com\/wp-content\/uploads\/2017\/09\/Burstner-465-1-180x180.jpg 180w\" sizes=\"auto, (max-width: 300px) 100vw, 300px\" \/><img loading=\"lazy\" decoding=\"async\" width=\"300\" height=\"300\" src=\"https:\/\/autocaravanascamperdadi.com\/wp-content\/uploads\/2017\/09\/Burstner-465-300x300.jpg\" class=\"attachment-woocommerce_thumbnail size-woocommerce_thumbnail\" alt=\"Caravana Burstner 465 TS FIFTY\" srcset=\"https:\/\/autocaravanascamperdadi.com\/wp-content\/uploads\/2017\/09\/Burstner-465-300x300.jpg 300w, https:\/\/autocaravanascamperdadi.com\/wp-content\/uploads\/2017\/09\/Burstner-465-100x100.jpg 100w, https:\/\/autocaravanascamperdadi.com\/wp-content\/uploads\/2017\/09\/Burstner-465-280x280.jpg 280w, https:\/\/autocaravanascamperdadi.com\/wp-content\/uploads\/2017\/09\/Burstner-465-180x180.jpg 180w\" sizes=\"auto, (max-width: 300px) 100vw, 300px\" \/>\t\t\t\t\t\t\t\t\t<\/a>\n\t\t\t\t\t\t\t\t\t\t\t\t\t\t\t\t\t\t \t\t\t\t\t\t\t\t<\/div>\n\t\t\t\t\t\t\t\t<div class=\"image-tools top right show-on-hover\">\n\t\t\t\t\t\t\t\t\t\t\t\t\t\t\t\t\t<\/div>\n\t\t\t\t\t\t\t\t\t\t\t\t\t\t\t\t\t<div class=\"image-tools grid-tools text-center hide-for-small bottom hover-slide-in show-on-hover\">\n\t\t\t\t\t\t\t\t\t\t<a href=\"#quick-view\" class=\"quick-view\" role=\"button\" data-prod=\"28933\" aria-haspopup=\"dialog\" aria-expanded=\"false\" data-flatsome-role-button>Visualiza\u00e7\u00e3o R\u00e1pida<\/a>\t\t\t\t\t\t\t\t\t<\/div>\n\t\t\t\t\t\t\t\t\t\t\t\t\t\t\t\t\t\t\t\t\t\t\t<\/div>\n\n\t\t\t\t\t\t\t<div class=\"box-text text-center\" >\n\t\t\t\t\t\t\t\t<div class=\"title-wrapper\">\t\t<p class=\"category uppercase is-smaller no-text-overflow product-cat op-8\">\n\t\t\tAluguel de Motorhome\t\t<\/p>\n\t<p class=\"name product-title woocommerce-loop-product__title\"><a href=\"https:\/\/autocaravanascamperdadi.com\/pt-br\/tienda\/aluguel-de-trailer-para-4-pessoas-burstner-465-ts-fifty\/\" class=\"woocommerce-LoopProduct-link woocommerce-loop-product__link\">Aluguel de Trailer para 4 pessoas Burstner 465 TS FIFTY<\/a><\/p><\/div><div class=\"price-wrapper\">\n\t<span class=\"price\"><span class=\"woocommerce-Price-amount amount\"><bdi>65,00&nbsp;<span class=\"woocommerce-Price-currencySymbol\" translate=\"no\">&euro;<\/span><\/bdi><\/span><\/span>\n<\/div>\t\t\t\t\t\t\t<\/div>\n\t\t\t\t\t\t<\/div>\n\t\t\t\t\t\t<\/div>\n\t\t\t\t\t<\/div><\/div>\n\n<div class=\"row\"  id=\"row-831292500\">\n\n\n\t<div id=\"col-715975846\" class=\"col small-12 large-12\"  >\n\t\t\t\t<div class=\"col-inner\"  >\n\t\t\t\n\t\t\t\n\n<h2>Reservar<\/h2>\n\n\n\n<div class=\"wpcf7 no-js\" id=\"wpcf7-f23402-o1\" lang=\"es-ES\" dir=\"ltr\" data-wpcf7-id=\"23402\">\n<div class=\"screen-reader-response\"><p role=\"status\" aria-live=\"polite\" aria-atomic=\"true\"><\/p> <ul><\/ul><\/div>\n<form action=\"\/pt-br\/wp-json\/wp\/v2\/pages\/28486#wpcf7-f23402-o1\" method=\"post\" class=\"wpcf7-form init\" aria-label=\"Formulario de contacto\" novalidate=\"novalidate\" data-status=\"init\">\n<fieldset class=\"hidden-fields-container\"><input type=\"hidden\" name=\"_wpcf7\" value=\"23402\" \/><input type=\"hidden\" name=\"_wpcf7_version\" value=\"6.1.7\" \/><input type=\"hidden\" name=\"_wpcf7_locale\" value=\"es_ES\" \/><input type=\"hidden\" name=\"_wpcf7_unit_tag\" value=\"wpcf7-f23402-o1\" \/><input type=\"hidden\" name=\"_wpcf7_container_post\" value=\"0\" \/><input type=\"hidden\" name=\"_wpcf7_posted_data_hash\" value=\"\" \/><input type=\"hidden\" name=\"_wpcf7_recaptcha_response\" value=\"\" \/>\n<\/fieldset>\n<div class=\"cf7-wrapper\">\n\n <!-- LINEA 1 -->\n\t<div class=\"cf7-grid cf7-line-1\">\n\t\t<p><label>Nombre y apellido<br \/>\n<span class=\"wpcf7-form-control-wrap\" data-name=\"your-name\"><input size=\"40\" maxlength=\"400\" class=\"wpcf7-form-control wpcf7-text wpcf7-validates-as-required\" aria-required=\"true\" aria-invalid=\"false\" placeholder=\"Ej: Juan P\u00e9rez\" value=\"\" type=\"text\" name=\"your-name\" \/><\/span><br \/>\n<\/label>\n\t\t<\/p>\n\t\t<p><label>Email<br \/>\n<span class=\"wpcf7-form-control-wrap\" data-name=\"your-email\"><input size=\"40\" maxlength=\"400\" class=\"wpcf7-form-control wpcf7-email wpcf7-validates-as-required wpcf7-text wpcf7-validates-as-email\" aria-required=\"true\" aria-invalid=\"false\" placeholder=\"ejemplo@correo.com\" value=\"\" type=\"email\" name=\"your-email\" \/><\/span><br \/>\n<\/label>\n\t\t<\/p>\n\t\t<p><label>N\u00famero de tel\u00e9fono<br \/>\n<span class=\"wpcf7-form-control-wrap\" data-name=\"your-tel\"><input size=\"40\" maxlength=\"400\" class=\"wpcf7-form-control wpcf7-tel wpcf7-validates-as-required wpcf7-text wpcf7-validates-as-tel\" aria-required=\"true\" aria-invalid=\"false\" placeholder=\"600 000 000\" value=\"\" type=\"tel\" name=\"your-tel\" \/><\/span><br \/>\n<\/label>\n\t\t<\/p>\n\t\t<p><label>Personas<br \/>\n<span class=\"wpcf7-form-control-wrap\" data-name=\"personas\"><select class=\"wpcf7-form-control wpcf7-select wpcf7-validates-as-required\" aria-required=\"true\" aria-invalid=\"false\" name=\"personas\"><option value=\"1\">1<\/option><option value=\"2\">2<\/option><option value=\"3\">3<\/option><option value=\"4\">4<\/option><option value=\"5\">5<\/option><option value=\"6\">6<\/option><option value=\"7\">7<\/option><\/select><\/span><br \/>\n<\/label>\n\t\t<\/p>\n\t<\/div>\n\n <!-- LINEA 2 -->\n\t<div class=\"cf7-grid cf7-line-2\">\n\t\t<p><label>Fecha de recogida<br \/>\n<span class=\"wpcf7-form-control-wrap\" data-name=\"fecha-recogida\"><input class=\"wpcf7-form-control wpcf7-date wpcf7-validates-as-required wpcf7-validates-as-date\" aria-required=\"true\" aria-invalid=\"false\" value=\"\" type=\"date\" name=\"fecha-recogida\" \/><\/span><br \/>\n<\/label>\n\t\t<\/p>\n\t\t<p><label>Fecha de entrega<br \/>\n<span class=\"wpcf7-form-control-wrap\" data-name=\"fecha-entrega\"><input class=\"wpcf7-form-control wpcf7-date wpcf7-validates-as-required wpcf7-validates-as-date\" aria-required=\"true\" aria-invalid=\"false\" value=\"\" type=\"date\" name=\"fecha-entrega\" \/><\/span><br \/>\n<\/label>\n\t\t<\/p>\n\t\t<p><label class=\"cf7-modelo\">Modelo<br \/>\n<span class=\"wpcf7-form-control-wrap\" data-name=\"modelo\"><select class=\"wpcf7-form-control wpcf7-select wpcf7-validates-as-required\" aria-required=\"true\" aria-invalid=\"false\" name=\"modelo\"><option value=\"\">&#8212;Por favor, elige una opci\u00f3n&#8212;<\/option><option value=\"Giottiline 386\">Giottiline 386<\/option><option value=\"Giottiline 440\">Giottiline 440<\/option><option value=\"CI HORON 95 XT\">CI HORON 95 XT<\/option><option value=\"CI HORON 84XT\">CI HORON 84XT<\/option><option value=\"CI HORON 65XT\">CI HORON 65XT<\/option><option value=\"CI HORON 77M\">CI HORON 77M<\/option><option value=\"Rimor Seal 67 Plus\">Rimor Seal 67 Plus<\/option><option value=\"MC LOUIS MENFYS\">MC LOUIS MENFYS<\/option><option value=\"MC LOUIS GLAMYS 322\">MC LOUIS GLAMYS 322<\/option><option value=\"MC LOUIS MENFYS S-LINE\">MC LOUIS MENFYS S-LINE<\/option><option value=\"MC LOUIS 79G KARAT\">MC LOUIS 79G KARAT<\/option><option value=\"Rimor Kayak 69 Plus\">Rimor Kayak 69 Plus<\/option><option value=\"Rimor Seal 9\">Rimor Seal 9<\/option><option value=\"CI HORON 79M\">CI HORON 79M<\/option><option value=\"Caravana Burstner 465 TS FIFTY\">Caravana Burstner 465 TS FIFTY<\/option><option value=\"Rimor HORUS 35\">Rimor HORUS 35<\/option><\/select><\/span><br \/>\n<\/label>\n\t\t<\/p>\n\t<\/div>\n\n <!-- LINEA 3 MENSAJE -->\n\t<div class=\"cf7-message-row\">\n\t\t<p><label>Mensaje (opcional)<br \/>\n<span class=\"wpcf7-form-control-wrap\" data-name=\"your-message\"><textarea cols=\"40\" rows=\"10\" maxlength=\"2000\" class=\"wpcf7-form-control wpcf7-textarea\" aria-invalid=\"false\" placeholder=\"Do you have any questions or special requests?\" name=\"your-message\"><\/textarea><\/span><br \/>\n<\/label><br \/>\n<label for=\"acepto\"><br \/>\n<span class=\"wpcf7-form-control-wrap\" data-name=\"acceptance-536\"><span class=\"wpcf7-form-control wpcf7-acceptance\"><span class=\"wpcf7-list-item\"><input type=\"checkbox\" name=\"acceptance-536\" value=\"1\" id=\"acepto\" aria-invalid=\"false\" \/><\/span><\/span><\/span> He le\u00eddo y acepto las <a href=\"\/aviso-legal\/\" target=\"_blank\">condiciones de uso<\/a><br \/>\ny la <a href=\"\/privacidad-de-proteccion-de-datos\/\">Pol\u00edtica de privacidad<\/a><br \/>\n<\/label>\n\t\t<\/p>\n\t<\/div>\n\n <!-- LINEA 4 BOTON -->\n\t<div class=\"cf7-submit-row\">\n\t\t<p><input class=\"wpcf7-form-control wpcf7-submit has-spinner\" type=\"submit\" value=\"Reservar\" \/>\n\t\t<\/p>\n\t<\/div>\n<\/div><div class=\"wpcf7-response-output\" aria-hidden=\"true\"><\/div>\n<\/form>\n<\/div>\n\n\n<p>Imagine acordar todas as manh\u00e3s em um lugar novo, com a liberdade de levar sua casa com voc\u00ea para onde a estrada o levar. Na Camperdadi, h\u00e1 mais de uma d\u00e9cada realizamos o sonho de viajar sem limites. Nossa experi\u00eancia de <b>mais de 10 anos no setor<\/b> nos permite oferecer a melhor aventura sobre rodas.<\/p>\n<h2>Nossa frota: Conforto, qualidade e versatilidade<\/h2>\n<p>Colocamos \u00e0 sua disposi\u00e7\u00e3o uma extensa sele\u00e7\u00e3o de <strong>trailers<\/strong>, campers e vans camper, meticulosamente mantidos para garantir uma viagem inesquec\u00edvel. Nossos ve\u00edculos est\u00e3o completamente equipados com todas as comodidades que voc\u00ea possa precisar: desde \u00e1reas de descanso confort\u00e1veis e cozinhas totalmente funcionais at\u00e9 banheiros privativos, al\u00e9m de sistemas de aquecimento e ar condicionado. Cada unidade foi projetada para oferecer o m\u00e1ximo conforto e conveni\u00eancia.<\/p>\n<p>Para garantir a m\u00e1xima confiabilidade, confiamos em marcas de prest\u00edgio internacional como <b>Giottiline, Mc Louis, Rimor e B\u00fcrstner<\/b>.<\/p>\n<p>Contamos com uma ampla variedade de modelos para se adequar a cada tipo de viajante:<\/p>\n<ul>\n<li>\n<p><b>Motorhomes perfilados<\/b><\/p>\n<\/li>\n<li>\n<p><b>Motorhomes capuchinha<\/b><\/p>\n<\/li>\n<li>\n<p><b>Motorhomes integrais<\/b><\/p>\n<\/li>\n<li>\n<p><b>Campers<\/b><\/p>\n<\/li>\n<li>\n<p><b>Trailers<\/b><\/p>\n<\/li>\n<li>\n<p><b>Barcos<\/b> (um servi\u00e7o \u00fanico para quem busca aventura na \u00e1gua)<\/p>\n<\/li>\n<\/ul>\n<h2>Madri: O ponto de partida perfeito para sua viagem<\/h2>\n<p>Nossas instala\u00e7\u00f5es est\u00e3o estrategicamente localizadas em Madri, o que torna a capital o epicentro ideal para iniciar seu percurso pela Espanha ou pelo resto da Europa. Daqui, voc\u00ea tem ao seu alcance destinos como Andaluzia, Catalunha, Gal\u00edcia, Pa\u00eds Basco e Comunidade Valenciana, entre muitos outros.<\/p>\n<p>Al\u00e9m disso, Madri \u00e9 uma base excepcional para os amantes do esqui e snowboard. A Serra de Guadarrama oferece esta\u00e7\u00f5es de esqui a menos de uma hora da cidade, um privil\u00e9gio que poucas capitais podem oferecer.<\/p>\n<p>Muitos de nossos clientes aproveitam nossa localiza\u00e7\u00e3o central para empreender rotas internacionais sem restri\u00e7\u00f5es a pa\u00edses vizinhos como Portugal, Fran\u00e7a, B\u00e9lgica e Alemanha. Alguns at\u00e9 chegaram \u00e0 Turquia com uma de nossas casas rodantes!<\/p>\n<h2>Prepare sua viagem: Processo de reserva e condi\u00e7\u00f5es<\/h2>\n<p>Dar o primeiro passo em dire\u00e7\u00e3o \u00e0 sua aventura \u00e9 muito simples. Para iniciar a reserva, voc\u00ea pode nos contatar por telefone no <a href=\"tel:+34910820632\"><b>+34 91 082 06 32<\/b><\/a>, enviar uma mensagem de <a href=\"https:\/\/api.whatsapp.com\/send?phone=34639266865\"><b>WhatsApp para +34 639 266 865<\/b><\/a> ou um e-mail para <a href=\"mailto:info@autocaravanascamperdadi.com\"><b>info@autocaravanascamperdadi.com<\/b><\/a>.<\/p>\n<p>Para o aluguel, \u00e9 necess\u00e1rio que o condutor tenha pelo menos <b>25 anos<\/b> e possua uma carteira de motorista tipo B v\u00e1lida. Para n\u00e3o residentes na UE, \u00e9 necess\u00e1ria uma carteira de motorista internacional v\u00e1lida.<\/p>\n<ul>\n<li>\n<p><b>Capacidade de passageiros:<\/b> Dependendo do modelo, nossos ve\u00edculos t\u00eam capacidade para 2 a 7 pessoas.<\/p>\n<\/li>\n<li>\n<p><b>Estacionamento gratuito:<\/b> Oferecemos estacionamento gratuito para seu ve\u00edculo pessoal em nossas instala\u00e7\u00f5es.<\/p>\n<\/li>\n<li>\n<p><b>Animais de estima\u00e7\u00e3o bem-vindos:<\/b> Viajar com seu c\u00e3o ou gato n\u00e3o \u00e9 problema; somos uma empresa <i>pet-friendly<\/i>.<\/p>\n<\/li>\n<li>\n<p><b>Reserva e cau\u00e7\u00e3o:<\/b> \u00c9 necess\u00e1rio um sinal de 30% do total para confirmar a reserva, e uma cau\u00e7\u00e3o de 750,00 euros \u00e9 depositada com cart\u00e3o de cr\u00e9dito no momento da retirada.<\/p>\n<\/li>\n<li>\n<p><b>Retirada e entrega:<\/b> A retirada e devolu\u00e7\u00e3o s\u00e3o realizadas em nossa sede em Paracuellos de Jarama (Madri). Como valor agregado, podemos busc\u00e1-lo na esta\u00e7\u00e3o de trem de Atocha ou no aeroporto de Barajas-Madri (pre\u00e7os a consultar).<\/p>\n<\/li>\n<li>\n<p><b>Estadia m\u00ednima por temporada:<\/b><\/p>\n<ul>\n<li>\n<p><b>Alta:<\/b> Semana Santa e Feriados (m\u00ednimo 5 dias), julho e agosto (m\u00ednimo 15 dias).<\/p>\n<\/li>\n<li>\n<p><b>M\u00e9dia:<\/b> Junho e setembro (m\u00ednimo 7 dias).<\/p>\n<\/li>\n<li>\n<p><b>Baixa:<\/b> Resto do ano (m\u00ednimo 3 dias). O fim de semana s\u00e3o 3 dias (de sexta a segunda de manh\u00e3).<\/p>\n<\/li>\n<\/ul>\n<\/li>\n<\/ul>\n<h2>Guia completo para sua viagem de trailer<\/h2>\n<p>Se voc\u00ea \u00e9 um dos muitos aventureiros da Am\u00e9rica Latina que buscam alugar uma casa rodante na Espanha, damos as boas-vindas a uma forma de explorar a Europa sem igual. Milhares de fam\u00edlias da Argentina, Brasil, Uruguai e Chile confiam em n\u00f3s a cada ano para suas viagens.<\/p>\n<p>Nossos ve\u00edculos, com no m\u00e1ximo 2 anos de uso, est\u00e3o equipados com tudo o que voc\u00ea precisa para uma viagem confort\u00e1vel e segura: desde Smart TVs e toldos at\u00e9 placas solares e fechaduras de seguran\u00e7a.<\/p>\n<h3><strong>Condu\u00e7\u00e3o e seguran\u00e7a<\/strong><\/h3>\n<p>Conduzir um trailer \u00e9 diferente de um carro. Tenha em mente:<\/p>\n<ul>\n<li>\n<p><b>Tamanho e peso:<\/b> A dist\u00e2ncia de frenagem \u00e9 maior. Seja cauteloso em curvas e ao manobrar.<\/p>\n<\/li>\n<li>\n<p><b>Altura:<\/b> Fique atento a pontes, galhos baixos e \u00e0 altura nos estacionamentos.<\/p>\n<\/li>\n<li>\n<p><b>Vento lateral:<\/b> O vento afeta mais a estabilidade, especialmente em rodovias e pontes.<\/p>\n<\/li>\n<li>\n<p><b>Condu\u00e7\u00e3o:<\/b> Dirija de maneira suave e progressiva, mantendo uma maior dist\u00e2ncia de seguran\u00e7a. Use os espelhos e c\u00e2meras para manobras.<\/p>\n<\/li>\n<\/ul>\n<h3><strong>Normativa de pernoite na Espanha<\/strong><\/h3>\n<p>Na Espanha, \u00e9 crucial diferenciar entre estacionamento e acampamento.<\/p>\n<ul>\n<li>\n<p><b>Estacionamento:<\/b> \u00c9 permitido desde que se cumpram as normas de tr\u00e2nsito. Voc\u00ea pode dormir e usar as instala\u00e7\u00f5es internas do ve\u00edculo (cozinha, banheiro) sem desdobrar toldos, mesas ou cadeiras.<\/p>\n<\/li>\n<li>\n<p><b>Acampamento:<\/b> S\u00f3 \u00e9 permitido em \u00e1reas designadas para isso, como campings e \u00e1reas de servi\u00e7o.<\/p>\n<\/li>\n<\/ul>\n<h3>Tecnologia \u00fatil: Apps para o viajante<\/h3>\n<p>Planeje sua rota e encontre lugares para passar a noite com estes aplicativos:<\/p>\n<ul>\n<li>\n<p><b>Para pernoitar:<\/b> <b>Park4Night, Campercontact, iOverlander<\/b> e <b>FurgoPerfecto<\/b>. Esses apps ajudam voc\u00ea a encontrar campings, \u00e1reas de servi\u00e7o e lugares para dormir em toda a Europa.<\/p>\n<\/li>\n<li>\n<p><b>Para navegar:<\/b> <b>Sygic GPS Navigation<\/b> foi projetado para ve\u00edculos grandes, enquanto <b>Waze<\/b> ajuda a evitar o tr\u00e2nsito em tempo real.<\/p>\n<\/li>\n<li>\n<p><b>Outros apps:<\/b> <b>BeVanLifer<\/b> conecta voc\u00ea a outros viajantes.<\/p>\n<\/li>\n<\/ul>\n<h3>Recursos b\u00e1sicos<\/h3>\n<p>Para uma vida confort\u00e1vel em sua casa rodante, lembre-se destes elementos essenciais:<\/p>\n<ul>\n<li>\n<p><b>\u00c1gua:<\/b> Os ve\u00edculos t\u00eam um reservat\u00f3rio de \u00e1gua limpa de cerca de 120 litros para cozinha e banheiro. Pode ser abastecido em campings ou postos de servi\u00e7o. O esvaziamento de \u00e1guas residuais \u00e9 feito nas mesmas zonas.<\/p>\n<\/li>\n<li>\n<p><b>Eletricidade:<\/b> As baterias s\u00e3o carregadas ao conduzir ou ao conectar o ve\u00edculo a uma tomada de 220 W em campings.<\/p>\n<\/li>\n<li>\n<p><b>G\u00e1s:<\/b> \u00c9 fundamental para a cozinha, \u00e1gua quente e geladeira quando voc\u00ea est\u00e1 estacionado. Nossos trailers t\u00eam espa\u00e7o para dois botij\u00f5es.<\/p>\n<\/li>\n<\/ul>\n<h2>Perguntas frequentes<\/h2>\n<h3>Que carteira de motorista preciso para alugar um trailer?<\/h3>\n<p>Nossos ve\u00edculos t\u00eam peso de at\u00e9 3.500 kg, portanto voc\u00ea s\u00f3 precisa da carteira de motorista tipo B.<\/p>\n<h3>Com quanto tempo de anteced\u00eancia devo reservar?<\/h3>\n<p>Se voc\u00ea viajar na alta temporada (ver\u00e3o, Semana Santa), o ideal \u00e9 reservar com 6 meses ou mais de anteced\u00eancia, j\u00e1 que os ve\u00edculos mais populares esgotam rapidamente.<\/p>\n<h3>H\u00e1 um limite de idade para alugar trailers em Madri, Espanha?<\/h3>\n<p>A idade m\u00ednima exigida \u00e9 de 25 anos.<\/p>\n<h3>Posso levar equipamento extra?<\/h3>\n<p>Sim, voc\u00ea pode solicitar equipamento adicional como utens\u00edlios de cozinha, roupa de cama, mesas e cadeiras de camping, GPS e mais.<\/p>\n<h3>H\u00e1 um custo por quilometragem?<\/h3>\n<p>O aluguel inclui 300 km por dia. O excesso de quilometragem tem um custo adicional de 0,20 \u20ac por cada km.<\/p>\n<h3>\u00c9 poss\u00edvel alugar em uma cidade e devolver em outra?<\/h3>\n<p>N\u00e3o oferecemos esta op\u00e7\u00e3o.<\/p>\n<h3>O que acontece se eu tiver um problema durante a viagem?<\/h3>\n<p>Gra\u00e7as \u00e0 ampla forma\u00e7\u00e3o e experi\u00eancia de nossa equipe, estamos dispon\u00edveis para nossos clientes <b>24 horas por dia<\/b> por telefone ou WhatsApp para resolver qualquer imprevisto.<\/p>\n<p>Descubra uma nova forma de viajar com total autonomia e comodidade. Convidamos voc\u00ea a viver a experi\u00eancia de viajar em casa rodante e criar mem\u00f3rias que durar\u00e3o a vida toda. <b>Entre em contato com a Autocaravanas Camperdadi e comece sua grande aventura!<\/b><\/p>\n\n\t\t<\/div>\n\t\t\t\t\t<\/div>\n\n\t\n\n<\/div>\n\n","protected":false},"excerpt":{"rendered":"","protected":false},"author":15,"featured_media":28485,"parent":0,"menu_order":0,"comment_status":"closed","ping_status":"closed","template":"","meta":{"footnotes":""},"class_list":["post-28486","page","type-page","status-publish","has-post-thumbnail","hentry"],"yoast_head":"<!-- This site is optimized with the Yoast SEO plugin v28.3 - https:\/\/yoast.com\/product\/yoast-seo-wordpress\/ -->\n<title>Aluguel de trailers em Madri, Espanha - Camperdadi<\/title>\n<meta name=\"robots\" content=\"index, follow, max-snippet:-1, max-image-preview:large, max-video-preview:-1\" \/>\n<link rel=\"canonical\" href=\"https:\/\/autocaravanascamperdadi.com\/pt-br\/aluguel-de-trailers-em-madri-espanha\/\" \/>\n<meta property=\"og:locale\" content=\"pt_BR\" \/>\n<meta property=\"og:type\" content=\"article\" \/>\n<meta property=\"og:title\" content=\"Aluguel de trailers em Madri, Espanha - Camperdadi\" \/>\n<meta property=\"og:url\" content=\"https:\/\/autocaravanascamperdadi.com\/pt-br\/aluguel-de-trailers-em-madri-espanha\/\" \/>\n<meta property=\"og:site_name\" content=\"Camperdadi\" \/>\n<meta property=\"article:publisher\" content=\"https:\/\/es-es.facebook.com\/camperdadi\/\" \/>\n<meta property=\"article:modified_time\" content=\"2026-08-31T17:31:59+00:00\" \/>\n<meta property=\"og:image\" content=\"https:\/\/autocaravanascamperdadi.com\/wp-content\/uploads\/2023\/03\/caravanas-para-alquilar.jpg\" \/>\n\t<meta property=\"og:image:width\" content=\"1564\" \/>\n\t<meta property=\"og:image:height\" content=\"1108\" \/>\n\t<meta property=\"og:image:type\" content=\"image\/jpeg\" \/>\n<meta name=\"twitter:card\" content=\"summary_large_image\" \/>\n<meta name=\"twitter:site\" content=\"@camperdadi\" \/>\n<meta name=\"twitter:label1\" content=\"Est. tempo de leitura\" \/>\n\t<meta name=\"twitter:data1\" content=\"6 minutos\" \/>\n<script type=\"application\/ld+json\" class=\"yoast-schema-graph\">{\"@context\":\"https:\\\/\\\/schema.org\",\"@graph\":[{\"@type\":\"WebPage\",\"@id\":\"https:\\\/\\\/autocaravanascamperdadi.com\\\/pt-br\\\/aluguel-de-trailers-em-madri-espanha\\\/\",\"url\":\"https:\\\/\\\/autocaravanascamperdadi.com\\\/pt-br\\\/aluguel-de-trailers-em-madri-espanha\\\/\",\"name\":\"Aluguel de trailers em Madri, Espanha - Camperdadi\",\"isPartOf\":{\"@id\":\"https:\\\/\\\/autocaravanascamperdadi.com\\\/en\\\/#website\"},\"primaryImageOfPage\":{\"@id\":\"https:\\\/\\\/autocaravanascamperdadi.com\\\/pt-br\\\/aluguel-de-trailers-em-madri-espanha\\\/#primaryimage\"},\"image\":{\"@id\":\"https:\\\/\\\/autocaravanascamperdadi.com\\\/pt-br\\\/aluguel-de-trailers-em-madri-espanha\\\/#primaryimage\"},\"thumbnailUrl\":\"https:\\\/\\\/autocaravanascamperdadi.com\\\/wp-content\\\/uploads\\\/2023\\\/03\\\/caravanas-para-alquilar.jpg\",\"datePublished\":\"2026-08-31T09:50:42+00:00\",\"dateModified\":\"2026-08-31T17:31:59+00:00\",\"breadcrumb\":{\"@id\":\"https:\\\/\\\/autocaravanascamperdadi.com\\\/pt-br\\\/aluguel-de-trailers-em-madri-espanha\\\/#breadcrumb\"},\"inLanguage\":\"pt-BR\",\"potentialAction\":[{\"@type\":\"ReadAction\",\"target\":[\"https:\\\/\\\/autocaravanascamperdadi.com\\\/pt-br\\\/aluguel-de-trailers-em-madri-espanha\\\/\"]}]},{\"@type\":\"ImageObject\",\"inLanguage\":\"pt-BR\",\"@id\":\"https:\\\/\\\/autocaravanascamperdadi.com\\\/pt-br\\\/aluguel-de-trailers-em-madri-espanha\\\/#primaryimage\",\"url\":\"https:\\\/\\\/autocaravanascamperdadi.com\\\/wp-content\\\/uploads\\\/2023\\\/03\\\/caravanas-para-alquilar.jpg\",\"contentUrl\":\"https:\\\/\\\/autocaravanascamperdadi.com\\\/wp-content\\\/uploads\\\/2023\\\/03\\\/caravanas-para-alquilar.jpg\",\"width\":1564,\"height\":1108,\"caption\":\"caravanas para alquilar\"},{\"@type\":\"BreadcrumbList\",\"@id\":\"https:\\\/\\\/autocaravanascamperdadi.com\\\/pt-br\\\/aluguel-de-trailers-em-madri-espanha\\\/#breadcrumb\",\"itemListElement\":[{\"@type\":\"ListItem\",\"position\":1,\"name\":\"Portada\",\"item\":\"https:\\\/\\\/autocaravanascamperdadi.com\\\/pt-br\\\/\"},{\"@type\":\"ListItem\",\"position\":2,\"name\":\"Aluguel de trailers em Madri, Espanha\"}]},{\"@type\":\"WebSite\",\"@id\":\"https:\\\/\\\/autocaravanascamperdadi.com\\\/en\\\/#website\",\"url\":\"https:\\\/\\\/autocaravanascamperdadi.com\\\/en\\\/\",\"name\":\"Autocaravanas Camperdadi\",\"description\":\"Alquiler de autocaravanas y caravanas\",\"publisher\":{\"@id\":\"https:\\\/\\\/autocaravanascamperdadi.com\\\/en\\\/#organization\"},\"potentialAction\":[{\"@type\":\"SearchAction\",\"target\":{\"@type\":\"EntryPoint\",\"urlTemplate\":\"https:\\\/\\\/autocaravanascamperdadi.com\\\/en\\\/?s={search_term_string}\"},\"query-input\":{\"@type\":\"PropertyValueSpecification\",\"valueRequired\":true,\"valueName\":\"search_term_string\"}}],\"inLanguage\":\"pt-BR\"},{\"@type\":\"Organization\",\"@id\":\"https:\\\/\\\/autocaravanascamperdadi.com\\\/en\\\/#organization\",\"name\":\"Camperdadi\",\"url\":\"https:\\\/\\\/autocaravanascamperdadi.com\\\/en\\\/\",\"logo\":{\"@type\":\"ImageObject\",\"inLanguage\":\"pt-BR\",\"@id\":\"https:\\\/\\\/autocaravanascamperdadi.com\\\/en\\\/#\\\/schema\\\/logo\\\/image\\\/\",\"url\":\"https:\\\/\\\/autocaravanascamperdadi.com\\\/wp-content\\\/uploads\\\/2017\\\/08\\\/cropped-logo.png\",\"contentUrl\":\"https:\\\/\\\/autocaravanascamperdadi.com\\\/wp-content\\\/uploads\\\/2017\\\/08\\\/cropped-logo.png\",\"width\":512,\"height\":512,\"caption\":\"Camperdadi\"},\"image\":{\"@id\":\"https:\\\/\\\/autocaravanascamperdadi.com\\\/en\\\/#\\\/schema\\\/logo\\\/image\\\/\"},\"sameAs\":[\"https:\\\/\\\/es-es.facebook.com\\\/camperdadi\\\/\",\"https:\\\/\\\/x.com\\\/camperdadi\",\"https:\\\/\\\/www.instagram.com\\\/autocaravanascamperdadi\\\/?hl=es\"]}]}<\/script>\n<!-- \/ Yoast SEO plugin. -->","yoast_head_json":{"title":"Aluguel de trailers em Madri, Espanha - Camperdadi","robots":{"index":"index","follow":"follow","max-snippet":"max-snippet:-1","max-image-preview":"max-image-preview:large","max-video-preview":"max-video-preview:-1"},"canonical":"https:\/\/autocaravanascamperdadi.com\/pt-br\/aluguel-de-trailers-em-madri-espanha\/","og_locale":"pt_BR","og_type":"article","og_title":"Aluguel de trailers em Madri, Espanha - Camperdadi","og_url":"https:\/\/autocaravanascamperdadi.com\/pt-br\/aluguel-de-trailers-em-madri-espanha\/","og_site_name":"Camperdadi","article_publisher":"https:\/\/es-es.facebook.com\/camperdadi\/","article_modified_time":"2026-08-31T17:31:59+00:00","og_image":[{"width":1564,"height":1108,"url":"https:\/\/autocaravanascamperdadi.com\/wp-content\/uploads\/2023\/03\/caravanas-para-alquilar.jpg","type":"image\/jpeg"}],"twitter_card":"summary_large_image","twitter_site":"@camperdadi","twitter_misc":{"Est. tempo de leitura":"6 minutos"},"schema":{"@context":"https:\/\/schema.org","@graph":[{"@type":"WebPage","@id":"https:\/\/autocaravanascamperdadi.com\/pt-br\/aluguel-de-trailers-em-madri-espanha\/","url":"https:\/\/autocaravanascamperdadi.com\/pt-br\/aluguel-de-trailers-em-madri-espanha\/","name":"Aluguel de trailers em Madri, Espanha - Camperdadi","isPartOf":{"@id":"https:\/\/autocaravanascamperdadi.com\/en\/#website"},"primaryImageOfPage":{"@id":"https:\/\/autocaravanascamperdadi.com\/pt-br\/aluguel-de-trailers-em-madri-espanha\/#primaryimage"},"image":{"@id":"https:\/\/autocaravanascamperdadi.com\/pt-br\/aluguel-de-trailers-em-madri-espanha\/#primaryimage"},"thumbnailUrl":"https:\/\/autocaravanascamperdadi.com\/wp-content\/uploads\/2023\/03\/caravanas-para-alquilar.jpg","datePublished":"2026-08-31T09:50:42+00:00","dateModified":"2026-08-31T17:31:59+00:00","breadcrumb":{"@id":"https:\/\/autocaravanascamperdadi.com\/pt-br\/aluguel-de-trailers-em-madri-espanha\/#breadcrumb"},"inLanguage":"pt-BR","potentialAction":[{"@type":"ReadAction","target":["https:\/\/autocaravanascamperdadi.com\/pt-br\/aluguel-de-trailers-em-madri-espanha\/"]}]},{"@type":"ImageObject","inLanguage":"pt-BR","@id":"https:\/\/autocaravanascamperdadi.com\/pt-br\/aluguel-de-trailers-em-madri-espanha\/#primaryimage","url":"https:\/\/autocaravanascamperdadi.com\/wp-content\/uploads\/2023\/03\/caravanas-para-alquilar.jpg","contentUrl":"https:\/\/autocaravanascamperdadi.com\/wp-content\/uploads\/2023\/03\/caravanas-para-alquilar.jpg","width":1564,"height":1108,"caption":"caravanas para alquilar"},{"@type":"BreadcrumbList","@id":"https:\/\/autocaravanascamperdadi.com\/pt-br\/aluguel-de-trailers-em-madri-espanha\/#breadcrumb","itemListElement":[{"@type":"ListItem","position":1,"name":"Portada","item":"https:\/\/autocaravanascamperdadi.com\/pt-br\/"},{"@type":"ListItem","position":2,"name":"Aluguel de trailers em Madri, Espanha"}]},{"@type":"WebSite","@id":"https:\/\/autocaravanascamperdadi.com\/en\/#website","url":"https:\/\/autocaravanascamperdadi.com\/en\/","name":"Autocaravanas Camperdadi","description":"Alquiler de autocaravanas y caravanas","publisher":{"@id":"https:\/\/autocaravanascamperdadi.com\/en\/#organization"},"potentialAction":[{"@type":"SearchAction","target":{"@type":"EntryPoint","urlTemplate":"https:\/\/autocaravanascamperdadi.com\/en\/?s={search_term_string}"},"query-input":{"@type":"PropertyValueSpecification","valueRequired":true,"valueName":"search_term_string"}}],"inLanguage":"pt-BR"},{"@type":"Organization","@id":"https:\/\/autocaravanascamperdadi.com\/en\/#organization","name":"Camperdadi","url":"https:\/\/autocaravanascamperdadi.com\/en\/","logo":{"@type":"ImageObject","inLanguage":"pt-BR","@id":"https:\/\/autocaravanascamperdadi.com\/en\/#\/schema\/logo\/image\/","url":"https:\/\/autocaravanascamperdadi.com\/wp-content\/uploads\/2017\/08\/cropped-logo.png","contentUrl":"https:\/\/autocaravanascamperdadi.com\/wp-content\/uploads\/2017\/08\/cropped-logo.png","width":512,"height":512,"caption":"Camperdadi"},"image":{"@id":"https:\/\/autocaravanascamperdadi.com\/en\/#\/schema\/logo\/image\/"},"sameAs":["https:\/\/es-es.facebook.com\/camperdadi\/","https:\/\/x.com\/camperdadi","https:\/\/www.instagram.com\/autocaravanascamperdadi\/?hl=es"]}]}},"_links":{"self":[{"href":"https:\/\/autocaravanascamperdadi.com\/pt-br\/wp-json\/wp\/v2\/pages\/28486","targetHints":{"allow":["GET"]}}],"collection":[{"href":"https:\/\/autocaravanascamperdadi.com\/pt-br\/wp-json\/wp\/v2\/pages"}],"about":[{"href":"https:\/\/autocaravanascamperdadi.com\/pt-br\/wp-json\/wp\/v2\/types\/page"}],"author":[{"embeddable":true,"href":"https:\/\/autocaravanascamperdadi.com\/pt-br\/wp-json\/wp\/v2\/users\/15"}],"replies":[{"embeddable":true,"href":"https:\/\/autocaravanascamperdadi.com\/pt-br\/wp-json\/wp\/v2\/comments?post=28486"}],"version-history":[{"count":3,"href":"https:\/\/autocaravanascamperdadi.com\/pt-br\/wp-json\/wp\/v2\/pages\/28486\/revisions"}],"predecessor-version":[{"id":28957,"href":"https:\/\/autocaravanascamperdadi.com\/pt-br\/wp-json\/wp\/v2\/pages\/28486\/revisions\/28957"}],"wp:featuredmedia":[{"embeddable":true,"href":"https:\/\/autocaravanascamperdadi.com\/pt-br\/wp-json\/wp\/v2\/media\/28485"}],"wp:attachment":[{"href":"https:\/\/autocaravanascamperdadi.com\/pt-br\/wp-json\/wp\/v2\/media?parent=28486"}],"curies":[{"name":"wp","href":"https:\/\/api.w.org\/{rel}","templated":true}]}}