{"id":28502,"date":"2026-08-31T10:01:04","date_gmt":"2026-08-31T10:01:04","guid":{"rendered":"https:\/\/autocaravanascamperdadi.com\/?page_id=28502"},"modified":"2026-08-31T10:01:07","modified_gmt":"2026-08-31T10:01:07","slug":"motorhomes-novos","status":"publish","type":"page","link":"https:\/\/autocaravanascamperdadi.com\/pt-br\/veiculos-e-acessorios\/motorhomes-novos\/","title":{"rendered":"Motorhomes novos"},"content":{"rendered":"\n\n  <div class=\"banner has-hover has-parallax\" id=\"banner-668594043\">\n          <div class=\"banner-inner fill\">\n        <div class=\"banner-bg fill\" data-parallax=\"-3\" data-parallax-container=\".banner\" data-parallax-background>\n            <img loading=\"lazy\" decoding=\"async\" width=\"900\" height=\"600\" src=\"https:\/\/autocaravanascamperdadi.com\/wp-content\/uploads\/2017\/08\/viajar.jpg\" class=\"bg attachment-large size-large\" alt=\"\" \/>                        <div class=\"overlay\"><\/div>            \n                    <\/div>\n\t\t\n        <div class=\"banner-layers container\">\n            <div class=\"fill banner-link\"><\/div>            \n\n   <div id=\"text-box-111899077\" class=\"text-box banner-layer x50 md-x50 lg-x50 y80 md-y80 lg-y80 res-text\">\n                                <div class=\"text-box-content text dark\">\n              \n              <div class=\"text-inner text-center\">\n                  \n<h1 class=\"lead\">Motorhomes novos<\/h1>\n              <\/div>\n           <\/div>\n                            \n<style>\n#text-box-111899077 {\n  width: 60%;\n}\n#text-box-111899077 .text-box-content {\n  font-size: 100%;\n}\n<\/style>\n    <\/div>\n \n\n        <\/div>\n      <\/div>\n\n            \n<style>\n#banner-668594043 {\n  padding-top: 320px;\n}\n#banner-668594043 .overlay {\n  background-color: rgba(0, 0, 0, 0.49);\n}\n#banner-668594043 .banner-bg img {\n  object-position: 0%100%;\n}\n<\/style>\n  <\/div>\n\n\n<div class=\"row\"  id=\"row-1813599014\">\n\n\n\t<div id=\"col-1090128800\" class=\"col small-12 large-12\"  >\n\t\t\t\t<div class=\"col-inner\"  >\n\t\t\t\n\t\t\t\n\n<div class=\"row\"  id=\"row-1933184115\">\n\n\n\t<div id=\"col-554694031\" class=\"col small-12 large-12\"  >\n\t\t\t\t<div class=\"col-inner\"  >\n\t\t\t\n\t\t\t\n\n\t\n  \n    <div class=\"row large-columns-4 medium-columns-3 small-columns-2 row-small\" >\n  <\/div>\n\nSe voc\u00ea j\u00e1 sabe o que \u00e9 viajar de motorhome ou trailer e quer adquirir um, se j\u00e1 sentiu a liberdade que esses ve\u00edculos proporcionam, ou se simplesmente quer come\u00e7ar a fazer isso, na Autocaravanas Camperdadi voc\u00ea tem mais facilidade do que nunca.\n<h2>Comprar um motorhome em Madri<\/h2>\n<strong>Comprar um motorhome<\/strong> permitir\u00e1 que voc\u00ea aproveite a estrada sempre que quiser, pois voc\u00ea o ter\u00e1 \u00e0 disposi\u00e7\u00e3o a todo momento. Colocamos \u00e0 sua disposi\u00e7\u00e3o ve\u00edculos de marcas conhecidas e renomadas do setor, que garantem sua m\u00e1xima qualidade em todos os momentos.\n\nToda a nossa equipe est\u00e1 \u00e0 sua inteira disposi\u00e7\u00e3o para oferecer assessoria personalizada sobre o modelo que melhor se adapta a voc\u00ea, \u00e0s suas prefer\u00eancias e \u00e0s suas exig\u00eancias. Oferecemos a possibilidade de personalizar o mobili\u00e1rio interno, tudo s\u00e3o vantagens!\n\nAbaixo voc\u00ea encontrar\u00e1 a sele\u00e7\u00e3o de <em><strong>motorhomes novos<\/strong><\/em> que temos para voc\u00ea. N\u00e3o hesite em entrar em contato conosco se tiver alguma d\u00favida, ajudaremos voc\u00ea a encontrar seu motorhome ideal.\n\n\t\t<\/div>\n\t\t\t\t\t<\/div>\n\n\t\n\n<\/div>\n\n\t\t<\/div>\n\t\t\t\t\t<\/div>\n\n\t\n\n<\/div>\n","protected":false},"excerpt":{"rendered":"","protected":false},"author":15,"featured_media":28501,"parent":28498,"menu_order":2,"comment_status":"closed","ping_status":"closed","template":"page-transparent-header.php","meta":{"footnotes":""},"class_list":["post-28502","page","type-page","status-publish","has-post-thumbnail","hentry"],"yoast_head":"<!-- This site is optimized with the Yoast SEO plugin v28.3 - https:\/\/yoast.com\/product\/yoast-seo-wordpress\/ -->\n<title>Motorhomes novos - Camperdadi<\/title>\n<meta name=\"robots\" content=\"index, follow, max-snippet:-1, max-image-preview:large, max-video-preview:-1\" \/>\n<link rel=\"canonical\" href=\"https:\/\/autocaravanascamperdadi.com\/pt-br\/veiculos-e-acessorios\/motorhomes-novos\/\" \/>\n<meta property=\"og:locale\" content=\"pt_BR\" \/>\n<meta property=\"og:type\" content=\"article\" \/>\n<meta property=\"og:title\" content=\"Motorhomes novos - Camperdadi\" \/>\n<meta property=\"og:url\" content=\"https:\/\/autocaravanascamperdadi.com\/pt-br\/veiculos-e-acessorios\/motorhomes-novos\/\" \/>\n<meta property=\"og:site_name\" content=\"Camperdadi\" \/>\n<meta property=\"article:publisher\" content=\"https:\/\/es-es.facebook.com\/camperdadi\/\" \/>\n<meta property=\"article:modified_time\" content=\"2026-08-31T10:01:07+00:00\" \/>\n<meta property=\"og:image\" content=\"https:\/\/autocaravanascamperdadi.com\/wp-content\/uploads\/2017\/09\/Europeo-69-003_big.jpg\" \/>\n\t<meta property=\"og:image:width\" content=\"957\" \/>\n\t<meta property=\"og:image:height\" content=\"667\" \/>\n\t<meta property=\"og:image:type\" content=\"image\/jpeg\" \/>\n<meta name=\"twitter:card\" content=\"summary_large_image\" \/>\n<meta name=\"twitter:site\" content=\"@camperdadi\" \/>\n<meta name=\"twitter:label1\" content=\"Est. tempo de leitura\" \/>\n\t<meta name=\"twitter:data1\" content=\"1 minuto\" \/>\n<script type=\"application\/ld+json\" class=\"yoast-schema-graph\">{\"@context\":\"https:\\\/\\\/schema.org\",\"@graph\":[{\"@type\":\"WebPage\",\"@id\":\"https:\\\/\\\/autocaravanascamperdadi.com\\\/pt-br\\\/veiculos-e-acessorios\\\/motorhomes-novos\\\/\",\"url\":\"https:\\\/\\\/autocaravanascamperdadi.com\\\/pt-br\\\/veiculos-e-acessorios\\\/motorhomes-novos\\\/\",\"name\":\"Motorhomes novos - Camperdadi\",\"isPartOf\":{\"@id\":\"https:\\\/\\\/autocaravanascamperdadi.com\\\/en\\\/#website\"},\"primaryImageOfPage\":{\"@id\":\"https:\\\/\\\/autocaravanascamperdadi.com\\\/pt-br\\\/veiculos-e-acessorios\\\/motorhomes-novos\\\/#primaryimage\"},\"image\":{\"@id\":\"https:\\\/\\\/autocaravanascamperdadi.com\\\/pt-br\\\/veiculos-e-acessorios\\\/motorhomes-novos\\\/#primaryimage\"},\"thumbnailUrl\":\"https:\\\/\\\/autocaravanascamperdadi.com\\\/wp-content\\\/uploads\\\/2017\\\/09\\\/Europeo-69-003_big.jpg\",\"datePublished\":\"2026-08-31T10:01:04+00:00\",\"dateModified\":\"2026-08-31T10:01:07+00:00\",\"breadcrumb\":{\"@id\":\"https:\\\/\\\/autocaravanascamperdadi.com\\\/pt-br\\\/veiculos-e-acessorios\\\/motorhomes-novos\\\/#breadcrumb\"},\"inLanguage\":\"pt-BR\",\"potentialAction\":[{\"@type\":\"ReadAction\",\"target\":[\"https:\\\/\\\/autocaravanascamperdadi.com\\\/pt-br\\\/veiculos-e-acessorios\\\/motorhomes-novos\\\/\"]}]},{\"@type\":\"ImageObject\",\"inLanguage\":\"pt-BR\",\"@id\":\"https:\\\/\\\/autocaravanascamperdadi.com\\\/pt-br\\\/veiculos-e-acessorios\\\/motorhomes-novos\\\/#primaryimage\",\"url\":\"https:\\\/\\\/autocaravanascamperdadi.com\\\/wp-content\\\/uploads\\\/2017\\\/09\\\/Europeo-69-003_big.jpg\",\"contentUrl\":\"https:\\\/\\\/autocaravanascamperdadi.com\\\/wp-content\\\/uploads\\\/2017\\\/09\\\/Europeo-69-003_big.jpg\",\"width\":957,\"height\":667,\"caption\":\"Aluguel de motorhome em Madri Espa\u00f1a\"},{\"@type\":\"BreadcrumbList\",\"@id\":\"https:\\\/\\\/autocaravanascamperdadi.com\\\/pt-br\\\/veiculos-e-acessorios\\\/motorhomes-novos\\\/#breadcrumb\",\"itemListElement\":[{\"@type\":\"ListItem\",\"position\":1,\"name\":\"Portada\",\"item\":\"https:\\\/\\\/autocaravanascamperdadi.com\\\/pt-br\\\/\"},{\"@type\":\"ListItem\",\"position\":2,\"name\":\"Ve\u00edculos e acess\u00f3rios\",\"item\":\"https:\\\/\\\/autocaravanascamperdadi.com\\\/pt-br\\\/veiculos-e-acessorios\\\/\"},{\"@type\":\"ListItem\",\"position\":3,\"name\":\"Motorhomes novos\"}]},{\"@type\":\"WebSite\",\"@id\":\"https:\\\/\\\/autocaravanascamperdadi.com\\\/en\\\/#website\",\"url\":\"https:\\\/\\\/autocaravanascamperdadi.com\\\/en\\\/\",\"name\":\"Autocaravanas Camperdadi\",\"description\":\"Alquiler de autocaravanas y caravanas\",\"publisher\":{\"@id\":\"https:\\\/\\\/autocaravanascamperdadi.com\\\/en\\\/#organization\"},\"potentialAction\":[{\"@type\":\"SearchAction\",\"target\":{\"@type\":\"EntryPoint\",\"urlTemplate\":\"https:\\\/\\\/autocaravanascamperdadi.com\\\/en\\\/?s={search_term_string}\"},\"query-input\":{\"@type\":\"PropertyValueSpecification\",\"valueRequired\":true,\"valueName\":\"search_term_string\"}}],\"inLanguage\":\"pt-BR\"},{\"@type\":\"Organization\",\"@id\":\"https:\\\/\\\/autocaravanascamperdadi.com\\\/en\\\/#organization\",\"name\":\"Camperdadi\",\"url\":\"https:\\\/\\\/autocaravanascamperdadi.com\\\/en\\\/\",\"logo\":{\"@type\":\"ImageObject\",\"inLanguage\":\"pt-BR\",\"@id\":\"https:\\\/\\\/autocaravanascamperdadi.com\\\/en\\\/#\\\/schema\\\/logo\\\/image\\\/\",\"url\":\"https:\\\/\\\/autocaravanascamperdadi.com\\\/wp-content\\\/uploads\\\/2017\\\/08\\\/cropped-logo.png\",\"contentUrl\":\"https:\\\/\\\/autocaravanascamperdadi.com\\\/wp-content\\\/uploads\\\/2017\\\/08\\\/cropped-logo.png\",\"width\":512,\"height\":512,\"caption\":\"Camperdadi\"},\"image\":{\"@id\":\"https:\\\/\\\/autocaravanascamperdadi.com\\\/en\\\/#\\\/schema\\\/logo\\\/image\\\/\"},\"sameAs\":[\"https:\\\/\\\/es-es.facebook.com\\\/camperdadi\\\/\",\"https:\\\/\\\/x.com\\\/camperdadi\",\"https:\\\/\\\/www.instagram.com\\\/autocaravanascamperdadi\\\/?hl=es\"]}]}<\/script>\n<!-- \/ Yoast SEO plugin. -->","yoast_head_json":{"title":"Motorhomes novos - Camperdadi","robots":{"index":"index","follow":"follow","max-snippet":"max-snippet:-1","max-image-preview":"max-image-preview:large","max-video-preview":"max-video-preview:-1"},"canonical":"https:\/\/autocaravanascamperdadi.com\/pt-br\/veiculos-e-acessorios\/motorhomes-novos\/","og_locale":"pt_BR","og_type":"article","og_title":"Motorhomes novos - Camperdadi","og_url":"https:\/\/autocaravanascamperdadi.com\/pt-br\/veiculos-e-acessorios\/motorhomes-novos\/","og_site_name":"Camperdadi","article_publisher":"https:\/\/es-es.facebook.com\/camperdadi\/","article_modified_time":"2026-08-31T10:01:07+00:00","og_image":[{"width":957,"height":667,"url":"https:\/\/autocaravanascamperdadi.com\/wp-content\/uploads\/2017\/09\/Europeo-69-003_big.jpg","type":"image\/jpeg"}],"twitter_card":"summary_large_image","twitter_site":"@camperdadi","twitter_misc":{"Est. tempo de leitura":"1 minuto"},"schema":{"@context":"https:\/\/schema.org","@graph":[{"@type":"WebPage","@id":"https:\/\/autocaravanascamperdadi.com\/pt-br\/veiculos-e-acessorios\/motorhomes-novos\/","url":"https:\/\/autocaravanascamperdadi.com\/pt-br\/veiculos-e-acessorios\/motorhomes-novos\/","name":"Motorhomes novos - Camperdadi","isPartOf":{"@id":"https:\/\/autocaravanascamperdadi.com\/en\/#website"},"primaryImageOfPage":{"@id":"https:\/\/autocaravanascamperdadi.com\/pt-br\/veiculos-e-acessorios\/motorhomes-novos\/#primaryimage"},"image":{"@id":"https:\/\/autocaravanascamperdadi.com\/pt-br\/veiculos-e-acessorios\/motorhomes-novos\/#primaryimage"},"thumbnailUrl":"https:\/\/autocaravanascamperdadi.com\/wp-content\/uploads\/2017\/09\/Europeo-69-003_big.jpg","datePublished":"2026-08-31T10:01:04+00:00","dateModified":"2026-08-31T10:01:07+00:00","breadcrumb":{"@id":"https:\/\/autocaravanascamperdadi.com\/pt-br\/veiculos-e-acessorios\/motorhomes-novos\/#breadcrumb"},"inLanguage":"pt-BR","potentialAction":[{"@type":"ReadAction","target":["https:\/\/autocaravanascamperdadi.com\/pt-br\/veiculos-e-acessorios\/motorhomes-novos\/"]}]},{"@type":"ImageObject","inLanguage":"pt-BR","@id":"https:\/\/autocaravanascamperdadi.com\/pt-br\/veiculos-e-acessorios\/motorhomes-novos\/#primaryimage","url":"https:\/\/autocaravanascamperdadi.com\/wp-content\/uploads\/2017\/09\/Europeo-69-003_big.jpg","contentUrl":"https:\/\/autocaravanascamperdadi.com\/wp-content\/uploads\/2017\/09\/Europeo-69-003_big.jpg","width":957,"height":667,"caption":"Aluguel de motorhome em Madri Espa\u00f1a"},{"@type":"BreadcrumbList","@id":"https:\/\/autocaravanascamperdadi.com\/pt-br\/veiculos-e-acessorios\/motorhomes-novos\/#breadcrumb","itemListElement":[{"@type":"ListItem","position":1,"name":"Portada","item":"https:\/\/autocaravanascamperdadi.com\/pt-br\/"},{"@type":"ListItem","position":2,"name":"Ve\u00edculos e acess\u00f3rios","item":"https:\/\/autocaravanascamperdadi.com\/pt-br\/veiculos-e-acessorios\/"},{"@type":"ListItem","position":3,"name":"Motorhomes novos"}]},{"@type":"WebSite","@id":"https:\/\/autocaravanascamperdadi.com\/en\/#website","url":"https:\/\/autocaravanascamperdadi.com\/en\/","name":"Autocaravanas Camperdadi","description":"Alquiler de autocaravanas y caravanas","publisher":{"@id":"https:\/\/autocaravanascamperdadi.com\/en\/#organization"},"potentialAction":[{"@type":"SearchAction","target":{"@type":"EntryPoint","urlTemplate":"https:\/\/autocaravanascamperdadi.com\/en\/?s={search_term_string}"},"query-input":{"@type":"PropertyValueSpecification","valueRequired":true,"valueName":"search_term_string"}}],"inLanguage":"pt-BR"},{"@type":"Organization","@id":"https:\/\/autocaravanascamperdadi.com\/en\/#organization","name":"Camperdadi","url":"https:\/\/autocaravanascamperdadi.com\/en\/","logo":{"@type":"ImageObject","inLanguage":"pt-BR","@id":"https:\/\/autocaravanascamperdadi.com\/en\/#\/schema\/logo\/image\/","url":"https:\/\/autocaravanascamperdadi.com\/wp-content\/uploads\/2017\/08\/cropped-logo.png","contentUrl":"https:\/\/autocaravanascamperdadi.com\/wp-content\/uploads\/2017\/08\/cropped-logo.png","width":512,"height":512,"caption":"Camperdadi"},"image":{"@id":"https:\/\/autocaravanascamperdadi.com\/en\/#\/schema\/logo\/image\/"},"sameAs":["https:\/\/es-es.facebook.com\/camperdadi\/","https:\/\/x.com\/camperdadi","https:\/\/www.instagram.com\/autocaravanascamperdadi\/?hl=es"]}]}},"_links":{"self":[{"href":"https:\/\/autocaravanascamperdadi.com\/pt-br\/wp-json\/wp\/v2\/pages\/28502","targetHints":{"allow":["GET"]}}],"collection":[{"href":"https:\/\/autocaravanascamperdadi.com\/pt-br\/wp-json\/wp\/v2\/pages"}],"about":[{"href":"https:\/\/autocaravanascamperdadi.com\/pt-br\/wp-json\/wp\/v2\/types\/page"}],"author":[{"embeddable":true,"href":"https:\/\/autocaravanascamperdadi.com\/pt-br\/wp-json\/wp\/v2\/users\/15"}],"replies":[{"embeddable":true,"href":"https:\/\/autocaravanascamperdadi.com\/pt-br\/wp-json\/wp\/v2\/comments?post=28502"}],"version-history":[{"count":2,"href":"https:\/\/autocaravanascamperdadi.com\/pt-br\/wp-json\/wp\/v2\/pages\/28502\/revisions"}],"predecessor-version":[{"id":28504,"href":"https:\/\/autocaravanascamperdadi.com\/pt-br\/wp-json\/wp\/v2\/pages\/28502\/revisions\/28504"}],"up":[{"embeddable":true,"href":"https:\/\/autocaravanascamperdadi.com\/pt-br\/wp-json\/wp\/v2\/pages\/28498"}],"wp:featuredmedia":[{"embeddable":true,"href":"https:\/\/autocaravanascamperdadi.com\/pt-br\/wp-json\/wp\/v2\/media\/28501"}],"wp:attachment":[{"href":"https:\/\/autocaravanascamperdadi.com\/pt-br\/wp-json\/wp\/v2\/media?parent=28502"}],"curies":[{"name":"wp","href":"https:\/\/api.w.org\/{rel}","templated":true}]}}