{"id":28530,"date":"2026-08-31T10:11:52","date_gmt":"2026-08-31T10:11:52","guid":{"rendered":"https:\/\/autocaravanascamperdadi.com\/?page_id=28530"},"modified":"2026-08-31T17:24:55","modified_gmt":"2026-08-31T17:24:55","slug":"home","status":"publish","type":"page","link":"https:\/\/autocaravanascamperdadi.com\/pt-br\/","title":{"rendered":"Home"},"content":{"rendered":"\n<div class=\"slider-wrapper relative\" id=\"slider-1256588587\" >\n    <div class=\"slider slider-nav-circle slider-nav-large slider-nav-light slider-style-normal slider-show-nav\"\n        data-flickity-options='{\n            \"cellAlign\": \"center\",\n            \"imagesLoaded\": true,\n            \"lazyLoad\": 1,\n            \"freeScroll\": false,\n            \"wrapAround\": true,\n            \"autoPlay\": 6000,\n            \"pauseAutoPlayOnHover\" : false,\n            \"prevNextButtons\": true,\n            \"contain\" : true,\n            \"adaptiveHeight\" : true,\n            \"dragThreshold\" : 10,\n            \"percentPosition\": true,\n            \"pageDots\": true,\n            \"rightToLeft\": false,\n            \"draggable\": true,\n            \"selectedAttraction\": 0.1,\n            \"parallax\" : 4,\n            \"friction\": 0.6        }'\n        >\n        \n\n\n  <div class=\"banner has-hover is-full-height has-parallax\" id=\"banner-89374804\">\n          <div class=\"banner-inner fill\">\n        <div class=\"banner-bg fill\" data-parallax=\"-4\" data-parallax-container=\".banner\" data-parallax-background>\n            <img loading=\"lazy\" decoding=\"async\" width=\"800\" height=\"534\" src=\"https:\/\/autocaravanascamperdadi.com\/wp-content\/uploads\/2017\/08\/slide1.jpg\" class=\"bg attachment-large size-large\" alt=\"\" \/>                        <div class=\"overlay\"><\/div>            \n                    <\/div>\n\t\t\n        <div class=\"banner-layers container\">\n            <div class=\"fill banner-link\"><\/div>            \n\n   <div id=\"text-box-1231209908\" class=\"text-box banner-layer x50 md-x50 lg-x50 y50 md-y50 lg-y50 res-text\">\n              <div data-parallax=\"-3\" data-parallax-fade=\"true\">       <div data-animate=\"fadeInUp\">           <div class=\"text-box-content text dark text-shadow-1\">\n              \n              <div class=\"text-inner text-center\">\n                  \n\n<p>\u00a0<\/p>\n<p>\u00a0<\/p>\n<p>\u00a0<\/p>\n<h1 class=\"uppercase\"><strong>Aluguel de Motorhomes em Madri<\/strong><\/h1>\n<p class=\"lead\">Na Autocaravanas Camperdadi temos as melhores oportunidades para <a href=\"https:\/\/autocaravanascamperdadi.com\/pt-br\/veiculos-e-acessorios\/aluguel-de-motorhomes-em-madri-espanha\/\">aluguel de motorhomes em Madri<\/a>. Descubra nosso cat\u00e1logo exclusivo em nossa se\u00e7\u00e3o do site.<\/p>\n<a href=\"\/contacto\/\" class=\"button primary is-large negro\" style=\"border-radius:99px;\">\n\t<i class=\"icon-envelop\" aria-hidden=\"true\"><\/i>\t<span>Contatar<\/span>\n\t<\/a>\n\n\n<a href=\"tel:639266865\" class=\"button primary is-large negro\" style=\"border-radius:99px;\">\n\t<i class=\"icon-phone\" aria-hidden=\"true\"><\/i>\t<span>LIGAR<\/span>\n\t<\/a>\n\n\n\n              <\/div>\n           <\/div>\n       <\/div>       <\/div>              \n<style>\n#text-box-1231209908 {\n  width: 100%;\n}\n#text-box-1231209908 .text-box-content {\n  font-size: 131%;\n}\n@media (min-width:550px) {\n  #text-box-1231209908 {\n    width: 59%;\n  }\n  #text-box-1231209908 .text-box-content {\n    font-size: 100%;\n  }\n}\n<\/style>\n    <\/div>\n \n\n        <\/div>\n      <\/div>\n\n            \n<style>\n#banner-89374804 {\n  padding-top: 100%;\n}\n#banner-89374804 .overlay {\n  background-color: rgba(0, 0, 0, 0.27);\n}\n#banner-89374804 .banner-bg img {\n  object-position: 49% 0%;\n}\n<\/style>\n  <\/div>\n\n\n\n  <div class=\"banner has-hover is-full-height has-parallax\" id=\"banner-1806533109\">\n          <div class=\"banner-inner fill\">\n        <div class=\"banner-bg fill\" data-parallax=\"-4\" data-parallax-container=\".banner\" data-parallax-background>\n            <img loading=\"lazy\" decoding=\"async\" width=\"800\" height=\"533\" src=\"https:\/\/autocaravanascamperdadi.com\/wp-content\/uploads\/2017\/08\/slide7.jpg\" class=\"bg attachment-large size-large\" alt=\"Normas de seguridad al viajar en caravana\" \/>                        <div class=\"overlay\"><\/div>            \n                    <\/div>\n\t\t\n        <div class=\"banner-layers container\">\n            <div class=\"fill banner-link\"><\/div>            \n\n   <div id=\"text-box-1743304281\" class=\"text-box banner-layer x50 md-x50 lg-x50 y50 md-y50 lg-y50 res-text\">\n              <div data-parallax=\"-3\" data-parallax-fade=\"true\">       <div data-animate=\"fadeInUp\">           <div class=\"text-box-content text dark text-shadow-1\">\n              \n              <div class=\"text-inner text-center\">\n                  \n\n<p>\u00a0<\/p>\n<p>\u00a0<\/p>\n<p>\u00a0<\/p>\n<h2 class=\"uppercase\"><strong>Aluguel de motorhomes em Madri<\/strong><\/h2>\n<p class=\"lead\">A Autocaravanas Camperdadi \u00e9 uma empresa com longa trajet\u00f3ria, na qual oferecemos servi\u00e7os de aluguel de motorhomes em Madri, trailers e aluguel de embarca\u00e7\u00f5es. Tamb\u00e9m oferecemos a op\u00e7\u00e3o de venda tanto de ve\u00edculos novos quanto usados.<\/p>\n<a href=\"#scroll1\" class=\"button primary is-shade is-large negro\" style=\"border-radius:99px;\">\n\t<i class=\"icon-angle-down\" aria-hidden=\"true\"><\/i>\t<span>Ver mais abaixo<\/span>\n\t<\/a>\n\n\n\n              <\/div>\n           <\/div>\n       <\/div>       <\/div>              \n<style>\n#text-box-1743304281 {\n  width: 100%;\n}\n#text-box-1743304281 .text-box-content {\n  font-size: 131%;\n}\n@media (min-width:550px) {\n  #text-box-1743304281 {\n    width: 59%;\n  }\n  #text-box-1743304281 .text-box-content {\n    font-size: 100%;\n  }\n}\n<\/style>\n    <\/div>\n \n\n        <\/div>\n      <\/div>\n\n            \n<style>\n#banner-1806533109 {\n  padding-top: 100%;\n}\n#banner-1806533109 .overlay {\n  background-color: rgba(0, 0, 0, 0.27);\n}\n#banner-1806533109 .banner-bg img {\n  object-position: 49% 43%;\n}\n<\/style>\n  <\/div>\n\n\n\n  <div class=\"banner has-hover is-full-height has-parallax\" id=\"banner-887567509\">\n          <div class=\"banner-inner fill\">\n        <div class=\"banner-bg fill\" data-parallax=\"-4\" data-parallax-container=\".banner\" data-parallax-background>\n            <img loading=\"lazy\" decoding=\"async\" width=\"1020\" height=\"667\" src=\"https:\/\/autocaravanascamperdadi.com\/wp-content\/uploads\/2017\/08\/0997-1223x800.jpeg\" class=\"bg attachment-large size-large\" alt=\"\" \/>                        <div class=\"overlay\"><\/div>            \n                    <\/div>\n\t\t\n        <div class=\"banner-layers container\">\n            <div class=\"fill banner-link\"><\/div>            \n\n   <div id=\"text-box-1449715826\" class=\"text-box banner-layer x50 md-x50 lg-x50 y50 md-y50 lg-y50 res-text\">\n              <div data-parallax=\"-3\" data-parallax-fade=\"true\">       <div data-animate=\"fadeInUp\">           <div class=\"text-box-content text dark text-shadow-1\">\n              \n              <div class=\"text-inner text-center\">\n                  \n\n<p>\u00a0<\/p>\n<p>\u00a0<\/p>\n<p>\u00a0<\/p>\n<div class=\"uppercase\"><strong>Aluguel de barcos em Ibiza<\/strong><\/div>\n<p class=\"lead\">Na Autocaravanas Camperdadi contamos com nossos servi\u00e7os de aluguel de embarca\u00e7\u00f5es a vela ou a motor.<\/p>\n<p class=\"lead\">Entre em contato conosco sobre a disponibilidade e reserve sua embarca\u00e7\u00e3o<\/p>\n<a href=\"#scroll1\" class=\"button primary is-large negro\" style=\"border-radius:99px;\">\n\t<i class=\"icon-angle-down\" aria-hidden=\"true\"><\/i>\t<span>Ver mais abaixo<\/span>\n\t<\/a>\n\n\n\n              <\/div>\n           <\/div>\n       <\/div>       <\/div>              \n<style>\n#text-box-1449715826 {\n  width: 100%;\n}\n#text-box-1449715826 .text-box-content {\n  font-size: 131%;\n}\n@media (min-width:550px) {\n  #text-box-1449715826 {\n    width: 59%;\n  }\n  #text-box-1449715826 .text-box-content {\n    font-size: 100%;\n  }\n}\n<\/style>\n    <\/div>\n \n\n        <\/div>\n      <\/div>\n\n            \n<style>\n#banner-887567509 {\n  padding-top: 100%;\n}\n#banner-887567509 .overlay {\n  background-color: rgba(0, 0, 0, 0.27);\n}\n#banner-887567509 .banner-bg img {\n  object-position: 49% 59%;\n}\n<\/style>\n  <\/div>\n\n\n\n  <div class=\"banner has-hover is-full-height has-parallax\" id=\"banner-1300810218\">\n          <div class=\"banner-inner fill\">\n        <div class=\"banner-bg fill\" data-parallax=\"-4\" data-parallax-container=\".banner\" data-parallax-background>\n            <img loading=\"lazy\" decoding=\"async\" width=\"800\" height=\"450\" src=\"https:\/\/autocaravanascamperdadi.com\/wp-content\/uploads\/2017\/08\/slide6.jpg\" class=\"bg attachment-large size-large\" alt=\"\" \/>                        <div class=\"overlay\"><\/div>            \n                    <\/div>\n\t\t\n        <div class=\"banner-layers container\">\n            <div class=\"fill banner-link\"><\/div>            \n\n   <div id=\"text-box-1274136245\" class=\"text-box banner-layer x50 md-x50 lg-x50 y50 md-y50 lg-y50 res-text\">\n              <div data-parallax=\"-3\" data-parallax-fade=\"true\">       <div data-animate=\"fadeInUp\">           <div class=\"text-box-content text dark\">\n              \n              <div class=\"text-inner text-center\">\n                  \n\n<p>\u00a0<\/p>\n<p>\u00a0<\/p>\n<div class=\"uppercase\"><strong>Venda de motorhome usado barato em Madri<\/strong><\/div>\n<p class=\"lead\">Se voc\u00ea est\u00e1 pensando na possibilidade de adquirir um motorhome, na Autocaravanas Camperdadi temos os melhores e mais novos modelos do mercado.<\/p>\n<p class=\"lead\">Entre em contato conosco sem compromisso.<\/p>\n<a href=\"#scroll1\" class=\"button primary is-large negro\" style=\"border-radius:99px;\">\n\t<i class=\"icon-angle-down\" aria-hidden=\"true\"><\/i>\t<span>Ver mais abaixo<\/span>\n\t<\/a>\n\n\n\n              <\/div>\n           <\/div>\n       <\/div>       <\/div>              \n<style>\n#text-box-1274136245 {\n  width: 60%;\n}\n#text-box-1274136245 .text-box-content {\n  font-size: 100%;\n}\n<\/style>\n    <\/div>\n \n\n        <\/div>\n      <\/div>\n\n            \n<style>\n#banner-1300810218 {\n  padding-top: 100%;\n}\n#banner-1300810218 .overlay {\n  background-color: rgba(0, 0, 0, 0.17);\n}\n#banner-1300810218 .banner-bg img {\n  object-position: 49%43%;\n}\n<\/style>\n  <\/div>\n\n\n\n  <div class=\"banner has-hover is-full-height has-parallax\" id=\"banner-1430885654\">\n          <div class=\"banner-inner fill\">\n        <div class=\"banner-bg fill\" data-parallax=\"-4\" data-parallax-container=\".banner\" data-parallax-background>\n            <img loading=\"lazy\" decoding=\"async\" width=\"1020\" height=\"680\" src=\"https:\/\/autocaravanascamperdadi.com\/wp-content\/uploads\/2020\/04\/porsche-1200x800.jpg\" class=\"bg attachment-large size-large\" alt=\"Alquiler de Coches Alta Gama\" \/>                        <div class=\"overlay\"><\/div>            \n                    <\/div>\n\t\t\n        <div class=\"banner-layers container\">\n            <div class=\"fill banner-link\"><\/div>            \n\n   <div id=\"text-box-1498458663\" class=\"text-box banner-layer x50 md-x50 lg-x50 y50 md-y50 lg-y50 res-text\">\n              <div data-parallax=\"-3\" data-parallax-fade=\"true\">       <div data-animate=\"fadeInUp\">           <div class=\"text-box-content text dark\">\n              \n              <div class=\"text-inner text-center\">\n                  \n\n<div class=\"uppercase\"><strong>ALUGUEL DE CARRO DE LUXO em Madri<\/strong><\/div>\n<p class=\"lead\">Entre em contato conosco sem compromisso.<\/p>\n<a href=\"#scroll1\" class=\"button primary is-large negro\" style=\"border-radius:99px;\">\n\t<i class=\"icon-angle-down\" aria-hidden=\"true\"><\/i>\t<span>Ver mais abaixo<\/span>\n\t<\/a>\n\n\n\n              <\/div>\n           <\/div>\n       <\/div>       <\/div>              \n<style>\n#text-box-1498458663 {\n  width: 60%;\n}\n#text-box-1498458663 .text-box-content {\n  font-size: 100%;\n}\n<\/style>\n    <\/div>\n \n\n        <\/div>\n      <\/div>\n\n            \n<style>\n#banner-1430885654 {\n  padding-top: 100%;\n}\n#banner-1430885654 .overlay {\n  background-color: rgba(0, 0, 0, 0.17);\n}\n#banner-1430885654 .banner-bg img {\n  object-position: 49%43%;\n}\n<\/style>\n  <\/div>\n\n\n\n     <\/div>\n\n     <div class=\"loading-spin dark large centered\"><\/div>\n\n\t<\/div>\n\n\n<h3 style=\"text-align: center;\"><span style=\"font-size: 100%;\">Aluguel de motorhomes em Madri com a Autocaravanas Camperdadi<\/span><\/h3>\n\t\n  \n    <div class=\"row large-columns-4 medium-columns-3 small-columns-2 row-small\" >\n  \n\t     <div class=\"col\" >\n\t\t\t\t\t\t<div class=\"col-inner\">\n\t\t\t\t\t\t\n<div class=\"badge-container absolute left top z-1\">\n\n<\/div>\n\t\t\t\t\t\t<div class=\"product-small box has-hover box-normal box-text-bottom\">\n\t\t\t\t\t\t\t<div class=\"box-image\" >\n\t\t\t\t\t\t\t\t<div class=\"\" >\n\t\t\t\t\t\t\t\t\t<a href=\"https:\/\/autocaravanascamperdadi.com\/pt-br\/tienda\/aluguel-de-motorhome-ate-6-lugares-ci-horon-79m-165cv-cambio-automatico\/\" aria-label=\"Aluguel de Motorhome at\u00e9 6 lugares CI HORON 79M 165cv c\u00e2mbio autom\u00e1tico\">\n\t\t\t\t\t\t\t\t\t\t<img loading=\"lazy\" decoding=\"async\" width=\"300\" height=\"300\" src=\"https:\/\/autocaravanascamperdadi.com\/wp-content\/uploads\/2026\/03\/CI-HORON-79M-07-300x300.jpg\" class=\"show-on-hover absolute fill hide-for-small back-image\" alt=\"Alquiler de Autocaravana hasta 6 plazas Ci HORON 79M 165cv cambio autom\u00e1tico\" aria-hidden=\"true\" srcset=\"https:\/\/autocaravanascamperdadi.com\/wp-content\/uploads\/2026\/03\/CI-HORON-79M-07-300x300.jpg 300w, https:\/\/autocaravanascamperdadi.com\/wp-content\/uploads\/2026\/03\/CI-HORON-79M-07-280x280.jpg 280w, https:\/\/autocaravanascamperdadi.com\/wp-content\/uploads\/2026\/03\/CI-HORON-79M-07-100x100.jpg 100w\" sizes=\"auto, (max-width: 300px) 100vw, 300px\" \/><img loading=\"lazy\" decoding=\"async\" width=\"300\" height=\"300\" src=\"https:\/\/autocaravanascamperdadi.com\/wp-content\/uploads\/2026\/03\/CI-HORON-79M-04-300x300.jpg\" class=\"attachment-woocommerce_thumbnail size-woocommerce_thumbnail\" alt=\"Alquiler de Autocaravana hasta 6 plazas Ci HORON 79M 165cv cambio autom\u00e1tico\" srcset=\"https:\/\/autocaravanascamperdadi.com\/wp-content\/uploads\/2026\/03\/CI-HORON-79M-04-300x300.jpg 300w, https:\/\/autocaravanascamperdadi.com\/wp-content\/uploads\/2026\/03\/CI-HORON-79M-04-280x280.jpg 280w, https:\/\/autocaravanascamperdadi.com\/wp-content\/uploads\/2026\/03\/CI-HORON-79M-04-100x100.jpg 100w\" sizes=\"auto, (max-width: 300px) 100vw, 300px\" \/>\t\t\t\t\t\t\t\t\t<\/a>\n\t\t\t\t\t\t\t\t\t\t\t\t\t\t\t\t\t\t \t\t\t\t\t\t\t\t<\/div>\n\t\t\t\t\t\t\t\t<div class=\"image-tools top right show-on-hover\">\n\t\t\t\t\t\t\t\t\t\t\t\t\t\t\t\t\t<\/div>\n\t\t\t\t\t\t\t\t\t\t\t\t\t\t\t\t\t<div class=\"image-tools grid-tools text-center hide-for-small bottom hover-slide-in show-on-hover\">\n\t\t\t\t\t\t\t\t\t\t\t\t\t\t\t\t\t\t\t<\/div>\n\t\t\t\t\t\t\t\t\t\t\t\t\t\t\t\t\t\t\t\t\t\t\t<\/div>\n\n\t\t\t\t\t\t\t<div class=\"box-text text-center\" >\n\t\t\t\t\t\t\t\t<div class=\"title-wrapper\"><p class=\"name product-title woocommerce-loop-product__title\"><a href=\"https:\/\/autocaravanascamperdadi.com\/pt-br\/tienda\/aluguel-de-motorhome-ate-6-lugares-ci-horon-79m-165cv-cambio-automatico\/\" class=\"woocommerce-LoopProduct-link woocommerce-loop-product__link\">Aluguel de Motorhome at\u00e9 6 lugares CI HORON 79M 165cv c\u00e2mbio autom\u00e1tico<\/a><\/p><\/div><div class=\"price-wrapper\">\n\t<span class=\"price\"><span class=\"woocommerce-Price-amount amount\"><bdi>120,00&nbsp;<span class=\"woocommerce-Price-currencySymbol\" translate=\"no\">&euro;<\/span><\/bdi><\/span><\/span>\n<\/div>\t\t\t\t\t\t\t<\/div>\n\t\t\t\t\t\t<\/div>\n\t\t\t\t\t\t<\/div>\n\t\t\t\t\t<\/div><div class=\"col\" >\n\t\t\t\t\t\t<div class=\"col-inner\">\n\t\t\t\t\t\t\n<div class=\"badge-container absolute left top z-1\">\n\n<\/div>\n\t\t\t\t\t\t<div class=\"product-small box has-hover box-normal box-text-bottom\">\n\t\t\t\t\t\t\t<div class=\"box-image\" >\n\t\t\t\t\t\t\t\t<div class=\"\" >\n\t\t\t\t\t\t\t\t\t<a href=\"https:\/\/autocaravanascamperdadi.com\/pt-br\/tienda\/aluguel-de-motorhome-ci-horon-84xt-5-pessoas\/\" aria-label=\"Aluguel de Motorhome CI HORON 84XT \u2013 5 pessoas\">\n\t\t\t\t\t\t\t\t\t\t<img loading=\"lazy\" decoding=\"async\" width=\"300\" height=\"300\" src=\"https:\/\/autocaravanascamperdadi.com\/wp-content\/uploads\/2026\/03\/CI-HORON-84XT-07-300x300.jpg\" class=\"show-on-hover absolute fill hide-for-small back-image\" alt=\"CI HORON 84XT\" aria-hidden=\"true\" srcset=\"https:\/\/autocaravanascamperdadi.com\/wp-content\/uploads\/2026\/03\/CI-HORON-84XT-07-300x300.jpg 300w, https:\/\/autocaravanascamperdadi.com\/wp-content\/uploads\/2026\/03\/CI-HORON-84XT-07-280x280.jpg 280w, https:\/\/autocaravanascamperdadi.com\/wp-content\/uploads\/2026\/03\/CI-HORON-84XT-07-100x100.jpg 100w\" sizes=\"auto, (max-width: 300px) 100vw, 300px\" \/><img loading=\"lazy\" decoding=\"async\" width=\"300\" height=\"300\" src=\"https:\/\/autocaravanascamperdadi.com\/wp-content\/uploads\/2026\/03\/CI-HORON-84XT-02-300x300.jpg\" class=\"attachment-woocommerce_thumbnail size-woocommerce_thumbnail\" alt=\"D\u00f3nde ver el eclipse solar en autocaravana\" srcset=\"https:\/\/autocaravanascamperdadi.com\/wp-content\/uploads\/2026\/03\/CI-HORON-84XT-02-300x300.jpg 300w, https:\/\/autocaravanascamperdadi.com\/wp-content\/uploads\/2026\/03\/CI-HORON-84XT-02-280x280.jpg 280w, https:\/\/autocaravanascamperdadi.com\/wp-content\/uploads\/2026\/03\/CI-HORON-84XT-02-100x100.jpg 100w\" sizes=\"auto, (max-width: 300px) 100vw, 300px\" \/>\t\t\t\t\t\t\t\t\t<\/a>\n\t\t\t\t\t\t\t\t\t\t\t\t\t\t\t\t\t\t \t\t\t\t\t\t\t\t<\/div>\n\t\t\t\t\t\t\t\t<div class=\"image-tools top right show-on-hover\">\n\t\t\t\t\t\t\t\t\t\t\t\t\t\t\t\t\t<\/div>\n\t\t\t\t\t\t\t\t\t\t\t\t\t\t\t\t\t<div class=\"image-tools grid-tools text-center hide-for-small bottom hover-slide-in show-on-hover\">\n\t\t\t\t\t\t\t\t\t\t\t\t\t\t\t\t\t\t\t<\/div>\n\t\t\t\t\t\t\t\t\t\t\t\t\t\t\t\t\t\t\t\t\t\t\t<\/div>\n\n\t\t\t\t\t\t\t<div class=\"box-text text-center\" >\n\t\t\t\t\t\t\t\t<div class=\"title-wrapper\"><p class=\"name product-title woocommerce-loop-product__title\"><a href=\"https:\/\/autocaravanascamperdadi.com\/pt-br\/tienda\/aluguel-de-motorhome-ci-horon-84xt-5-pessoas\/\" class=\"woocommerce-LoopProduct-link woocommerce-loop-product__link\">Aluguel de Motorhome CI HORON 84XT \u2013 5 pessoas<\/a><\/p><\/div><div class=\"price-wrapper\">\n\t<span class=\"price\"><span class=\"woocommerce-Price-amount amount\"><bdi>115,00&nbsp;<span class=\"woocommerce-Price-currencySymbol\" translate=\"no\">&euro;<\/span><\/bdi><\/span><\/span>\n<\/div>\t\t\t\t\t\t\t<\/div>\n\t\t\t\t\t\t<\/div>\n\t\t\t\t\t\t<\/div>\n\t\t\t\t\t<\/div><div class=\"col\" >\n\t\t\t\t\t\t<div class=\"col-inner\">\n\t\t\t\t\t\t\n<div class=\"badge-container absolute left top z-1\">\n\n<\/div>\n\t\t\t\t\t\t<div class=\"product-small box has-hover box-normal box-text-bottom\">\n\t\t\t\t\t\t\t<div class=\"box-image\" >\n\t\t\t\t\t\t\t\t<div class=\"\" >\n\t\t\t\t\t\t\t\t\t<a href=\"https:\/\/autocaravanascamperdadi.com\/pt-br\/tienda\/aluguel-de-motorhome-para-5-pessoas-ci-horon-65xt\/\" aria-label=\"Aluguel de motorhome para 5 pessoas - CI HORON 65XT\">\n\t\t\t\t\t\t\t\t\t\t<img loading=\"lazy\" decoding=\"async\" width=\"300\" height=\"300\" src=\"https:\/\/autocaravanascamperdadi.com\/wp-content\/uploads\/2026\/03\/CI-HORON-65XT-01-300x300.jpeg\" class=\"show-on-hover absolute fill hide-for-small back-image\" alt=\"alquiler de autocaravanas con transmisi\u00f3n autom\u00e1tica en Madrid\" aria-hidden=\"true\" srcset=\"https:\/\/autocaravanascamperdadi.com\/wp-content\/uploads\/2026\/03\/CI-HORON-65XT-01-300x300.jpeg 300w, https:\/\/autocaravanascamperdadi.com\/wp-content\/uploads\/2026\/03\/CI-HORON-65XT-01-280x280.jpeg 280w, https:\/\/autocaravanascamperdadi.com\/wp-content\/uploads\/2026\/03\/CI-HORON-65XT-01-100x100.jpeg 100w\" sizes=\"auto, (max-width: 300px) 100vw, 300px\" \/><img loading=\"lazy\" decoding=\"async\" width=\"300\" height=\"300\" src=\"https:\/\/autocaravanascamperdadi.com\/wp-content\/uploads\/2026\/03\/CI-HORON-65XT-05-300x300.jpeg\" class=\"attachment-woocommerce_thumbnail size-woocommerce_thumbnail\" alt=\"Puntos de recogida de autocaravanas Camperdadi: Todo lo que necesitas saber\" srcset=\"https:\/\/autocaravanascamperdadi.com\/wp-content\/uploads\/2026\/03\/CI-HORON-65XT-05-300x300.jpeg 300w, https:\/\/autocaravanascamperdadi.com\/wp-content\/uploads\/2026\/03\/CI-HORON-65XT-05-280x280.jpeg 280w, https:\/\/autocaravanascamperdadi.com\/wp-content\/uploads\/2026\/03\/CI-HORON-65XT-05-100x100.jpeg 100w\" sizes=\"auto, (max-width: 300px) 100vw, 300px\" \/>\t\t\t\t\t\t\t\t\t<\/a>\n\t\t\t\t\t\t\t\t\t\t\t\t\t\t\t\t\t\t \t\t\t\t\t\t\t\t<\/div>\n\t\t\t\t\t\t\t\t<div class=\"image-tools top right show-on-hover\">\n\t\t\t\t\t\t\t\t\t\t\t\t\t\t\t\t\t<\/div>\n\t\t\t\t\t\t\t\t\t\t\t\t\t\t\t\t\t<div class=\"image-tools grid-tools text-center hide-for-small bottom hover-slide-in show-on-hover\">\n\t\t\t\t\t\t\t\t\t\t\t\t\t\t\t\t\t\t\t<\/div>\n\t\t\t\t\t\t\t\t\t\t\t\t\t\t\t\t\t\t\t\t\t\t\t<\/div>\n\n\t\t\t\t\t\t\t<div class=\"box-text text-center\" >\n\t\t\t\t\t\t\t\t<div class=\"title-wrapper\"><p class=\"name product-title woocommerce-loop-product__title\"><a href=\"https:\/\/autocaravanascamperdadi.com\/pt-br\/tienda\/aluguel-de-motorhome-para-5-pessoas-ci-horon-65xt\/\" class=\"woocommerce-LoopProduct-link woocommerce-loop-product__link\">Aluguel de motorhome para 5 pessoas &#8211; CI HORON 65XT<\/a><\/p><\/div><div class=\"price-wrapper\">\n\t<span class=\"price\"><span class=\"woocommerce-Price-amount amount\"><bdi>115,00&nbsp;<span class=\"woocommerce-Price-currencySymbol\" translate=\"no\">&euro;<\/span><\/bdi><\/span><\/span>\n<\/div>\t\t\t\t\t\t\t<\/div>\n\t\t\t\t\t\t<\/div>\n\t\t\t\t\t\t<\/div>\n\t\t\t\t\t<\/div><div class=\"col\" >\n\t\t\t\t\t\t<div class=\"col-inner\">\n\t\t\t\t\t\t\n<div class=\"badge-container absolute left top z-1\">\n\n<\/div>\n\t\t\t\t\t\t<div class=\"product-small box has-hover box-normal box-text-bottom\">\n\t\t\t\t\t\t\t<div class=\"box-image\" >\n\t\t\t\t\t\t\t\t<div class=\"\" >\n\t\t\t\t\t\t\t\t\t<a href=\"https:\/\/autocaravanascamperdadi.com\/pt-br\/tienda\/aluguel-de-motorhome-de-7-lugares-em-madri-ci-horon-77m\/\" aria-label=\"Aluguel de motorhome de 7 lugares em Madri - CI HORON 77M\">\n\t\t\t\t\t\t\t\t\t\t<img loading=\"lazy\" decoding=\"async\" width=\"300\" height=\"300\" src=\"https:\/\/autocaravanascamperdadi.com\/wp-content\/uploads\/2026\/03\/CI-HORON-77M-01-300x300.jpeg\" class=\"show-on-hover absolute fill hide-for-small back-image\" alt=\"CI HORON 77M\" aria-hidden=\"true\" srcset=\"https:\/\/autocaravanascamperdadi.com\/wp-content\/uploads\/2026\/03\/CI-HORON-77M-01-300x300.jpeg 300w, https:\/\/autocaravanascamperdadi.com\/wp-content\/uploads\/2026\/03\/CI-HORON-77M-01-280x280.jpeg 280w, https:\/\/autocaravanascamperdadi.com\/wp-content\/uploads\/2026\/03\/CI-HORON-77M-01-100x100.jpeg 100w\" sizes=\"auto, (max-width: 300px) 100vw, 300px\" \/><img loading=\"lazy\" decoding=\"async\" width=\"300\" height=\"300\" src=\"https:\/\/autocaravanascamperdadi.com\/wp-content\/uploads\/2026\/03\/CI-HORON-77M-02-300x300.jpeg\" class=\"attachment-woocommerce_thumbnail size-woocommerce_thumbnail\" alt=\"Aluguel de motorhome de 7 lugares em Madri - CI HORON 77M\" srcset=\"https:\/\/autocaravanascamperdadi.com\/wp-content\/uploads\/2026\/03\/CI-HORON-77M-02-300x300.jpeg 300w, https:\/\/autocaravanascamperdadi.com\/wp-content\/uploads\/2026\/03\/CI-HORON-77M-02-280x280.jpeg 280w, https:\/\/autocaravanascamperdadi.com\/wp-content\/uploads\/2026\/03\/CI-HORON-77M-02-100x100.jpeg 100w\" sizes=\"auto, (max-width: 300px) 100vw, 300px\" \/>\t\t\t\t\t\t\t\t\t<\/a>\n\t\t\t\t\t\t\t\t\t\t\t\t\t\t\t\t\t\t \t\t\t\t\t\t\t\t<\/div>\n\t\t\t\t\t\t\t\t<div class=\"image-tools top right show-on-hover\">\n\t\t\t\t\t\t\t\t\t\t\t\t\t\t\t\t\t<\/div>\n\t\t\t\t\t\t\t\t\t\t\t\t\t\t\t\t\t<div class=\"image-tools grid-tools text-center hide-for-small bottom hover-slide-in show-on-hover\">\n\t\t\t\t\t\t\t\t\t\t\t\t\t\t\t\t\t\t\t<\/div>\n\t\t\t\t\t\t\t\t\t\t\t\t\t\t\t\t\t\t\t\t\t\t\t<\/div>\n\n\t\t\t\t\t\t\t<div class=\"box-text text-center\" >\n\t\t\t\t\t\t\t\t<div class=\"title-wrapper\"><p class=\"name product-title woocommerce-loop-product__title\"><a href=\"https:\/\/autocaravanascamperdadi.com\/pt-br\/tienda\/aluguel-de-motorhome-de-7-lugares-em-madri-ci-horon-77m\/\" class=\"woocommerce-LoopProduct-link woocommerce-loop-product__link\">Aluguel de motorhome de 7 lugares em Madri &#8211; CI HORON 77M<\/a><\/p><\/div><div class=\"price-wrapper\">\n\t<span class=\"price\"><span class=\"woocommerce-Price-amount amount\"><bdi>125,00&nbsp;<span class=\"woocommerce-Price-currencySymbol\" translate=\"no\">&euro;<\/span><\/bdi><\/span><\/span>\n<\/div>\t\t\t\t\t\t\t<\/div>\n\t\t\t\t\t\t<\/div>\n\t\t\t\t\t\t<\/div>\n\t\t\t\t\t<\/div><div class=\"col\" >\n\t\t\t\t\t\t<div class=\"col-inner\">\n\t\t\t\t\t\t\n<div class=\"badge-container absolute left top z-1\">\n\n<\/div>\n\t\t\t\t\t\t<div class=\"product-small box has-hover box-normal box-text-bottom\">\n\t\t\t\t\t\t\t<div class=\"box-image\" >\n\t\t\t\t\t\t\t\t<div class=\"\" >\n\t\t\t\t\t\t\t\t\t<a href=\"https:\/\/autocaravanascamperdadi.com\/pt-br\/tienda\/alugar-motorhome-em-madri-6-lugares-giottiline-386\/\" aria-label=\"Alugar Motorhome em Madri 6 lugares \u2013 Giottiline 386\">\n\t\t\t\t\t\t\t\t\t\t<img loading=\"lazy\" decoding=\"async\" width=\"300\" height=\"300\" src=\"https:\/\/autocaravanascamperdadi.com\/wp-content\/uploads\/2026\/02\/Giottiline-386-01-300x300.jpg\" class=\"show-on-hover absolute fill hide-for-small back-image\" alt=\"Giottiline 386\" aria-hidden=\"true\" srcset=\"https:\/\/autocaravanascamperdadi.com\/wp-content\/uploads\/2026\/02\/Giottiline-386-01-300x300.jpg 300w, https:\/\/autocaravanascamperdadi.com\/wp-content\/uploads\/2026\/02\/Giottiline-386-01-280x280.jpg 280w, https:\/\/autocaravanascamperdadi.com\/wp-content\/uploads\/2026\/02\/Giottiline-386-01-100x100.jpg 100w\" sizes=\"auto, (max-width: 300px) 100vw, 300px\" \/><img loading=\"lazy\" decoding=\"async\" width=\"300\" height=\"300\" src=\"https:\/\/autocaravanascamperdadi.com\/wp-content\/uploads\/2026\/02\/Giottiline-386-07-300x300.jpg\" class=\"attachment-woocommerce_thumbnail size-woocommerce_thumbnail\" alt=\"Alugar Motorhome em Madri 6 lugares \u2013 Giottiline 386\" srcset=\"https:\/\/autocaravanascamperdadi.com\/wp-content\/uploads\/2026\/02\/Giottiline-386-07-300x300.jpg 300w, https:\/\/autocaravanascamperdadi.com\/wp-content\/uploads\/2026\/02\/Giottiline-386-07-280x280.jpg 280w, https:\/\/autocaravanascamperdadi.com\/wp-content\/uploads\/2026\/02\/Giottiline-386-07-100x100.jpg 100w\" sizes=\"auto, (max-width: 300px) 100vw, 300px\" \/>\t\t\t\t\t\t\t\t\t<\/a>\n\t\t\t\t\t\t\t\t\t\t\t\t\t\t\t\t\t\t \t\t\t\t\t\t\t\t<\/div>\n\t\t\t\t\t\t\t\t<div class=\"image-tools top right show-on-hover\">\n\t\t\t\t\t\t\t\t\t\t\t\t\t\t\t\t\t<\/div>\n\t\t\t\t\t\t\t\t\t\t\t\t\t\t\t\t\t<div class=\"image-tools grid-tools text-center hide-for-small bottom hover-slide-in show-on-hover\">\n\t\t\t\t\t\t\t\t\t\t\t\t\t\t\t\t\t\t\t<\/div>\n\t\t\t\t\t\t\t\t\t\t\t\t\t\t\t\t\t\t\t\t\t\t\t<\/div>\n\n\t\t\t\t\t\t\t<div class=\"box-text text-center\" >\n\t\t\t\t\t\t\t\t<div class=\"title-wrapper\"><p class=\"name product-title woocommerce-loop-product__title\"><a href=\"https:\/\/autocaravanascamperdadi.com\/pt-br\/tienda\/alugar-motorhome-em-madri-6-lugares-giottiline-386\/\" class=\"woocommerce-LoopProduct-link woocommerce-loop-product__link\">Alugar Motorhome em Madri 6 lugares \u2013 Giottiline 386<\/a><\/p><\/div><div class=\"price-wrapper\">\n\t<span class=\"price\"><span class=\"woocommerce-Price-amount amount\"><bdi>120,00&nbsp;<span class=\"woocommerce-Price-currencySymbol\" translate=\"no\">&euro;<\/span><\/bdi><\/span><\/span>\n<\/div>\t\t\t\t\t\t\t<\/div>\n\t\t\t\t\t\t<\/div>\n\t\t\t\t\t\t<\/div>\n\t\t\t\t\t<\/div><div class=\"col\" >\n\t\t\t\t\t\t<div class=\"col-inner\">\n\t\t\t\t\t\t\n<div class=\"badge-container absolute left top z-1\">\n\n<\/div>\n\t\t\t\t\t\t<div class=\"product-small box has-hover box-normal box-text-bottom\">\n\t\t\t\t\t\t\t<div class=\"box-image\" >\n\t\t\t\t\t\t\t\t<div class=\"\" >\n\t\t\t\t\t\t\t\t\t<a href=\"https:\/\/autocaravanascamperdadi.com\/pt-br\/tienda\/alugar-motorhome-em-madri-6-lugares-giottiline-440\/\" aria-label=\"Alugar Motorhome em Madri 6 lugares - Giottiline 440\">\n\t\t\t\t\t\t\t\t\t\t<img loading=\"lazy\" decoding=\"async\" width=\"300\" height=\"300\" src=\"https:\/\/autocaravanascamperdadi.com\/wp-content\/uploads\/2026\/02\/Giottiline-440-03-300x300.jpg\" class=\"show-on-hover absolute fill hide-for-small back-image\" alt=\"Giottiline 440\" aria-hidden=\"true\" srcset=\"https:\/\/autocaravanascamperdadi.com\/wp-content\/uploads\/2026\/02\/Giottiline-440-03-300x300.jpg 300w, https:\/\/autocaravanascamperdadi.com\/wp-content\/uploads\/2026\/02\/Giottiline-440-03-280x280.jpg 280w, https:\/\/autocaravanascamperdadi.com\/wp-content\/uploads\/2026\/02\/Giottiline-440-03-100x100.jpg 100w\" sizes=\"auto, (max-width: 300px) 100vw, 300px\" \/><img loading=\"lazy\" decoding=\"async\" width=\"300\" height=\"300\" src=\"https:\/\/autocaravanascamperdadi.com\/wp-content\/uploads\/2026\/02\/Giottiline-440-06-300x300.jpg\" class=\"attachment-woocommerce_thumbnail size-woocommerce_thumbnail\" alt=\"Alugar Motorhome em Madri 6 lugares - Giottiline 440\" srcset=\"https:\/\/autocaravanascamperdadi.com\/wp-content\/uploads\/2026\/02\/Giottiline-440-06-300x300.jpg 300w, https:\/\/autocaravanascamperdadi.com\/wp-content\/uploads\/2026\/02\/Giottiline-440-06-280x280.jpg 280w, https:\/\/autocaravanascamperdadi.com\/wp-content\/uploads\/2026\/02\/Giottiline-440-06-100x100.jpg 100w\" sizes=\"auto, (max-width: 300px) 100vw, 300px\" \/>\t\t\t\t\t\t\t\t\t<\/a>\n\t\t\t\t\t\t\t\t\t\t\t\t\t\t\t\t\t\t \t\t\t\t\t\t\t\t<\/div>\n\t\t\t\t\t\t\t\t<div class=\"image-tools top right show-on-hover\">\n\t\t\t\t\t\t\t\t\t\t\t\t\t\t\t\t\t<\/div>\n\t\t\t\t\t\t\t\t\t\t\t\t\t\t\t\t\t<div class=\"image-tools grid-tools text-center hide-for-small bottom hover-slide-in show-on-hover\">\n\t\t\t\t\t\t\t\t\t\t\t\t\t\t\t\t\t\t\t<\/div>\n\t\t\t\t\t\t\t\t\t\t\t\t\t\t\t\t\t\t\t\t\t\t\t<\/div>\n\n\t\t\t\t\t\t\t<div class=\"box-text text-center\" >\n\t\t\t\t\t\t\t\t<div class=\"title-wrapper\"><p class=\"name product-title woocommerce-loop-product__title\"><a href=\"https:\/\/autocaravanascamperdadi.com\/pt-br\/tienda\/alugar-motorhome-em-madri-6-lugares-giottiline-440\/\" class=\"woocommerce-LoopProduct-link woocommerce-loop-product__link\">Alugar Motorhome em Madri 6 lugares &#8211; Giottiline 440<\/a><\/p><\/div><div class=\"price-wrapper\">\n\t<span class=\"price\"><span class=\"woocommerce-Price-amount amount\"><bdi>120,00&nbsp;<span class=\"woocommerce-Price-currencySymbol\" translate=\"no\">&euro;<\/span><\/bdi><\/span><\/span>\n<\/div>\t\t\t\t\t\t\t<\/div>\n\t\t\t\t\t\t<\/div>\n\t\t\t\t\t\t<\/div>\n\t\t\t\t\t<\/div><div class=\"col\" >\n\t\t\t\t\t\t<div class=\"col-inner\">\n\t\t\t\t\t\t\n<div class=\"badge-container absolute left top z-1\">\n\n<\/div>\n\t\t\t\t\t\t<div class=\"product-small box has-hover box-normal box-text-bottom\">\n\t\t\t\t\t\t\t<div class=\"box-image\" >\n\t\t\t\t\t\t\t\t<div class=\"\" >\n\t\t\t\t\t\t\t\t\t<a href=\"https:\/\/autocaravanascamperdadi.com\/pt-br\/tienda\/aluguel-de-motorhome-ci-horon-95-xt-5-lugares\/\" aria-label=\"Aluguel de Motorhome CI HORON 95 XT - 5 lugares\">\n\t\t\t\t\t\t\t\t\t\t<img loading=\"lazy\" decoding=\"async\" width=\"300\" height=\"300\" src=\"https:\/\/autocaravanascamperdadi.com\/wp-content\/uploads\/2026\/02\/Alquiler-Autocaravana-CI-HORON-95-XT-28-300x300.jpeg\" class=\"show-on-hover absolute fill hide-for-small back-image\" alt=\"Alquiler Autocaravana CI HORON 95 XT\" aria-hidden=\"true\" srcset=\"https:\/\/autocaravanascamperdadi.com\/wp-content\/uploads\/2026\/02\/Alquiler-Autocaravana-CI-HORON-95-XT-28-300x300.jpeg 300w, https:\/\/autocaravanascamperdadi.com\/wp-content\/uploads\/2026\/02\/Alquiler-Autocaravana-CI-HORON-95-XT-28-280x280.jpeg 280w, https:\/\/autocaravanascamperdadi.com\/wp-content\/uploads\/2026\/02\/Alquiler-Autocaravana-CI-HORON-95-XT-28-100x100.jpeg 100w\" sizes=\"auto, (max-width: 300px) 100vw, 300px\" \/><img loading=\"lazy\" decoding=\"async\" width=\"300\" height=\"300\" src=\"https:\/\/autocaravanascamperdadi.com\/wp-content\/uploads\/2026\/02\/Alquiler-Autocaravana-CI-HORON-95-XT-26-300x300.jpeg\" class=\"attachment-woocommerce_thumbnail size-woocommerce_thumbnail\" alt=\"Alquiler de Autocaravanas Baratas en Madrid\" srcset=\"https:\/\/autocaravanascamperdadi.com\/wp-content\/uploads\/2026\/02\/Alquiler-Autocaravana-CI-HORON-95-XT-26-300x300.jpeg 300w, https:\/\/autocaravanascamperdadi.com\/wp-content\/uploads\/2026\/02\/Alquiler-Autocaravana-CI-HORON-95-XT-26-280x280.jpeg 280w, https:\/\/autocaravanascamperdadi.com\/wp-content\/uploads\/2026\/02\/Alquiler-Autocaravana-CI-HORON-95-XT-26-100x100.jpeg 100w\" sizes=\"auto, (max-width: 300px) 100vw, 300px\" \/>\t\t\t\t\t\t\t\t\t<\/a>\n\t\t\t\t\t\t\t\t\t\t\t\t\t\t\t\t\t\t \t\t\t\t\t\t\t\t<\/div>\n\t\t\t\t\t\t\t\t<div class=\"image-tools top right show-on-hover\">\n\t\t\t\t\t\t\t\t\t\t\t\t\t\t\t\t\t<\/div>\n\t\t\t\t\t\t\t\t\t\t\t\t\t\t\t\t\t<div class=\"image-tools grid-tools text-center hide-for-small bottom hover-slide-in show-on-hover\">\n\t\t\t\t\t\t\t\t\t\t\t\t\t\t\t\t\t\t\t<\/div>\n\t\t\t\t\t\t\t\t\t\t\t\t\t\t\t\t\t\t\t\t\t\t\t<\/div>\n\n\t\t\t\t\t\t\t<div class=\"box-text text-center\" >\n\t\t\t\t\t\t\t\t<div class=\"title-wrapper\"><p class=\"name product-title woocommerce-loop-product__title\"><a href=\"https:\/\/autocaravanascamperdadi.com\/pt-br\/tienda\/aluguel-de-motorhome-ci-horon-95-xt-5-lugares\/\" class=\"woocommerce-LoopProduct-link woocommerce-loop-product__link\">Aluguel de Motorhome CI HORON 95 XT &#8211; 5 lugares<\/a><\/p><\/div><div class=\"price-wrapper\">\n\t<span class=\"price\"><span class=\"woocommerce-Price-amount amount\"><bdi>115,00&nbsp;<span class=\"woocommerce-Price-currencySymbol\" translate=\"no\">&euro;<\/span><\/bdi><\/span><\/span>\n<\/div>\t\t\t\t\t\t\t<\/div>\n\t\t\t\t\t\t<\/div>\n\t\t\t\t\t\t<\/div>\n\t\t\t\t\t<\/div><div class=\"col\" >\n\t\t\t\t\t\t<div class=\"col-inner\">\n\t\t\t\t\t\t\n<div class=\"badge-container absolute left top z-1\">\n\n<\/div>\n\t\t\t\t\t\t<div class=\"product-small box has-hover box-normal box-text-bottom\">\n\t\t\t\t\t\t\t<div class=\"box-image\" >\n\t\t\t\t\t\t\t\t<div class=\"\" >\n\t\t\t\t\t\t\t\t\t<a href=\"https:\/\/autocaravanascamperdadi.com\/pt-br\/tienda\/motorhome-para-aluguel-5-lugares-rimor-seal-67-plus\/\" aria-label=\"Motorhome para Aluguel 5 lugares Rimor Seal 67 Plus\">\n\t\t\t\t\t\t\t\t\t\t<img loading=\"lazy\" decoding=\"async\" width=\"300\" height=\"300\" src=\"https:\/\/autocaravanascamperdadi.com\/wp-content\/uploads\/2021\/04\/Rimor-seal-67-plus-1_opt-300x300.jpg\" class=\"show-on-hover absolute fill hide-for-small back-image\" alt=\"Alternative view of Motorhome para Aluguel 5 lugares Rimor Seal 67 Plus\" aria-hidden=\"true\" srcset=\"https:\/\/autocaravanascamperdadi.com\/wp-content\/uploads\/2021\/04\/Rimor-seal-67-plus-1_opt-300x300.jpg 300w, https:\/\/autocaravanascamperdadi.com\/wp-content\/uploads\/2021\/04\/Rimor-seal-67-plus-1_opt-100x100.jpg 100w, https:\/\/autocaravanascamperdadi.com\/wp-content\/uploads\/2021\/04\/Rimor-seal-67-plus-1_opt-280x280.jpg 280w, https:\/\/autocaravanascamperdadi.com\/wp-content\/uploads\/2021\/04\/Rimor-seal-67-plus-1_opt-180x180.jpg 180w, https:\/\/autocaravanascamperdadi.com\/wp-content\/uploads\/2021\/04\/Rimor-seal-67-plus-1_opt-600x600.jpg 600w\" sizes=\"auto, (max-width: 300px) 100vw, 300px\" \/><img loading=\"lazy\" decoding=\"async\" width=\"300\" height=\"300\" src=\"https:\/\/autocaravanascamperdadi.com\/wp-content\/uploads\/2021\/04\/Rimor-seal-67-plus-10_opt-300x300.jpg\" class=\"attachment-woocommerce_thumbnail size-woocommerce_thumbnail\" alt=\"Motorhome para Aluguel 5 lugares Rimor Seal 67 Plus\" srcset=\"https:\/\/autocaravanascamperdadi.com\/wp-content\/uploads\/2021\/04\/Rimor-seal-67-plus-10_opt-300x300.jpg 300w, https:\/\/autocaravanascamperdadi.com\/wp-content\/uploads\/2021\/04\/Rimor-seal-67-plus-10_opt-100x100.jpg 100w, https:\/\/autocaravanascamperdadi.com\/wp-content\/uploads\/2021\/04\/Rimor-seal-67-plus-10_opt-280x280.jpg 280w, https:\/\/autocaravanascamperdadi.com\/wp-content\/uploads\/2021\/04\/Rimor-seal-67-plus-10_opt-180x180.jpg 180w, https:\/\/autocaravanascamperdadi.com\/wp-content\/uploads\/2021\/04\/Rimor-seal-67-plus-10_opt-600x600.jpg 600w\" sizes=\"auto, (max-width: 300px) 100vw, 300px\" \/>\t\t\t\t\t\t\t\t\t<\/a>\n\t\t\t\t\t\t\t\t\t\t\t\t\t\t\t\t\t\t \t\t\t\t\t\t\t\t<\/div>\n\t\t\t\t\t\t\t\t<div class=\"image-tools top right show-on-hover\">\n\t\t\t\t\t\t\t\t\t\t\t\t\t\t\t\t\t<\/div>\n\t\t\t\t\t\t\t\t\t\t\t\t\t\t\t\t\t<div class=\"image-tools grid-tools text-center hide-for-small bottom hover-slide-in show-on-hover\">\n\t\t\t\t\t\t\t\t\t\t\t\t\t\t\t\t\t\t\t<\/div>\n\t\t\t\t\t\t\t\t\t\t\t\t\t\t\t\t\t\t\t\t\t\t\t<\/div>\n\n\t\t\t\t\t\t\t<div class=\"box-text text-center\" >\n\t\t\t\t\t\t\t\t<div class=\"title-wrapper\"><p class=\"name product-title woocommerce-loop-product__title\"><a href=\"https:\/\/autocaravanascamperdadi.com\/pt-br\/tienda\/motorhome-para-aluguel-5-lugares-rimor-seal-67-plus\/\" class=\"woocommerce-LoopProduct-link woocommerce-loop-product__link\">Motorhome para Aluguel 5 lugares Rimor Seal 67 Plus<\/a><\/p><\/div><div class=\"price-wrapper\">\n\t<span class=\"price\"><span class=\"woocommerce-Price-amount amount\"><bdi>110,00&nbsp;<span class=\"woocommerce-Price-currencySymbol\" translate=\"no\">&euro;<\/span><\/bdi><\/span><\/span>\n<\/div>\t\t\t\t\t\t\t<\/div>\n\t\t\t\t\t\t<\/div>\n\t\t\t\t\t\t<\/div>\n\t\t\t\t\t<\/div><div class=\"col\" >\n\t\t\t\t\t\t<div class=\"col-inner\">\n\t\t\t\t\t\t\n<div class=\"badge-container absolute left top z-1\">\n\n<\/div>\n\t\t\t\t\t\t<div class=\"product-small box has-hover box-normal box-text-bottom\">\n\t\t\t\t\t\t\t<div class=\"box-image\" >\n\t\t\t\t\t\t\t\t<div class=\"\" >\n\t\t\t\t\t\t\t\t\t<a href=\"https:\/\/autocaravanascamperdadi.com\/pt-br\/tienda\/aluguel-de-camper-em-madri-4-lugares-mc-louis-menfys\/\" aria-label=\"Aluguel de Camper em Madri 4 lugares MC LOUIS MENFYS\">\n\t\t\t\t\t\t\t\t\t\t<img loading=\"lazy\" decoding=\"async\" width=\"300\" height=\"300\" src=\"https:\/\/autocaravanascamperdadi.com\/wp-content\/uploads\/2020\/04\/IMG_4907-300x300.jpg\" class=\"show-on-hover absolute fill hide-for-small back-image\" alt=\"Alquiler de Campers en Madrid\" aria-hidden=\"true\" srcset=\"https:\/\/autocaravanascamperdadi.com\/wp-content\/uploads\/2020\/04\/IMG_4907-300x300.jpg 300w, https:\/\/autocaravanascamperdadi.com\/wp-content\/uploads\/2020\/04\/IMG_4907-100x100.jpg 100w, https:\/\/autocaravanascamperdadi.com\/wp-content\/uploads\/2020\/04\/IMG_4907-280x280.jpg 280w, https:\/\/autocaravanascamperdadi.com\/wp-content\/uploads\/2020\/04\/IMG_4907-180x180.jpg 180w, https:\/\/autocaravanascamperdadi.com\/wp-content\/uploads\/2020\/04\/IMG_4907-600x600.jpg 600w\" sizes=\"auto, (max-width: 300px) 100vw, 300px\" \/><img loading=\"lazy\" decoding=\"async\" width=\"300\" height=\"300\" src=\"https:\/\/autocaravanascamperdadi.com\/wp-content\/uploads\/2020\/04\/IMG_4907-300x300.jpg\" class=\"attachment-woocommerce_thumbnail size-woocommerce_thumbnail\" alt=\"Alquiler de Campers en Madrid\" srcset=\"https:\/\/autocaravanascamperdadi.com\/wp-content\/uploads\/2020\/04\/IMG_4907-300x300.jpg 300w, https:\/\/autocaravanascamperdadi.com\/wp-content\/uploads\/2020\/04\/IMG_4907-100x100.jpg 100w, https:\/\/autocaravanascamperdadi.com\/wp-content\/uploads\/2020\/04\/IMG_4907-280x280.jpg 280w, https:\/\/autocaravanascamperdadi.com\/wp-content\/uploads\/2020\/04\/IMG_4907-180x180.jpg 180w, https:\/\/autocaravanascamperdadi.com\/wp-content\/uploads\/2020\/04\/IMG_4907-600x600.jpg 600w\" sizes=\"auto, (max-width: 300px) 100vw, 300px\" \/>\t\t\t\t\t\t\t\t\t<\/a>\n\t\t\t\t\t\t\t\t\t\t\t\t\t\t\t\t\t\t \t\t\t\t\t\t\t\t<\/div>\n\t\t\t\t\t\t\t\t<div class=\"image-tools top right show-on-hover\">\n\t\t\t\t\t\t\t\t\t\t\t\t\t\t\t\t\t<\/div>\n\t\t\t\t\t\t\t\t\t\t\t\t\t\t\t\t\t<div class=\"image-tools grid-tools text-center hide-for-small bottom hover-slide-in show-on-hover\">\n\t\t\t\t\t\t\t\t\t\t\t\t\t\t\t\t\t\t\t<\/div>\n\t\t\t\t\t\t\t\t\t\t\t\t\t\t\t\t\t\t\t\t\t\t\t<\/div>\n\n\t\t\t\t\t\t\t<div class=\"box-text text-center\" >\n\t\t\t\t\t\t\t\t<div class=\"title-wrapper\"><p class=\"name product-title woocommerce-loop-product__title\"><a href=\"https:\/\/autocaravanascamperdadi.com\/pt-br\/tienda\/aluguel-de-camper-em-madri-4-lugares-mc-louis-menfys\/\" class=\"woocommerce-LoopProduct-link woocommerce-loop-product__link\">Aluguel de Camper em Madri 4 lugares MC LOUIS MENFYS<\/a><\/p><\/div><div class=\"price-wrapper\">\n\t<span class=\"price\"><span class=\"woocommerce-Price-amount amount\"><bdi>95,00&nbsp;<span class=\"woocommerce-Price-currencySymbol\" translate=\"no\">&euro;<\/span><\/bdi><\/span><\/span>\n<\/div>\t\t\t\t\t\t\t<\/div>\n\t\t\t\t\t\t<\/div>\n\t\t\t\t\t\t<\/div>\n\t\t\t\t\t<\/div><div class=\"col\" >\n\t\t\t\t\t\t<div class=\"col-inner\">\n\t\t\t\t\t\t\n<div class=\"badge-container absolute left top z-1\">\n\n<\/div>\n\t\t\t\t\t\t<div class=\"product-small box has-hover box-normal box-text-bottom\">\n\t\t\t\t\t\t\t<div class=\"box-image\" >\n\t\t\t\t\t\t\t\t<div class=\"\" >\n\t\t\t\t\t\t\t\t\t<a href=\"https:\/\/autocaravanascamperdadi.com\/pt-br\/tienda\/aluguel-de-motorhome-mc-louis-glamys-322-7-pessoas\/\" aria-label=\"Aluguel de Motorhome MC LOUIS GLAMYS 322 - 7 pessoas\">\n\t\t\t\t\t\t\t\t\t\t<img loading=\"lazy\" decoding=\"async\" width=\"300\" height=\"300\" src=\"https:\/\/autocaravanascamperdadi.com\/wp-content\/uploads\/2020\/04\/IMG_4815-300x300.jpg\" class=\"show-on-hover absolute fill hide-for-small back-image\" alt=\"Aluguel de Motorhome MC LOUIS GLAMYS 322 - 7 pessoas\" aria-hidden=\"true\" srcset=\"https:\/\/autocaravanascamperdadi.com\/wp-content\/uploads\/2020\/04\/IMG_4815-300x300.jpg 300w, https:\/\/autocaravanascamperdadi.com\/wp-content\/uploads\/2020\/04\/IMG_4815-100x100.jpg 100w, https:\/\/autocaravanascamperdadi.com\/wp-content\/uploads\/2020\/04\/IMG_4815-280x280.jpg 280w, https:\/\/autocaravanascamperdadi.com\/wp-content\/uploads\/2020\/04\/IMG_4815-180x180.jpg 180w, https:\/\/autocaravanascamperdadi.com\/wp-content\/uploads\/2020\/04\/IMG_4815-600x600.jpg 600w\" sizes=\"auto, (max-width: 300px) 100vw, 300px\" \/><img loading=\"lazy\" decoding=\"async\" width=\"300\" height=\"300\" src=\"https:\/\/autocaravanascamperdadi.com\/wp-content\/uploads\/2020\/04\/IMG_4815-600x600-1-300x300.jpg\" class=\"attachment-woocommerce_thumbnail size-woocommerce_thumbnail\" alt=\"Aluguel de Motorhome MC LOUIS GLAMYS 322 - 7 pessoas\" srcset=\"https:\/\/autocaravanascamperdadi.com\/wp-content\/uploads\/2020\/04\/IMG_4815-600x600-1-300x300.jpg 300w, https:\/\/autocaravanascamperdadi.com\/wp-content\/uploads\/2020\/04\/IMG_4815-600x600-1-100x100.jpg 100w, https:\/\/autocaravanascamperdadi.com\/wp-content\/uploads\/2020\/04\/IMG_4815-600x600-1-280x280.jpg 280w, https:\/\/autocaravanascamperdadi.com\/wp-content\/uploads\/2020\/04\/IMG_4815-600x600-1-400x400.jpg 400w, https:\/\/autocaravanascamperdadi.com\/wp-content\/uploads\/2020\/04\/IMG_4815-600x600-1-180x180.jpg 180w, https:\/\/autocaravanascamperdadi.com\/wp-content\/uploads\/2020\/04\/IMG_4815-600x600-1.jpg 600w\" sizes=\"auto, (max-width: 300px) 100vw, 300px\" \/>\t\t\t\t\t\t\t\t\t<\/a>\n\t\t\t\t\t\t\t\t\t\t\t\t\t\t\t\t\t\t \t\t\t\t\t\t\t\t<\/div>\n\t\t\t\t\t\t\t\t<div class=\"image-tools top right show-on-hover\">\n\t\t\t\t\t\t\t\t\t\t\t\t\t\t\t\t\t<\/div>\n\t\t\t\t\t\t\t\t\t\t\t\t\t\t\t\t\t<div class=\"image-tools grid-tools text-center hide-for-small bottom hover-slide-in show-on-hover\">\n\t\t\t\t\t\t\t\t\t\t\t\t\t\t\t\t\t\t\t<\/div>\n\t\t\t\t\t\t\t\t\t\t\t\t\t\t\t\t\t\t\t\t\t\t\t<\/div>\n\n\t\t\t\t\t\t\t<div class=\"box-text text-center\" >\n\t\t\t\t\t\t\t\t<div class=\"title-wrapper\"><p class=\"name product-title woocommerce-loop-product__title\"><a href=\"https:\/\/autocaravanascamperdadi.com\/pt-br\/tienda\/aluguel-de-motorhome-mc-louis-glamys-322-7-pessoas\/\" class=\"woocommerce-LoopProduct-link woocommerce-loop-product__link\">Aluguel de Motorhome MC LOUIS GLAMYS 322 &#8211; 7 pessoas<\/a><\/p><\/div><div class=\"price-wrapper\">\n\t<span class=\"price\"><span class=\"woocommerce-Price-amount amount\"><bdi>125,00&nbsp;<span class=\"woocommerce-Price-currencySymbol\" translate=\"no\">&euro;<\/span><\/bdi><\/span><\/span>\n<\/div>\t\t\t\t\t\t\t<\/div>\n\t\t\t\t\t\t<\/div>\n\t\t\t\t\t\t<\/div>\n\t\t\t\t\t<\/div><div class=\"col\" >\n\t\t\t\t\t\t<div class=\"col-inner\">\n\t\t\t\t\t\t\n<div class=\"badge-container absolute left top z-1\">\n\n<\/div>\n\t\t\t\t\t\t<div class=\"product-small box has-hover box-normal box-text-bottom\">\n\t\t\t\t\t\t\t<div class=\"box-image\" >\n\t\t\t\t\t\t\t\t<div class=\"\" >\n\t\t\t\t\t\t\t\t\t<a href=\"https:\/\/autocaravanascamperdadi.com\/pt-br\/tienda\/aluguel-de-camper-4-lugares-mc-louis-menfys-s-line\/\" aria-label=\"Aluguel de Camper 4 lugares MC LOUIS MENFYS S-LINE\">\n\t\t\t\t\t\t\t\t\t\t<img loading=\"lazy\" decoding=\"async\" width=\"300\" height=\"300\" src=\"https:\/\/autocaravanascamperdadi.com\/wp-content\/uploads\/2018\/05\/3-300x300.jpg\" class=\"show-on-hover absolute fill hide-for-small back-image\" alt=\"Alternative view of Aluguel de Camper 4 lugares MC LOUIS MENFYS S-LINE\" aria-hidden=\"true\" srcset=\"https:\/\/autocaravanascamperdadi.com\/wp-content\/uploads\/2018\/05\/3-300x300.jpg 300w, https:\/\/autocaravanascamperdadi.com\/wp-content\/uploads\/2018\/05\/3-100x100.jpg 100w, https:\/\/autocaravanascamperdadi.com\/wp-content\/uploads\/2018\/05\/3-280x280.jpg 280w, https:\/\/autocaravanascamperdadi.com\/wp-content\/uploads\/2018\/05\/3-180x180.jpg 180w, https:\/\/autocaravanascamperdadi.com\/wp-content\/uploads\/2018\/05\/3-600x600.jpg 600w\" sizes=\"auto, (max-width: 300px) 100vw, 300px\" \/><img loading=\"lazy\" decoding=\"async\" width=\"300\" height=\"300\" src=\"https:\/\/autocaravanascamperdadi.com\/wp-content\/uploads\/2018\/05\/7-300x300.jpg\" class=\"attachment-woocommerce_thumbnail size-woocommerce_thumbnail\" alt=\"Aluguel de Camper 4 lugares MC LOUIS MENFYS S-LINE\" srcset=\"https:\/\/autocaravanascamperdadi.com\/wp-content\/uploads\/2018\/05\/7-300x300.jpg 300w, https:\/\/autocaravanascamperdadi.com\/wp-content\/uploads\/2018\/05\/7-100x100.jpg 100w, https:\/\/autocaravanascamperdadi.com\/wp-content\/uploads\/2018\/05\/7-280x280.jpg 280w, https:\/\/autocaravanascamperdadi.com\/wp-content\/uploads\/2018\/05\/7-180x180.jpg 180w, https:\/\/autocaravanascamperdadi.com\/wp-content\/uploads\/2018\/05\/7-600x600.jpg 600w\" sizes=\"auto, (max-width: 300px) 100vw, 300px\" \/>\t\t\t\t\t\t\t\t\t<\/a>\n\t\t\t\t\t\t\t\t\t\t\t\t\t\t\t\t\t\t \t\t\t\t\t\t\t\t<\/div>\n\t\t\t\t\t\t\t\t<div class=\"image-tools top right show-on-hover\">\n\t\t\t\t\t\t\t\t\t\t\t\t\t\t\t\t\t<\/div>\n\t\t\t\t\t\t\t\t\t\t\t\t\t\t\t\t\t<div class=\"image-tools grid-tools text-center hide-for-small bottom hover-slide-in show-on-hover\">\n\t\t\t\t\t\t\t\t\t\t\t\t\t\t\t\t\t\t\t<\/div>\n\t\t\t\t\t\t\t\t\t\t\t\t\t\t\t\t\t\t\t\t\t\t\t<\/div>\n\n\t\t\t\t\t\t\t<div class=\"box-text text-center\" >\n\t\t\t\t\t\t\t\t<div class=\"title-wrapper\"><p class=\"name product-title woocommerce-loop-product__title\"><a href=\"https:\/\/autocaravanascamperdadi.com\/pt-br\/tienda\/aluguel-de-camper-4-lugares-mc-louis-menfys-s-line\/\" class=\"woocommerce-LoopProduct-link woocommerce-loop-product__link\">Aluguel de Camper 4 lugares MC LOUIS MENFYS S-LINE<\/a><\/p><\/div><div class=\"price-wrapper\">\n\t<span class=\"price\"><span class=\"woocommerce-Price-amount amount\"><bdi>95,00&nbsp;<span class=\"woocommerce-Price-currencySymbol\" translate=\"no\">&euro;<\/span><\/bdi><\/span><\/span>\n<\/div>\t\t\t\t\t\t\t<\/div>\n\t\t\t\t\t\t<\/div>\n\t\t\t\t\t\t<\/div>\n\t\t\t\t\t<\/div><div class=\"col\" >\n\t\t\t\t\t\t<div class=\"col-inner\">\n\t\t\t\t\t\t\n<div class=\"badge-container absolute left top z-1\">\n\n<\/div>\n\t\t\t\t\t\t<div class=\"product-small box has-hover box-normal box-text-bottom\">\n\t\t\t\t\t\t\t<div class=\"box-image\" >\n\t\t\t\t\t\t\t\t<div class=\"\" >\n\t\t\t\t\t\t\t\t\t<a href=\"https:\/\/autocaravanascamperdadi.com\/pt-br\/tienda\/aluguel-de-motorhome-integral-mc-louis-79g-karat-para-4-pessoas\/\" aria-label=\"Aluguel de Motorhome Integral MC LOUIS 79G KARAT para 4 pessoas\">\n\t\t\t\t\t\t\t\t\t\t<img loading=\"lazy\" decoding=\"async\" width=\"300\" height=\"300\" src=\"https:\/\/autocaravanascamperdadi.com\/wp-content\/uploads\/2017\/09\/2-300x300.jpg\" class=\"show-on-hover absolute fill hide-for-small back-image\" alt=\"Alquila tu autocaravana de alta gama\" aria-hidden=\"true\" srcset=\"https:\/\/autocaravanascamperdadi.com\/wp-content\/uploads\/2017\/09\/2-300x300.jpg 300w, https:\/\/autocaravanascamperdadi.com\/wp-content\/uploads\/2017\/09\/2-100x100.jpg 100w, https:\/\/autocaravanascamperdadi.com\/wp-content\/uploads\/2017\/09\/2-280x280.jpg 280w, https:\/\/autocaravanascamperdadi.com\/wp-content\/uploads\/2017\/09\/2-180x180.jpg 180w, https:\/\/autocaravanascamperdadi.com\/wp-content\/uploads\/2017\/09\/2-600x600.jpg 600w\" sizes=\"auto, (max-width: 300px) 100vw, 300px\" \/><img loading=\"lazy\" decoding=\"async\" width=\"300\" height=\"300\" src=\"https:\/\/autocaravanascamperdadi.com\/wp-content\/uploads\/2017\/09\/1-300x300.jpg\" class=\"attachment-woocommerce_thumbnail size-woocommerce_thumbnail\" alt=\"Aluguel de Motorhome MC LOUIS 79G KARAT para 4 pessoas\" srcset=\"https:\/\/autocaravanascamperdadi.com\/wp-content\/uploads\/2017\/09\/1-300x300.jpg 300w, https:\/\/autocaravanascamperdadi.com\/wp-content\/uploads\/2017\/09\/1-100x100.jpg 100w, https:\/\/autocaravanascamperdadi.com\/wp-content\/uploads\/2017\/09\/1-280x280.jpg 280w, https:\/\/autocaravanascamperdadi.com\/wp-content\/uploads\/2017\/09\/1-180x180.jpg 180w, https:\/\/autocaravanascamperdadi.com\/wp-content\/uploads\/2017\/09\/1-600x600.jpg 600w\" sizes=\"auto, (max-width: 300px) 100vw, 300px\" \/>\t\t\t\t\t\t\t\t\t<\/a>\n\t\t\t\t\t\t\t\t\t\t\t\t\t\t\t\t\t\t \t\t\t\t\t\t\t\t<\/div>\n\t\t\t\t\t\t\t\t<div class=\"image-tools top right show-on-hover\">\n\t\t\t\t\t\t\t\t\t\t\t\t\t\t\t\t\t<\/div>\n\t\t\t\t\t\t\t\t\t\t\t\t\t\t\t\t\t<div class=\"image-tools grid-tools text-center hide-for-small bottom hover-slide-in show-on-hover\">\n\t\t\t\t\t\t\t\t\t\t\t\t\t\t\t\t\t\t\t<\/div>\n\t\t\t\t\t\t\t\t\t\t\t\t\t\t\t\t\t\t\t\t\t\t\t<\/div>\n\n\t\t\t\t\t\t\t<div class=\"box-text text-center\" >\n\t\t\t\t\t\t\t\t<div class=\"title-wrapper\"><p class=\"name product-title woocommerce-loop-product__title\"><a href=\"https:\/\/autocaravanascamperdadi.com\/pt-br\/tienda\/aluguel-de-motorhome-integral-mc-louis-79g-karat-para-4-pessoas\/\" class=\"woocommerce-LoopProduct-link woocommerce-loop-product__link\">Aluguel de Motorhome Integral MC LOUIS 79G KARAT para 4 pessoas<\/a><\/p><\/div><div class=\"price-wrapper\">\n\t<span class=\"price\"><span class=\"woocommerce-Price-amount amount\"><bdi>135,00&nbsp;<span class=\"woocommerce-Price-currencySymbol\" translate=\"no\">&euro;<\/span><\/bdi><\/span><\/span>\n<\/div>\t\t\t\t\t\t\t<\/div>\n\t\t\t\t\t\t<\/div>\n\t\t\t\t\t\t<\/div>\n\t\t\t\t\t<\/div><div class=\"col\" >\n\t\t\t\t\t\t<div class=\"col-inner\">\n\t\t\t\t\t\t\n<div class=\"badge-container absolute left top z-1\">\n\n<\/div>\n\t\t\t\t\t\t<div class=\"product-small box has-hover box-normal box-text-bottom\">\n\t\t\t\t\t\t\t<div class=\"box-image\" >\n\t\t\t\t\t\t\t\t<div class=\"\" >\n\t\t\t\t\t\t\t\t\t<a href=\"https:\/\/autocaravanascamperdadi.com\/pt-br\/tienda\/aluguel-de-motorhome-5-lugares-rimor-kayak-69-plus\/\" aria-label=\"Aluguel de Motorhome 5 lugares Rimor Kayak 69 Plus\">\n\t\t\t\t\t\t\t\t\t\t<img loading=\"lazy\" decoding=\"async\" width=\"300\" height=\"300\" src=\"https:\/\/autocaravanascamperdadi.com\/wp-content\/uploads\/2017\/09\/30704688_2008091202787307_3779209979370668032_o-600x600-1-300x300.jpg\" class=\"show-on-hover absolute fill hide-for-small back-image\" alt=\"Aluguel de Motorhome 5 lugares Rimor Kayak 69 Plus\" aria-hidden=\"true\" srcset=\"https:\/\/autocaravanascamperdadi.com\/wp-content\/uploads\/2017\/09\/30704688_2008091202787307_3779209979370668032_o-600x600-1-300x300.jpg 300w, https:\/\/autocaravanascamperdadi.com\/wp-content\/uploads\/2017\/09\/30704688_2008091202787307_3779209979370668032_o-600x600-1-100x100.jpg 100w, https:\/\/autocaravanascamperdadi.com\/wp-content\/uploads\/2017\/09\/30704688_2008091202787307_3779209979370668032_o-600x600-1-280x280.jpg 280w, https:\/\/autocaravanascamperdadi.com\/wp-content\/uploads\/2017\/09\/30704688_2008091202787307_3779209979370668032_o-600x600-1-400x400.jpg 400w, https:\/\/autocaravanascamperdadi.com\/wp-content\/uploads\/2017\/09\/30704688_2008091202787307_3779209979370668032_o-600x600-1-180x180.jpg 180w, https:\/\/autocaravanascamperdadi.com\/wp-content\/uploads\/2017\/09\/30704688_2008091202787307_3779209979370668032_o-600x600-1.jpg 600w\" sizes=\"auto, (max-width: 300px) 100vw, 300px\" \/><img loading=\"lazy\" decoding=\"async\" width=\"300\" height=\"300\" src=\"https:\/\/autocaravanascamperdadi.com\/wp-content\/uploads\/2017\/09\/30725230_2008091026120658_3628168714148380672_o-600x600-1-300x300.jpg\" class=\"attachment-woocommerce_thumbnail size-woocommerce_thumbnail\" alt=\"Aluguel de Motorhome 5 lugares Rimor Kayak 69 Plus\" srcset=\"https:\/\/autocaravanascamperdadi.com\/wp-content\/uploads\/2017\/09\/30725230_2008091026120658_3628168714148380672_o-600x600-1-300x300.jpg 300w, https:\/\/autocaravanascamperdadi.com\/wp-content\/uploads\/2017\/09\/30725230_2008091026120658_3628168714148380672_o-600x600-1-100x100.jpg 100w, https:\/\/autocaravanascamperdadi.com\/wp-content\/uploads\/2017\/09\/30725230_2008091026120658_3628168714148380672_o-600x600-1-280x280.jpg 280w, https:\/\/autocaravanascamperdadi.com\/wp-content\/uploads\/2017\/09\/30725230_2008091026120658_3628168714148380672_o-600x600-1-400x400.jpg 400w, https:\/\/autocaravanascamperdadi.com\/wp-content\/uploads\/2017\/09\/30725230_2008091026120658_3628168714148380672_o-600x600-1-180x180.jpg 180w, https:\/\/autocaravanascamperdadi.com\/wp-content\/uploads\/2017\/09\/30725230_2008091026120658_3628168714148380672_o-600x600-1.jpg 600w\" sizes=\"auto, (max-width: 300px) 100vw, 300px\" \/>\t\t\t\t\t\t\t\t\t<\/a>\n\t\t\t\t\t\t\t\t\t\t\t\t\t\t\t\t\t\t \t\t\t\t\t\t\t\t<\/div>\n\t\t\t\t\t\t\t\t<div class=\"image-tools top right show-on-hover\">\n\t\t\t\t\t\t\t\t\t\t\t\t\t\t\t\t\t<\/div>\n\t\t\t\t\t\t\t\t\t\t\t\t\t\t\t\t\t<div class=\"image-tools grid-tools text-center hide-for-small bottom hover-slide-in show-on-hover\">\n\t\t\t\t\t\t\t\t\t\t\t\t\t\t\t\t\t\t\t<\/div>\n\t\t\t\t\t\t\t\t\t\t\t\t\t\t\t\t\t\t\t\t\t\t\t<\/div>\n\n\t\t\t\t\t\t\t<div class=\"box-text text-center\" >\n\t\t\t\t\t\t\t\t<div class=\"title-wrapper\"><p class=\"name product-title woocommerce-loop-product__title\"><a href=\"https:\/\/autocaravanascamperdadi.com\/pt-br\/tienda\/aluguel-de-motorhome-5-lugares-rimor-kayak-69-plus\/\" class=\"woocommerce-LoopProduct-link woocommerce-loop-product__link\">Aluguel de Motorhome 5 lugares Rimor Kayak 69 Plus<\/a><\/p><\/div><div class=\"price-wrapper\">\n\t<span class=\"price\"><span class=\"woocommerce-Price-amount amount\"><bdi>135,00&nbsp;<span class=\"woocommerce-Price-currencySymbol\" translate=\"no\">&euro;<\/span><\/bdi><\/span><\/span>\n<\/div>\t\t\t\t\t\t\t<\/div>\n\t\t\t\t\t\t<\/div>\n\t\t\t\t\t\t<\/div>\n\t\t\t\t\t<\/div><div class=\"col\" >\n\t\t\t\t\t\t<div class=\"col-inner\">\n\t\t\t\t\t\t\n<div class=\"badge-container absolute left top z-1\">\n\n<\/div>\n\t\t\t\t\t\t<div class=\"product-small box has-hover box-normal box-text-bottom\">\n\t\t\t\t\t\t\t<div class=\"box-image\" >\n\t\t\t\t\t\t\t\t<div class=\"\" >\n\t\t\t\t\t\t\t\t\t<a href=\"https:\/\/autocaravanascamperdadi.com\/pt-br\/tienda\/aluguel-de-motorhome-rimor-seal-9-para-7-pessoas\/\" aria-label=\"Aluguel de Motorhome Rimor Seal 9 para 7 pessoas\">\n\t\t\t\t\t\t\t\t\t\t<img loading=\"lazy\" decoding=\"async\" width=\"300\" height=\"300\" src=\"https:\/\/autocaravanascamperdadi.com\/wp-content\/uploads\/2017\/09\/30704650_2008096042786823_3338670094283702272_n-600x600-1-300x300.jpg\" class=\"show-on-hover absolute fill hide-for-small back-image\" alt=\"Alternative view of Aluguel de Motorhome Rimor Seal 9 para 7 pessoas\" aria-hidden=\"true\" srcset=\"https:\/\/autocaravanascamperdadi.com\/wp-content\/uploads\/2017\/09\/30704650_2008096042786823_3338670094283702272_n-600x600-1-300x300.jpg 300w, https:\/\/autocaravanascamperdadi.com\/wp-content\/uploads\/2017\/09\/30704650_2008096042786823_3338670094283702272_n-600x600-1-100x100.jpg 100w, https:\/\/autocaravanascamperdadi.com\/wp-content\/uploads\/2017\/09\/30704650_2008096042786823_3338670094283702272_n-600x600-1-280x280.jpg 280w, https:\/\/autocaravanascamperdadi.com\/wp-content\/uploads\/2017\/09\/30704650_2008096042786823_3338670094283702272_n-600x600-1-400x400.jpg 400w, https:\/\/autocaravanascamperdadi.com\/wp-content\/uploads\/2017\/09\/30704650_2008096042786823_3338670094283702272_n-600x600-1-180x180.jpg 180w, https:\/\/autocaravanascamperdadi.com\/wp-content\/uploads\/2017\/09\/30704650_2008096042786823_3338670094283702272_n-600x600-1.jpg 600w\" sizes=\"auto, (max-width: 300px) 100vw, 300px\" \/><img loading=\"lazy\" decoding=\"async\" width=\"300\" height=\"300\" src=\"https:\/\/autocaravanascamperdadi.com\/wp-content\/uploads\/2017\/09\/30725337_2008095519453542_2182825795712450560_o-600x600-1-300x300.jpg\" class=\"attachment-woocommerce_thumbnail size-woocommerce_thumbnail\" alt=\"Aluguel de Motorhome Rimor Seal 9 para 7 pessoas\" srcset=\"https:\/\/autocaravanascamperdadi.com\/wp-content\/uploads\/2017\/09\/30725337_2008095519453542_2182825795712450560_o-600x600-1-300x300.jpg 300w, https:\/\/autocaravanascamperdadi.com\/wp-content\/uploads\/2017\/09\/30725337_2008095519453542_2182825795712450560_o-600x600-1-100x100.jpg 100w, https:\/\/autocaravanascamperdadi.com\/wp-content\/uploads\/2017\/09\/30725337_2008095519453542_2182825795712450560_o-600x600-1-280x280.jpg 280w, https:\/\/autocaravanascamperdadi.com\/wp-content\/uploads\/2017\/09\/30725337_2008095519453542_2182825795712450560_o-600x600-1-400x400.jpg 400w, https:\/\/autocaravanascamperdadi.com\/wp-content\/uploads\/2017\/09\/30725337_2008095519453542_2182825795712450560_o-600x600-1-180x180.jpg 180w, https:\/\/autocaravanascamperdadi.com\/wp-content\/uploads\/2017\/09\/30725337_2008095519453542_2182825795712450560_o-600x600-1.jpg 600w\" sizes=\"auto, (max-width: 300px) 100vw, 300px\" \/>\t\t\t\t\t\t\t\t\t<\/a>\n\t\t\t\t\t\t\t\t\t\t\t\t\t\t\t\t\t\t \t\t\t\t\t\t\t\t<\/div>\n\t\t\t\t\t\t\t\t<div class=\"image-tools top right show-on-hover\">\n\t\t\t\t\t\t\t\t\t\t\t\t\t\t\t\t\t<\/div>\n\t\t\t\t\t\t\t\t\t\t\t\t\t\t\t\t\t<div class=\"image-tools grid-tools text-center hide-for-small bottom hover-slide-in show-on-hover\">\n\t\t\t\t\t\t\t\t\t\t\t\t\t\t\t\t\t\t\t<\/div>\n\t\t\t\t\t\t\t\t\t\t\t\t\t\t\t\t\t\t\t\t\t\t\t<\/div>\n\n\t\t\t\t\t\t\t<div class=\"box-text text-center\" >\n\t\t\t\t\t\t\t\t<div class=\"title-wrapper\"><p class=\"name product-title woocommerce-loop-product__title\"><a href=\"https:\/\/autocaravanascamperdadi.com\/pt-br\/tienda\/aluguel-de-motorhome-rimor-seal-9-para-7-pessoas\/\" class=\"woocommerce-LoopProduct-link woocommerce-loop-product__link\">Aluguel de Motorhome Rimor Seal 9 para 7 pessoas<\/a><\/p><\/div><div class=\"price-wrapper\">\n\t<span class=\"price\"><span class=\"woocommerce-Price-amount amount\"><bdi>125,00&nbsp;<span class=\"woocommerce-Price-currencySymbol\" translate=\"no\">&euro;<\/span><\/bdi><\/span><\/span>\n<\/div>\t\t\t\t\t\t\t<\/div>\n\t\t\t\t\t\t<\/div>\n\t\t\t\t\t\t<\/div>\n\t\t\t\t\t<\/div><div class=\"col\" >\n\t\t\t\t\t\t<div class=\"col-inner\">\n\t\t\t\t\t\t\n<div class=\"badge-container absolute left top z-1\">\n\n<\/div>\n\t\t\t\t\t\t<div class=\"product-small box has-hover box-normal box-text-bottom\">\n\t\t\t\t\t\t\t<div class=\"box-image\" >\n\t\t\t\t\t\t\t\t<div class=\"\" >\n\t\t\t\t\t\t\t\t\t<a href=\"https:\/\/autocaravanascamperdadi.com\/pt-br\/tienda\/aluguel-de-trailer-para-4-pessoas-burstner-465-ts-fifty\/\" aria-label=\"Aluguel de Trailer para 4 pessoas Burstner 465 TS FIFTY\">\n\t\t\t\t\t\t\t\t\t\t<img loading=\"lazy\" decoding=\"async\" width=\"300\" height=\"300\" src=\"https:\/\/autocaravanascamperdadi.com\/wp-content\/uploads\/2017\/09\/Burstner-465-1-300x300.jpg\" class=\"show-on-hover absolute fill hide-for-small back-image\" alt=\"Aluguel de Trailer para 4 pessoas Burstner 465 TS FIFTY\" aria-hidden=\"true\" srcset=\"https:\/\/autocaravanascamperdadi.com\/wp-content\/uploads\/2017\/09\/Burstner-465-1-300x300.jpg 300w, https:\/\/autocaravanascamperdadi.com\/wp-content\/uploads\/2017\/09\/Burstner-465-1-100x100.jpg 100w, https:\/\/autocaravanascamperdadi.com\/wp-content\/uploads\/2017\/09\/Burstner-465-1-280x280.jpg 280w, https:\/\/autocaravanascamperdadi.com\/wp-content\/uploads\/2017\/09\/Burstner-465-1-180x180.jpg 180w\" sizes=\"auto, (max-width: 300px) 100vw, 300px\" \/><img loading=\"lazy\" decoding=\"async\" width=\"300\" height=\"300\" src=\"https:\/\/autocaravanascamperdadi.com\/wp-content\/uploads\/2017\/09\/Burstner-465-300x300.jpg\" class=\"attachment-woocommerce_thumbnail size-woocommerce_thumbnail\" alt=\"Caravana Burstner 465 TS FIFTY\" srcset=\"https:\/\/autocaravanascamperdadi.com\/wp-content\/uploads\/2017\/09\/Burstner-465-300x300.jpg 300w, https:\/\/autocaravanascamperdadi.com\/wp-content\/uploads\/2017\/09\/Burstner-465-100x100.jpg 100w, https:\/\/autocaravanascamperdadi.com\/wp-content\/uploads\/2017\/09\/Burstner-465-280x280.jpg 280w, https:\/\/autocaravanascamperdadi.com\/wp-content\/uploads\/2017\/09\/Burstner-465-180x180.jpg 180w\" sizes=\"auto, (max-width: 300px) 100vw, 300px\" \/>\t\t\t\t\t\t\t\t\t<\/a>\n\t\t\t\t\t\t\t\t\t\t\t\t\t\t\t\t\t\t \t\t\t\t\t\t\t\t<\/div>\n\t\t\t\t\t\t\t\t<div class=\"image-tools top right show-on-hover\">\n\t\t\t\t\t\t\t\t\t\t\t\t\t\t\t\t\t<\/div>\n\t\t\t\t\t\t\t\t\t\t\t\t\t\t\t\t\t<div class=\"image-tools grid-tools text-center hide-for-small bottom hover-slide-in show-on-hover\">\n\t\t\t\t\t\t\t\t\t\t\t\t\t\t\t\t\t\t\t<\/div>\n\t\t\t\t\t\t\t\t\t\t\t\t\t\t\t\t\t\t\t\t\t\t\t<\/div>\n\n\t\t\t\t\t\t\t<div class=\"box-text text-center\" >\n\t\t\t\t\t\t\t\t<div class=\"title-wrapper\"><p class=\"name product-title woocommerce-loop-product__title\"><a href=\"https:\/\/autocaravanascamperdadi.com\/pt-br\/tienda\/aluguel-de-trailer-para-4-pessoas-burstner-465-ts-fifty\/\" class=\"woocommerce-LoopProduct-link woocommerce-loop-product__link\">Aluguel de Trailer para 4 pessoas Burstner 465 TS FIFTY<\/a><\/p><\/div><div class=\"price-wrapper\">\n\t<span class=\"price\"><span class=\"woocommerce-Price-amount amount\"><bdi>65,00&nbsp;<span class=\"woocommerce-Price-currencySymbol\" translate=\"no\">&euro;<\/span><\/bdi><\/span><\/span>\n<\/div>\t\t\t\t\t\t\t<\/div>\n\t\t\t\t\t\t<\/div>\n\t\t\t\t\t\t<\/div>\n\t\t\t\t\t<\/div><div class=\"col\" >\n\t\t\t\t\t\t<div class=\"col-inner\">\n\t\t\t\t\t\t\n<div class=\"badge-container absolute left top z-1\">\n\n<\/div>\n\t\t\t\t\t\t<div class=\"product-small box has-hover box-normal box-text-bottom\">\n\t\t\t\t\t\t\t<div class=\"box-image\" >\n\t\t\t\t\t\t\t\t<div class=\"\" >\n\t\t\t\t\t\t\t\t\t<a href=\"https:\/\/autocaravanascamperdadi.com\/pt-br\/tienda\/aluguel-de-camper-ate-4-lugares-rimor-horus-35\/\" aria-label=\"Aluguel de Camper at\u00e9 4 lugares Rimor HORUS 35\">\n\t\t\t\t\t\t\t\t\t\t<img loading=\"lazy\" decoding=\"async\" width=\"300\" height=\"300\" src=\"https:\/\/autocaravanascamperdadi.com\/wp-content\/uploads\/2014\/08\/horus35-9-300x300.jpg\" class=\"show-on-hover absolute fill hide-for-small back-image\" alt=\"Alternative view of Aluguel de Camper at\u00e9 4 lugares Rimor HORUS 35\" aria-hidden=\"true\" srcset=\"https:\/\/autocaravanascamperdadi.com\/wp-content\/uploads\/2014\/08\/horus35-9-300x300.jpg 300w, https:\/\/autocaravanascamperdadi.com\/wp-content\/uploads\/2014\/08\/horus35-9-100x100.jpg 100w, https:\/\/autocaravanascamperdadi.com\/wp-content\/uploads\/2014\/08\/horus35-9-280x280.jpg 280w, https:\/\/autocaravanascamperdadi.com\/wp-content\/uploads\/2014\/08\/horus35-9-180x180.jpg 180w, https:\/\/autocaravanascamperdadi.com\/wp-content\/uploads\/2014\/08\/horus35-9-600x600.jpg 600w\" sizes=\"auto, (max-width: 300px) 100vw, 300px\" \/><img loading=\"lazy\" decoding=\"async\" width=\"300\" height=\"300\" src=\"https:\/\/autocaravanascamperdadi.com\/wp-content\/uploads\/2014\/08\/horus35-3-300x300.jpg\" class=\"attachment-woocommerce_thumbnail size-woocommerce_thumbnail\" alt=\"Aluguel de Camper at\u00e9 4 lugares Rimor HORUS 35\" srcset=\"https:\/\/autocaravanascamperdadi.com\/wp-content\/uploads\/2014\/08\/horus35-3-300x300.jpg 300w, https:\/\/autocaravanascamperdadi.com\/wp-content\/uploads\/2014\/08\/horus35-3-100x100.jpg 100w, https:\/\/autocaravanascamperdadi.com\/wp-content\/uploads\/2014\/08\/horus35-3-280x280.jpg 280w, https:\/\/autocaravanascamperdadi.com\/wp-content\/uploads\/2014\/08\/horus35-3-180x180.jpg 180w, https:\/\/autocaravanascamperdadi.com\/wp-content\/uploads\/2014\/08\/horus35-3-600x600.jpg 600w\" sizes=\"auto, (max-width: 300px) 100vw, 300px\" \/>\t\t\t\t\t\t\t\t\t<\/a>\n\t\t\t\t\t\t\t\t\t\t\t\t\t\t\t\t\t\t \t\t\t\t\t\t\t\t<\/div>\n\t\t\t\t\t\t\t\t<div class=\"image-tools top right show-on-hover\">\n\t\t\t\t\t\t\t\t\t\t\t\t\t\t\t\t\t<\/div>\n\t\t\t\t\t\t\t\t\t\t\t\t\t\t\t\t\t<div class=\"image-tools grid-tools text-center hide-for-small bottom hover-slide-in show-on-hover\">\n\t\t\t\t\t\t\t\t\t\t\t\t\t\t\t\t\t\t\t<\/div>\n\t\t\t\t\t\t\t\t\t\t\t\t\t\t\t\t\t\t\t\t\t\t\t<\/div>\n\n\t\t\t\t\t\t\t<div class=\"box-text text-center\" >\n\t\t\t\t\t\t\t\t<div class=\"title-wrapper\"><p class=\"name product-title woocommerce-loop-product__title\"><a href=\"https:\/\/autocaravanascamperdadi.com\/pt-br\/tienda\/aluguel-de-camper-ate-4-lugares-rimor-horus-35\/\" class=\"woocommerce-LoopProduct-link woocommerce-loop-product__link\">Aluguel de Camper at\u00e9 4 lugares Rimor HORUS 35<\/a><\/p><\/div><div class=\"price-wrapper\">\n\t<span class=\"price\"><span class=\"woocommerce-Price-amount amount\"><bdi>90,00&nbsp;<span class=\"woocommerce-Price-currencySymbol\" translate=\"no\">&euro;<\/span><\/bdi><\/span><\/span>\n<\/div>\t\t\t\t\t\t\t<\/div>\n\t\t\t\t\t\t<\/div>\n\t\t\t\t\t\t<\/div>\n\t\t\t\t\t<\/div><\/div>\n\n<h2 class=\"uppercase\" style=\"text-align: center;\"><span style=\"font-size: 100%;\">Reservar agora<\/span><\/h2>\n\n\n\n<div class=\"wpcf7 no-js\" id=\"wpcf7-f28551-o1\" lang=\"es-ES\" dir=\"ltr\" data-wpcf7-id=\"28551\">\n<div class=\"screen-reader-response\"><p role=\"status\" aria-live=\"polite\" aria-atomic=\"true\"><\/p> <ul><\/ul><\/div>\n<form action=\"\/pt-br\/wp-json\/wp\/v2\/pages\/28530#wpcf7-f28551-o1\" method=\"post\" class=\"wpcf7-form init\" aria-label=\"Formulario de contacto\" novalidate=\"novalidate\" data-status=\"init\">\n<fieldset class=\"hidden-fields-container\"><input type=\"hidden\" name=\"_wpcf7\" value=\"28551\" \/><input type=\"hidden\" name=\"_wpcf7_version\" value=\"6.1.7\" \/><input type=\"hidden\" name=\"_wpcf7_locale\" value=\"es_ES\" \/><input type=\"hidden\" name=\"_wpcf7_unit_tag\" value=\"wpcf7-f28551-o1\" \/><input type=\"hidden\" name=\"_wpcf7_container_post\" value=\"0\" \/><input type=\"hidden\" name=\"_wpcf7_posted_data_hash\" value=\"\" \/><input type=\"hidden\" name=\"_wpcf7_recaptcha_response\" value=\"\" \/>\n<\/fieldset>\n<div class=\"cf7-wrapper\">\n\n <!-- LINHA 1 -->\n\t<div class=\"cf7-grid cf7-line-1\">\n\t\t<p><label>Nome e sobrenome<br \/>\n<span class=\"wpcf7-form-control-wrap\" data-name=\"your-name\"><input size=\"40\" maxlength=\"400\" class=\"wpcf7-form-control wpcf7-text wpcf7-validates-as-required\" aria-required=\"true\" aria-invalid=\"false\" placeholder=\"Ex: Jo\u00e3o Silva\" value=\"\" type=\"text\" name=\"your-name\" \/><\/span><br \/>\n<\/label>\n\t\t<\/p>\n\t\t<p><label>E-mail<br \/>\n<span class=\"wpcf7-form-control-wrap\" data-name=\"your-email\"><input size=\"40\" maxlength=\"400\" class=\"wpcf7-form-control wpcf7-email wpcf7-validates-as-required wpcf7-text wpcf7-validates-as-email\" aria-required=\"true\" aria-invalid=\"false\" placeholder=\"exemplo@email.com\" value=\"\" type=\"email\" name=\"your-email\" \/><\/span><br \/>\n<\/label>\n\t\t<\/p>\n\t\t<p><label>N\u00famero de telefone<br \/>\n<span class=\"wpcf7-form-control-wrap\" data-name=\"your-tel\"><input size=\"40\" maxlength=\"400\" class=\"wpcf7-form-control wpcf7-tel wpcf7-validates-as-required wpcf7-text wpcf7-validates-as-tel\" aria-required=\"true\" aria-invalid=\"false\" placeholder=\"600 000 000\" value=\"\" type=\"tel\" name=\"your-tel\" \/><\/span><br \/>\n<\/label>\n\t\t<\/p>\n\t\t<p><label>Pessoas<br \/>\n<span class=\"wpcf7-form-control-wrap\" data-name=\"personas\"><select class=\"wpcf7-form-control wpcf7-select wpcf7-validates-as-required\" aria-required=\"true\" aria-invalid=\"false\" name=\"personas\"><option value=\"1\">1<\/option><option value=\"2\">2<\/option><option value=\"3\">3<\/option><option value=\"4\">4<\/option><option value=\"5\">5<\/option><option value=\"6\">6<\/option><option value=\"7\">7<\/option><\/select><\/span><br \/>\n<\/label>\n\t\t<\/p>\n\t<\/div>\n\n <!-- LINHA 2 -->\n\t<div class=\"cf7-grid cf7-line-2\">\n\t\t<p><label>Data de retirada<br \/>\n<span class=\"wpcf7-form-control-wrap\" data-name=\"fecha-recogida\"><input class=\"wpcf7-form-control wpcf7-date wpcf7-validates-as-required wpcf7-validates-as-date\" aria-required=\"true\" aria-invalid=\"false\" value=\"\" type=\"date\" name=\"fecha-recogida\" \/><\/span><br \/>\n<\/label>\n\t\t<\/p>\n\t\t<p><label>Data de entrega<br \/>\n<span class=\"wpcf7-form-control-wrap\" data-name=\"fecha-entrega\"><input class=\"wpcf7-form-control wpcf7-date wpcf7-validates-as-required wpcf7-validates-as-date\" aria-required=\"true\" aria-invalid=\"false\" value=\"\" type=\"date\" name=\"fecha-entrega\" \/><\/span><br \/>\n<\/label>\n\t\t<\/p>\n\t\t<p><label class=\"cf7-modelo\">Modelo<br \/>\n<span class=\"wpcf7-form-control-wrap\" data-name=\"modelo\"><select class=\"wpcf7-form-control wpcf7-select wpcf7-validates-as-required\" aria-required=\"true\" aria-invalid=\"false\" name=\"modelo\"><option value=\"\">&#8212;Por favor, elige una opci\u00f3n&#8212;<\/option><option value=\"Giottiline 386\">Giottiline 386<\/option><option value=\"Giottiline 440\">Giottiline 440<\/option><option value=\"CI HORON 95 XT\">CI HORON 95 XT<\/option><option value=\"CI HORON 84XT\">CI HORON 84XT<\/option><option value=\"CI HORON 65XT\">CI HORON 65XT<\/option><option value=\"CI HORON 77M\">CI HORON 77M<\/option><option value=\"Rimor Seal 67 Plus\">Rimor Seal 67 Plus<\/option><option value=\"MC LOUIS MENFYS\">MC LOUIS MENFYS<\/option><option value=\"MC LOUIS GLAMYS 322\">MC LOUIS GLAMYS 322<\/option><option value=\"MC LOUIS MENFYS S-LINE\">MC LOUIS MENFYS S-LINE<\/option><option value=\"MC LOUIS 79G KARAT\">MC LOUIS 79G KARAT<\/option><option value=\"Rimor Kayak 69 Plus\">Rimor Kayak 69 Plus<\/option><option value=\"Rimor Seal 9\">Rimor Seal 9<\/option><option value=\"CI HORON 79M\">CI HORON 79M<\/option><option value=\"Trailer Burstner 465 TS FIFTY\">Trailer Burstner 465 TS FIFTY<\/option><option value=\"Rimor HORUS 35\">Rimor HORUS 35<\/option><\/select><\/span><br \/>\n<\/label>\n\t\t<\/p>\n\t<\/div>\n\n <!-- LINHA 3 MENSAGEM -->\n\t<div class=\"cf7-message-row\">\n\t\t<p><label>Mensagem (opcional)<br \/>\n<span class=\"wpcf7-form-control-wrap\" data-name=\"your-message\"><textarea cols=\"40\" rows=\"10\" maxlength=\"2000\" class=\"wpcf7-form-control wpcf7-textarea\" aria-invalid=\"false\" placeholder=\"Voc\u00ea tem alguma d\u00favida ou pedido especial?\" name=\"your-message\"><\/textarea><\/span><br \/>\n<\/label><br \/>\n<label for=\"acepto\"><br \/>\n<span class=\"wpcf7-form-control-wrap\" data-name=\"acceptance-536\"><span class=\"wpcf7-form-control wpcf7-acceptance\"><span class=\"wpcf7-list-item\"><input type=\"checkbox\" name=\"acceptance-536\" value=\"1\" id=\"acepto\" aria-invalid=\"false\" \/><\/span><\/span><\/span> Li e aceito as <a href=\"https:\/\/autocaravanascamperdadi.com\/pt-br\/aviso-legal\/\" target=\"_blank\">condi\u00e7\u00f5es de uso<\/a><br \/>\ne a <a href=\"https:\/\/autocaravanascamperdadi.com\/pt-br\/politica-de-privacidade-de-protecao-de-dados\/\">Pol\u00edtica de privacidade<\/a><br \/>\n<\/label>\n\t\t<\/p>\n\t<\/div>\n\n <!-- LINHA 4 BOT\u00c3O -->\n\t<div class=\"cf7-submit-row\">\n\t\t<p><input class=\"wpcf7-form-control wpcf7-submit has-spinner\" type=\"submit\" value=\"Reservar\" \/>\n\t\t<\/p>\n\t<\/div>\n<\/div><div class=\"wpcf7-response-output\" aria-hidden=\"true\"><\/div>\n<\/form>\n<\/div>\n\n\n<h2 class=\"uppercase\" style=\"text-align: center;\"><span style=\"font-size: 100%;\">Empresa de aluguel de casa rodante e motorhome em Madri, Espanha<\/span><\/h2>\n<span class=\"scroll-to\" data-label=\"Scroll to: #scroll1\" data-bullet=\"false\" data-link=\"#scroll1\" data-title=\"scroll1\"><a name=\"scroll1\"><\/a><\/span>\n\n<div class=\"row\"  id=\"row-1332539723\">\n\n\n\t<div id=\"col-690081691\" class=\"col medium-4 small-12 large-4\"  >\n\t\t\t\t<div class=\"col-inner\"  >\n\t\t\t\n\t\t\t\n\n\t<div class=\"box has-hover   has-hover box-text-bottom\" >\n\n\t\t<div class=\"box-image\" >\n\t\t\t\t\t\t<div class=\"\" >\n\t\t\t\t<img loading=\"lazy\" decoding=\"async\" width=\"525\" height=\"400\" src=\"https:\/\/autocaravanascamperdadi.com\/wp-content\/uploads\/2025\/12\/autocaravanas-home2.jpg\" class=\"attachment- size-\" alt=\"Alquiler de autocaravanas baratas en madrid\" \/>\t\t\t\t\t\t\t\t\t\t\t<\/div>\n\t\t\t\t\t<\/div>\n\n\t\t<div class=\"box-text text-center\" >\n\t\t\t<div class=\"box-text-inner\">\n\t\t\t\t\n\n<h3><a href=\"https:\/\/autocaravanascamperdadi.com\/alquiler-de-autocaravanas-baratas-en-madrid\/\">Aluguel de Motorhomes Baratos<\/a><\/h3>\n\n\t\t\t<\/div>\n\t\t<\/div>\n\t<\/div>\n\t\n\n\t\t<\/div>\n\t\t\t\t\t<\/div>\n\n\t\n\n\t<div id=\"col-802305525\" class=\"col medium-4 small-12 large-4\"  >\n\t\t\t\t<div class=\"col-inner\"  >\n\t\t\t\n\t\t\t\n\n\t<div class=\"box has-hover   has-hover box-text-bottom\" >\n\n\t\t<div class=\"box-image\" >\n\t\t\t\t\t\t<div class=\"\" >\n\t\t\t\t<img loading=\"lazy\" decoding=\"async\" width=\"900\" height=\"675\" src=\"https:\/\/autocaravanascamperdadi.com\/wp-content\/uploads\/2020\/04\/IMG_4907.jpg\" class=\"attachment- size-\" alt=\"Alquiler de Campers en Madrid\" srcset=\"https:\/\/autocaravanascamperdadi.com\/wp-content\/uploads\/2020\/04\/IMG_4907.jpg 900w, https:\/\/autocaravanascamperdadi.com\/wp-content\/uploads\/2020\/04\/IMG_4907-600x450.jpg 600w, https:\/\/autocaravanascamperdadi.com\/wp-content\/uploads\/2020\/04\/IMG_4907-533x400.jpg 533w, https:\/\/autocaravanascamperdadi.com\/wp-content\/uploads\/2020\/04\/IMG_4907-768x576.jpg 768w\" sizes=\"auto, (max-width: 900px) 100vw, 900px\" \/>\t\t\t\t\t\t\t\t\t\t\t<\/div>\n\t\t\t\t\t<\/div>\n\n\t\t<div class=\"box-text text-center\" >\n\t\t\t<div class=\"box-text-inner\">\n\t\t\t\t\n\n<h3><a href=\"https:\/\/autocaravanascamperdadi.com\/pt-br\/aluguel-de-campers-em-madri\/\">Aluguel de Campers em Madri<\/a><\/h3>\n\n\t\t\t<\/div>\n\t\t<\/div>\n\t<\/div>\n\t\n\n\t\t<\/div>\n\t\t\t\t\t<\/div>\n\n\t\n\n\t<div id=\"col-1833557869\" class=\"col medium-4 small-12 large-4\"  >\n\t\t\t\t<div class=\"col-inner\"  >\n\t\t\t\n\t\t\t\n\n\t<div class=\"box has-hover   has-hover box-text-bottom\" >\n\n\t\t<div class=\"box-image\" >\n\t\t\t\t\t\t<div class=\"\" >\n\t\t\t\t<img loading=\"lazy\" decoding=\"async\" width=\"525\" height=\"400\" src=\"https:\/\/autocaravanascamperdadi.com\/wp-content\/uploads\/2025\/12\/autocaravanas-home1.jpg\" class=\"attachment- size-\" alt=\"Autocaravanas de ocasi\u00f3n\" \/>\t\t\t\t\t\t\t\t\t\t\t<\/div>\n\t\t\t\t\t<\/div>\n\n\t\t<div class=\"box-text text-center\" >\n\t\t\t<div class=\"box-text-inner\">\n\t\t\t\t\n\n<h3><a href=\"https:\/\/autocaravanascamperdadi.com\/alquiler-de-casas-rodantes-en-madrid-espana\/\">Aluguel de Casa Rodante em Madri, Espanha<\/a><\/h3>\n\n\t\t\t<\/div>\n\t\t<\/div>\n\t<\/div>\n\t\n\n\t\t<\/div>\n\t\t\t\t\t<\/div>\n\n\t\n\n\n<style>\n#row-1332539723 > .col > .col-inner {\n  background-color: #E8E100;\n}\n<\/style>\n<\/div>\n<div class=\"row\"  id=\"row-1219758168\">\n\n\n\t<div id=\"col-136123203\" class=\"col medium-4 small-12 large-4\"  >\n\t\t\t\t<div class=\"col-inner\"  >\n\t\t\t\n\t\t\t\n\n\t<div class=\"box has-hover   has-hover box-text-bottom\" >\n\n\t\t<div class=\"box-image\" >\n\t\t\t\t\t\t<div class=\"\" >\n\t\t\t\t<img loading=\"lazy\" decoding=\"async\" width=\"631\" height=\"471\" src=\"https:\/\/autocaravanascamperdadi.com\/wp-content\/uploads\/2017\/09\/Burstner-465.jpg\" class=\"attachment- size-\" alt=\"Caravana Burstner 465 TS FIFTY\" srcset=\"https:\/\/autocaravanascamperdadi.com\/wp-content\/uploads\/2017\/09\/Burstner-465.jpg 631w, https:\/\/autocaravanascamperdadi.com\/wp-content\/uploads\/2017\/09\/Burstner-465-600x448.jpg 600w, https:\/\/autocaravanascamperdadi.com\/wp-content\/uploads\/2017\/09\/Burstner-465-536x400.jpg 536w\" sizes=\"auto, (max-width: 631px) 100vw, 631px\" \/>\t\t\t\t\t\t\t\t\t\t\t<\/div>\n\t\t\t\t\t<\/div>\n\n\t\t<div class=\"box-text text-center\" >\n\t\t\t<div class=\"box-text-inner\">\n\t\t\t\t\n\n<h3><a href=\"https:\/\/autocaravanascamperdadi.com\/pt-br\/aluguel-de-trailers-em-madri-espanha\/\">Aluguel de trailers em Madri<\/a><\/h3>\n\n\t\t\t<\/div>\n\t\t<\/div>\n\t<\/div>\n\t\n\n\t\t<\/div>\n\t\t\t\t\t<\/div>\n\n\t\n\n\t<div id=\"col-1505388255\" class=\"col medium-4 small-12 large-4\"  >\n\t\t\t\t<div class=\"col-inner\"  >\n\t\t\t\n\t\t\t\n\n\t<div class=\"box has-hover   has-hover box-text-bottom\" >\n\n\t\t<div class=\"box-image\" >\n\t\t\t\t\t\t<div class=\"\" >\n\t\t\t\t<img loading=\"lazy\" decoding=\"async\" width=\"525\" height=\"400\" src=\"https:\/\/autocaravanascamperdadi.com\/wp-content\/uploads\/2025\/12\/velero.jpeg\" class=\"attachment- size-\" alt=\"\" \/>\t\t\t\t\t\t\t\t\t\t\t<\/div>\n\t\t\t\t\t<\/div>\n\n\t\t<div class=\"box-text text-center\" >\n\t\t\t<div class=\"box-text-inner\">\n\t\t\t\t\n\n<h3><a href=\"https:\/\/autocaravanascamperdadi.com\/pt-br\/veiculos-e-acessorios\/embarcacoes-para-aluguel\/\">Aluguel de embarca\u00e7\u00f5es em Ibiza<\/a><\/h3>\n\n\t\t\t<\/div>\n\t\t<\/div>\n\t<\/div>\n\t\n\n\t\t<\/div>\n\t\t\t\t\t<\/div>\n\n\t\n\n\t<div id=\"col-766079675\" class=\"col medium-4 small-12 large-4\"  >\n\t\t\t\t<div class=\"col-inner\"  >\n\t\t\t\n\t\t\t\n\n\t<div class=\"box has-hover   has-hover box-text-bottom\" >\n\n\t\t<div class=\"box-image\" >\n\t\t\t\t\t\t<div class=\"\" >\n\t\t\t\t<img loading=\"lazy\" decoding=\"async\" width=\"525\" height=\"400\" src=\"https:\/\/autocaravanascamperdadi.com\/wp-content\/uploads\/2025\/12\/porsche.jpg\" class=\"attachment- size-\" alt=\"Alquiler de Coches Alta Gama\" \/>\t\t\t\t\t\t\t\t\t\t\t<\/div>\n\t\t\t\t\t<\/div>\n\n\t\t<div class=\"box-text text-center\" >\n\t\t\t<div class=\"box-text-inner\">\n\t\t\t\t\n\n<h3><a href=\"https:\/\/autocaravanascamperdadi.com\/pt-br\/veiculos-e-acessorios\/aluguel-de-carro-de-luxo\/\">Aluguel de Carros de Luxo<\/a><\/h3>\n\n\t\t\t<\/div>\n\t\t<\/div>\n\t<\/div>\n\t\n\n\t\t<\/div>\n\t\t\t\t\t<\/div>\n\n\t\n\n\n<style>\n#row-1219758168 > .col > .col-inner {\n  background-color: #E8E100;\n}\n<\/style>\n<\/div>\n<div class=\"row\"  id=\"row-1790596495\">\n\n\n\t<div id=\"col-1655962646\" class=\"col small-12 large-12\"  >\n\t\t\t\t<div class=\"col-inner\"  >\n\t\t\t\n\t\t\t\n\n<h2 class=\"uppercase\" style=\"text-align: center;\"><span style=\"font-size: 100%;\">Empresa de aluguel de <\/span><span style=\"font-size: 100%;\">embarca\u00e7\u00f5es, <\/span><span style=\"font-size: 100%;\">trailers, motorhomes em Madri<\/span><\/h2>\n<p class=\"lead\" style=\"text-align: center;\">Na Autocaravanas Camperdadi, oferecemos servi\u00e7o de <a href=\"https:\/\/autocaravanascamperdadi.com\/pt-br\/veiculos-e-acessorios\/aluguel-de-motorhomes-em-madri-espanha\/\"><strong>aluguel de motorhomes em Madri<\/strong><\/a> assim como tamb\u00e9m aluguel de embarca\u00e7\u00f5es em Ibiza. Contamos com modelos de trailers e motorhomes novos e usados para venda. Dispomos de um grande estoque de toldos para trailers, mobili\u00e1rio, suportes para bicicletas, conforto interno e muito mais. Voc\u00ea tamb\u00e9m encontrar\u00e1 acess\u00f3rios para camping, churrasqueiras, cadeiras e mesas para exterior, etc.<\/p>\n<p class=\"lead\" style=\"text-align: center;\">Todos os nossos ve\u00edculos est\u00e3o em perfeitas condi\u00e7\u00f5es, equipados com todo o mobili\u00e1rio e acess\u00f3rios essenciais para que voc\u00ea desfrute de uma viagem confort\u00e1vel e agrad\u00e1vel. Escolha o motorhome que melhor se adapta \u00e0s suas necessidades, n\u00f3s cuidamos de tudo o que \u00e9 fundamental para o aluguel e entrega do ve\u00edculo. Contamos com profissionais especializados para oferecer o melhor servi\u00e7o.<\/p>\n\n\t\t<\/div>\n\t\t\t\t\t<\/div>\n\n\t\n\n<\/div>\n<div class=\"row\"  id=\"row-960353063\">\n\n\n\t<div id=\"col-2132998424\" class=\"col small-12 large-12\"  >\n\t\t\t\t<div class=\"col-inner text-center\"  >\n\t\t\t\n\t\t\t\n\n<a href=\"\/vehiculos-y-accesorios\/\" class=\"button primary is-outline is-larger reveal-icon\" style=\"border-radius:99px;\">\n\t\t<span>Ver ve\u00edculos<\/span>\n\t<i class=\"icon-angle-right\" aria-hidden=\"true\"><\/i><\/a>\n\n\n\n\t\t<\/div>\n\t\t\t\t\t<\/div>\n\n\t\n\n<\/div>\n<h3 style=\"text-align: center; font-size:28px;\">Clientes que alugaram motorhomes com a Camperdadi<\/h3>\n<div class=\"row align-middle row-dashed\"  id=\"row-35018851\">\n\n\n\t<div id=\"col-488221658\" class=\"col medium-4 small-12 large-4\"  >\n\t\t\t\t<div class=\"col-inner text-center\"  >\n\t\t\t\n\t\t\t\n\n\t<div class=\"img has-hover x md-x lg-x y md-y lg-y\" id=\"image_1756551731\">\n\t\t<a class=\"image-lightbox lightbox-gallery\" title=\"\" href=\"https:\/\/autocaravanascamperdadi.com\/wp-content\/uploads\/2017\/08\/e448c73a48b74093abb98f9f94e97083.jpg\">\t\t\t\t\t\t<div class=\"img-inner image-cover dark\" style=\"padding-top:50%;\">\n\t\t\t<img loading=\"lazy\" decoding=\"async\" width=\"500\" height=\"368\" src=\"https:\/\/autocaravanascamperdadi.com\/wp-content\/uploads\/2017\/08\/e448c73a48b74093abb98f9f94e97083.jpg\" class=\"attachment-large size-large\" alt=\"Alquiler de Caravana en Madrid\" \/>\t\t\t\t\t\t\n\t\t\t\t\t<\/div>\n\t\t\t\t\t\t<\/a>\t\t\n<style>\n#image_1756551731 {\n  width: 100%;\n}\n<\/style>\n\t<\/div>\n\t\n\n\n\t\t<\/div>\n\t\t\t\t\t<\/div>\n\n\t\n\n\t<div id=\"col-678074733\" class=\"col medium-4 small-12 large-4\"  >\n\t\t\t\t<div class=\"col-inner text-center\"  >\n\t\t\t\n\t\t\t\n\n\t<div class=\"img has-hover x md-x lg-x y md-y lg-y\" id=\"image_1429366708\">\n\t\t<a class=\"image-lightbox lightbox-gallery\" title=\"\" href=\"https:\/\/autocaravanascamperdadi.com\/wp-content\/uploads\/2017\/08\/a89abaefc29841768a68173187a00cb9.jpg\">\t\t\t\t\t\t<div class=\"img-inner image-cover dark\" style=\"padding-top:50%;\">\n\t\t\t<img loading=\"lazy\" decoding=\"async\" width=\"500\" height=\"373\" src=\"https:\/\/autocaravanascamperdadi.com\/wp-content\/uploads\/2017\/08\/a89abaefc29841768a68173187a00cb9.jpg\" class=\"attachment-large size-large\" alt=\"Alquiler de Camper en Madrid\" \/>\t\t\t\t\t\t\n\t\t\t\t\t<\/div>\n\t\t\t\t\t\t<\/a>\t\t\n<style>\n#image_1429366708 {\n  width: 100%;\n}\n<\/style>\n\t<\/div>\n\t\n\n\n\t\t<\/div>\n\t\t\t\t\t<\/div>\n\n\t\n\n\t<div id=\"col-1214261349\" class=\"col medium-4 small-12 large-4\"  >\n\t\t\t\t<div class=\"col-inner text-center\"  >\n\t\t\t\n\t\t\t\n\n\t<div class=\"img has-hover x md-x lg-x y md-y lg-y\" id=\"image_1626493198\">\n\t\t<a class=\"image-lightbox lightbox-gallery\" title=\"\" href=\"https:\/\/autocaravanascamperdadi.com\/wp-content\/uploads\/2017\/08\/6b15558c6f054662beb9d4b8ae451f14.jpg\">\t\t\t\t\t\t<div class=\"img-inner image-cover dark\" style=\"padding-top:50%;\">\n\t\t\t<img loading=\"lazy\" decoding=\"async\" width=\"500\" height=\"374\" src=\"https:\/\/autocaravanascamperdadi.com\/wp-content\/uploads\/2017\/08\/6b15558c6f054662beb9d4b8ae451f14.jpg\" class=\"attachment-large size-large\" alt=\"Autocaravanas Camperdadi\" \/>\t\t\t\t\t\t\n\t\t\t\t\t<\/div>\n\t\t\t\t\t\t<\/a>\t\t\n<style>\n#image_1626493198 {\n  width: 100%;\n}\n<\/style>\n\t<\/div>\n\t\n\n\n\t\t<\/div>\n\t\t\t\t\t<\/div>\n\n\t\n\n\t<div id=\"col-184192394\" class=\"col medium-4 small-12 large-4\"  >\n\t\t\t\t<div class=\"col-inner text-center\"  >\n\t\t\t\n\t\t\t\n\n\t<div class=\"img has-hover x md-x lg-x y md-y lg-y\" id=\"image_1379332431\">\n\t\t<a class=\"image-lightbox lightbox-gallery\" title=\"\" href=\"https:\/\/autocaravanascamperdadi.com\/wp-content\/uploads\/2020\/04\/IMG_9735.jpg\">\t\t\t\t\t\t<div class=\"img-inner image-cover dark\" style=\"padding-top:50%;\">\n\t\t\t<img loading=\"lazy\" decoding=\"async\" width=\"900\" height=\"675\" src=\"https:\/\/autocaravanascamperdadi.com\/wp-content\/uploads\/2020\/04\/IMG_9735.jpg\" class=\"attachment-large size-large\" alt=\"Clientes que alquilaran autocaravanas con Camperdadi\" title=\"IMG_9735\" srcset=\"https:\/\/autocaravanascamperdadi.com\/wp-content\/uploads\/2020\/04\/IMG_9735.jpg 900w, https:\/\/autocaravanascamperdadi.com\/wp-content\/uploads\/2020\/04\/IMG_9735-600x450.jpg 600w, https:\/\/autocaravanascamperdadi.com\/wp-content\/uploads\/2020\/04\/IMG_9735-533x400.jpg 533w, https:\/\/autocaravanascamperdadi.com\/wp-content\/uploads\/2020\/04\/IMG_9735-768x576.jpg 768w\" sizes=\"auto, (max-width: 900px) 100vw, 900px\" \/>\t\t\t\t\t\t\n\t\t\t\t\t<\/div>\n\t\t\t\t\t\t<\/a>\t\t\n<style>\n#image_1379332431 {\n  width: 100%;\n}\n<\/style>\n\t<\/div>\n\t\n\n\n\t\t<\/div>\n\t\t\t\t\t<\/div>\n\n\t\n\n\t<div id=\"col-1985574123\" class=\"col medium-4 small-12 large-4\"  >\n\t\t\t\t<div class=\"col-inner text-center\"  >\n\t\t\t\n\t\t\t\n\n\t<div class=\"img has-hover x md-x lg-x y md-y lg-y\" id=\"image_1075480170\">\n\t\t<a class=\"image-lightbox lightbox-gallery\" title=\"\" href=\"https:\/\/autocaravanascamperdadi.com\/wp-content\/uploads\/2017\/08\/9cf9cddb294a4923a771a5572c92a6d8.jpg\">\t\t\t\t\t\t<div class=\"img-inner image-cover dark\" style=\"padding-top:50%;\">\n\t\t\t<img loading=\"lazy\" decoding=\"async\" width=\"500\" height=\"278\" src=\"https:\/\/autocaravanascamperdadi.com\/wp-content\/uploads\/2017\/08\/9cf9cddb294a4923a771a5572c92a6d8.jpg\" class=\"attachment-large size-large\" alt=\"rutas en autocaravanas\" \/>\t\t\t\t\t\t\n\t\t\t\t\t<\/div>\n\t\t\t\t\t\t<\/a>\t\t\n<style>\n#image_1075480170 {\n  width: 100%;\n}\n<\/style>\n\t<\/div>\n\t\n\n\n\t\t<\/div>\n\t\t\t\t\t<\/div>\n\n\t\n\n\t<div id=\"col-2016412796\" class=\"col medium-4 small-12 large-4\"  >\n\t\t\t\t<div class=\"col-inner text-center\"  >\n\t\t\t\n\t\t\t\n\n\t<div class=\"img has-hover x md-x lg-x y md-y lg-y\" id=\"image_387148701\">\n\t\t<a class=\"image-lightbox lightbox-gallery\" title=\"\" href=\"https:\/\/autocaravanascamperdadi.com\/wp-content\/uploads\/2017\/08\/1cc9ce568feb40a9a7d959325d78fd4b.jpg\">\t\t\t\t\t\t<div class=\"img-inner image-cover dark\" style=\"padding-top:50%;\">\n\t\t\t<img loading=\"lazy\" decoding=\"async\" width=\"500\" height=\"372\" src=\"https:\/\/autocaravanascamperdadi.com\/wp-content\/uploads\/2017\/08\/1cc9ce568feb40a9a7d959325d78fd4b.jpg\" class=\"attachment-large size-large\" alt=\"Alquiler de Autocaravanas en Madrid\" \/>\t\t\t\t\t\t\n\t\t\t\t\t<\/div>\n\t\t\t\t\t\t<\/a>\t\t\n<style>\n#image_387148701 {\n  width: 100%;\n}\n<\/style>\n\t<\/div>\n\t\n\n\n\t\t<\/div>\n\t\t\t\t\t<\/div>\n\n\t\n\n<\/div>\n\t<div id=\"gap-1555495471\" class=\"gap-element clearfix\" style=\"display:block; height:auto;\">\n\t\t\n<style>\n#gap-1555495471 {\n  padding-top: 30px;\n}\n<\/style>\n\t<\/div>\n\t\n\n\n\t<section class=\"section\" id=\"section_593442992\">\n\t\t<div class=\"section-bg fill\" >\n\t\t\t\t\t\t\t\t\t\n\t\t\t\n\n\t\t<\/div>\n\n\t\t\n\n\t\t<div class=\"section-content relative\">\n\t\t\t\n\n<div class=\"message-box relative\" style=\"padding-top:38px;padding-bottom:38px;\"><div class=\"message-box-bg-image bg-fill fill\" ><\/div><div class=\"message-box-bg-overlay bg-fill fill\" style=\"background-color:rgb(232, 225, 0);\"><\/div><div class=\"container relative\"><div class=\"inner last-reset\">\n\n<div class=\"row align-middle align-center\"  id=\"row-1927341130\">\n\n\n\t<div id=\"col-1980736138\" class=\"col medium-8 small-12 large-8\"  >\n\t\t\t\t<div class=\"col-inner\"  >\n\t\t\t\n\t\t\t\n\n<div class=\"justy\">\n<div class=\"uppercase\">Autocaravanas Camperdadi<\/div>\n<p>Na Autocaravanas Camperdadi oferecemos o melhor servi\u00e7o em <strong>trailers para aluguel<\/strong> e venda de trailers e motorhomes tanto novos quanto usados. Al\u00e9m disso, dispomos tamb\u00e9m de <strong>aluguel de motorhome em Madri<\/strong> e <strong>aluguel de reboque para trailer<\/strong> e de embarca\u00e7\u00f5es para tornar suas f\u00e9rias mais completas e divertidas.<\/p>\n<\/div>\n\n\t\t<\/div>\n\t\t\t\t\t<\/div>\n\n\t\n\n\t<div id=\"col-1118208674\" class=\"col medium-4 small-12 large-4\"  >\n\t\t\t\t<div class=\"col-inner text-center\"  >\n\t\t\t\n\t\t\t\n\n<a href=\"https:\/\/autocaravanascamperdadi.com\/contacto\/\" class=\"button primary\" style=\"border-radius:99px;\">\n\t\t<span>Contate-nos!<\/span>\n\t<\/a>\n\n\n\n\t\t<\/div>\n\t\t\t\t\t<\/div>\n\n\t\n\n<\/div>\n\n<\/div><\/div><\/div>\n\n\t\t<\/div>\n\n\t\t\n<style>\n#section_593442992 {\n  padding-top: 30px;\n  padding-bottom: 30px;\n}\n<\/style>\n\t<\/section>\n\t\n<h4 style=\"text-align: center; font-size:26px;\">\u00daltimas not\u00edcias sobre rotas e informa\u00e7\u00f5es sobre motorhomes<\/h4>\n\n  \n    <div class=\"row large-columns-3 medium-columns-1 small-columns-1 slider row-slider slider-nav-reveal slider-nav-push\"  data-flickity-options='{&quot;imagesLoaded&quot;: true, &quot;groupCells&quot;: &quot;100%&quot;, &quot;dragThreshold&quot; : 5, &quot;cellAlign&quot;: &quot;left&quot;,&quot;wrapAround&quot;: true,&quot;prevNextButtons&quot;: true,&quot;percentPosition&quot;: true,&quot;pageDots&quot;: false, &quot;rightToLeft&quot;: false, &quot;autoPlay&quot; : false}' >\n\n  <div class=\"col post-item\" >\n\t\t\t<div class=\"col-inner\">\n\t\t\t\t<div class=\"box box-normal box-text-bottom box-blog-post has-hover\">\n            \t\t\t\t\t<div class=\"box-image\" >\n  \t\t\t\t\t\t<div class=\"image-cover\" style=\"padding-top:56.25%;\">\n\t\t\t\t\t\t\t<a href=\"https:\/\/autocaravanascamperdadi.com\/pt-br\/descubra-a-mitica-n2-rota-66-de-portugal-em-motorhome\/\" class=\"plain\" aria-label=\"Descubra a m\u00edtica N2, Rota 66 de Portugal em motorhome\">\n\t\t\t\t\t\t\t\t<img loading=\"lazy\" decoding=\"async\" width=\"533\" height=\"400\" src=\"https:\/\/autocaravanascamperdadi.com\/wp-content\/uploads\/2026\/03\/CI-HORON-79M-02-533x400.jpg\" class=\"attachment-medium size-medium wp-post-image\" alt=\"Alquiler de Autocaravana hasta 6 plazas Ci HORON 79M 165cv cambio autom\u00e1tico\" srcset=\"https:\/\/autocaravanascamperdadi.com\/wp-content\/uploads\/2026\/03\/CI-HORON-79M-02-533x400.jpg 533w, https:\/\/autocaravanascamperdadi.com\/wp-content\/uploads\/2026\/03\/CI-HORON-79M-02-768x576.jpg 768w, https:\/\/autocaravanascamperdadi.com\/wp-content\/uploads\/2026\/03\/CI-HORON-79M-02-600x450.jpg 600w, https:\/\/autocaravanascamperdadi.com\/wp-content\/uploads\/2026\/03\/CI-HORON-79M-02.jpg 1000w\" sizes=\"auto, (max-width: 533px) 100vw, 533px\" \/>\t\t\t\t\t\t\t<\/a>\n  \t\t\t\t\t\t\t  \t\t\t\t\t\t\t  \t\t\t\t\t\t<\/div>\n  \t\t\t\t\t\t  \t\t\t\t\t<\/div>\n          \t\t\t\t\t<div class=\"box-text text-center\" >\n\t\t\t\t\t<div class=\"box-text-inner blog-post-inner\">\n\n\t\t\t\t\t\n\t\t\t\t\t\t\t\t\t\t<h5 class=\"post-title is-large \">\n\t\t\t\t\t\t<a href=\"https:\/\/autocaravanascamperdadi.com\/pt-br\/descubra-a-mitica-n2-rota-66-de-portugal-em-motorhome\/\" class=\"plain\">Descubra a m\u00edtica N2, Rota 66 de Portugal em motorhome<\/a>\n\t\t\t\t\t<\/h5>\n\t\t\t\t\t\t\t\t\t\t<div class=\"is-divider\"><\/div>\n\t\t\t\t\t\t\t\t\t\t<p class=\"from_the_blog_excerpt \">\n\t\t\t\t\t\tVoc\u00ea sabia que existe uma estrada que atravessa um pa\u00eds inteiro de norte a sul, [...]\t\t\t\t\t<\/p>\n\t\t\t\t\t                    \n\t\t\t\t\t\n\t\t\t\t\t\n\t\t\t\t\t<\/div>\n\t\t\t\t\t<\/div>\n\t\t\t\t\t\t\t\t\t\t\t\t\t\t\t\t<div class=\"badge absolute top post-date badge-outline\">\n\t\t\t\t\t\t\t<div class=\"badge-inner\">\n\t\t\t\t\t\t\t\t<span class=\"post-date-day\">26<\/span><br>\n\t\t\t\t\t\t\t\t<span class=\"post-date-month is-xsmall\">ago<\/span>\n\t\t\t\t\t\t\t<\/div>\n\t\t\t\t\t\t<\/div>\n\t\t\t\t\t\t\t\t\t<\/div>\n\t\t\t<\/div>\n\t\t<\/div><div class=\"col post-item\" >\n\t\t\t<div class=\"col-inner\">\n\t\t\t\t<div class=\"box box-normal box-text-bottom box-blog-post has-hover\">\n            \t\t\t\t\t<div class=\"box-image\" >\n  \t\t\t\t\t\t<div class=\"image-cover\" style=\"padding-top:56.25%;\">\n\t\t\t\t\t\t\t<a href=\"https:\/\/autocaravanascamperdadi.com\/pt-br\/ir-para-cabo-norte-em-motorhome-guia-definitivo-para-chegar-ao-fim-do-mundo\/\" class=\"plain\" aria-label=\"Ir para Cabo Norte em motorhome: guia definitivo para chegar ao fim do mundo\">\n\t\t\t\t\t\t\t\t<img loading=\"lazy\" decoding=\"async\" width=\"533\" height=\"400\" src=\"https:\/\/autocaravanascamperdadi.com\/wp-content\/uploads\/2026\/03\/CI-HORON-77M-03-533x400.jpeg\" class=\"attachment-medium size-medium wp-post-image\" alt=\"Ir a Cabo Norte en autocaravana\" srcset=\"https:\/\/autocaravanascamperdadi.com\/wp-content\/uploads\/2026\/03\/CI-HORON-77M-03-533x400.jpeg 533w, https:\/\/autocaravanascamperdadi.com\/wp-content\/uploads\/2026\/03\/CI-HORON-77M-03-768x576.jpeg 768w, https:\/\/autocaravanascamperdadi.com\/wp-content\/uploads\/2026\/03\/CI-HORON-77M-03-600x450.jpeg 600w, https:\/\/autocaravanascamperdadi.com\/wp-content\/uploads\/2026\/03\/CI-HORON-77M-03.jpeg 1000w\" sizes=\"auto, (max-width: 533px) 100vw, 533px\" \/>\t\t\t\t\t\t\t<\/a>\n  \t\t\t\t\t\t\t  \t\t\t\t\t\t\t  \t\t\t\t\t\t<\/div>\n  \t\t\t\t\t\t  \t\t\t\t\t<\/div>\n          \t\t\t\t\t<div class=\"box-text text-center\" >\n\t\t\t\t\t<div class=\"box-text-inner blog-post-inner\">\n\n\t\t\t\t\t\n\t\t\t\t\t\t\t\t\t\t<h5 class=\"post-title is-large \">\n\t\t\t\t\t\t<a href=\"https:\/\/autocaravanascamperdadi.com\/pt-br\/ir-para-cabo-norte-em-motorhome-guia-definitivo-para-chegar-ao-fim-do-mundo\/\" class=\"plain\">Ir para Cabo Norte em motorhome: guia definitivo para chegar ao fim do mundo<\/a>\n\t\t\t\t\t<\/h5>\n\t\t\t\t\t\t\t\t\t\t<div class=\"is-divider\"><\/div>\n\t\t\t\t\t\t\t\t\t\t<p class=\"from_the_blog_excerpt \">\n\t\t\t\t\t\tVoc\u00ea sabia que existe um lugar onde o sol nunca se p\u00f5e no ver\u00e3o e [...]\t\t\t\t\t<\/p>\n\t\t\t\t\t                    \n\t\t\t\t\t\n\t\t\t\t\t\n\t\t\t\t\t<\/div>\n\t\t\t\t\t<\/div>\n\t\t\t\t\t\t\t\t\t\t\t\t\t\t\t\t<div class=\"badge absolute top post-date badge-outline\">\n\t\t\t\t\t\t\t<div class=\"badge-inner\">\n\t\t\t\t\t\t\t\t<span class=\"post-date-day\">19<\/span><br>\n\t\t\t\t\t\t\t\t<span class=\"post-date-month is-xsmall\">ago<\/span>\n\t\t\t\t\t\t\t<\/div>\n\t\t\t\t\t\t<\/div>\n\t\t\t\t\t\t\t\t\t<\/div>\n\t\t\t<\/div>\n\t\t<\/div><div class=\"col post-item\" >\n\t\t\t<div class=\"col-inner\">\n\t\t\t\t<div class=\"box box-normal box-text-bottom box-blog-post has-hover\">\n            \t\t\t\t\t<div class=\"box-image\" >\n  \t\t\t\t\t\t<div class=\"image-cover\" style=\"padding-top:56.25%;\">\n\t\t\t\t\t\t\t<a href=\"https:\/\/autocaravanascamperdadi.com\/pt-br\/nova-normativa-dgt-2026-para-motorhomes-estacionar-e-pernoitar-sem-multas\/\" class=\"plain\" aria-label=\"Nova Normativa DGT 2026 para motorhomes: estacionar e pernoitar sem multas\">\n\t\t\t\t\t\t\t\t<img loading=\"lazy\" decoding=\"async\" width=\"533\" height=\"400\" src=\"https:\/\/autocaravanascamperdadi.com\/wp-content\/uploads\/2026\/03\/CI-HORON-84XT-01-533x400.jpg\" class=\"attachment-medium size-medium wp-post-image\" alt=\"Nueva Normativa DGT 2026 para autocaravanas: aparcar y pernoctar sin multas\" srcset=\"https:\/\/autocaravanascamperdadi.com\/wp-content\/uploads\/2026\/03\/CI-HORON-84XT-01-533x400.jpg 533w, https:\/\/autocaravanascamperdadi.com\/wp-content\/uploads\/2026\/03\/CI-HORON-84XT-01-768x576.jpg 768w, https:\/\/autocaravanascamperdadi.com\/wp-content\/uploads\/2026\/03\/CI-HORON-84XT-01-600x450.jpg 600w, https:\/\/autocaravanascamperdadi.com\/wp-content\/uploads\/2026\/03\/CI-HORON-84XT-01.jpg 1000w\" sizes=\"auto, (max-width: 533px) 100vw, 533px\" \/>\t\t\t\t\t\t\t<\/a>\n  \t\t\t\t\t\t\t  \t\t\t\t\t\t\t  \t\t\t\t\t\t<\/div>\n  \t\t\t\t\t\t  \t\t\t\t\t<\/div>\n          \t\t\t\t\t<div class=\"box-text text-center\" >\n\t\t\t\t\t<div class=\"box-text-inner blog-post-inner\">\n\n\t\t\t\t\t\n\t\t\t\t\t\t\t\t\t\t<h5 class=\"post-title is-large \">\n\t\t\t\t\t\t<a href=\"https:\/\/autocaravanascamperdadi.com\/pt-br\/nova-normativa-dgt-2026-para-motorhomes-estacionar-e-pernoitar-sem-multas\/\" class=\"plain\">Nova Normativa DGT 2026 para motorhomes: estacionar e pernoitar sem multas<\/a>\n\t\t\t\t\t<\/h5>\n\t\t\t\t\t\t\t\t\t\t<div class=\"is-divider\"><\/div>\n\t\t\t\t\t\t\t\t\t\t<p class=\"from_the_blog_excerpt \">\n\t\t\t\t\t\tVoc\u00ea sabia que dormir dentro do seu motorhome bem estacionado \u00e9 completamente legal, mas colocar [...]\t\t\t\t\t<\/p>\n\t\t\t\t\t                    \n\t\t\t\t\t\n\t\t\t\t\t\n\t\t\t\t\t<\/div>\n\t\t\t\t\t<\/div>\n\t\t\t\t\t\t\t\t\t\t\t\t\t\t\t\t<div class=\"badge absolute top post-date badge-outline\">\n\t\t\t\t\t\t\t<div class=\"badge-inner\">\n\t\t\t\t\t\t\t\t<span class=\"post-date-day\">12<\/span><br>\n\t\t\t\t\t\t\t\t<span class=\"post-date-month is-xsmall\">ago<\/span>\n\t\t\t\t\t\t\t<\/div>\n\t\t\t\t\t\t<\/div>\n\t\t\t\t\t\t\t\t\t<\/div>\n\t\t\t<\/div>\n\t\t<\/div><div class=\"col post-item\" >\n\t\t\t<div class=\"col-inner\">\n\t\t\t\t<div class=\"box box-normal box-text-bottom box-blog-post has-hover\">\n            \t\t\t\t\t<div class=\"box-image\" >\n  \t\t\t\t\t\t<div class=\"image-cover\" style=\"padding-top:56.25%;\">\n\t\t\t\t\t\t\t<a href=\"https:\/\/autocaravanascamperdadi.com\/pt-br\/onde-ver-o-eclipse-solar-de-motorhome\/\" class=\"plain\" aria-label=\"Onde ver o eclipse solar de motorhome\">\n\t\t\t\t\t\t\t\t<img loading=\"lazy\" decoding=\"async\" width=\"533\" height=\"400\" src=\"https:\/\/autocaravanascamperdadi.com\/wp-content\/uploads\/2026\/03\/CI-HORON-84XT-02-533x400.jpg\" class=\"attachment-medium size-medium wp-post-image\" alt=\"D\u00f3nde ver el eclipse solar en autocaravana\" srcset=\"https:\/\/autocaravanascamperdadi.com\/wp-content\/uploads\/2026\/03\/CI-HORON-84XT-02-533x400.jpg 533w, https:\/\/autocaravanascamperdadi.com\/wp-content\/uploads\/2026\/03\/CI-HORON-84XT-02-768x576.jpg 768w, https:\/\/autocaravanascamperdadi.com\/wp-content\/uploads\/2026\/03\/CI-HORON-84XT-02-600x450.jpg 600w, https:\/\/autocaravanascamperdadi.com\/wp-content\/uploads\/2026\/03\/CI-HORON-84XT-02.jpg 1000w\" sizes=\"auto, (max-width: 533px) 100vw, 533px\" \/>\t\t\t\t\t\t\t<\/a>\n  \t\t\t\t\t\t\t  \t\t\t\t\t\t\t  \t\t\t\t\t\t<\/div>\n  \t\t\t\t\t\t  \t\t\t\t\t<\/div>\n          \t\t\t\t\t<div class=\"box-text text-center\" >\n\t\t\t\t\t<div class=\"box-text-inner blog-post-inner\">\n\n\t\t\t\t\t\n\t\t\t\t\t\t\t\t\t\t<h5 class=\"post-title is-large \">\n\t\t\t\t\t\t<a href=\"https:\/\/autocaravanascamperdadi.com\/pt-br\/onde-ver-o-eclipse-solar-de-motorhome\/\" class=\"plain\">Onde ver o eclipse solar de motorhome<\/a>\n\t\t\t\t\t<\/h5>\n\t\t\t\t\t\t\t\t\t\t<div class=\"is-divider\"><\/div>\n\t\t\t\t\t\t\t\t\t\t<p class=\"from_the_blog_excerpt \">\n\t\t\t\t\t\tVoc\u00ea sabia que em 12 de agosto de 2026 o c\u00e9u da Espanha escurecer\u00e1 completamente [...]\t\t\t\t\t<\/p>\n\t\t\t\t\t                    \n\t\t\t\t\t\n\t\t\t\t\t\n\t\t\t\t\t<\/div>\n\t\t\t\t\t<\/div>\n\t\t\t\t\t\t\t\t\t\t\t\t\t\t\t\t<div class=\"badge absolute top post-date badge-outline\">\n\t\t\t\t\t\t\t<div class=\"badge-inner\">\n\t\t\t\t\t\t\t\t<span class=\"post-date-day\">05<\/span><br>\n\t\t\t\t\t\t\t\t<span class=\"post-date-month is-xsmall\">ago<\/span>\n\t\t\t\t\t\t\t<\/div>\n\t\t\t\t\t\t<\/div>\n\t\t\t\t\t\t\t\t\t<\/div>\n\t\t\t<\/div>\n\t\t<\/div><\/div>\n\n\n  \n    <div class=\"row large-columns-3 medium-columns- small-columns-1 slider row-slider slider-nav-simple slider-nav-outside slider-nav-push\"  data-flickity-options='{&quot;imagesLoaded&quot;: true, &quot;groupCells&quot;: &quot;100%&quot;, &quot;dragThreshold&quot; : 5, &quot;cellAlign&quot;: &quot;left&quot;,&quot;wrapAround&quot;: true,&quot;prevNextButtons&quot;: true,&quot;percentPosition&quot;: true,&quot;pageDots&quot;: false, &quot;rightToLeft&quot;: false, &quot;autoPlay&quot; : false}' >\n\n  <\/div>\n\n\n","protected":false},"excerpt":{"rendered":"","protected":false},"author":15,"featured_media":28501,"parent":0,"menu_order":3,"comment_status":"closed","ping_status":"closed","template":"page-transparent-header-light.php","meta":{"footnotes":""},"class_list":["post-28530","page","type-page","status-publish","has-post-thumbnail","hentry"],"yoast_head":"<!-- This site is optimized with the Yoast SEO plugin v28.3 - https:\/\/yoast.com\/product\/yoast-seo-wordpress\/ -->\n<title>Home - Camperdadi<\/title>\n<meta name=\"description\" content=\"Aluguel de motorhomes em Madri com a Autocaravanas Camperdadi Reservar agora Empresa de aluguel de casa rodante e motorhome em Madri, Espanha Clientes que\" \/>\n<meta name=\"robots\" content=\"index, follow, max-snippet:-1, max-image-preview:large, max-video-preview:-1\" \/>\n<link rel=\"canonical\" href=\"https:\/\/autocaravanascamperdadi.com\/pt-br\/\" \/>\n<meta property=\"og:locale\" content=\"pt_BR\" \/>\n<meta property=\"og:type\" content=\"article\" \/>\n<meta property=\"og:title\" content=\"Home - Camperdadi\" \/>\n<meta property=\"og:description\" content=\"Aluguel de motorhomes em Madri com a Autocaravanas Camperdadi Reservar agora Empresa de aluguel de casa rodante e motorhome em Madri, Espanha Clientes que\" \/>\n<meta property=\"og:url\" content=\"https:\/\/autocaravanascamperdadi.com\/pt-br\/\" \/>\n<meta property=\"og:site_name\" content=\"Camperdadi\" \/>\n<meta property=\"article:publisher\" content=\"https:\/\/es-es.facebook.com\/camperdadi\/\" \/>\n<meta property=\"article:modified_time\" content=\"2026-08-31T17:24:55+00:00\" \/>\n<meta property=\"og:image\" content=\"https:\/\/autocaravanascamperdadi.com\/wp-content\/uploads\/2017\/09\/Europeo-69-003_big.jpg\" \/>\n\t<meta property=\"og:image:width\" content=\"957\" \/>\n\t<meta property=\"og:image:height\" content=\"667\" \/>\n\t<meta property=\"og:image:type\" content=\"image\/jpeg\" \/>\n<meta name=\"twitter:card\" content=\"summary_large_image\" \/>\n<meta name=\"twitter:site\" content=\"@camperdadi\" \/>\n<meta name=\"twitter:label1\" content=\"Est. tempo de leitura\" \/>\n\t<meta name=\"twitter:data1\" content=\"3 minutos\" \/>\n<script type=\"application\/ld+json\" class=\"yoast-schema-graph\">{\"@context\":\"https:\\\/\\\/schema.org\",\"@graph\":[{\"@type\":\"WebPage\",\"@id\":\"https:\\\/\\\/autocaravanascamperdadi.com\\\/pt-br\\\/\",\"url\":\"https:\\\/\\\/autocaravanascamperdadi.com\\\/pt-br\\\/\",\"name\":\"Home - Camperdadi\",\"isPartOf\":{\"@id\":\"https:\\\/\\\/autocaravanascamperdadi.com\\\/en\\\/#website\"},\"primaryImageOfPage\":{\"@id\":\"https:\\\/\\\/autocaravanascamperdadi.com\\\/pt-br\\\/#primaryimage\"},\"image\":{\"@id\":\"https:\\\/\\\/autocaravanascamperdadi.com\\\/pt-br\\\/#primaryimage\"},\"thumbnailUrl\":\"https:\\\/\\\/autocaravanascamperdadi.com\\\/wp-content\\\/uploads\\\/2017\\\/09\\\/Europeo-69-003_big.jpg\",\"datePublished\":\"2026-08-31T10:11:52+00:00\",\"dateModified\":\"2026-08-31T17:24:55+00:00\",\"description\":\"Aluguel de motorhomes em Madri com a Autocaravanas Camperdadi Reservar agora Empresa de aluguel de casa rodante e motorhome em Madri, Espanha Clientes que\",\"breadcrumb\":{\"@id\":\"https:\\\/\\\/autocaravanascamperdadi.com\\\/pt-br\\\/#breadcrumb\"},\"inLanguage\":\"pt-BR\",\"potentialAction\":[{\"@type\":\"ReadAction\",\"target\":[\"https:\\\/\\\/autocaravanascamperdadi.com\\\/pt-br\\\/\"]}]},{\"@type\":\"ImageObject\",\"inLanguage\":\"pt-BR\",\"@id\":\"https:\\\/\\\/autocaravanascamperdadi.com\\\/pt-br\\\/#primaryimage\",\"url\":\"https:\\\/\\\/autocaravanascamperdadi.com\\\/wp-content\\\/uploads\\\/2017\\\/09\\\/Europeo-69-003_big.jpg\",\"contentUrl\":\"https:\\\/\\\/autocaravanascamperdadi.com\\\/wp-content\\\/uploads\\\/2017\\\/09\\\/Europeo-69-003_big.jpg\",\"width\":957,\"height\":667,\"caption\":\"Aluguel de motorhome em Madri Espa\u00f1a\"},{\"@type\":\"BreadcrumbList\",\"@id\":\"https:\\\/\\\/autocaravanascamperdadi.com\\\/pt-br\\\/#breadcrumb\",\"itemListElement\":[{\"@type\":\"ListItem\",\"position\":1,\"name\":\"Portada\",\"item\":\"https:\\\/\\\/autocaravanascamperdadi.com\\\/pt-br\\\/\"},{\"@type\":\"ListItem\",\"position\":2,\"name\":\"Home\"}]},{\"@type\":\"WebSite\",\"@id\":\"https:\\\/\\\/autocaravanascamperdadi.com\\\/en\\\/#website\",\"url\":\"https:\\\/\\\/autocaravanascamperdadi.com\\\/en\\\/\",\"name\":\"Autocaravanas Camperdadi\",\"description\":\"Alquiler de autocaravanas y caravanas\",\"publisher\":{\"@id\":\"https:\\\/\\\/autocaravanascamperdadi.com\\\/en\\\/#organization\"},\"potentialAction\":[{\"@type\":\"SearchAction\",\"target\":{\"@type\":\"EntryPoint\",\"urlTemplate\":\"https:\\\/\\\/autocaravanascamperdadi.com\\\/en\\\/?s={search_term_string}\"},\"query-input\":{\"@type\":\"PropertyValueSpecification\",\"valueRequired\":true,\"valueName\":\"search_term_string\"}}],\"inLanguage\":\"pt-BR\"},{\"@type\":\"Organization\",\"@id\":\"https:\\\/\\\/autocaravanascamperdadi.com\\\/en\\\/#organization\",\"name\":\"Camperdadi\",\"url\":\"https:\\\/\\\/autocaravanascamperdadi.com\\\/en\\\/\",\"logo\":{\"@type\":\"ImageObject\",\"inLanguage\":\"pt-BR\",\"@id\":\"https:\\\/\\\/autocaravanascamperdadi.com\\\/en\\\/#\\\/schema\\\/logo\\\/image\\\/\",\"url\":\"https:\\\/\\\/autocaravanascamperdadi.com\\\/wp-content\\\/uploads\\\/2017\\\/08\\\/cropped-logo.png\",\"contentUrl\":\"https:\\\/\\\/autocaravanascamperdadi.com\\\/wp-content\\\/uploads\\\/2017\\\/08\\\/cropped-logo.png\",\"width\":512,\"height\":512,\"caption\":\"Camperdadi\"},\"image\":{\"@id\":\"https:\\\/\\\/autocaravanascamperdadi.com\\\/en\\\/#\\\/schema\\\/logo\\\/image\\\/\"},\"sameAs\":[\"https:\\\/\\\/es-es.facebook.com\\\/camperdadi\\\/\",\"https:\\\/\\\/x.com\\\/camperdadi\",\"https:\\\/\\\/www.instagram.com\\\/autocaravanascamperdadi\\\/?hl=es\"]}]}<\/script>\n<!-- \/ Yoast SEO plugin. -->","yoast_head_json":{"title":"Home - Camperdadi","description":"Aluguel de motorhomes em Madri com a Autocaravanas Camperdadi Reservar agora Empresa de aluguel de casa rodante e motorhome em Madri, Espanha Clientes que","robots":{"index":"index","follow":"follow","max-snippet":"max-snippet:-1","max-image-preview":"max-image-preview:large","max-video-preview":"max-video-preview:-1"},"canonical":"https:\/\/autocaravanascamperdadi.com\/pt-br\/","og_locale":"pt_BR","og_type":"article","og_title":"Home - Camperdadi","og_description":"Aluguel de motorhomes em Madri com a Autocaravanas Camperdadi Reservar agora Empresa de aluguel de casa rodante e motorhome em Madri, Espanha Clientes que","og_url":"https:\/\/autocaravanascamperdadi.com\/pt-br\/","og_site_name":"Camperdadi","article_publisher":"https:\/\/es-es.facebook.com\/camperdadi\/","article_modified_time":"2026-08-31T17:24:55+00:00","og_image":[{"width":957,"height":667,"url":"https:\/\/autocaravanascamperdadi.com\/wp-content\/uploads\/2017\/09\/Europeo-69-003_big.jpg","type":"image\/jpeg"}],"twitter_card":"summary_large_image","twitter_site":"@camperdadi","twitter_misc":{"Est. tempo de leitura":"3 minutos"},"schema":{"@context":"https:\/\/schema.org","@graph":[{"@type":"WebPage","@id":"https:\/\/autocaravanascamperdadi.com\/pt-br\/","url":"https:\/\/autocaravanascamperdadi.com\/pt-br\/","name":"Home - Camperdadi","isPartOf":{"@id":"https:\/\/autocaravanascamperdadi.com\/en\/#website"},"primaryImageOfPage":{"@id":"https:\/\/autocaravanascamperdadi.com\/pt-br\/#primaryimage"},"image":{"@id":"https:\/\/autocaravanascamperdadi.com\/pt-br\/#primaryimage"},"thumbnailUrl":"https:\/\/autocaravanascamperdadi.com\/wp-content\/uploads\/2017\/09\/Europeo-69-003_big.jpg","datePublished":"2026-08-31T10:11:52+00:00","dateModified":"2026-08-31T17:24:55+00:00","description":"Aluguel de motorhomes em Madri com a Autocaravanas Camperdadi Reservar agora Empresa de aluguel de casa rodante e motorhome em Madri, Espanha Clientes que","breadcrumb":{"@id":"https:\/\/autocaravanascamperdadi.com\/pt-br\/#breadcrumb"},"inLanguage":"pt-BR","potentialAction":[{"@type":"ReadAction","target":["https:\/\/autocaravanascamperdadi.com\/pt-br\/"]}]},{"@type":"ImageObject","inLanguage":"pt-BR","@id":"https:\/\/autocaravanascamperdadi.com\/pt-br\/#primaryimage","url":"https:\/\/autocaravanascamperdadi.com\/wp-content\/uploads\/2017\/09\/Europeo-69-003_big.jpg","contentUrl":"https:\/\/autocaravanascamperdadi.com\/wp-content\/uploads\/2017\/09\/Europeo-69-003_big.jpg","width":957,"height":667,"caption":"Aluguel de motorhome em Madri Espa\u00f1a"},{"@type":"BreadcrumbList","@id":"https:\/\/autocaravanascamperdadi.com\/pt-br\/#breadcrumb","itemListElement":[{"@type":"ListItem","position":1,"name":"Portada","item":"https:\/\/autocaravanascamperdadi.com\/pt-br\/"},{"@type":"ListItem","position":2,"name":"Home"}]},{"@type":"WebSite","@id":"https:\/\/autocaravanascamperdadi.com\/en\/#website","url":"https:\/\/autocaravanascamperdadi.com\/en\/","name":"Autocaravanas Camperdadi","description":"Alquiler de autocaravanas y caravanas","publisher":{"@id":"https:\/\/autocaravanascamperdadi.com\/en\/#organization"},"potentialAction":[{"@type":"SearchAction","target":{"@type":"EntryPoint","urlTemplate":"https:\/\/autocaravanascamperdadi.com\/en\/?s={search_term_string}"},"query-input":{"@type":"PropertyValueSpecification","valueRequired":true,"valueName":"search_term_string"}}],"inLanguage":"pt-BR"},{"@type":"Organization","@id":"https:\/\/autocaravanascamperdadi.com\/en\/#organization","name":"Camperdadi","url":"https:\/\/autocaravanascamperdadi.com\/en\/","logo":{"@type":"ImageObject","inLanguage":"pt-BR","@id":"https:\/\/autocaravanascamperdadi.com\/en\/#\/schema\/logo\/image\/","url":"https:\/\/autocaravanascamperdadi.com\/wp-content\/uploads\/2017\/08\/cropped-logo.png","contentUrl":"https:\/\/autocaravanascamperdadi.com\/wp-content\/uploads\/2017\/08\/cropped-logo.png","width":512,"height":512,"caption":"Camperdadi"},"image":{"@id":"https:\/\/autocaravanascamperdadi.com\/en\/#\/schema\/logo\/image\/"},"sameAs":["https:\/\/es-es.facebook.com\/camperdadi\/","https:\/\/x.com\/camperdadi","https:\/\/www.instagram.com\/autocaravanascamperdadi\/?hl=es"]}]}},"_links":{"self":[{"href":"https:\/\/autocaravanascamperdadi.com\/pt-br\/wp-json\/wp\/v2\/pages\/28530","targetHints":{"allow":["GET"]}}],"collection":[{"href":"https:\/\/autocaravanascamperdadi.com\/pt-br\/wp-json\/wp\/v2\/pages"}],"about":[{"href":"https:\/\/autocaravanascamperdadi.com\/pt-br\/wp-json\/wp\/v2\/types\/page"}],"author":[{"embeddable":true,"href":"https:\/\/autocaravanascamperdadi.com\/pt-br\/wp-json\/wp\/v2\/users\/15"}],"replies":[{"embeddable":true,"href":"https:\/\/autocaravanascamperdadi.com\/pt-br\/wp-json\/wp\/v2\/comments?post=28530"}],"version-history":[{"count":5,"href":"https:\/\/autocaravanascamperdadi.com\/pt-br\/wp-json\/wp\/v2\/pages\/28530\/revisions"}],"predecessor-version":[{"id":28955,"href":"https:\/\/autocaravanascamperdadi.com\/pt-br\/wp-json\/wp\/v2\/pages\/28530\/revisions\/28955"}],"wp:featuredmedia":[{"embeddable":true,"href":"https:\/\/autocaravanascamperdadi.com\/pt-br\/wp-json\/wp\/v2\/media\/28501"}],"wp:attachment":[{"href":"https:\/\/autocaravanascamperdadi.com\/pt-br\/wp-json\/wp\/v2\/media?parent=28530"}],"curies":[{"name":"wp","href":"https:\/\/api.w.org\/{rel}","templated":true}]}}