{"id":28945,"date":"2026-08-31T17:14:45","date_gmt":"2026-08-31T17:14:45","guid":{"rendered":"https:\/\/autocaravanascamperdadi.com\/?page_id=28945"},"modified":"2026-08-31T17:14:48","modified_gmt":"2026-08-31T17:14:48","slug":"aviso-legal","status":"publish","type":"page","link":"https:\/\/autocaravanascamperdadi.com\/pt-br\/aviso-legal\/","title":{"rendered":"Aviso Legal"},"content":{"rendered":"\n  <div class=\"banner has-hover has-parallax\" id=\"banner-795356476\">\n          <div class=\"banner-inner fill\">\n        <div class=\"banner-bg fill\" data-parallax=\"-3\" data-parallax-container=\".banner\" data-parallax-background>\n            <img loading=\"lazy\" decoding=\"async\" width=\"800\" height=\"534\" src=\"https:\/\/autocaravanascamperdadi.com\/wp-content\/uploads\/2017\/08\/slide1.jpg\" class=\"bg attachment-large size-large\" alt=\"\" \/>                        <div class=\"overlay\"><\/div>            \n                    <\/div>\n\t\t\n        <div class=\"banner-layers container\">\n            <div class=\"fill banner-link\"><\/div>            \n   <div id=\"text-box-731006071\" class=\"text-box banner-layer x50 md-x50 lg-x50 y50 md-y50 lg-y50 res-text\">\n                                <div class=\"text-box-content text dark\">\n              \n              <div class=\"text-inner text-center\">\n                  \n<h1>AVISO LEGAL<\/h1>\n              <\/div>\n           <\/div>\n                            \n<style>\n#text-box-731006071 {\n  width: 60%;\n}\n#text-box-731006071 .text-box-content {\n  font-size: 100%;\n}\n<\/style>\n    <\/div>\n \n        <\/div>\n      <\/div>\n\n            \n<style>\n#banner-795356476 {\n  padding-top: 300px;\n}\n#banner-795356476 .overlay {\n  background-color: rgba(0, 0, 0, 0.49);\n}\n#banner-795356476 .banner-bg img {\n  object-position: 0%100%;\n}\n<\/style>\n  <\/div>\n\n\n\n\n<div class=\"row\"  id=\"row-1835230479\">\n\n\t<div id=\"col-1519460844\" class=\"col small-12 large-12\"  >\n\t\t\t\t<div class=\"col-inner\"  >\n\t\t\t\n\t\t\t\n<p>Em cumprimento ao dever de informa\u00e7\u00e3o previsto no art. 10 da Lei 3\/2018, de 5 de dezembro, de Servi\u00e7os da Sociedade da Informa\u00e7\u00e3o e do Com\u00e9rcio Eletr\u00f4nico, abaixo se declara:<\/p>\n<ol>\n<li><strong>Dados identificativos do respons\u00e1vel<\/strong>.<\/li>\n<\/ol>\n<p>Informamos que www.autocaravanascamperdadi.com \u00e9 um dom\u00ednio de Internet registrado pela empresa DADIJO CARS, SL, com sede na Rua Agust\u00edn Calvo 51, local 4, CEP 28043 Madri, NIF B86370046 e inscrita no REGISTRO MERCANTIL DE MADRI, TOMO 29411, FOLIO 167, INSCRI\u00c7\u00c3O 1, FOLHA M629391.<\/p>\n<p>Telefone: 639266865<\/p>\n<p>E-mail: info@autocaravanascamperdadi.com<\/p>\n<p>A DADIJO CARS, SL \u00e9, portanto, a propriet\u00e1ria deste dom\u00ednio e dos conte\u00fados nele existentes.<\/p>\n<ol start=\"2\">\n<li><strong>Usu\u00e1rio e regime de responsabilidades<\/strong><\/li>\n<\/ol>\n<p>A navega\u00e7\u00e3o, acesso e uso deste site conferem a condi\u00e7\u00e3o de usu\u00e1rio, que aceita, a partir desse acesso e\/ou uso, os presentes termos de uso, sem preju\u00edzo da aplica\u00e7\u00e3o da correspondente normativa de obrigat\u00f3rio cumprimento legal, conforme o caso.<\/p>\n<p>2.1.- Uso do Site<\/p>\n<p><a href=\"http:\/\/autocaravanascamperdadi.com\/\">http:\/\/autocaravanascamperdadi.com\/<\/a> proporciona o acesso a artigos, informa\u00e7\u00f5es e dados (doravante &#8220;os conte\u00fados&#8221;) de propriedade da DADIJO CARS, SL. O usu\u00e1rio assume sua responsabilidade no uso correto do site. Esta responsabilidade se estender\u00e1 a:<\/p>\n<ul>\n<li>Incorrer em atividades il\u00edcitas, ilegais ou contr\u00e1rias \u00e0 boa-f\u00e9 e \u00e0 ordem p\u00fablica.<\/li>\n<li>Provocar danos nos sistemas f\u00edsicos e l\u00f3gicos de <a href=\"http:\/\/autocaravanascamperdadi.com\/\">http:\/\/autocaravanascamperdadi.com\/<\/a>, de seus fornecedores ou de terceiros, introduzir ou difundir na rede v\u00edrus inform\u00e1ticos ou quaisquer outros sistemas f\u00edsicos ou l\u00f3gicos que sejam suscet\u00edveis de provocar os danos anteriormente mencionados.<\/li>\n<li>O uso das informa\u00e7\u00f5es, servi\u00e7os e dados oferecidos por <a href=\"http:\/\/autocaravanascamperdadi.com\/\">http:\/\/autocaravanascamperdadi.com\/<\/a> contrariamente ao disposto pelas presentes condi\u00e7\u00f5es, a Lei, a moral, os bons costumes ou a ordem p\u00fablica, ou que de qualquer outro modo possam supor les\u00e3o dos direitos de terceiros ou do pr\u00f3prio funcionamento do site.<\/li>\n<\/ul>\n<p>Em qualquer caso, <a href=\"http:\/\/autocaravanascamperdadi.com\/\">http:\/\/autocaravanascamperdadi.com\/<\/a> n\u00e3o ser\u00e1 respons\u00e1vel pelas opini\u00f5es expressas pelos usu\u00e1rios atrav\u00e9s do blog ou outras ferramentas de participa\u00e7\u00e3o que possam ser criadas, conforme previsto na normativa aplic\u00e1vel.<\/p>\n<p>2.2.- Captura de informa\u00e7\u00f5es<\/p>\n<p>&#8211; Formul\u00e1rio de contato onde o usu\u00e1rio dever\u00e1 preencher os campos de nome, e-mail, telefone e assunto. Os dados fornecidos atrav\u00e9s da se\u00e7\u00e3o &#8220;Contato&#8221; ser\u00e3o usados com a finalidade de entrarmos em contato com voc\u00ea para atender suas d\u00favidas ou consultas e enviar-lhe as informa\u00e7\u00f5es que possam ser do seu interesse, de acordo com a solicita\u00e7\u00e3o feita.<\/p>\n<p>&#8211; Navega\u00e7\u00e3o e endere\u00e7o IP: ao navegar por este site, o usu\u00e1rio fornece automaticamente ao servidor da web informa\u00e7\u00f5es relativas ao seu endere\u00e7o IP, data e hora de acesso, o hiperlink que o encaminhou a estas p\u00e1ginas, seu sistema operacional e o navegador utilizado. A Ag\u00eancia Espanhola de Prote\u00e7\u00e3o de Dados considera o IP como dado de car\u00e1ter pessoal. Este site n\u00e3o utilizar\u00e1 o IP para identificar seus usu\u00e1rios; esses dados ser\u00e3o armazenados e utilizados apenas para o controle e realiza\u00e7\u00e3o de estat\u00edsticas de acesso e visitas ao site, para analisar tend\u00eancias, administrar o site e para coletar informa\u00e7\u00f5es demogr\u00e1ficas sobre nossa base de usu\u00e1rios como um todo. Em nenhum caso ser\u00e3o comunicados ou cedidos a terceiros.<\/p>\n<ol start=\"3\">\n<li><strong>Menores de idade<\/strong><\/li>\n<\/ol>\n<p>Os menores de idade n\u00e3o podem ceder seus dados pessoais \u00e0 DADIJO CARS, SL sem o pr\u00e9vio consentimento de seus pais e\/ou respons\u00e1veis legais.<\/p>\n<p>Caso a DADIJO CARS, SL detecte que o usu\u00e1rio seja menor de 18 anos, reserva-se o direito de solicitar uma c\u00f3pia de seu RG ou documento de identidade equivalente, ou, conforme o caso, a autoriza\u00e7\u00e3o de seus pais e\/ou respons\u00e1veis legais, cancelando o cadastro caso n\u00e3o seja comprovado o cumprimento deste requisito ou em caso de falta de resposta.<\/p>\n<ol start=\"4\">\n<li><strong>Pol\u00edtica de links e isen\u00e7\u00f5es de responsabilidade<\/strong><\/li>\n<\/ol>\n<p>Como um servi\u00e7o aos nossos visitantes, nosso site pode incluir hiperlinks para outros sites que n\u00e3o s\u00e3o operados ou controlados por <a href=\"http:\/\/autocaravanascamperdadi.com\/\">http:\/\/autocaravanascamperdadi.com\/<\/a>. Por isso, n\u00e3o se garante nem se responsabiliza pela licitude, confiabilidade, utilidade, veracidade e atualidade dos conte\u00fados de tais sites ou de suas pr\u00e1ticas de privacidade, e declara que em nenhum caso proceder\u00e1 a examinar ou exercer qualquer tipo de controle sobre o conte\u00fado de outros sites da rede.<\/p>\n<p><a href=\"http:\/\/autocaravanascamperdadi.com\/\">http:\/\/autocaravanascamperdadi.com\/<\/a> declara ter adotado todas as medidas necess\u00e1rias para evitar qualquer dano aos usu\u00e1rios de seu site que possa decorrer da navega\u00e7\u00e3o em seu site. Em consequ\u00eancia, n\u00e3o se responsabiliza, em nenhum caso, por eventuais danos que o usu\u00e1rio possa sofrer pela navega\u00e7\u00e3o na Internet.<\/p>\n<ol start=\"5\">\n<li><strong>Modifica\u00e7\u00f5es<\/strong><\/li>\n<\/ol>\n<p><a href=\"http:\/\/autocaravanascamperdadi.com\/\">http:\/\/autocaravanascamperdadi.com\/<\/a> reserva-se o direito de realizar as modifica\u00e7\u00f5es que considere oportunas, sem aviso pr\u00e9vio, no conte\u00fado de seu site, tanto no que se refere aos conte\u00fados do site quanto \u00e0s condi\u00e7\u00f5es de uso do mesmo. Tais modifica\u00e7\u00f5es poder\u00e3o ser realizadas atrav\u00e9s de seu site por qualquer forma admiss\u00edvel em direito e ser\u00e3o de obrigat\u00f3rio cumprimento durante o tempo em que estiverem publicadas na web e at\u00e9 que n\u00e3o sejam modificadas validamente por outras posteriores.<\/p>\n<ol start=\"6\">\n<li><strong>Propriedade intelectual e industrial<\/strong><\/li>\n<\/ol>\n<p><a href=\"http:\/\/autocaravanascamperdadi.com\/\">http:\/\/autocaravanascamperdadi.com\/<\/a>, por si ou como cession\u00e1ria, \u00e9 titular de todos os direitos de propriedade intelectual e industrial de sua p\u00e1gina web, bem como dos elementos contidos na mesma (a t\u00edtulo enunciativo n\u00e3o limitativo: imagens, som, \u00e1udio, v\u00eddeo, software ou textos; marcas ou logotipos, combina\u00e7\u00f5es de cores, estrutura e design, sele\u00e7\u00e3o de materiais utilizados, programas de computador necess\u00e1rios para seu funcionamento, acesso e uso, etc.).<\/p>\n<p>Todos os direitos reservados. Em virtude do disposto na Lei de Propriedade Intelectual, ficam expressamente proibidas a reprodu\u00e7\u00e3o, a distribui\u00e7\u00e3o e a comunica\u00e7\u00e3o p\u00fablica, inclu\u00edda sua modalidade de disponibiliza\u00e7\u00e3o, da totalidade ou parte dos conte\u00fados desta p\u00e1gina web, com fins comerciais, em qualquer suporte e por qualquer meio t\u00e9cnico, sem a autoriza\u00e7\u00e3o de <a href=\"http:\/\/autocaravanascamperdadi.com\/\">http:\/\/autocaravanascamperdadi.com\/<\/a>.<\/p>\n<p>O usu\u00e1rio se compromete a respeitar os direitos de Propriedade Intelectual e Industrial de titularidade de <a href=\"http:\/\/autocaravanascamperdadi.com\/\">http:\/\/autocaravanascamperdadi.com\/<\/a>. Poder\u00e1 visualizar os elementos da web e at\u00e9 mesmo imprimi-los, copi\u00e1-los e armazen\u00e1-los no disco r\u00edgido de seu computador ou em qualquer outro suporte f\u00edsico, desde que seja, \u00fanica e exclusivamente, para seu uso pessoal e privado. O usu\u00e1rio dever\u00e1 abster-se de suprimir, alterar, burlar ou manipular qualquer dispositivo de prote\u00e7\u00e3o ou sistema de seguran\u00e7a que esteja instalado nas p\u00e1ginas de <a href=\"http:\/\/autocaravanascamperdadi.com\/\">http:\/\/autocaravanascamperdadi.com\/<\/a>.<\/p>\n<ol start=\"7\">\n<li><strong>Certificado SSL (SECURE SOCKETS LAYER)<\/strong><\/li>\n<\/ol>\n<p>O CERTIFICADO SSL proporciona autentica\u00e7\u00e3o, privacidade e seguran\u00e7a da informa\u00e7\u00e3o entre <a href=\"http:\/\/autocaravanascamperdadi.com\/\">http:\/\/autocaravanascamperdadi.com\/<\/a> e o usu\u00e1rio.<\/p>\n<p><a href=\"http:\/\/autocaravanascamperdadi.com\/\">http:\/\/autocaravanascamperdadi.com\/<\/a> disp\u00f5e de um certificado de seguran\u00e7a que \u00e9 utilizado para realizar conex\u00f5es seguras e se estabelece usando chaves preestabelecidas, codificando e decodificando todos os dados enviados at\u00e9 que a conex\u00e3o seja encerrada.<\/p>\n<ol start=\"8\">\n<li><strong>A\u00e7\u00f5es Legais, legisla\u00e7\u00e3o aplic\u00e1vel e jurisdi\u00e7\u00e3o<\/strong><\/li>\n<\/ol>\n<p><a href=\"http:\/\/autocaravanascamperdadi.com\/\">http:\/\/autocaravanascamperdadi.com\/<\/a> reserva-se, tamb\u00e9m, a faculdade de apresentar as a\u00e7\u00f5es civis ou penais que considere oportunas pela utiliza\u00e7\u00e3o indevida de seu site e conte\u00fados, ou pelo descumprimento das presentes condi\u00e7\u00f5es.<\/p>\n<p>A rela\u00e7\u00e3o entre o usu\u00e1rio e o prestador ser\u00e1 regida pela normativa vigente e aplic\u00e1vel no territ\u00f3rio espanhol. Caso surja qualquer controv\u00e9rsia, as partes poder\u00e3o submeter seus conflitos \u00e0 arbitragem ou recorrer \u00e0 jurisdi\u00e7\u00e3o ordin\u00e1ria, cumprindo as normas sobre jurisdi\u00e7\u00e3o e compet\u00eancia a respeito. <a href=\"http:\/\/autocaravanascamperdadi.com\/\">http:\/\/autocaravanascamperdadi.com\/<\/a> tem seu domic\u00edlio em Paracuellos de Jarama, Madri, Espanha.<\/p>\n\t\t<\/div>\n\t\t\t\t\t<\/div>\n\n\t\n<\/div>\n","protected":false},"excerpt":{"rendered":"","protected":false},"author":15,"featured_media":0,"parent":0,"menu_order":0,"comment_status":"closed","ping_status":"closed","template":"page-blank.php","meta":{"footnotes":""},"class_list":["post-28945","page","type-page","status-publish","hentry"],"yoast_head":"<!-- This site is optimized with the Yoast SEO plugin v28.3 - https:\/\/yoast.com\/product\/yoast-seo-wordpress\/ -->\n<title>Aviso Legal - Camperdadi<\/title>\n<meta name=\"robots\" content=\"index, follow, max-snippet:-1, max-image-preview:large, max-video-preview:-1\" \/>\n<link rel=\"canonical\" href=\"https:\/\/autocaravanascamperdadi.com\/pt-br\/aviso-legal\/\" \/>\n<meta property=\"og:locale\" content=\"pt_BR\" \/>\n<meta property=\"og:type\" content=\"article\" \/>\n<meta property=\"og:title\" content=\"Aviso Legal - Camperdadi\" \/>\n<meta property=\"og:url\" content=\"https:\/\/autocaravanascamperdadi.com\/pt-br\/aviso-legal\/\" \/>\n<meta property=\"og:site_name\" content=\"Camperdadi\" \/>\n<meta property=\"article:publisher\" content=\"https:\/\/es-es.facebook.com\/camperdadi\/\" \/>\n<meta property=\"article:modified_time\" content=\"2026-08-31T17:14:48+00:00\" \/>\n<meta property=\"og:image\" content=\"https:\/\/autocaravanascamperdadi.com\/wp-content\/uploads\/2024\/09\/30725337_2008095519453542_2182825795712450560_o-600x600-1.jpg\" \/>\n\t<meta property=\"og:image:width\" content=\"600\" \/>\n\t<meta property=\"og:image:height\" content=\"600\" \/>\n\t<meta property=\"og:image:type\" content=\"image\/jpeg\" \/>\n<meta name=\"twitter:card\" content=\"summary_large_image\" \/>\n<meta name=\"twitter:site\" content=\"@camperdadi\" \/>\n<meta name=\"twitter:label1\" content=\"Est. tempo de leitura\" \/>\n\t<meta name=\"twitter:data1\" content=\"6 minutos\" \/>\n<script type=\"application\/ld+json\" class=\"yoast-schema-graph\">{\"@context\":\"https:\\\/\\\/schema.org\",\"@graph\":[{\"@type\":\"WebPage\",\"@id\":\"https:\\\/\\\/autocaravanascamperdadi.com\\\/pt-br\\\/aviso-legal\\\/\",\"url\":\"https:\\\/\\\/autocaravanascamperdadi.com\\\/pt-br\\\/aviso-legal\\\/\",\"name\":\"Aviso Legal - Camperdadi\",\"isPartOf\":{\"@id\":\"https:\\\/\\\/autocaravanascamperdadi.com\\\/en\\\/#website\"},\"datePublished\":\"2026-08-31T17:14:45+00:00\",\"dateModified\":\"2026-08-31T17:14:48+00:00\",\"breadcrumb\":{\"@id\":\"https:\\\/\\\/autocaravanascamperdadi.com\\\/pt-br\\\/aviso-legal\\\/#breadcrumb\"},\"inLanguage\":\"pt-BR\",\"potentialAction\":[{\"@type\":\"ReadAction\",\"target\":[\"https:\\\/\\\/autocaravanascamperdadi.com\\\/pt-br\\\/aviso-legal\\\/\"]}]},{\"@type\":\"BreadcrumbList\",\"@id\":\"https:\\\/\\\/autocaravanascamperdadi.com\\\/pt-br\\\/aviso-legal\\\/#breadcrumb\",\"itemListElement\":[{\"@type\":\"ListItem\",\"position\":1,\"name\":\"Portada\",\"item\":\"https:\\\/\\\/autocaravanascamperdadi.com\\\/pt-br\\\/\"},{\"@type\":\"ListItem\",\"position\":2,\"name\":\"Aviso Legal\"}]},{\"@type\":\"WebSite\",\"@id\":\"https:\\\/\\\/autocaravanascamperdadi.com\\\/en\\\/#website\",\"url\":\"https:\\\/\\\/autocaravanascamperdadi.com\\\/en\\\/\",\"name\":\"Autocaravanas Camperdadi\",\"description\":\"Alquiler de autocaravanas y caravanas\",\"publisher\":{\"@id\":\"https:\\\/\\\/autocaravanascamperdadi.com\\\/en\\\/#organization\"},\"potentialAction\":[{\"@type\":\"SearchAction\",\"target\":{\"@type\":\"EntryPoint\",\"urlTemplate\":\"https:\\\/\\\/autocaravanascamperdadi.com\\\/en\\\/?s={search_term_string}\"},\"query-input\":{\"@type\":\"PropertyValueSpecification\",\"valueRequired\":true,\"valueName\":\"search_term_string\"}}],\"inLanguage\":\"pt-BR\"},{\"@type\":\"Organization\",\"@id\":\"https:\\\/\\\/autocaravanascamperdadi.com\\\/en\\\/#organization\",\"name\":\"Camperdadi\",\"url\":\"https:\\\/\\\/autocaravanascamperdadi.com\\\/en\\\/\",\"logo\":{\"@type\":\"ImageObject\",\"inLanguage\":\"pt-BR\",\"@id\":\"https:\\\/\\\/autocaravanascamperdadi.com\\\/en\\\/#\\\/schema\\\/logo\\\/image\\\/\",\"url\":\"https:\\\/\\\/autocaravanascamperdadi.com\\\/wp-content\\\/uploads\\\/2017\\\/08\\\/cropped-logo.png\",\"contentUrl\":\"https:\\\/\\\/autocaravanascamperdadi.com\\\/wp-content\\\/uploads\\\/2017\\\/08\\\/cropped-logo.png\",\"width\":512,\"height\":512,\"caption\":\"Camperdadi\"},\"image\":{\"@id\":\"https:\\\/\\\/autocaravanascamperdadi.com\\\/en\\\/#\\\/schema\\\/logo\\\/image\\\/\"},\"sameAs\":[\"https:\\\/\\\/es-es.facebook.com\\\/camperdadi\\\/\",\"https:\\\/\\\/x.com\\\/camperdadi\",\"https:\\\/\\\/www.instagram.com\\\/autocaravanascamperdadi\\\/?hl=es\"]}]}<\/script>\n<!-- \/ Yoast SEO plugin. -->","yoast_head_json":{"title":"Aviso Legal - Camperdadi","robots":{"index":"index","follow":"follow","max-snippet":"max-snippet:-1","max-image-preview":"max-image-preview:large","max-video-preview":"max-video-preview:-1"},"canonical":"https:\/\/autocaravanascamperdadi.com\/pt-br\/aviso-legal\/","og_locale":"pt_BR","og_type":"article","og_title":"Aviso Legal - Camperdadi","og_url":"https:\/\/autocaravanascamperdadi.com\/pt-br\/aviso-legal\/","og_site_name":"Camperdadi","article_publisher":"https:\/\/es-es.facebook.com\/camperdadi\/","article_modified_time":"2026-08-31T17:14:48+00:00","og_image":[{"width":600,"height":600,"url":"https:\/\/autocaravanascamperdadi.com\/wp-content\/uploads\/2024\/09\/30725337_2008095519453542_2182825795712450560_o-600x600-1.jpg","type":"image\/jpeg"}],"twitter_card":"summary_large_image","twitter_site":"@camperdadi","twitter_misc":{"Est. tempo de leitura":"6 minutos"},"schema":{"@context":"https:\/\/schema.org","@graph":[{"@type":"WebPage","@id":"https:\/\/autocaravanascamperdadi.com\/pt-br\/aviso-legal\/","url":"https:\/\/autocaravanascamperdadi.com\/pt-br\/aviso-legal\/","name":"Aviso Legal - Camperdadi","isPartOf":{"@id":"https:\/\/autocaravanascamperdadi.com\/en\/#website"},"datePublished":"2026-08-31T17:14:45+00:00","dateModified":"2026-08-31T17:14:48+00:00","breadcrumb":{"@id":"https:\/\/autocaravanascamperdadi.com\/pt-br\/aviso-legal\/#breadcrumb"},"inLanguage":"pt-BR","potentialAction":[{"@type":"ReadAction","target":["https:\/\/autocaravanascamperdadi.com\/pt-br\/aviso-legal\/"]}]},{"@type":"BreadcrumbList","@id":"https:\/\/autocaravanascamperdadi.com\/pt-br\/aviso-legal\/#breadcrumb","itemListElement":[{"@type":"ListItem","position":1,"name":"Portada","item":"https:\/\/autocaravanascamperdadi.com\/pt-br\/"},{"@type":"ListItem","position":2,"name":"Aviso Legal"}]},{"@type":"WebSite","@id":"https:\/\/autocaravanascamperdadi.com\/en\/#website","url":"https:\/\/autocaravanascamperdadi.com\/en\/","name":"Autocaravanas Camperdadi","description":"Alquiler de autocaravanas y caravanas","publisher":{"@id":"https:\/\/autocaravanascamperdadi.com\/en\/#organization"},"potentialAction":[{"@type":"SearchAction","target":{"@type":"EntryPoint","urlTemplate":"https:\/\/autocaravanascamperdadi.com\/en\/?s={search_term_string}"},"query-input":{"@type":"PropertyValueSpecification","valueRequired":true,"valueName":"search_term_string"}}],"inLanguage":"pt-BR"},{"@type":"Organization","@id":"https:\/\/autocaravanascamperdadi.com\/en\/#organization","name":"Camperdadi","url":"https:\/\/autocaravanascamperdadi.com\/en\/","logo":{"@type":"ImageObject","inLanguage":"pt-BR","@id":"https:\/\/autocaravanascamperdadi.com\/en\/#\/schema\/logo\/image\/","url":"https:\/\/autocaravanascamperdadi.com\/wp-content\/uploads\/2017\/08\/cropped-logo.png","contentUrl":"https:\/\/autocaravanascamperdadi.com\/wp-content\/uploads\/2017\/08\/cropped-logo.png","width":512,"height":512,"caption":"Camperdadi"},"image":{"@id":"https:\/\/autocaravanascamperdadi.com\/en\/#\/schema\/logo\/image\/"},"sameAs":["https:\/\/es-es.facebook.com\/camperdadi\/","https:\/\/x.com\/camperdadi","https:\/\/www.instagram.com\/autocaravanascamperdadi\/?hl=es"]}]}},"_links":{"self":[{"href":"https:\/\/autocaravanascamperdadi.com\/pt-br\/wp-json\/wp\/v2\/pages\/28945","targetHints":{"allow":["GET"]}}],"collection":[{"href":"https:\/\/autocaravanascamperdadi.com\/pt-br\/wp-json\/wp\/v2\/pages"}],"about":[{"href":"https:\/\/autocaravanascamperdadi.com\/pt-br\/wp-json\/wp\/v2\/types\/page"}],"author":[{"embeddable":true,"href":"https:\/\/autocaravanascamperdadi.com\/pt-br\/wp-json\/wp\/v2\/users\/15"}],"replies":[{"embeddable":true,"href":"https:\/\/autocaravanascamperdadi.com\/pt-br\/wp-json\/wp\/v2\/comments?post=28945"}],"version-history":[{"count":2,"href":"https:\/\/autocaravanascamperdadi.com\/pt-br\/wp-json\/wp\/v2\/pages\/28945\/revisions"}],"predecessor-version":[{"id":28947,"href":"https:\/\/autocaravanascamperdadi.com\/pt-br\/wp-json\/wp\/v2\/pages\/28945\/revisions\/28947"}],"wp:attachment":[{"href":"https:\/\/autocaravanascamperdadi.com\/pt-br\/wp-json\/wp\/v2\/media?parent=28945"}],"curies":[{"name":"wp","href":"https:\/\/api.w.org\/{rel}","templated":true}]}}