{"id":28948,"date":"2026-08-31T17:15:40","date_gmt":"2026-08-31T17:15:40","guid":{"rendered":"https:\/\/autocaravanascamperdadi.com\/?page_id=28948"},"modified":"2026-08-31T17:15:42","modified_gmt":"2026-08-31T17:15:42","slug":"politica-de-privacidade-de-protecao-de-dados","status":"publish","type":"page","link":"https:\/\/autocaravanascamperdadi.com\/pt-br\/politica-de-privacidade-de-protecao-de-dados\/","title":{"rendered":"Pol\u00edtica de privacidade de prote\u00e7\u00e3o de dados"},"content":{"rendered":"\n\n  <div class=\"banner has-hover has-parallax\" id=\"banner-2100769588\">\n          <div class=\"banner-inner fill\">\n        <div class=\"banner-bg fill\" data-parallax=\"-3\" data-parallax-container=\".banner\" data-parallax-background>\n            <img loading=\"lazy\" decoding=\"async\" width=\"800\" height=\"534\" src=\"https:\/\/autocaravanascamperdadi.com\/wp-content\/uploads\/2017\/08\/slide1.jpg\" class=\"bg attachment-large size-large\" alt=\"\" \/>                        <div class=\"overlay\"><\/div>            \n                    <\/div>\n\t\t\n        <div class=\"banner-layers container\">\n            <div class=\"fill banner-link\"><\/div>            \n\n   <div id=\"text-box-263829194\" class=\"text-box banner-layer x50 md-x50 lg-x50 y50 md-y50 lg-y50 res-text\">\n                                <div class=\"text-box-content text dark\">\n              \n              <div class=\"text-inner text-center\">\n                  \n<h1>POL\u00cdTICA DE PRIVACIDADE<\/h1>\n              <\/div>\n           <\/div>\n                            \n<style>\n#text-box-263829194 {\n  width: 60%;\n}\n#text-box-263829194 .text-box-content {\n  font-size: 100%;\n}\n<\/style>\n    <\/div>\n \n\n        <\/div>\n      <\/div>\n\n            \n<style>\n#banner-2100769588 {\n  padding-top: 300px;\n}\n#banner-2100769588 .overlay {\n  background-color: rgba(0, 0, 0, 0.49);\n}\n#banner-2100769588 .banner-bg img {\n  object-position: 0%100%;\n}\n<\/style>\n  <\/div>\n\n\n<div class=\"row\"  id=\"row-1384175231\">\n\n\n\t<div id=\"col-1088698550\" class=\"col small-12 large-12\"  >\n\t\t\t\t<div class=\"col-inner\"  >\n\t\t\t\n\t\t\t\n\nA presente pol\u00edtica de privacidade est\u00e1 estabelecida conforme o disposto na normativa vigente em mat\u00e9ria de Prote\u00e7\u00e3o de Dados de Car\u00e1ter Pessoal.\n<ol>\n \t<li><strong>Finalidade dos dados coletados, legitima\u00e7\u00e3o e consentimento ao tratamento.<\/strong>A presente pol\u00edtica de privacidade est\u00e1 estabelecida conforme o disposto na normativa vigente em mat\u00e9ria de Prote\u00e7\u00e3o de Dados de Car\u00e1ter Pessoal. Informa-se ao usu\u00e1rio que, juntamente com a aceita\u00e7\u00e3o desta Pol\u00edtica de Privacidade nos formul\u00e1rios de registro do site http:\/\/autocaravanascamperdadi.com\/ e\/ou mediante a rela\u00e7\u00e3o contratual estabelecida entre o usu\u00e1rio e a DADIJO CARS, SL, doravante CAMPERDADI, s\u00e3o coletados dados que s\u00e3o armazenados em um arquivo, com a exclusiva finalidade de envio de comunica\u00e7\u00f5es eletr\u00f4nicas, tais como boletins, ofertas comerciais, bem como outras comunica\u00e7\u00f5es que a CAMPERDADI entende interessantes para seus usu\u00e1rios. Os campos marcados como de preenchimento obrigat\u00f3rio s\u00e3o imprescind\u00edveis para realizar a finalidade expressa. Apenas o titular ter\u00e1 acesso aos seus dados e, sob nenhuma hip\u00f3tese, estes dados ser\u00e3o cedidos, compartilhados, transferidos ou vendidos a terceiros, salvo obriga\u00e7\u00e3o legal. Igualmente, n\u00e3o ser\u00e3o realizadas transfer\u00eancias de dados para pa\u00edses terceiros. Os dados coletados ser\u00e3o conservados durante o prazo estritamente necess\u00e1rio para cumprir com os preceitos mencionados anteriormente.\n\nEnquanto n\u00e3o nos comunicar o contr\u00e1rio, entenderemos que seus dados n\u00e3o foram modificados, que voc\u00ea se compromete a nos notificar qualquer varia\u00e7\u00e3o e que temos seu consentimento para utiliz\u00e1-los para as finalidades mencionadas.\n<ol start=\"2\">\n \t<li><strong>Medidas de seguran\u00e7a<\/strong><\/li>\n<\/ol>\nA CAMPERDADI informa que possui implementadas as medidas de seguran\u00e7a de \u00edndole t\u00e9cnica e organizativa necess\u00e1rias para garantir a seguran\u00e7a de seus dados de car\u00e1ter pessoal e evitar sua altera\u00e7\u00e3o, perda e tratamento e\/ou acesso n\u00e3o autorizado, tendo em conta o estado da tecnologia, a natureza dos dados armazenados e os riscos a que est\u00e3o expostos, quer provenham da a\u00e7\u00e3o humana ou do meio f\u00edsico ou natural.\n<ol start=\"3\">\n \t<li><strong>Direitos do usu\u00e1rio.<\/strong><\/li>\n<\/ol>\nO usu\u00e1rio pode dirigir uma comunica\u00e7\u00e3o por escrito \u00e0 CAMPERDADI, com sede na Rua Agust\u00edn Calvo 51, local 4, CEP 28043 Madri, incluindo uma fotoc\u00f3pia de seu RG ou outro documento de identifica\u00e7\u00e3o similar, para exercer seus direitos, que s\u00e3o os seguintes:\n<ul>\n \t<li>Direito de solicitar o acesso aos dados pessoais: voc\u00ea poder\u00e1 perguntar \u00e0 CAMPERDADI se esta empresa est\u00e1 tratando seus dados.<\/li>\n \t<li>Direito de solicitar sua retifica\u00e7\u00e3o (caso estejam incorretos) ou elimina\u00e7\u00e3o.<\/li>\n \t<li>Direito de solicitar a limita\u00e7\u00e3o de seu tratamento, caso em que ser\u00e3o conservados apenas pela CAMPERDADI para o exerc\u00edcio ou defesa de reclama\u00e7\u00f5es.<\/li>\n \t<li>Direito de se opor ao tratamento: a CAMPERDADI deixar\u00e1 de tratar os dados na forma que voc\u00ea indicar, salvo se por motivos leg\u00edtimos imperiosos ou o exerc\u00edcio ou defesa de poss\u00edveis reclama\u00e7\u00f5es, tiver que continuar tratando.<\/li>\n \t<li>Direito \u00e0 portabilidade dos dados: caso queira que seus dados sejam tratados por outra empresa, a CAMPERDADI facilitar\u00e1 a portabilidade de seus dados ao novo respons\u00e1vel.<\/li>\n<\/ul>\nPossibilidade de retirar o consentimento: no caso de ter sido concedido o consentimento para alguma finalidade espec\u00edfica, voc\u00ea tem direito de retirar o consentimento a qualquer momento, sem que isso afete a licitude do tratamento baseado no consentimento pr\u00e9vio \u00e0 sua retirada.\n\nComo reclamar perante a Autoridade de Controle: Caso sinta violados seus direitos no concernente \u00e0 prote\u00e7\u00e3o de seus dados pessoais, especialmente quando n\u00e3o tenha obtido satisfa\u00e7\u00e3o no exerc\u00edcio de seus direitos, pode apresentar uma reclama\u00e7\u00e3o perante a Autoridade de Controle em mat\u00e9ria de Prote\u00e7\u00e3o de Dados competente atrav\u00e9s de seu site: www.agpd.es\n<ol start=\"4\">\n \t<li><strong>Aceita\u00e7\u00e3o e Consentimento<\/strong><\/li>\n<\/ol>\nO usu\u00e1rio declara ter sido informado das condi\u00e7\u00f5es sobre prote\u00e7\u00e3o de dados de car\u00e1ter pessoal, aceitando e consentindo o tratamento dos mesmos pela CAMPERDADI, na forma e para as finalidades indicadas na presente Pol\u00edtica de Privacidade.\n<ol start=\"5\">\n \t<li><strong>Modifica\u00e7\u00e3o da Pol\u00edtica de Privacidade<\/strong><\/li>\n<\/ol>\nA CAMPERDADI reserva-se o direito de modificar sua Pol\u00edtica de Privacidade, de acordo com seu pr\u00f3prio crit\u00e9rio, motivado por uma altera\u00e7\u00e3o legislativa, jurisprudencial ou doutrin\u00e1ria da Ag\u00eancia Espanhola de Prote\u00e7\u00e3o de Dados. O uso do site ap\u00f3s tais altera\u00e7\u00f5es implicar\u00e1 a aceita\u00e7\u00e3o das mesmas.<\/li>\n<\/ol>\n\t\t<\/div>\n\t\t\t\t\t<\/div>\n\n\t\n\n<\/div>\n","protected":false},"excerpt":{"rendered":"","protected":false},"author":15,"featured_media":0,"parent":0,"menu_order":0,"comment_status":"closed","ping_status":"closed","template":"","meta":{"footnotes":""},"class_list":["post-28948","page","type-page","status-publish","hentry"],"yoast_head":"<!-- This site is optimized with the Yoast SEO plugin v28.3 - https:\/\/yoast.com\/product\/yoast-seo-wordpress\/ -->\n<title>Pol\u00edtica de privacidade de prote\u00e7\u00e3o de dados - Camperdadi<\/title>\n<meta name=\"robots\" content=\"index, follow, max-snippet:-1, max-image-preview:large, max-video-preview:-1\" \/>\n<link rel=\"canonical\" href=\"https:\/\/autocaravanascamperdadi.com\/pt-br\/politica-de-privacidade-de-protecao-de-dados\/\" \/>\n<meta property=\"og:locale\" content=\"pt_BR\" \/>\n<meta property=\"og:type\" content=\"article\" \/>\n<meta property=\"og:title\" content=\"Pol\u00edtica de privacidade de prote\u00e7\u00e3o de dados - Camperdadi\" \/>\n<meta property=\"og:url\" content=\"https:\/\/autocaravanascamperdadi.com\/pt-br\/politica-de-privacidade-de-protecao-de-dados\/\" \/>\n<meta property=\"og:site_name\" content=\"Camperdadi\" \/>\n<meta property=\"article:publisher\" content=\"https:\/\/es-es.facebook.com\/camperdadi\/\" \/>\n<meta property=\"article:modified_time\" content=\"2026-08-31T17:15:42+00:00\" \/>\n<meta property=\"og:image\" content=\"https:\/\/autocaravanascamperdadi.com\/wp-content\/uploads\/2024\/09\/30725337_2008095519453542_2182825795712450560_o-600x600-1.jpg\" \/>\n\t<meta property=\"og:image:width\" content=\"600\" \/>\n\t<meta property=\"og:image:height\" content=\"600\" \/>\n\t<meta property=\"og:image:type\" content=\"image\/jpeg\" \/>\n<meta name=\"twitter:card\" content=\"summary_large_image\" \/>\n<meta name=\"twitter:site\" content=\"@camperdadi\" \/>\n<meta name=\"twitter:label1\" content=\"Est. tempo de leitura\" \/>\n\t<meta name=\"twitter:data1\" content=\"3 minutos\" \/>\n<script type=\"application\/ld+json\" class=\"yoast-schema-graph\">{\"@context\":\"https:\\\/\\\/schema.org\",\"@graph\":[{\"@type\":\"WebPage\",\"@id\":\"https:\\\/\\\/autocaravanascamperdadi.com\\\/pt-br\\\/politica-de-privacidade-de-protecao-de-dados\\\/\",\"url\":\"https:\\\/\\\/autocaravanascamperdadi.com\\\/pt-br\\\/politica-de-privacidade-de-protecao-de-dados\\\/\",\"name\":\"Pol\u00edtica de privacidade de prote\u00e7\u00e3o de dados - Camperdadi\",\"isPartOf\":{\"@id\":\"https:\\\/\\\/autocaravanascamperdadi.com\\\/en\\\/#website\"},\"datePublished\":\"2026-08-31T17:15:40+00:00\",\"dateModified\":\"2026-08-31T17:15:42+00:00\",\"breadcrumb\":{\"@id\":\"https:\\\/\\\/autocaravanascamperdadi.com\\\/pt-br\\\/politica-de-privacidade-de-protecao-de-dados\\\/#breadcrumb\"},\"inLanguage\":\"pt-BR\",\"potentialAction\":[{\"@type\":\"ReadAction\",\"target\":[\"https:\\\/\\\/autocaravanascamperdadi.com\\\/pt-br\\\/politica-de-privacidade-de-protecao-de-dados\\\/\"]}]},{\"@type\":\"BreadcrumbList\",\"@id\":\"https:\\\/\\\/autocaravanascamperdadi.com\\\/pt-br\\\/politica-de-privacidade-de-protecao-de-dados\\\/#breadcrumb\",\"itemListElement\":[{\"@type\":\"ListItem\",\"position\":1,\"name\":\"Portada\",\"item\":\"https:\\\/\\\/autocaravanascamperdadi.com\\\/pt-br\\\/\"},{\"@type\":\"ListItem\",\"position\":2,\"name\":\"Pol\u00edtica de privacidade de prote\u00e7\u00e3o de dados\"}]},{\"@type\":\"WebSite\",\"@id\":\"https:\\\/\\\/autocaravanascamperdadi.com\\\/en\\\/#website\",\"url\":\"https:\\\/\\\/autocaravanascamperdadi.com\\\/en\\\/\",\"name\":\"Autocaravanas Camperdadi\",\"description\":\"Alquiler de autocaravanas y caravanas\",\"publisher\":{\"@id\":\"https:\\\/\\\/autocaravanascamperdadi.com\\\/en\\\/#organization\"},\"potentialAction\":[{\"@type\":\"SearchAction\",\"target\":{\"@type\":\"EntryPoint\",\"urlTemplate\":\"https:\\\/\\\/autocaravanascamperdadi.com\\\/en\\\/?s={search_term_string}\"},\"query-input\":{\"@type\":\"PropertyValueSpecification\",\"valueRequired\":true,\"valueName\":\"search_term_string\"}}],\"inLanguage\":\"pt-BR\"},{\"@type\":\"Organization\",\"@id\":\"https:\\\/\\\/autocaravanascamperdadi.com\\\/en\\\/#organization\",\"name\":\"Camperdadi\",\"url\":\"https:\\\/\\\/autocaravanascamperdadi.com\\\/en\\\/\",\"logo\":{\"@type\":\"ImageObject\",\"inLanguage\":\"pt-BR\",\"@id\":\"https:\\\/\\\/autocaravanascamperdadi.com\\\/en\\\/#\\\/schema\\\/logo\\\/image\\\/\",\"url\":\"https:\\\/\\\/autocaravanascamperdadi.com\\\/wp-content\\\/uploads\\\/2017\\\/08\\\/cropped-logo.png\",\"contentUrl\":\"https:\\\/\\\/autocaravanascamperdadi.com\\\/wp-content\\\/uploads\\\/2017\\\/08\\\/cropped-logo.png\",\"width\":512,\"height\":512,\"caption\":\"Camperdadi\"},\"image\":{\"@id\":\"https:\\\/\\\/autocaravanascamperdadi.com\\\/en\\\/#\\\/schema\\\/logo\\\/image\\\/\"},\"sameAs\":[\"https:\\\/\\\/es-es.facebook.com\\\/camperdadi\\\/\",\"https:\\\/\\\/x.com\\\/camperdadi\",\"https:\\\/\\\/www.instagram.com\\\/autocaravanascamperdadi\\\/?hl=es\"]}]}<\/script>\n<!-- \/ Yoast SEO plugin. -->","yoast_head_json":{"title":"Pol\u00edtica de privacidade de prote\u00e7\u00e3o de dados - Camperdadi","robots":{"index":"index","follow":"follow","max-snippet":"max-snippet:-1","max-image-preview":"max-image-preview:large","max-video-preview":"max-video-preview:-1"},"canonical":"https:\/\/autocaravanascamperdadi.com\/pt-br\/politica-de-privacidade-de-protecao-de-dados\/","og_locale":"pt_BR","og_type":"article","og_title":"Pol\u00edtica de privacidade de prote\u00e7\u00e3o de dados - Camperdadi","og_url":"https:\/\/autocaravanascamperdadi.com\/pt-br\/politica-de-privacidade-de-protecao-de-dados\/","og_site_name":"Camperdadi","article_publisher":"https:\/\/es-es.facebook.com\/camperdadi\/","article_modified_time":"2026-08-31T17:15:42+00:00","og_image":[{"width":600,"height":600,"url":"https:\/\/autocaravanascamperdadi.com\/wp-content\/uploads\/2024\/09\/30725337_2008095519453542_2182825795712450560_o-600x600-1.jpg","type":"image\/jpeg"}],"twitter_card":"summary_large_image","twitter_site":"@camperdadi","twitter_misc":{"Est. tempo de leitura":"3 minutos"},"schema":{"@context":"https:\/\/schema.org","@graph":[{"@type":"WebPage","@id":"https:\/\/autocaravanascamperdadi.com\/pt-br\/politica-de-privacidade-de-protecao-de-dados\/","url":"https:\/\/autocaravanascamperdadi.com\/pt-br\/politica-de-privacidade-de-protecao-de-dados\/","name":"Pol\u00edtica de privacidade de prote\u00e7\u00e3o de dados - Camperdadi","isPartOf":{"@id":"https:\/\/autocaravanascamperdadi.com\/en\/#website"},"datePublished":"2026-08-31T17:15:40+00:00","dateModified":"2026-08-31T17:15:42+00:00","breadcrumb":{"@id":"https:\/\/autocaravanascamperdadi.com\/pt-br\/politica-de-privacidade-de-protecao-de-dados\/#breadcrumb"},"inLanguage":"pt-BR","potentialAction":[{"@type":"ReadAction","target":["https:\/\/autocaravanascamperdadi.com\/pt-br\/politica-de-privacidade-de-protecao-de-dados\/"]}]},{"@type":"BreadcrumbList","@id":"https:\/\/autocaravanascamperdadi.com\/pt-br\/politica-de-privacidade-de-protecao-de-dados\/#breadcrumb","itemListElement":[{"@type":"ListItem","position":1,"name":"Portada","item":"https:\/\/autocaravanascamperdadi.com\/pt-br\/"},{"@type":"ListItem","position":2,"name":"Pol\u00edtica de privacidade de prote\u00e7\u00e3o de dados"}]},{"@type":"WebSite","@id":"https:\/\/autocaravanascamperdadi.com\/en\/#website","url":"https:\/\/autocaravanascamperdadi.com\/en\/","name":"Autocaravanas Camperdadi","description":"Alquiler de autocaravanas y caravanas","publisher":{"@id":"https:\/\/autocaravanascamperdadi.com\/en\/#organization"},"potentialAction":[{"@type":"SearchAction","target":{"@type":"EntryPoint","urlTemplate":"https:\/\/autocaravanascamperdadi.com\/en\/?s={search_term_string}"},"query-input":{"@type":"PropertyValueSpecification","valueRequired":true,"valueName":"search_term_string"}}],"inLanguage":"pt-BR"},{"@type":"Organization","@id":"https:\/\/autocaravanascamperdadi.com\/en\/#organization","name":"Camperdadi","url":"https:\/\/autocaravanascamperdadi.com\/en\/","logo":{"@type":"ImageObject","inLanguage":"pt-BR","@id":"https:\/\/autocaravanascamperdadi.com\/en\/#\/schema\/logo\/image\/","url":"https:\/\/autocaravanascamperdadi.com\/wp-content\/uploads\/2017\/08\/cropped-logo.png","contentUrl":"https:\/\/autocaravanascamperdadi.com\/wp-content\/uploads\/2017\/08\/cropped-logo.png","width":512,"height":512,"caption":"Camperdadi"},"image":{"@id":"https:\/\/autocaravanascamperdadi.com\/en\/#\/schema\/logo\/image\/"},"sameAs":["https:\/\/es-es.facebook.com\/camperdadi\/","https:\/\/x.com\/camperdadi","https:\/\/www.instagram.com\/autocaravanascamperdadi\/?hl=es"]}]}},"_links":{"self":[{"href":"https:\/\/autocaravanascamperdadi.com\/pt-br\/wp-json\/wp\/v2\/pages\/28948","targetHints":{"allow":["GET"]}}],"collection":[{"href":"https:\/\/autocaravanascamperdadi.com\/pt-br\/wp-json\/wp\/v2\/pages"}],"about":[{"href":"https:\/\/autocaravanascamperdadi.com\/pt-br\/wp-json\/wp\/v2\/types\/page"}],"author":[{"embeddable":true,"href":"https:\/\/autocaravanascamperdadi.com\/pt-br\/wp-json\/wp\/v2\/users\/15"}],"replies":[{"embeddable":true,"href":"https:\/\/autocaravanascamperdadi.com\/pt-br\/wp-json\/wp\/v2\/comments?post=28948"}],"version-history":[{"count":2,"href":"https:\/\/autocaravanascamperdadi.com\/pt-br\/wp-json\/wp\/v2\/pages\/28948\/revisions"}],"predecessor-version":[{"id":28950,"href":"https:\/\/autocaravanascamperdadi.com\/pt-br\/wp-json\/wp\/v2\/pages\/28948\/revisions\/28950"}],"wp:attachment":[{"href":"https:\/\/autocaravanascamperdadi.com\/pt-br\/wp-json\/wp\/v2\/media?parent=28948"}],"curies":[{"name":"wp","href":"https:\/\/api.w.org\/{rel}","templated":true}]}}