{"id":28770,"date":"2017-09-07T14:26:49","date_gmt":"2017-09-07T14:26:49","guid":{"rendered":"https:\/\/autocaravanascamperdadi.com\/?post_type=product&#038;p=28770"},"modified":"2026-08-31T16:55:56","modified_gmt":"2026-08-31T16:55:56","slug":"aluguel-de-motorhome-integral-mc-louis-79g-karat-para-4-pessoas","status":"publish","type":"product","link":"https:\/\/autocaravanascamperdadi.com\/pt-br\/tienda\/aluguel-de-motorhome-integral-mc-louis-79g-karat-para-4-pessoas\/","title":{"rendered":"Aluguel de Motorhome Integral MC LOUIS 79G KARAT para 4 pessoas"},"content":{"rendered":"<p><iframe loading=\"lazy\" src=\"https:\/\/www.youtube.com\/embed\/2cfVdG4iz_w\" width=\"560\" height=\"315\" frameborder=\"0\" allowfullscreen=\"allowfullscreen\"><\/iframe><\/p>\n<h2>EQUIPAMENTOS INCLU\u00cdDOS<\/h2>\n<p>100% tranquilidade, servi\u00e7os inclu\u00eddos. Nossos motorhomes incluem os servi\u00e7os e comodidades necess\u00e1rias para tornar sua viagem uma experi\u00eancia prazerosa e 100% segura. Oferecemos tamb\u00e9m a possibilidade de contratar servi\u00e7os extras para completar sua viagem. Sua tranquilidade na viagem, atendimento telef\u00f4nico 24\/7<\/p>\n<ul>\n<li>Painel Solar<\/li>\n<li>Bateria de servi\u00e7o<\/li>\n<li>Reservat\u00f3rio de \u00e1gua pot\u00e1vel e residual<\/li>\n<li>Bomba el\u00e9trica<\/li>\n<li>WC. Lavat\u00f3rio, chuveiro e \u00e1gua quente<\/li>\n<li>Aquecimento<\/li>\n<li>Cozinha com pia, geladeira trivalente (12V 220V e G\u00e1s)<\/li>\n<li>Conex\u00e3o 220V<\/li>\n<li>Antena de TV<\/li>\n<li>TV<\/li>\n<li>R\u00e1dio multim\u00eddia com Bluetooth e GPS<\/li>\n<li>Toldo<\/li>\n<li>Cabo para Carregar Motorhome<\/li>\n<li>G\u00e1s inclu\u00eddo<\/li>\n<li>Cal\u00e7os e n\u00edveladores<\/li>\n<li>Utens\u00edlios de cozinha (Conjunto completo de pratos, copos e talheres. Cozinha equipada)<\/li>\n<li>L\u00edquido para WC (Pastilhas para WC, papel higi\u00eanico e utens\u00edlios de limpeza)<\/li>\n<li>Estacionamento gratuito para seu carro em nossas instala\u00e7\u00f5es<\/li>\n<li>300 Quil\u00f4metros di\u00e1rios<\/li>\n<\/ul>\n<h2>PONTOS DE RETIRADA<\/h2>\n<ul>\n<li>Nossas instala\u00e7\u00f5es: Sem custo extra<\/li>\n<li>Aeroporto de Madri: Custo extra +100\u20ac<\/li>\n<li>Esta\u00e7\u00e3o Atocha: Custo extra +100\u20ac<\/li>\n<li>Esta\u00e7\u00e3o Chamart\u00edn: Custo extra +100\u20ac<\/li>\n<li>Retirada e entrega em cidades diferentes<\/li>\n<\/ul>\n<h2>CONDI\u00c7\u00d5ES GERAIS DO ALUGUEL<\/h2>\n<ul>\n<li>\u00c9 obrigat\u00f3rio ter pago a totalidade da fatura e depositar a cau\u00e7\u00e3o antes de retirar o motorhome.<\/li>\n<li>O motorhome ser\u00e1 devolvido limpo, com o reservat\u00f3rio de \u00e1gua residual e wc vazios; caso contr\u00e1rio, o cliente dever\u00e1 pagar 150 \u20ac a t\u00edtulo de limpeza.<\/li>\n<li>O usu\u00e1rio responde por qualquer infra\u00e7\u00e3o ou multa.<\/li>\n<li>As presentes condi\u00e7\u00f5es s\u00e3o apenas um extrato, sendo v\u00e1lidas, para todos os efeitos, apenas as que forem assinadas.<\/li>\n<\/ul>\n<h2>OS PRE\u00c7OS INDICADOS S\u00c3O POR DIA E INCLUEM<\/h2>\n<ul>\n<li>300 Quil\u00f4metros di\u00e1rios<\/li>\n<li>Seguro contra todos os riscos com franquia de 600 \u20ac<\/li>\n<li>Taxas de Sa\u00edda: g\u00e1s, l\u00edquido qu\u00edmico e papel higi\u00eanico<\/li>\n<li>Assist\u00eancia em estrada 24 horas dentro e fora da Espanha<\/li>\n<li>Estacionamento gratuito para seu carro<\/li>\n<li>I.V.A. Inclu\u00eddo<\/li>\n<\/ul>\n<h2>ADICIONAIS EXTRAS (PRE\u00c7OS A CONSULTAR)<\/h2>\n<ul>\n<li>Early Check-in<\/li>\n<li>Mesa e cadeiras de camping<\/li>\n<li>Micro-ondas port\u00e1til<\/li>\n<li>Suporte para bicicletas<\/li>\n<li>Roupa de cama<\/li>\n<li>Elevador para crian\u00e7a de 4 a 12 anos<\/li>\n<li>Cadeiras infantis 0 a 36 meses<\/li>\n<li>Roteador WIFI UE<\/li>\n<li>Internet Satelital Starlink<\/li>\n<li>Botij\u00e3o extra de G\u00e1s<\/li>\n<li>Placa de indu\u00e7\u00e3o port\u00e1til<\/li>\n<li>Inversor de corrente 300w de 12v para 220v<\/li>\n<li>Seguro de redu\u00e7\u00e3o de franquia<\/li>\n<li>Pack winter (correntes e Deslizadores para gelo e neve)<\/li>\n<li>Bicicleta<\/li>\n<li>Moto<\/li>\n<\/ul>\n<h2>OS PRE\u00c7OS N\u00c3O INCLUEM<\/h2>\n<ul>\n<li>Quil\u00f4metros excedentes a 0,30 \u20ac\/unid.<\/li>\n<li>Cau\u00e7\u00e3o 600 \u20ac<\/li>\n<li>Franquia 600 \u20ac<\/li>\n<li>Combust\u00edvel<\/li>\n<\/ul>\n<h2>CONDI\u00c7\u00d5ES DO CONDUTOR<\/h2>\n<ul>\n<li>Idade n\u00e3o inferior a 25 anos<\/li>\n<li>Carteira de motorista B1 vigente com 2 anos de antiguidade<\/li>\n<\/ul>\n<h2>POL\u00cdTICA DE CANCELAMENTO<\/h2>\n<p>As reservas do ve\u00edculo n\u00e3o s\u00e3o reembolsadas. Se o valor total do aluguel for pago e for cancelado com mais de sessenta dias de anteced\u00eancia, \u00e9 devolvido 70%. Para cancelamentos com menos de 60 dias de anteced\u00eancia, \u00e9 devolvido 50%. Com menos de 20 dias de anteced\u00eancia, \u00e9 devolvido 10%, desde que o valor total do aluguel tenha sido pago.<\/p>\n","protected":false},"excerpt":{"rendered":"<p>N\u00ba DE VAGAS: 4<\/p>\n<div class=\"product-short-description\">\n<div class=\"tg-wrap\">\n<table class=\"tg\">\n<tbody>\n<tr>\n<th class=\"tg-yvvu\">Baixa temporada<\/th>\n<th class=\"tg-yvvu\">M\u00e9dia temporada<\/th>\n<th class=\"tg-yvvu\">Alta temporada<\/th>\n<\/tr>\n<tr>\n<td class=\"tg-6997\">135\u20ac\/dia<\/td>\n<td class=\"tg-6997\">175\u20ac\/dia<\/td>\n<td class=\"tg-6997\">205\u20ac\/dia<\/td>\n<\/tr>\n<\/tbody>\n<\/table>\n<\/div>\n<p><em><strong>TEMPORADAS:<br \/>\n<\/strong><\/em><strong> Alta:<\/strong> Semana Santa e Feriados (m\u00edn. 5 dias) Julho e Agosto (m\u00edn. 7 dias)<br \/>\n<strong>M\u00e9dia:<\/strong> Junho e Setembro (m\u00ednimo 5 dias)<br \/>\n<strong>Baixa:<\/strong> Restante do ano (m\u00ednimo 3 dias) (Retirada na Sexta-feira e Devolu\u00e7\u00e3o na Segunda-feira pela manh\u00e3)<\/p>\n<p><strong>Reservar Motorhome<\/strong><\/p>\n\n<div class=\"wpcf7 no-js\" id=\"wpcf7-f28551-o1\" lang=\"es-ES\" dir=\"ltr\" data-wpcf7-id=\"28551\">\n<div class=\"screen-reader-response\"><p role=\"status\" aria-live=\"polite\" aria-atomic=\"true\"><\/p> <ul><\/ul><\/div>\n<form action=\"\/pt-br\/wp-json\/wp\/v2\/product\/28770#wpcf7-f28551-o1\" method=\"post\" class=\"wpcf7-form init\" aria-label=\"Formulario de contacto\" novalidate=\"novalidate\" data-status=\"init\">\n<fieldset class=\"hidden-fields-container\"><input type=\"hidden\" name=\"_wpcf7\" value=\"28551\" \/><input type=\"hidden\" name=\"_wpcf7_version\" value=\"6.1.7\" \/><input type=\"hidden\" name=\"_wpcf7_locale\" value=\"es_ES\" \/><input type=\"hidden\" name=\"_wpcf7_unit_tag\" value=\"wpcf7-f28551-o1\" \/><input type=\"hidden\" name=\"_wpcf7_container_post\" value=\"0\" \/><input type=\"hidden\" name=\"_wpcf7_posted_data_hash\" value=\"\" \/><input type=\"hidden\" name=\"_wpcf7_recaptcha_response\" value=\"\" \/>\n<\/fieldset>\n<div class=\"cf7-wrapper\">\n\n <!-- LINHA 1 -->\n\t<div class=\"cf7-grid cf7-line-1\">\n\t\t<p><label>Nome e sobrenome<br \/>\n<span class=\"wpcf7-form-control-wrap\" data-name=\"your-name\"><input size=\"40\" maxlength=\"400\" class=\"wpcf7-form-control wpcf7-text wpcf7-validates-as-required\" aria-required=\"true\" aria-invalid=\"false\" placeholder=\"Ex: Jo\u00e3o Silva\" value=\"\" type=\"text\" name=\"your-name\" \/><\/span><br \/>\n<\/label>\n\t\t<\/p>\n\t\t<p><label>E-mail<br \/>\n<span class=\"wpcf7-form-control-wrap\" data-name=\"your-email\"><input size=\"40\" maxlength=\"400\" class=\"wpcf7-form-control wpcf7-email wpcf7-validates-as-required wpcf7-text wpcf7-validates-as-email\" aria-required=\"true\" aria-invalid=\"false\" placeholder=\"exemplo@email.com\" value=\"\" type=\"email\" name=\"your-email\" \/><\/span><br \/>\n<\/label>\n\t\t<\/p>\n\t\t<p><label>N\u00famero de telefone<br \/>\n<span class=\"wpcf7-form-control-wrap\" data-name=\"your-tel\"><input size=\"40\" maxlength=\"400\" class=\"wpcf7-form-control wpcf7-tel wpcf7-validates-as-required wpcf7-text wpcf7-validates-as-tel\" aria-required=\"true\" aria-invalid=\"false\" placeholder=\"600 000 000\" value=\"\" type=\"tel\" name=\"your-tel\" \/><\/span><br \/>\n<\/label>\n\t\t<\/p>\n\t\t<p><label>Pessoas<br \/>\n<span class=\"wpcf7-form-control-wrap\" data-name=\"personas\"><select class=\"wpcf7-form-control wpcf7-select wpcf7-validates-as-required\" aria-required=\"true\" aria-invalid=\"false\" name=\"personas\"><option value=\"1\">1<\/option><option value=\"2\">2<\/option><option value=\"3\">3<\/option><option value=\"4\">4<\/option><option value=\"5\">5<\/option><option value=\"6\">6<\/option><option value=\"7\">7<\/option><\/select><\/span><br \/>\n<\/label>\n\t\t<\/p>\n\t<\/div>\n\n <!-- LINHA 2 -->\n\t<div class=\"cf7-grid cf7-line-2\">\n\t\t<p><label>Data de retirada<br \/>\n<span class=\"wpcf7-form-control-wrap\" data-name=\"fecha-recogida\"><input class=\"wpcf7-form-control wpcf7-date wpcf7-validates-as-required wpcf7-validates-as-date\" aria-required=\"true\" aria-invalid=\"false\" value=\"\" type=\"date\" name=\"fecha-recogida\" \/><\/span><br \/>\n<\/label>\n\t\t<\/p>\n\t\t<p><label>Data de entrega<br \/>\n<span class=\"wpcf7-form-control-wrap\" data-name=\"fecha-entrega\"><input class=\"wpcf7-form-control wpcf7-date wpcf7-validates-as-required wpcf7-validates-as-date\" aria-required=\"true\" aria-invalid=\"false\" value=\"\" type=\"date\" name=\"fecha-entrega\" \/><\/span><br \/>\n<\/label>\n\t\t<\/p>\n\t\t<p><label class=\"cf7-modelo\">Modelo<br \/>\n<span class=\"wpcf7-form-control-wrap\" data-name=\"modelo\"><select class=\"wpcf7-form-control wpcf7-select wpcf7-validates-as-required\" aria-required=\"true\" aria-invalid=\"false\" name=\"modelo\"><option value=\"\">&#8212;Por favor, elige una opci\u00f3n&#8212;<\/option><option value=\"Giottiline 386\">Giottiline 386<\/option><option value=\"Giottiline 440\">Giottiline 440<\/option><option value=\"CI HORON 95 XT\">CI HORON 95 XT<\/option><option value=\"CI HORON 84XT\">CI HORON 84XT<\/option><option value=\"CI HORON 65XT\">CI HORON 65XT<\/option><option value=\"CI HORON 77M\">CI HORON 77M<\/option><option value=\"Rimor Seal 67 Plus\">Rimor Seal 67 Plus<\/option><option value=\"MC LOUIS MENFYS\">MC LOUIS MENFYS<\/option><option value=\"MC LOUIS GLAMYS 322\">MC LOUIS GLAMYS 322<\/option><option value=\"MC LOUIS MENFYS S-LINE\">MC LOUIS MENFYS S-LINE<\/option><option value=\"MC LOUIS 79G KARAT\">MC LOUIS 79G KARAT<\/option><option value=\"Rimor Kayak 69 Plus\">Rimor Kayak 69 Plus<\/option><option value=\"Rimor Seal 9\">Rimor Seal 9<\/option><option value=\"CI HORON 79M\">CI HORON 79M<\/option><option value=\"Trailer Burstner 465 TS FIFTY\">Trailer Burstner 465 TS FIFTY<\/option><option value=\"Rimor HORUS 35\">Rimor HORUS 35<\/option><\/select><\/span><br \/>\n<\/label>\n\t\t<\/p>\n\t<\/div>\n\n <!-- LINHA 3 MENSAGEM -->\n\t<div class=\"cf7-message-row\">\n\t\t<p><label>Mensagem (opcional)<br \/>\n<span class=\"wpcf7-form-control-wrap\" data-name=\"your-message\"><textarea cols=\"40\" rows=\"10\" maxlength=\"2000\" class=\"wpcf7-form-control wpcf7-textarea\" aria-invalid=\"false\" placeholder=\"Voc\u00ea tem alguma d\u00favida ou pedido especial?\" name=\"your-message\"><\/textarea><\/span><br \/>\n<\/label><br \/>\n<label for=\"acepto\"><br \/>\n<span class=\"wpcf7-form-control-wrap\" data-name=\"acceptance-536\"><span class=\"wpcf7-form-control wpcf7-acceptance\"><span class=\"wpcf7-list-item\"><input type=\"checkbox\" name=\"acceptance-536\" value=\"1\" id=\"acepto\" aria-invalid=\"false\" \/><\/span><\/span><\/span> Li e aceito as <a href=\"https:\/\/autocaravanascamperdadi.com\/pt-br\/aviso-legal\/\" target=\"_blank\">condi\u00e7\u00f5es de uso<\/a><br \/>\ne a <a href=\"https:\/\/autocaravanascamperdadi.com\/pt-br\/politica-de-privacidade-de-protecao-de-dados\/\">Pol\u00edtica de privacidade<\/a><br \/>\n<\/label>\n\t\t<\/p>\n\t<\/div>\n\n <!-- LINHA 4 BOT\u00c3O -->\n\t<div class=\"cf7-submit-row\">\n\t\t<p><input class=\"wpcf7-form-control wpcf7-submit has-spinner\" type=\"submit\" value=\"Reservar\" \/>\n\t\t<\/p>\n\t<\/div>\n<\/div><div class=\"wpcf7-response-output\" aria-hidden=\"true\"><\/div>\n<\/form>\n<\/div>\n\n<\/div>\n<div id=\"quick-actions-wrapper\" style=\"position: fixed; z-index: 2147483646; pointer-events: auto; opacity: 1; transition: opacity 0.15s; left: 9.98843px; top: 68.8195px;\" data-manual-position=\"false\">\n<div class=\"deepseek-quick-action-buttons light-mode\" style=\"box-sizing: border-box !important; height: 40px !important; padding: 4px 10px !important; opacity: 1; position: static;\"><\/div>\n<\/div>\n","protected":false},"featured_media":28759,"comment_status":"closed","ping_status":"closed","template":"","meta":[],"product_brand":[],"product_cat":[222],"product_tag":[],"class_list":["post-28770","product","type-product","status-publish","has-post-thumbnail","product_cat-aluguel-de-motorhome","first","instock","virtual","product-type-simple"],"yoast_head":"<!-- This site is optimized with the Yoast SEO plugin v28.3 - https:\/\/yoast.com\/product\/yoast-seo-wordpress\/ -->\n<title>Aluguel de Motorhome Integral MC LOUIS 79G KARAT para 4 pessoas - Camperdadi<\/title>\n<meta name=\"robots\" content=\"index, follow, max-snippet:-1, max-image-preview:large, max-video-preview:-1\" \/>\n<link rel=\"canonical\" href=\"https:\/\/autocaravanascamperdadi.com\/pt-br\/tienda\/aluguel-de-motorhome-integral-mc-louis-79g-karat-para-4-pessoas\/\" \/>\n<meta property=\"og:locale\" content=\"pt_BR\" \/>\n<meta property=\"og:type\" content=\"article\" \/>\n<meta property=\"og:title\" content=\"Aluguel de Motorhome Integral MC LOUIS 79G KARAT para 4 pessoas - Camperdadi\" \/>\n<meta property=\"og:description\" content=\"N\u00ba DE VAGAS: 4       Baixa temporada M\u00e9dia temporada Alta temporada   135\u20ac\/dia 175\u20ac\/dia 205\u20ac\/dia     TEMPORADAS:  Alta: Semana Santa e Feriados (m\u00edn. 5 dias) Julho e Agosto (m\u00edn. 7 dias) M\u00e9dia: Junho e Setembro (m\u00ednimo 5 dias) Baixa: Restante do ano (m\u00ednimo 3 dias) (Retirada na Sexta-feira e Devolu\u00e7\u00e3o na Segunda-feira pela manh\u00e3)  Reservar Motorhome\" \/>\n<meta property=\"og:url\" content=\"https:\/\/autocaravanascamperdadi.com\/pt-br\/tienda\/aluguel-de-motorhome-integral-mc-louis-79g-karat-para-4-pessoas\/\" \/>\n<meta property=\"og:site_name\" content=\"Camperdadi\" \/>\n<meta property=\"article:publisher\" content=\"https:\/\/es-es.facebook.com\/camperdadi\/\" \/>\n<meta property=\"article:modified_time\" content=\"2026-08-31T16:55:56+00:00\" \/>\n<meta property=\"og:image\" content=\"https:\/\/autocaravanascamperdadi.com\/wp-content\/uploads\/2017\/09\/1.jpg\" \/>\n\t<meta property=\"og:image:width\" content=\"800\" \/>\n\t<meta property=\"og:image:height\" content=\"600\" \/>\n\t<meta property=\"og:image:type\" content=\"image\/jpeg\" \/>\n<meta name=\"twitter:card\" content=\"summary_large_image\" \/>\n<meta name=\"twitter:site\" content=\"@camperdadi\" \/>\n<meta name=\"twitter:label1\" content=\"Est. tempo de leitura\" \/>\n\t<meta name=\"twitter:data1\" content=\"1 minuto\" \/>\n<script type=\"application\/ld+json\" class=\"yoast-schema-graph\">{\"@context\":\"https:\\\/\\\/schema.org\",\"@graph\":[{\"@type\":\"WebPage\",\"@id\":\"https:\\\/\\\/autocaravanascamperdadi.com\\\/pt-br\\\/tienda\\\/aluguel-de-motorhome-integral-mc-louis-79g-karat-para-4-pessoas\\\/\",\"url\":\"https:\\\/\\\/autocaravanascamperdadi.com\\\/pt-br\\\/tienda\\\/aluguel-de-motorhome-integral-mc-louis-79g-karat-para-4-pessoas\\\/\",\"name\":\"Aluguel de Motorhome Integral MC LOUIS 79G KARAT para 4 pessoas - Camperdadi\",\"isPartOf\":{\"@id\":\"https:\\\/\\\/autocaravanascamperdadi.com\\\/en\\\/#website\"},\"primaryImageOfPage\":{\"@id\":\"https:\\\/\\\/autocaravanascamperdadi.com\\\/pt-br\\\/tienda\\\/aluguel-de-motorhome-integral-mc-louis-79g-karat-para-4-pessoas\\\/#primaryimage\"},\"image\":{\"@id\":\"https:\\\/\\\/autocaravanascamperdadi.com\\\/pt-br\\\/tienda\\\/aluguel-de-motorhome-integral-mc-louis-79g-karat-para-4-pessoas\\\/#primaryimage\"},\"thumbnailUrl\":\"https:\\\/\\\/autocaravanascamperdadi.com\\\/wp-content\\\/uploads\\\/2017\\\/09\\\/1.jpg\",\"datePublished\":\"2017-09-07T14:26:49+00:00\",\"dateModified\":\"2026-08-31T16:55:56+00:00\",\"breadcrumb\":{\"@id\":\"https:\\\/\\\/autocaravanascamperdadi.com\\\/pt-br\\\/tienda\\\/aluguel-de-motorhome-integral-mc-louis-79g-karat-para-4-pessoas\\\/#breadcrumb\"},\"inLanguage\":\"pt-BR\",\"potentialAction\":[{\"@type\":\"ReadAction\",\"target\":[\"https:\\\/\\\/autocaravanascamperdadi.com\\\/pt-br\\\/tienda\\\/aluguel-de-motorhome-integral-mc-louis-79g-karat-para-4-pessoas\\\/\"]}]},{\"@type\":\"ImageObject\",\"inLanguage\":\"pt-BR\",\"@id\":\"https:\\\/\\\/autocaravanascamperdadi.com\\\/pt-br\\\/tienda\\\/aluguel-de-motorhome-integral-mc-louis-79g-karat-para-4-pessoas\\\/#primaryimage\",\"url\":\"https:\\\/\\\/autocaravanascamperdadi.com\\\/wp-content\\\/uploads\\\/2017\\\/09\\\/1.jpg\",\"contentUrl\":\"https:\\\/\\\/autocaravanascamperdadi.com\\\/wp-content\\\/uploads\\\/2017\\\/09\\\/1.jpg\",\"width\":800,\"height\":600,\"caption\":\"Aluguel de Motorhome MC LOUIS 79G KARAT para 4 pessoas\"},{\"@type\":\"BreadcrumbList\",\"@id\":\"https:\\\/\\\/autocaravanascamperdadi.com\\\/pt-br\\\/tienda\\\/aluguel-de-motorhome-integral-mc-louis-79g-karat-para-4-pessoas\\\/#breadcrumb\",\"itemListElement\":[{\"@type\":\"ListItem\",\"position\":1,\"name\":\"Portada\",\"item\":\"https:\\\/\\\/autocaravanascamperdadi.com\\\/pt-br\\\/\"},{\"@type\":\"ListItem\",\"position\":2,\"name\":\"Tienda\",\"item\":\"https:\\\/\\\/autocaravanascamperdadi.com\\\/tienda\\\/\"},{\"@type\":\"ListItem\",\"position\":3,\"name\":\"Aluguel de Motorhome Integral MC LOUIS 79G KARAT para 4 pessoas\"}]},{\"@type\":\"WebSite\",\"@id\":\"https:\\\/\\\/autocaravanascamperdadi.com\\\/en\\\/#website\",\"url\":\"https:\\\/\\\/autocaravanascamperdadi.com\\\/en\\\/\",\"name\":\"Autocaravanas Camperdadi\",\"description\":\"Alquiler de autocaravanas y caravanas\",\"publisher\":{\"@id\":\"https:\\\/\\\/autocaravanascamperdadi.com\\\/en\\\/#organization\"},\"potentialAction\":[{\"@type\":\"SearchAction\",\"target\":{\"@type\":\"EntryPoint\",\"urlTemplate\":\"https:\\\/\\\/autocaravanascamperdadi.com\\\/en\\\/?s={search_term_string}\"},\"query-input\":{\"@type\":\"PropertyValueSpecification\",\"valueRequired\":true,\"valueName\":\"search_term_string\"}}],\"inLanguage\":\"pt-BR\"},{\"@type\":\"Organization\",\"@id\":\"https:\\\/\\\/autocaravanascamperdadi.com\\\/en\\\/#organization\",\"name\":\"Camperdadi\",\"url\":\"https:\\\/\\\/autocaravanascamperdadi.com\\\/en\\\/\",\"logo\":{\"@type\":\"ImageObject\",\"inLanguage\":\"pt-BR\",\"@id\":\"https:\\\/\\\/autocaravanascamperdadi.com\\\/en\\\/#\\\/schema\\\/logo\\\/image\\\/\",\"url\":\"https:\\\/\\\/autocaravanascamperdadi.com\\\/wp-content\\\/uploads\\\/2017\\\/08\\\/cropped-logo.png\",\"contentUrl\":\"https:\\\/\\\/autocaravanascamperdadi.com\\\/wp-content\\\/uploads\\\/2017\\\/08\\\/cropped-logo.png\",\"width\":512,\"height\":512,\"caption\":\"Camperdadi\"},\"image\":{\"@id\":\"https:\\\/\\\/autocaravanascamperdadi.com\\\/en\\\/#\\\/schema\\\/logo\\\/image\\\/\"},\"sameAs\":[\"https:\\\/\\\/es-es.facebook.com\\\/camperdadi\\\/\",\"https:\\\/\\\/x.com\\\/camperdadi\",\"https:\\\/\\\/www.instagram.com\\\/autocaravanascamperdadi\\\/?hl=es\"]}]}<\/script>\n<!-- \/ Yoast SEO plugin. -->","yoast_head_json":{"title":"Aluguel de Motorhome Integral MC LOUIS 79G KARAT para 4 pessoas - Camperdadi","robots":{"index":"index","follow":"follow","max-snippet":"max-snippet:-1","max-image-preview":"max-image-preview:large","max-video-preview":"max-video-preview:-1"},"canonical":"https:\/\/autocaravanascamperdadi.com\/pt-br\/tienda\/aluguel-de-motorhome-integral-mc-louis-79g-karat-para-4-pessoas\/","og_locale":"pt_BR","og_type":"article","og_title":"Aluguel de Motorhome Integral MC LOUIS 79G KARAT para 4 pessoas - Camperdadi","og_description":"N\u00ba DE VAGAS: 4       Baixa temporada M\u00e9dia temporada Alta temporada   135\u20ac\/dia 175\u20ac\/dia 205\u20ac\/dia     TEMPORADAS:  Alta: Semana Santa e Feriados (m\u00edn. 5 dias) Julho e Agosto (m\u00edn. 7 dias) M\u00e9dia: Junho e Setembro (m\u00ednimo 5 dias) Baixa: Restante do ano (m\u00ednimo 3 dias) (Retirada na Sexta-feira e Devolu\u00e7\u00e3o na Segunda-feira pela manh\u00e3)  Reservar Motorhome","og_url":"https:\/\/autocaravanascamperdadi.com\/pt-br\/tienda\/aluguel-de-motorhome-integral-mc-louis-79g-karat-para-4-pessoas\/","og_site_name":"Camperdadi","article_publisher":"https:\/\/es-es.facebook.com\/camperdadi\/","article_modified_time":"2026-08-31T16:55:56+00:00","og_image":[{"width":800,"height":600,"url":"https:\/\/autocaravanascamperdadi.com\/wp-content\/uploads\/2017\/09\/1.jpg","type":"image\/jpeg"}],"twitter_card":"summary_large_image","twitter_site":"@camperdadi","twitter_misc":{"Est. tempo de leitura":"1 minuto"},"schema":{"@context":"https:\/\/schema.org","@graph":[{"@type":"WebPage","@id":"https:\/\/autocaravanascamperdadi.com\/pt-br\/tienda\/aluguel-de-motorhome-integral-mc-louis-79g-karat-para-4-pessoas\/","url":"https:\/\/autocaravanascamperdadi.com\/pt-br\/tienda\/aluguel-de-motorhome-integral-mc-louis-79g-karat-para-4-pessoas\/","name":"Aluguel de Motorhome Integral MC LOUIS 79G KARAT para 4 pessoas - Camperdadi","isPartOf":{"@id":"https:\/\/autocaravanascamperdadi.com\/en\/#website"},"primaryImageOfPage":{"@id":"https:\/\/autocaravanascamperdadi.com\/pt-br\/tienda\/aluguel-de-motorhome-integral-mc-louis-79g-karat-para-4-pessoas\/#primaryimage"},"image":{"@id":"https:\/\/autocaravanascamperdadi.com\/pt-br\/tienda\/aluguel-de-motorhome-integral-mc-louis-79g-karat-para-4-pessoas\/#primaryimage"},"thumbnailUrl":"https:\/\/autocaravanascamperdadi.com\/wp-content\/uploads\/2017\/09\/1.jpg","datePublished":"2017-09-07T14:26:49+00:00","dateModified":"2026-08-31T16:55:56+00:00","breadcrumb":{"@id":"https:\/\/autocaravanascamperdadi.com\/pt-br\/tienda\/aluguel-de-motorhome-integral-mc-louis-79g-karat-para-4-pessoas\/#breadcrumb"},"inLanguage":"pt-BR","potentialAction":[{"@type":"ReadAction","target":["https:\/\/autocaravanascamperdadi.com\/pt-br\/tienda\/aluguel-de-motorhome-integral-mc-louis-79g-karat-para-4-pessoas\/"]}]},{"@type":"ImageObject","inLanguage":"pt-BR","@id":"https:\/\/autocaravanascamperdadi.com\/pt-br\/tienda\/aluguel-de-motorhome-integral-mc-louis-79g-karat-para-4-pessoas\/#primaryimage","url":"https:\/\/autocaravanascamperdadi.com\/wp-content\/uploads\/2017\/09\/1.jpg","contentUrl":"https:\/\/autocaravanascamperdadi.com\/wp-content\/uploads\/2017\/09\/1.jpg","width":800,"height":600,"caption":"Aluguel de Motorhome MC LOUIS 79G KARAT para 4 pessoas"},{"@type":"BreadcrumbList","@id":"https:\/\/autocaravanascamperdadi.com\/pt-br\/tienda\/aluguel-de-motorhome-integral-mc-louis-79g-karat-para-4-pessoas\/#breadcrumb","itemListElement":[{"@type":"ListItem","position":1,"name":"Portada","item":"https:\/\/autocaravanascamperdadi.com\/pt-br\/"},{"@type":"ListItem","position":2,"name":"Tienda","item":"https:\/\/autocaravanascamperdadi.com\/tienda\/"},{"@type":"ListItem","position":3,"name":"Aluguel de Motorhome Integral MC LOUIS 79G KARAT para 4 pessoas"}]},{"@type":"WebSite","@id":"https:\/\/autocaravanascamperdadi.com\/en\/#website","url":"https:\/\/autocaravanascamperdadi.com\/en\/","name":"Autocaravanas Camperdadi","description":"Alquiler de autocaravanas y caravanas","publisher":{"@id":"https:\/\/autocaravanascamperdadi.com\/en\/#organization"},"potentialAction":[{"@type":"SearchAction","target":{"@type":"EntryPoint","urlTemplate":"https:\/\/autocaravanascamperdadi.com\/en\/?s={search_term_string}"},"query-input":{"@type":"PropertyValueSpecification","valueRequired":true,"valueName":"search_term_string"}}],"inLanguage":"pt-BR"},{"@type":"Organization","@id":"https:\/\/autocaravanascamperdadi.com\/en\/#organization","name":"Camperdadi","url":"https:\/\/autocaravanascamperdadi.com\/en\/","logo":{"@type":"ImageObject","inLanguage":"pt-BR","@id":"https:\/\/autocaravanascamperdadi.com\/en\/#\/schema\/logo\/image\/","url":"https:\/\/autocaravanascamperdadi.com\/wp-content\/uploads\/2017\/08\/cropped-logo.png","contentUrl":"https:\/\/autocaravanascamperdadi.com\/wp-content\/uploads\/2017\/08\/cropped-logo.png","width":512,"height":512,"caption":"Camperdadi"},"image":{"@id":"https:\/\/autocaravanascamperdadi.com\/en\/#\/schema\/logo\/image\/"},"sameAs":["https:\/\/es-es.facebook.com\/camperdadi\/","https:\/\/x.com\/camperdadi","https:\/\/www.instagram.com\/autocaravanascamperdadi\/?hl=es"]}]}},"_links":{"self":[{"href":"https:\/\/autocaravanascamperdadi.com\/pt-br\/wp-json\/wp\/v2\/product\/28770","targetHints":{"allow":["GET"]}}],"collection":[{"href":"https:\/\/autocaravanascamperdadi.com\/pt-br\/wp-json\/wp\/v2\/product"}],"about":[{"href":"https:\/\/autocaravanascamperdadi.com\/pt-br\/wp-json\/wp\/v2\/types\/product"}],"replies":[{"embeddable":true,"href":"https:\/\/autocaravanascamperdadi.com\/pt-br\/wp-json\/wp\/v2\/comments?post=28770"}],"wp:featuredmedia":[{"embeddable":true,"href":"https:\/\/autocaravanascamperdadi.com\/pt-br\/wp-json\/wp\/v2\/media\/28759"}],"wp:attachment":[{"href":"https:\/\/autocaravanascamperdadi.com\/pt-br\/wp-json\/wp\/v2\/media?parent=28770"}],"wp:term":[{"taxonomy":"product_brand","embeddable":true,"href":"https:\/\/autocaravanascamperdadi.com\/pt-br\/wp-json\/wp\/v2\/product_brand?post=28770"},{"taxonomy":"product_cat","embeddable":true,"href":"https:\/\/autocaravanascamperdadi.com\/pt-br\/wp-json\/wp\/v2\/product_cat?post=28770"},{"taxonomy":"product_tag","embeddable":true,"href":"https:\/\/autocaravanascamperdadi.com\/pt-br\/wp-json\/wp\/v2\/product_tag?post=28770"}],"curies":[{"name":"wp","href":"https:\/\/api.w.org\/{rel}","templated":true}]}}