{"id":28977,"date":"2023-07-05T10:44:25","date_gmt":"2023-07-05T10:44:25","guid":{"rendered":"https:\/\/autocaravanascamperdadi.com\/?post_type=product&#038;p=28977"},"modified":"2026-09-01T08:17:52","modified_gmt":"2026-09-01T08:17:52","slug":"aluguel-de-mini-one-em-madri","status":"publish","type":"product","link":"https:\/\/autocaravanascamperdadi.com\/pt-br\/tienda\/aluguel-de-mini-one-em-madri\/","title":{"rendered":"Aluguel de Mini One em Madri"},"content":{"rendered":"<p>CONDI\u00c7\u00d5ES GERAIS DO ALUGUEL<\/p>\n<p>&#8211; \u00c9 obrigat\u00f3rio ter pago a totalidade da fatura e depositar a cau\u00e7\u00e3o antes de retirar a embarca\u00e7\u00e3o.<br \/>\n&#8211; A embarca\u00e7\u00e3o ser\u00e1 devolvida limpa, com o reservat\u00f3rio de \u00e1gua residual e wc vazios; caso contr\u00e1rio, o cliente dever\u00e1 pagar 150 \u20ac a t\u00edtulo de limpeza.<br \/>\n&#8211; O usu\u00e1rio responde por qualquer infra\u00e7\u00e3o ou multa.<br \/>\n&#8211; As presentes condi\u00e7\u00f5es s\u00e3o apenas um extrato, sendo v\u00e1lidas, para todos os efeitos, apenas as que forem assinadas.<\/p>\n<p>OS PRE\u00c7OS INDICADOS S\u00c3O POR DIA E INCLUEM<\/p>\n<p>&#8211; Seguro contra todos os riscos com franquia de 600 \u20ac.<br \/>\n&#8211; Taxas de Sa\u00edda: g\u00e1s, l\u00edquido qu\u00edmico e papel higi\u00eanico.<br \/>\n&#8211; Assist\u00eancia em estrada 24 horas<br \/>\ndentro e fora da Espanha<br \/>\n&#8211; I.V.A. Inclu\u00eddo<\/p>\n<p>CONDI\u00c7\u00d5ES DO CONDUTOR<\/p>\n<p>&#8211; Idade n\u00e3o inferior a 25 anos<\/p>\n<p>POL\u00cdTICA DE CANCELAMENTO<b><br \/>\n<\/b><\/p>\n<p>As reservas do ve\u00edculo n\u00e3o s\u00e3o reembolsadas. Se o valor total do aluguel for pago e for cancelado com mais de sessenta dias de anteced\u00eancia, \u00e9 devolvido 70%. Para cancelamentos com menos de 60 dias de anteced\u00eancia, \u00e9 devolvido 50%. Com menos de 20 dias de anteced\u00eancia, \u00e9 devolvido 10%, desde que o valor total do aluguel tenha sido pago.<\/p>\n","protected":false},"excerpt":{"rendered":"<p>N\u00ba DE VAGAS: 5<\/p>\n<style type=\"text\/css\">\n.tg  {border-collapse:collapse;border-spacing:0;}<br \/>.tg td{font-family:Arial, sans-serif;font-size:14px;padding:10px 5px;border-style:solid;border-width:1px;overflow:hidden;word-break:normal;}<br \/>.tg th{font-family:Arial, sans-serif;font-size:14px;font-weight:normal;padding:10px 5px;border-style:solid;border-width:1px;overflow:hidden;word-break:normal;}<br \/>.tg .tg-yvvu{font-weight:bold;background-color:#ffffff;color:#000000;text-align:center}<br \/>.tg .tg-6997{background-color:#ffffff;color:#000000;text-align:center}<br \/>@media screen and (max-width: 767px) {.tg {width: auto !important;}.tg col {width: auto !important;}.tg-wrap {overflow-x: auto;-webkit-overflow-scrolling: touch;}}<\/style>\n<div class=\"tg-wrap\">\n<table class=\"tg\">\n<tbody>\n<tr>\n<th class=\"tg-yvvu\">Baixa temporada<\/th>\n<th class=\"tg-yvvu\">M\u00e9dia temporada<\/th>\n<th class=\"tg-yvvu\">Alta temporada<\/th>\n<\/tr>\n<tr>\n<td class=\"tg-6997\">35\u20ac\/dia<\/td>\n<td class=\"tg-6997\">40\u20ac\/dia<\/td>\n<td class=\"tg-6997\">50\u20ac\/dia<\/td>\n<\/tr>\n<\/tbody>\n<\/table>\n<\/div>\n<p>TEMPORADAS Alta: Semana Santa e Feriados (m\u00edn. 5 dias) Julho e Agosto (m\u00edn. 15 dias) M\u00e9dia: Junho e Setembro (m\u00ednimo 7 dias) Baixa: Restante do ano (m\u00ednimo 3 dias) Fim de semana: 3 dias (Retirada na Sexta-feira e Devolu\u00e7\u00e3o na Segunda-feira pela manh\u00e3) <a href=\"https:\/\/autocaravanascamperdadi.com\/pt-br\/contato\/\" class=\"button primary is-primary is-medium\" >\n\t\t<span>RESERVAR<\/span>\n\t<\/a>\n\n","protected":false},"featured_media":28971,"comment_status":"closed","ping_status":"closed","template":"","meta":[],"product_brand":[],"product_cat":[223],"product_tag":[],"class_list":["post-28977","product","type-product","status-publish","has-post-thumbnail","product_cat-aluguel-de-coche","first","instock","product-type-simple"],"yoast_head":"<!-- This site is optimized with the Yoast SEO plugin v28.3 - https:\/\/yoast.com\/product\/yoast-seo-wordpress\/ -->\n<title>Aluguel de Mini One em Madri - Camperdadi<\/title>\n<meta name=\"robots\" content=\"index, follow, max-snippet:-1, max-image-preview:large, max-video-preview:-1\" \/>\n<link rel=\"canonical\" href=\"https:\/\/autocaravanascamperdadi.com\/pt-br\/tienda\/aluguel-de-mini-one-em-madri\/\" \/>\n<meta property=\"og:locale\" content=\"pt_BR\" \/>\n<meta property=\"og:type\" content=\"article\" \/>\n<meta property=\"og:title\" content=\"Aluguel de Mini One em Madri - Camperdadi\" \/>\n<meta property=\"og:description\" content=\"N\u00ba DE VAGAS: 5        Baixa temporada M\u00e9dia temporada Alta temporada   35\u20ac\/dia 40\u20ac\/dia 50\u20ac\/dia      TEMPORADAS Alta: Semana Santa e Feriados (m\u00edn. 5 dias) Julho e Agosto (m\u00edn. 15 dias) M\u00e9dia: Junho e Setembro (m\u00ednimo 7 dias) Baixa: Restante do ano (m\u00ednimo 3 dias) Fim de semana: 3 dias (Retirada na Sexta-feira e Devolu\u00e7\u00e3o na Segunda-feira pela manh\u00e3)\" \/>\n<meta property=\"og:url\" content=\"https:\/\/autocaravanascamperdadi.com\/pt-br\/tienda\/aluguel-de-mini-one-em-madri\/\" \/>\n<meta property=\"og:site_name\" content=\"Camperdadi\" \/>\n<meta property=\"article:publisher\" content=\"https:\/\/es-es.facebook.com\/camperdadi\/\" \/>\n<meta property=\"article:modified_time\" content=\"2026-09-01T08:17:52+00:00\" \/>\n<meta property=\"og:image\" content=\"https:\/\/autocaravanascamperdadi.com\/wp-content\/uploads\/2023\/07\/IMG-20230705-WA0005.jpg\" \/>\n\t<meta property=\"og:image:width\" content=\"1024\" \/>\n\t<meta property=\"og:image:height\" content=\"666\" \/>\n\t<meta property=\"og:image:type\" content=\"image\/jpeg\" \/>\n<meta name=\"twitter:card\" content=\"summary_large_image\" \/>\n<meta name=\"twitter:site\" content=\"@camperdadi\" \/>\n<meta name=\"twitter:label1\" content=\"Est. tempo de leitura\" \/>\n\t<meta name=\"twitter:data1\" content=\"2 minutos\" \/>\n<script type=\"application\/ld+json\" class=\"yoast-schema-graph\">{\"@context\":\"https:\\\/\\\/schema.org\",\"@graph\":[{\"@type\":\"WebPage\",\"@id\":\"https:\\\/\\\/autocaravanascamperdadi.com\\\/pt-br\\\/tienda\\\/aluguel-de-mini-one-em-madri\\\/\",\"url\":\"https:\\\/\\\/autocaravanascamperdadi.com\\\/pt-br\\\/tienda\\\/aluguel-de-mini-one-em-madri\\\/\",\"name\":\"Aluguel de Mini One em Madri - Camperdadi\",\"isPartOf\":{\"@id\":\"https:\\\/\\\/autocaravanascamperdadi.com\\\/en\\\/#website\"},\"primaryImageOfPage\":{\"@id\":\"https:\\\/\\\/autocaravanascamperdadi.com\\\/pt-br\\\/tienda\\\/aluguel-de-mini-one-em-madri\\\/#primaryimage\"},\"image\":{\"@id\":\"https:\\\/\\\/autocaravanascamperdadi.com\\\/pt-br\\\/tienda\\\/aluguel-de-mini-one-em-madri\\\/#primaryimage\"},\"thumbnailUrl\":\"https:\\\/\\\/autocaravanascamperdadi.com\\\/wp-content\\\/uploads\\\/2023\\\/07\\\/IMG-20230705-WA0005.jpg\",\"datePublished\":\"2023-07-05T10:44:25+00:00\",\"dateModified\":\"2026-09-01T08:17:52+00:00\",\"breadcrumb\":{\"@id\":\"https:\\\/\\\/autocaravanascamperdadi.com\\\/pt-br\\\/tienda\\\/aluguel-de-mini-one-em-madri\\\/#breadcrumb\"},\"inLanguage\":\"pt-BR\",\"potentialAction\":[{\"@type\":\"ReadAction\",\"target\":[\"https:\\\/\\\/autocaravanascamperdadi.com\\\/pt-br\\\/tienda\\\/aluguel-de-mini-one-em-madri\\\/\"]}]},{\"@type\":\"ImageObject\",\"inLanguage\":\"pt-BR\",\"@id\":\"https:\\\/\\\/autocaravanascamperdadi.com\\\/pt-br\\\/tienda\\\/aluguel-de-mini-one-em-madri\\\/#primaryimage\",\"url\":\"https:\\\/\\\/autocaravanascamperdadi.com\\\/wp-content\\\/uploads\\\/2023\\\/07\\\/IMG-20230705-WA0005.jpg\",\"contentUrl\":\"https:\\\/\\\/autocaravanascamperdadi.com\\\/wp-content\\\/uploads\\\/2023\\\/07\\\/IMG-20230705-WA0005.jpg\",\"width\":1024,\"height\":666,\"caption\":\"Aluguel de Mini One em Madri\"},{\"@type\":\"BreadcrumbList\",\"@id\":\"https:\\\/\\\/autocaravanascamperdadi.com\\\/pt-br\\\/tienda\\\/aluguel-de-mini-one-em-madri\\\/#breadcrumb\",\"itemListElement\":[{\"@type\":\"ListItem\",\"position\":1,\"name\":\"Portada\",\"item\":\"https:\\\/\\\/autocaravanascamperdadi.com\\\/pt-br\\\/\"},{\"@type\":\"ListItem\",\"position\":2,\"name\":\"Tienda\",\"item\":\"https:\\\/\\\/autocaravanascamperdadi.com\\\/tienda\\\/\"},{\"@type\":\"ListItem\",\"position\":3,\"name\":\"Aluguel de Mini One em Madri\"}]},{\"@type\":\"WebSite\",\"@id\":\"https:\\\/\\\/autocaravanascamperdadi.com\\\/en\\\/#website\",\"url\":\"https:\\\/\\\/autocaravanascamperdadi.com\\\/en\\\/\",\"name\":\"Autocaravanas Camperdadi\",\"description\":\"Alquiler de autocaravanas y caravanas\",\"publisher\":{\"@id\":\"https:\\\/\\\/autocaravanascamperdadi.com\\\/en\\\/#organization\"},\"potentialAction\":[{\"@type\":\"SearchAction\",\"target\":{\"@type\":\"EntryPoint\",\"urlTemplate\":\"https:\\\/\\\/autocaravanascamperdadi.com\\\/en\\\/?s={search_term_string}\"},\"query-input\":{\"@type\":\"PropertyValueSpecification\",\"valueRequired\":true,\"valueName\":\"search_term_string\"}}],\"inLanguage\":\"pt-BR\"},{\"@type\":\"Organization\",\"@id\":\"https:\\\/\\\/autocaravanascamperdadi.com\\\/en\\\/#organization\",\"name\":\"Camperdadi\",\"url\":\"https:\\\/\\\/autocaravanascamperdadi.com\\\/en\\\/\",\"logo\":{\"@type\":\"ImageObject\",\"inLanguage\":\"pt-BR\",\"@id\":\"https:\\\/\\\/autocaravanascamperdadi.com\\\/en\\\/#\\\/schema\\\/logo\\\/image\\\/\",\"url\":\"https:\\\/\\\/autocaravanascamperdadi.com\\\/wp-content\\\/uploads\\\/2017\\\/08\\\/cropped-logo.png\",\"contentUrl\":\"https:\\\/\\\/autocaravanascamperdadi.com\\\/wp-content\\\/uploads\\\/2017\\\/08\\\/cropped-logo.png\",\"width\":512,\"height\":512,\"caption\":\"Camperdadi\"},\"image\":{\"@id\":\"https:\\\/\\\/autocaravanascamperdadi.com\\\/en\\\/#\\\/schema\\\/logo\\\/image\\\/\"},\"sameAs\":[\"https:\\\/\\\/es-es.facebook.com\\\/camperdadi\\\/\",\"https:\\\/\\\/x.com\\\/camperdadi\",\"https:\\\/\\\/www.instagram.com\\\/autocaravanascamperdadi\\\/?hl=es\"]}]}<\/script>\n<!-- \/ Yoast SEO plugin. -->","yoast_head_json":{"title":"Aluguel de Mini One em Madri - Camperdadi","robots":{"index":"index","follow":"follow","max-snippet":"max-snippet:-1","max-image-preview":"max-image-preview:large","max-video-preview":"max-video-preview:-1"},"canonical":"https:\/\/autocaravanascamperdadi.com\/pt-br\/tienda\/aluguel-de-mini-one-em-madri\/","og_locale":"pt_BR","og_type":"article","og_title":"Aluguel de Mini One em Madri - Camperdadi","og_description":"N\u00ba DE VAGAS: 5        Baixa temporada M\u00e9dia temporada Alta temporada   35\u20ac\/dia 40\u20ac\/dia 50\u20ac\/dia      TEMPORADAS Alta: Semana Santa e Feriados (m\u00edn. 5 dias) Julho e Agosto (m\u00edn. 15 dias) M\u00e9dia: Junho e Setembro (m\u00ednimo 7 dias) Baixa: Restante do ano (m\u00ednimo 3 dias) Fim de semana: 3 dias (Retirada na Sexta-feira e Devolu\u00e7\u00e3o na Segunda-feira pela manh\u00e3)","og_url":"https:\/\/autocaravanascamperdadi.com\/pt-br\/tienda\/aluguel-de-mini-one-em-madri\/","og_site_name":"Camperdadi","article_publisher":"https:\/\/es-es.facebook.com\/camperdadi\/","article_modified_time":"2026-09-01T08:17:52+00:00","og_image":[{"width":1024,"height":666,"url":"https:\/\/autocaravanascamperdadi.com\/wp-content\/uploads\/2023\/07\/IMG-20230705-WA0005.jpg","type":"image\/jpeg"}],"twitter_card":"summary_large_image","twitter_site":"@camperdadi","twitter_misc":{"Est. tempo de leitura":"2 minutos"},"schema":{"@context":"https:\/\/schema.org","@graph":[{"@type":"WebPage","@id":"https:\/\/autocaravanascamperdadi.com\/pt-br\/tienda\/aluguel-de-mini-one-em-madri\/","url":"https:\/\/autocaravanascamperdadi.com\/pt-br\/tienda\/aluguel-de-mini-one-em-madri\/","name":"Aluguel de Mini One em Madri - Camperdadi","isPartOf":{"@id":"https:\/\/autocaravanascamperdadi.com\/en\/#website"},"primaryImageOfPage":{"@id":"https:\/\/autocaravanascamperdadi.com\/pt-br\/tienda\/aluguel-de-mini-one-em-madri\/#primaryimage"},"image":{"@id":"https:\/\/autocaravanascamperdadi.com\/pt-br\/tienda\/aluguel-de-mini-one-em-madri\/#primaryimage"},"thumbnailUrl":"https:\/\/autocaravanascamperdadi.com\/wp-content\/uploads\/2023\/07\/IMG-20230705-WA0005.jpg","datePublished":"2023-07-05T10:44:25+00:00","dateModified":"2026-09-01T08:17:52+00:00","breadcrumb":{"@id":"https:\/\/autocaravanascamperdadi.com\/pt-br\/tienda\/aluguel-de-mini-one-em-madri\/#breadcrumb"},"inLanguage":"pt-BR","potentialAction":[{"@type":"ReadAction","target":["https:\/\/autocaravanascamperdadi.com\/pt-br\/tienda\/aluguel-de-mini-one-em-madri\/"]}]},{"@type":"ImageObject","inLanguage":"pt-BR","@id":"https:\/\/autocaravanascamperdadi.com\/pt-br\/tienda\/aluguel-de-mini-one-em-madri\/#primaryimage","url":"https:\/\/autocaravanascamperdadi.com\/wp-content\/uploads\/2023\/07\/IMG-20230705-WA0005.jpg","contentUrl":"https:\/\/autocaravanascamperdadi.com\/wp-content\/uploads\/2023\/07\/IMG-20230705-WA0005.jpg","width":1024,"height":666,"caption":"Aluguel de Mini One em Madri"},{"@type":"BreadcrumbList","@id":"https:\/\/autocaravanascamperdadi.com\/pt-br\/tienda\/aluguel-de-mini-one-em-madri\/#breadcrumb","itemListElement":[{"@type":"ListItem","position":1,"name":"Portada","item":"https:\/\/autocaravanascamperdadi.com\/pt-br\/"},{"@type":"ListItem","position":2,"name":"Tienda","item":"https:\/\/autocaravanascamperdadi.com\/tienda\/"},{"@type":"ListItem","position":3,"name":"Aluguel de Mini One em Madri"}]},{"@type":"WebSite","@id":"https:\/\/autocaravanascamperdadi.com\/en\/#website","url":"https:\/\/autocaravanascamperdadi.com\/en\/","name":"Autocaravanas Camperdadi","description":"Alquiler de autocaravanas y caravanas","publisher":{"@id":"https:\/\/autocaravanascamperdadi.com\/en\/#organization"},"potentialAction":[{"@type":"SearchAction","target":{"@type":"EntryPoint","urlTemplate":"https:\/\/autocaravanascamperdadi.com\/en\/?s={search_term_string}"},"query-input":{"@type":"PropertyValueSpecification","valueRequired":true,"valueName":"search_term_string"}}],"inLanguage":"pt-BR"},{"@type":"Organization","@id":"https:\/\/autocaravanascamperdadi.com\/en\/#organization","name":"Camperdadi","url":"https:\/\/autocaravanascamperdadi.com\/en\/","logo":{"@type":"ImageObject","inLanguage":"pt-BR","@id":"https:\/\/autocaravanascamperdadi.com\/en\/#\/schema\/logo\/image\/","url":"https:\/\/autocaravanascamperdadi.com\/wp-content\/uploads\/2017\/08\/cropped-logo.png","contentUrl":"https:\/\/autocaravanascamperdadi.com\/wp-content\/uploads\/2017\/08\/cropped-logo.png","width":512,"height":512,"caption":"Camperdadi"},"image":{"@id":"https:\/\/autocaravanascamperdadi.com\/en\/#\/schema\/logo\/image\/"},"sameAs":["https:\/\/es-es.facebook.com\/camperdadi\/","https:\/\/x.com\/camperdadi","https:\/\/www.instagram.com\/autocaravanascamperdadi\/?hl=es"]}]}},"_links":{"self":[{"href":"https:\/\/autocaravanascamperdadi.com\/pt-br\/wp-json\/wp\/v2\/product\/28977","targetHints":{"allow":["GET"]}}],"collection":[{"href":"https:\/\/autocaravanascamperdadi.com\/pt-br\/wp-json\/wp\/v2\/product"}],"about":[{"href":"https:\/\/autocaravanascamperdadi.com\/pt-br\/wp-json\/wp\/v2\/types\/product"}],"replies":[{"embeddable":true,"href":"https:\/\/autocaravanascamperdadi.com\/pt-br\/wp-json\/wp\/v2\/comments?post=28977"}],"wp:featuredmedia":[{"embeddable":true,"href":"https:\/\/autocaravanascamperdadi.com\/pt-br\/wp-json\/wp\/v2\/media\/28971"}],"wp:attachment":[{"href":"https:\/\/autocaravanascamperdadi.com\/pt-br\/wp-json\/wp\/v2\/media?parent=28977"}],"wp:term":[{"taxonomy":"product_brand","embeddable":true,"href":"https:\/\/autocaravanascamperdadi.com\/pt-br\/wp-json\/wp\/v2\/product_brand?post=28977"},{"taxonomy":"product_cat","embeddable":true,"href":"https:\/\/autocaravanascamperdadi.com\/pt-br\/wp-json\/wp\/v2\/product_cat?post=28977"},{"taxonomy":"product_tag","embeddable":true,"href":"https:\/\/autocaravanascamperdadi.com\/pt-br\/wp-json\/wp\/v2\/product_tag?post=28977"}],"curies":[{"name":"wp","href":"https:\/\/api.w.org\/{rel}","templated":true}]}}