{"id":29020,"date":"2020-04-29T09:25:50","date_gmt":"2020-04-29T09:25:50","guid":{"rendered":"https:\/\/autocaravanascamperdadi.com\/?post_type=product&#038;p=29020"},"modified":"2026-09-01T08:32:36","modified_gmt":"2026-09-01T08:32:36","slug":"aluguel-porsche-panamera-diesel","status":"publish","type":"product","link":"https:\/\/autocaravanascamperdadi.com\/pt-br\/tienda\/aluguel-porsche-panamera-diesel\/","title":{"rendered":"Aluguel Porsche Panamera Diesel"},"content":{"rendered":"<h2>CONDI\u00c7\u00d5ES GERAIS DO ALUGUEL<\/h2>\n<p>&#8211; \u00c9 obrigat\u00f3rio ter pago a totalidade da fatura e depositar a cau\u00e7\u00e3o antes de retirar o ve\u00edculo.<br \/>\n&#8211; O ve\u00edculo ser\u00e1 devolvido limpo; caso contr\u00e1rio, o cliente dever\u00e1 pagar 150 \u20ac a t\u00edtulo de limpeza.<br \/>\n&#8211; O usu\u00e1rio responde por qualquer infra\u00e7\u00e3o ou multa.<br \/>\n&#8211; As presentes condi\u00e7\u00f5es s\u00e3o apenas um extrato, sendo v\u00e1lidas, para todos os efeitos, apenas as que forem assinadas.<\/p>\n<h2>OS PRE\u00c7OS INDICADOS S\u00c3O POR DIA E INCLUEM<\/h2>\n<p>&#8211; Seguro contra todos os riscos com franquia de 600 \u20ac.<br \/>\n&#8211; Taxas de Sa\u00edda.<br \/>\n&#8211; Assist\u00eancia em estrada 24 horas dentro e fora da Espanha.<br \/>\n&#8211; I.V.A. Inclu\u00eddo.<\/p>\n<h2>CONDI\u00c7\u00d5ES DO CONDUTOR<\/h2>\n<p>&#8211; Idade n\u00e3o inferior a 25 anos.<\/p>\n<h2>POL\u00cdTICA DE CANCELAMENTO<\/h2>\n<p>As reservas do ve\u00edculo n\u00e3o s\u00e3o reembolsadas. Se o valor total do aluguel for pago e for cancelado com mais de sessenta dias de anteced\u00eancia, \u00e9 devolvido 70%. Para cancelamentos com menos de 60 dias de anteced\u00eancia, \u00e9 devolvido 50%. Com menos de 20 dias de anteced\u00eancia, \u00e9 devolvido 10%, desde que o valor total do aluguel tenha sido pago.<\/p>\n","protected":false},"excerpt":{"rendered":"<p>N\u00ba DE VAGAS: 4<\/p>\n<style type=\"text\/css\">\n.tg  {border-collapse:collapse;border-spacing:0;}<br \/>.tg td{font-family:Arial, sans-serif;font-size:14px;padding:10px 5px;border-style:solid;border-width:1px;overflow:hidden;word-break:normal;}<br \/>.tg th{font-family:Arial, sans-serif;font-size:14px;font-weight:normal;padding:10px 5px;border-style:solid;border-width:1px;overflow:hidden;word-break:normal;}<br \/>.tg .tg-yvvu{font-weight:bold;background-color:#ffffff;color:#000000;text-align:center}<br \/>.tg .tg-6997{background-color:#ffffff;color:#000000;text-align:center}<br \/>@media screen and (max-width: 767px) {.tg {width: auto !important;}.tg col {width: auto !important;}.tg-wrap {overflow-x: auto;-webkit-overflow-scrolling: touch;}}<\/style>\n<div class=\"tg-wrap\">\n<table class=\"tg\">\n<tbody>\n<tr>\n<th class=\"tg-yvvu\">Baixa temporada<\/th>\n<th class=\"tg-yvvu\">M\u00e9dia temporada<\/th>\n<th class=\"tg-yvvu\">Alta temporada<\/th>\n<\/tr>\n<tr>\n<td class=\"tg-6997\">205\u20ac\/dia<\/td>\n<td class=\"tg-6997\">235\u20ac\/dia<\/td>\n<td class=\"tg-6997\">275\u20ac\/dia<\/td>\n<\/tr>\n<\/tbody>\n<\/table>\n<\/div>\n<p>TEMPORADAS Alta: Semana Santa e Feriados (m\u00edn. 5 dias) Julho e Agosto (m\u00edn. 15 dias) M\u00e9dia: Junho e Setembro (m\u00ednimo 7 dias) Baixa: Restante do ano (m\u00ednimo 3 dias) Fim de semana: 3 dias (Retirada na Sexta-feira e Devolu\u00e7\u00e3o na Segunda-feira pela manh\u00e3) <a href=\"https:\/\/autocaravanascamperdadi.com\/pt-br\/contato\/\" class=\"button primary is-primary is-medium\" >\n\t\t<span>RESERVAR<\/span>\n\t<\/a>\n\n","protected":false},"featured_media":29006,"comment_status":"closed","ping_status":"closed","template":"","meta":[],"product_brand":[],"product_cat":[223],"product_tag":[],"class_list":["post-29020","product","type-product","status-publish","has-post-thumbnail","product_cat-aluguel-de-coche","first","instock","virtual","product-type-simple"],"yoast_head":"<!-- This site is optimized with the Yoast SEO plugin v28.3 - https:\/\/yoast.com\/product\/yoast-seo-wordpress\/ -->\n<title>Aluguel Porsche Panamera Diesel - Camperdadi<\/title>\n<meta name=\"robots\" content=\"index, follow, max-snippet:-1, max-image-preview:large, max-video-preview:-1\" \/>\n<link rel=\"canonical\" href=\"https:\/\/autocaravanascamperdadi.com\/pt-br\/tienda\/aluguel-porsche-panamera-diesel\/\" \/>\n<meta property=\"og:locale\" content=\"pt_BR\" \/>\n<meta property=\"og:type\" content=\"article\" \/>\n<meta property=\"og:title\" content=\"Aluguel Porsche Panamera Diesel - Camperdadi\" \/>\n<meta property=\"og:description\" content=\"N\u00ba DE VAGAS: 4       Baixa temporada M\u00e9dia temporada Alta temporada   205\u20ac\/dia 235\u20ac\/dia 275\u20ac\/dia      TEMPORADAS Alta: Semana Santa e Feriados (m\u00edn. 5 dias) Julho e Agosto (m\u00edn. 15 dias) M\u00e9dia: Junho e Setembro (m\u00ednimo 7 dias) Baixa: Restante do ano (m\u00ednimo 3 dias) Fim de semana: 3 dias (Retirada na Sexta-feira e Devolu\u00e7\u00e3o na Segunda-feira pela manh\u00e3)\" \/>\n<meta property=\"og:url\" content=\"https:\/\/autocaravanascamperdadi.com\/pt-br\/tienda\/aluguel-porsche-panamera-diesel\/\" \/>\n<meta property=\"og:site_name\" content=\"Camperdadi\" \/>\n<meta property=\"article:publisher\" content=\"https:\/\/es-es.facebook.com\/camperdadi\/\" \/>\n<meta property=\"article:modified_time\" content=\"2026-09-01T08:32:36+00:00\" \/>\n<meta property=\"og:image\" content=\"https:\/\/autocaravanascamperdadi.com\/wp-content\/uploads\/2020\/04\/IMG_4982.jpg\" \/>\n\t<meta property=\"og:image:width\" content=\"900\" \/>\n\t<meta property=\"og:image:height\" content=\"675\" \/>\n\t<meta property=\"og:image:type\" content=\"image\/jpeg\" \/>\n<meta name=\"twitter:card\" content=\"summary_large_image\" \/>\n<meta name=\"twitter:site\" content=\"@camperdadi\" \/>\n<meta name=\"twitter:label1\" content=\"Est. tempo de leitura\" \/>\n\t<meta name=\"twitter:data1\" content=\"1 minuto\" \/>\n<script type=\"application\/ld+json\" class=\"yoast-schema-graph\">{\"@context\":\"https:\\\/\\\/schema.org\",\"@graph\":[{\"@type\":\"WebPage\",\"@id\":\"https:\\\/\\\/autocaravanascamperdadi.com\\\/pt-br\\\/tienda\\\/aluguel-porsche-panamera-diesel\\\/\",\"url\":\"https:\\\/\\\/autocaravanascamperdadi.com\\\/pt-br\\\/tienda\\\/aluguel-porsche-panamera-diesel\\\/\",\"name\":\"Aluguel Porsche Panamera Diesel - Camperdadi\",\"isPartOf\":{\"@id\":\"https:\\\/\\\/autocaravanascamperdadi.com\\\/en\\\/#website\"},\"primaryImageOfPage\":{\"@id\":\"https:\\\/\\\/autocaravanascamperdadi.com\\\/pt-br\\\/tienda\\\/aluguel-porsche-panamera-diesel\\\/#primaryimage\"},\"image\":{\"@id\":\"https:\\\/\\\/autocaravanascamperdadi.com\\\/pt-br\\\/tienda\\\/aluguel-porsche-panamera-diesel\\\/#primaryimage\"},\"thumbnailUrl\":\"https:\\\/\\\/autocaravanascamperdadi.com\\\/wp-content\\\/uploads\\\/2020\\\/04\\\/IMG_4982.jpg\",\"datePublished\":\"2020-04-29T09:25:50+00:00\",\"dateModified\":\"2026-09-01T08:32:36+00:00\",\"breadcrumb\":{\"@id\":\"https:\\\/\\\/autocaravanascamperdadi.com\\\/pt-br\\\/tienda\\\/aluguel-porsche-panamera-diesel\\\/#breadcrumb\"},\"inLanguage\":\"pt-BR\",\"potentialAction\":[{\"@type\":\"ReadAction\",\"target\":[\"https:\\\/\\\/autocaravanascamperdadi.com\\\/pt-br\\\/tienda\\\/aluguel-porsche-panamera-diesel\\\/\"]}]},{\"@type\":\"ImageObject\",\"inLanguage\":\"pt-BR\",\"@id\":\"https:\\\/\\\/autocaravanascamperdadi.com\\\/pt-br\\\/tienda\\\/aluguel-porsche-panamera-diesel\\\/#primaryimage\",\"url\":\"https:\\\/\\\/autocaravanascamperdadi.com\\\/wp-content\\\/uploads\\\/2020\\\/04\\\/IMG_4982.jpg\",\"contentUrl\":\"https:\\\/\\\/autocaravanascamperdadi.com\\\/wp-content\\\/uploads\\\/2020\\\/04\\\/IMG_4982.jpg\",\"width\":900,\"height\":675,\"caption\":\"Alquiler de porsche panamera diesel\"},{\"@type\":\"BreadcrumbList\",\"@id\":\"https:\\\/\\\/autocaravanascamperdadi.com\\\/pt-br\\\/tienda\\\/aluguel-porsche-panamera-diesel\\\/#breadcrumb\",\"itemListElement\":[{\"@type\":\"ListItem\",\"position\":1,\"name\":\"Portada\",\"item\":\"https:\\\/\\\/autocaravanascamperdadi.com\\\/pt-br\\\/\"},{\"@type\":\"ListItem\",\"position\":2,\"name\":\"Tienda\",\"item\":\"https:\\\/\\\/autocaravanascamperdadi.com\\\/tienda\\\/\"},{\"@type\":\"ListItem\",\"position\":3,\"name\":\"Aluguel Porsche Panamera Diesel\"}]},{\"@type\":\"WebSite\",\"@id\":\"https:\\\/\\\/autocaravanascamperdadi.com\\\/en\\\/#website\",\"url\":\"https:\\\/\\\/autocaravanascamperdadi.com\\\/en\\\/\",\"name\":\"Autocaravanas Camperdadi\",\"description\":\"Alquiler de autocaravanas y caravanas\",\"publisher\":{\"@id\":\"https:\\\/\\\/autocaravanascamperdadi.com\\\/en\\\/#organization\"},\"potentialAction\":[{\"@type\":\"SearchAction\",\"target\":{\"@type\":\"EntryPoint\",\"urlTemplate\":\"https:\\\/\\\/autocaravanascamperdadi.com\\\/en\\\/?s={search_term_string}\"},\"query-input\":{\"@type\":\"PropertyValueSpecification\",\"valueRequired\":true,\"valueName\":\"search_term_string\"}}],\"inLanguage\":\"pt-BR\"},{\"@type\":\"Organization\",\"@id\":\"https:\\\/\\\/autocaravanascamperdadi.com\\\/en\\\/#organization\",\"name\":\"Camperdadi\",\"url\":\"https:\\\/\\\/autocaravanascamperdadi.com\\\/en\\\/\",\"logo\":{\"@type\":\"ImageObject\",\"inLanguage\":\"pt-BR\",\"@id\":\"https:\\\/\\\/autocaravanascamperdadi.com\\\/en\\\/#\\\/schema\\\/logo\\\/image\\\/\",\"url\":\"https:\\\/\\\/autocaravanascamperdadi.com\\\/wp-content\\\/uploads\\\/2017\\\/08\\\/cropped-logo.png\",\"contentUrl\":\"https:\\\/\\\/autocaravanascamperdadi.com\\\/wp-content\\\/uploads\\\/2017\\\/08\\\/cropped-logo.png\",\"width\":512,\"height\":512,\"caption\":\"Camperdadi\"},\"image\":{\"@id\":\"https:\\\/\\\/autocaravanascamperdadi.com\\\/en\\\/#\\\/schema\\\/logo\\\/image\\\/\"},\"sameAs\":[\"https:\\\/\\\/es-es.facebook.com\\\/camperdadi\\\/\",\"https:\\\/\\\/x.com\\\/camperdadi\",\"https:\\\/\\\/www.instagram.com\\\/autocaravanascamperdadi\\\/?hl=es\"]}]}<\/script>\n<!-- \/ Yoast SEO plugin. -->","yoast_head_json":{"title":"Aluguel Porsche Panamera Diesel - Camperdadi","robots":{"index":"index","follow":"follow","max-snippet":"max-snippet:-1","max-image-preview":"max-image-preview:large","max-video-preview":"max-video-preview:-1"},"canonical":"https:\/\/autocaravanascamperdadi.com\/pt-br\/tienda\/aluguel-porsche-panamera-diesel\/","og_locale":"pt_BR","og_type":"article","og_title":"Aluguel Porsche Panamera Diesel - Camperdadi","og_description":"N\u00ba DE VAGAS: 4       Baixa temporada M\u00e9dia temporada Alta temporada   205\u20ac\/dia 235\u20ac\/dia 275\u20ac\/dia      TEMPORADAS Alta: Semana Santa e Feriados (m\u00edn. 5 dias) Julho e Agosto (m\u00edn. 15 dias) M\u00e9dia: Junho e Setembro (m\u00ednimo 7 dias) Baixa: Restante do ano (m\u00ednimo 3 dias) Fim de semana: 3 dias (Retirada na Sexta-feira e Devolu\u00e7\u00e3o na Segunda-feira pela manh\u00e3)","og_url":"https:\/\/autocaravanascamperdadi.com\/pt-br\/tienda\/aluguel-porsche-panamera-diesel\/","og_site_name":"Camperdadi","article_publisher":"https:\/\/es-es.facebook.com\/camperdadi\/","article_modified_time":"2026-09-01T08:32:36+00:00","og_image":[{"width":900,"height":675,"url":"https:\/\/autocaravanascamperdadi.com\/wp-content\/uploads\/2020\/04\/IMG_4982.jpg","type":"image\/jpeg"}],"twitter_card":"summary_large_image","twitter_site":"@camperdadi","twitter_misc":{"Est. tempo de leitura":"1 minuto"},"schema":{"@context":"https:\/\/schema.org","@graph":[{"@type":"WebPage","@id":"https:\/\/autocaravanascamperdadi.com\/pt-br\/tienda\/aluguel-porsche-panamera-diesel\/","url":"https:\/\/autocaravanascamperdadi.com\/pt-br\/tienda\/aluguel-porsche-panamera-diesel\/","name":"Aluguel Porsche Panamera Diesel - Camperdadi","isPartOf":{"@id":"https:\/\/autocaravanascamperdadi.com\/en\/#website"},"primaryImageOfPage":{"@id":"https:\/\/autocaravanascamperdadi.com\/pt-br\/tienda\/aluguel-porsche-panamera-diesel\/#primaryimage"},"image":{"@id":"https:\/\/autocaravanascamperdadi.com\/pt-br\/tienda\/aluguel-porsche-panamera-diesel\/#primaryimage"},"thumbnailUrl":"https:\/\/autocaravanascamperdadi.com\/wp-content\/uploads\/2020\/04\/IMG_4982.jpg","datePublished":"2020-04-29T09:25:50+00:00","dateModified":"2026-09-01T08:32:36+00:00","breadcrumb":{"@id":"https:\/\/autocaravanascamperdadi.com\/pt-br\/tienda\/aluguel-porsche-panamera-diesel\/#breadcrumb"},"inLanguage":"pt-BR","potentialAction":[{"@type":"ReadAction","target":["https:\/\/autocaravanascamperdadi.com\/pt-br\/tienda\/aluguel-porsche-panamera-diesel\/"]}]},{"@type":"ImageObject","inLanguage":"pt-BR","@id":"https:\/\/autocaravanascamperdadi.com\/pt-br\/tienda\/aluguel-porsche-panamera-diesel\/#primaryimage","url":"https:\/\/autocaravanascamperdadi.com\/wp-content\/uploads\/2020\/04\/IMG_4982.jpg","contentUrl":"https:\/\/autocaravanascamperdadi.com\/wp-content\/uploads\/2020\/04\/IMG_4982.jpg","width":900,"height":675,"caption":"Alquiler de porsche panamera diesel"},{"@type":"BreadcrumbList","@id":"https:\/\/autocaravanascamperdadi.com\/pt-br\/tienda\/aluguel-porsche-panamera-diesel\/#breadcrumb","itemListElement":[{"@type":"ListItem","position":1,"name":"Portada","item":"https:\/\/autocaravanascamperdadi.com\/pt-br\/"},{"@type":"ListItem","position":2,"name":"Tienda","item":"https:\/\/autocaravanascamperdadi.com\/tienda\/"},{"@type":"ListItem","position":3,"name":"Aluguel Porsche Panamera Diesel"}]},{"@type":"WebSite","@id":"https:\/\/autocaravanascamperdadi.com\/en\/#website","url":"https:\/\/autocaravanascamperdadi.com\/en\/","name":"Autocaravanas Camperdadi","description":"Alquiler de autocaravanas y caravanas","publisher":{"@id":"https:\/\/autocaravanascamperdadi.com\/en\/#organization"},"potentialAction":[{"@type":"SearchAction","target":{"@type":"EntryPoint","urlTemplate":"https:\/\/autocaravanascamperdadi.com\/en\/?s={search_term_string}"},"query-input":{"@type":"PropertyValueSpecification","valueRequired":true,"valueName":"search_term_string"}}],"inLanguage":"pt-BR"},{"@type":"Organization","@id":"https:\/\/autocaravanascamperdadi.com\/en\/#organization","name":"Camperdadi","url":"https:\/\/autocaravanascamperdadi.com\/en\/","logo":{"@type":"ImageObject","inLanguage":"pt-BR","@id":"https:\/\/autocaravanascamperdadi.com\/en\/#\/schema\/logo\/image\/","url":"https:\/\/autocaravanascamperdadi.com\/wp-content\/uploads\/2017\/08\/cropped-logo.png","contentUrl":"https:\/\/autocaravanascamperdadi.com\/wp-content\/uploads\/2017\/08\/cropped-logo.png","width":512,"height":512,"caption":"Camperdadi"},"image":{"@id":"https:\/\/autocaravanascamperdadi.com\/en\/#\/schema\/logo\/image\/"},"sameAs":["https:\/\/es-es.facebook.com\/camperdadi\/","https:\/\/x.com\/camperdadi","https:\/\/www.instagram.com\/autocaravanascamperdadi\/?hl=es"]}]}},"_links":{"self":[{"href":"https:\/\/autocaravanascamperdadi.com\/pt-br\/wp-json\/wp\/v2\/product\/29020","targetHints":{"allow":["GET"]}}],"collection":[{"href":"https:\/\/autocaravanascamperdadi.com\/pt-br\/wp-json\/wp\/v2\/product"}],"about":[{"href":"https:\/\/autocaravanascamperdadi.com\/pt-br\/wp-json\/wp\/v2\/types\/product"}],"replies":[{"embeddable":true,"href":"https:\/\/autocaravanascamperdadi.com\/pt-br\/wp-json\/wp\/v2\/comments?post=29020"}],"wp:featuredmedia":[{"embeddable":true,"href":"https:\/\/autocaravanascamperdadi.com\/pt-br\/wp-json\/wp\/v2\/media\/29006"}],"wp:attachment":[{"href":"https:\/\/autocaravanascamperdadi.com\/pt-br\/wp-json\/wp\/v2\/media?parent=29020"}],"wp:term":[{"taxonomy":"product_brand","embeddable":true,"href":"https:\/\/autocaravanascamperdadi.com\/pt-br\/wp-json\/wp\/v2\/product_brand?post=29020"},{"taxonomy":"product_cat","embeddable":true,"href":"https:\/\/autocaravanascamperdadi.com\/pt-br\/wp-json\/wp\/v2\/product_cat?post=29020"},{"taxonomy":"product_tag","embeddable":true,"href":"https:\/\/autocaravanascamperdadi.com\/pt-br\/wp-json\/wp\/v2\/product_tag?post=29020"}],"curies":[{"name":"wp","href":"https:\/\/api.w.org\/{rel}","templated":true}]}}